{"id":3312,"date":"2026-04-01T17:03:53","date_gmt":"2026-04-01T15:03:53","guid":{"rendered":"https:\/\/www.camping-ideal-pyrenees.com\/location-mobil-home-arras-en-lavedan\/"},"modified":"2026-04-21T09:26:57","modified_gmt":"2026-04-21T07:26:57","slug":"mobile-home-rentals-arras-en-lavedan","status":"publish","type":"page","link":"https:\/\/www.camping-ideal-pyrenees.com\/en\/mobile-home-rentals-arras-en-lavedan\/","title":{"rendered":"Our rentals"},"content":{"rendered":"\n<div class=\"wp-block-group section-simple is-layout-flow wp-block-group-is-layout-flow\" style=\"padding-top:2rem;padding-right:10rem;padding-bottom:2rem;padding-left:10rem\">\n<p class=\"has-text-align-center sub-title center has-custom-color-1-color has-custom-color-5-background-color has-text-color has-background has-link-color wp-elements-7601fe530f91f2f355a5354d3fa68140\" style=\"border-style:none;border-width:0px;border-radius:100px;padding-top:6px;padding-right:30px;padding-bottom:6px;padding-left:30px;font-size:clamp(0.875rem, 0.875rem + ((1vw - 0.2rem) * 0.308), 1.06rem);font-style:normal;font-weight:500;letter-spacing:5px;text-transform:uppercase\">Lodgings<\/p>\n\n\n\n<h1 class=\"wp-block-heading has-text-align-center has-custom-color-1-color has-text-color has-link-color has-wilden-font-family wp-elements-dc7bfbd33b4a64d723db73201f1a2d6d\" style=\"font-size:clamp(2.2rem, 2.2rem + ((1vw - 0.2rem) * 3), 4rem);font-style:normal;font-weight:400;line-height:1\">Chalet rentals near Argel\u00e8s-Gazost<\/h1>\n\n\n\n<p class=\"has-text-align-center gt-no-margin-mobile\" style=\"margin-right:0px;margin-left:0px;padding-right:0rem;padding-left:0rem\">At <a href=\"https:\/\/www.camping-ideal-pyrenees.com\/en\/\" data-type=\"page\" data-id=\"5\">Camping L&#8217;Id\u00e9al*** in Arras-En-Lavedan<\/a>, we offer a range of chalets that will appeal to holidaymakers looking for comfort. The<strong> chalet cocoon + spa<\/strong> to enjoy the peace and quiet and the view as a couple or duo. <strong>Standard<\/strong> <strong>chalets<\/strong> sleep 4. The 3-bedroom <strong>premium<\/strong> <strong>chalets<\/strong> are fully equipped and offer superb views over the valley. The <strong>XL<\/strong> <strong>chalet<\/strong> with its large terrace is perfect for enjoying the panoramic view.     They invite you to enjoy a restful stay, surrounded by exceptional scenery to be savored from the terraces or large windows of each chalet. <\/p>\n\n\n\n<p class=\"has-text-align-center gt-no-margin-mobile\" style=\"margin-right:0px;margin-left:0px;padding-right:0rem;padding-left:0rem\">If you&#8217;re a fan of motorhome vacations, take a look at our <a href=\"https:\/\/www.camping-ideal-pyrenees.com\/en\/pitch-rental-arras-en-lavedan\/\" data-type=\"page\" data-id=\"2418\">caravanning pitches near Argel\u00e8s-Gazost<\/a>.<\/p>\n<\/div>\n\n<div class=\"wp-block-group section-list-hebergements has-global-padding is-layout-constrained wp-container-core-group-is-layout-ca845ba1 wp-block-group-is-layout-constrained\" style=\"margin-bottom:var(--wp--preset--spacing--40);padding-right:10rem;padding-bottom:var(--wp--preset--spacing--40);padding-left:10rem\">\n<div\n    class=\"gt-hebergements-filtres gt-hebergements-filtres--accordeons  gt-hebergements-filtres--grid wp-block-gt-gt-fse-hebergements\"    data-wp-interactive=\"gt\/fse\/filtres\"\n    data-wp-on--keydown=\"actions.handleKeydown\"\n    data-wp-on-document--click=\"actions.outsideClick\"\n    data-wp-context='{\"isSidebar\":false,\"isSidebarOpen\":true,\"isStickyButton\":false,\"isAccordeon\":true}'>\n    <div class=\"gt-hebergements-actions\">\n        \n            \n            <div data-wp-bind--hidden=\"!state.activeCheckboxes\">\n                <button\n                    class=\"gt-hebergements-reset-button\"\n                    data-wp-on--click=\"actions.clearAllFilters\">\n                    <i class=\"fas fa-undo-alt\"><\/i>\n                    R\u00e9initialiser                <\/button>\n            <\/div>\n    <\/div>\n\n    <div\n        class=\"gt-hebergements-filtres__sidebar\"\n        data-wp-bind--hidden=\"!context.isSidebarOpen\"\n        data-wp-class--opened=\"context.isSidebarOpen\"\n\n                style=\"grid-template-columns: repeat(auto-fit, minmax(3rem, 1fr))\"\n        >\n                                                            <div\n                    class=\"gt-hebergements-filtre closed\"\n                    data-gt-filtre-name=\"capacities\"\n                    data-gt-cookie=\"gtCapacities\"\n                    aria-expanded=\"\"\n                    data-gt-filtre-operator=\"&gt;=\">\n\n                                        <p\n                        class=\"gt-hebergements-filtre__name\"\n                        data-wp-on--click=\"actions.toggleFilter\"\n                        style=\"\n                            background-color: transparent;\n                            color: inherit;\n                            border-radius: 0px;\n                            padding: 0px;\n                        \">\n                        <span>\n                            Number of people                            <span\n                                class=\"gt-hebergements-filtre__count\"\n                                data-wp-bind--hidden=\"!state.count.capacities\"\n                                data-wp-text=\"state.count.capacities\"\n                                hidden>\n                            <\/span>\n                        <\/span>\n                    <\/p>\n                    <div\n                        class=\"gt-hebergements-filtre__content\"\n                        style=\"\n                            background-color: transparent;\n                            color: inherit;\n                            border-radius: 0px;\n                            padding: 0px;\n                        \">\n                        <label>\n                            <input\n                                type=\"checkbox\"\n                                name=\"capacities[]\"\n                                data-wp-on--click=\"actions.clearFilter\"\n                                value=\"\"\n                                checked \/>\n                            <span class=\"custom-checkbox\"><\/span>\n                            All                        <\/label>\n\n                                                                                                        <label>\n                                <input\n                                    type=\"checkbox\"\n                                    name=\"capacities[]\"\n                                    data-wp-on--click=\"actions.runFilters\"\n                                    value=\"36\"\n                                     \/>\n                                <span class=\"custom-checkbox\"><\/span>\n                                1                                                            <\/label>\n                                                                                <label>\n                                <input\n                                    type=\"checkbox\"\n                                    name=\"capacities[]\"\n                                    data-wp-on--click=\"actions.runFilters\"\n                                    value=\"25\"\n                                     \/>\n                                <span class=\"custom-checkbox\"><\/span>\n                                2                                                            <\/label>\n                                                                                <label>\n                                <input\n                                    type=\"checkbox\"\n                                    name=\"capacities[]\"\n                                    data-wp-on--click=\"actions.runFilters\"\n                                    value=\"40\"\n                                     \/>\n                                <span class=\"custom-checkbox\"><\/span>\n                                3                                                            <\/label>\n                                                                                <label>\n                                <input\n                                    type=\"checkbox\"\n                                    name=\"capacities[]\"\n                                    data-wp-on--click=\"actions.runFilters\"\n                                    value=\"11\"\n                                     \/>\n                                <span class=\"custom-checkbox\"><\/span>\n                                4                                                            <\/label>\n                                                                                <label>\n                                <input\n                                    type=\"checkbox\"\n                                    name=\"capacities[]\"\n                                    data-wp-on--click=\"actions.runFilters\"\n                                    value=\"33\"\n                                     \/>\n                                <span class=\"custom-checkbox\"><\/span>\n                                5                                                            <\/label>\n                                                                                <label>\n                                <input\n                                    type=\"checkbox\"\n                                    name=\"capacities[]\"\n                                    data-wp-on--click=\"actions.runFilters\"\n                                    value=\"29\"\n                                     \/>\n                                <span class=\"custom-checkbox\"><\/span>\n                                6                                                            <\/label>\n                                            <\/div>\n                <\/div>\n                                                                                                                                                <div\n                    class=\"gt-hebergements-filtre closed\"\n                    data-gt-filtre-name=\"rooms\"\n                    data-gt-cookie=\"gtRooms\"\n                    aria-expanded=\"\"\n                    data-gt-filtre-operator=\"&gt;=\">\n\n                                        <p\n                        class=\"gt-hebergements-filtre__name\"\n                        data-wp-on--click=\"actions.toggleFilter\"\n                        style=\"\n                            background-color: transparent;\n                            color: inherit;\n                            border-radius: 0px;\n                            padding: 0px;\n                        \">\n                        <span>\n                            Number of rooms                            <span\n                                class=\"gt-hebergements-filtre__count\"\n                                data-wp-bind--hidden=\"!state.count.rooms\"\n                                data-wp-text=\"state.count.rooms\"\n                                hidden>\n                            <\/span>\n                        <\/span>\n                    <\/p>\n                    <div\n                        class=\"gt-hebergements-filtre__content\"\n                        style=\"\n                            background-color: transparent;\n                            color: inherit;\n                            border-radius: 0px;\n                            padding: 0px;\n                        \">\n                        <label>\n                            <input\n                                type=\"checkbox\"\n                                name=\"rooms[]\"\n                                data-wp-on--click=\"actions.clearFilter\"\n                                value=\"\"\n                                checked \/>\n                            <span class=\"custom-checkbox\"><\/span>\n                            All                        <\/label>\n\n                                                                                                        <label>\n                                <input\n                                    type=\"checkbox\"\n                                    name=\"rooms[]\"\n                                    data-wp-on--click=\"actions.runFilters\"\n                                    value=\"24\"\n                                     \/>\n                                <span class=\"custom-checkbox\"><\/span>\n                                1                                                            <\/label>\n                                                                                <label>\n                                <input\n                                    type=\"checkbox\"\n                                    name=\"rooms[]\"\n                                    data-wp-on--click=\"actions.runFilters\"\n                                    value=\"12\"\n                                     \/>\n                                <span class=\"custom-checkbox\"><\/span>\n                                2                                                            <\/label>\n                                                                                <label>\n                                <input\n                                    type=\"checkbox\"\n                                    name=\"rooms[]\"\n                                    data-wp-on--click=\"actions.runFilters\"\n                                    value=\"30\"\n                                     \/>\n                                <span class=\"custom-checkbox\"><\/span>\n                                3                                                            <\/label>\n                                            <\/div>\n                <\/div>\n                                                                <\/div>\n<\/div>\n\n\n<div style=\"height:40px\" aria-hidden=\"true\" class=\"wp-block-spacer gt-hide-mobile\"><\/div>\n\n\n\n<div class=\"wp-block-query alignwide gt-fse-hebergements is-layout-flow wp-block-query-is-layout-flow gt-fse-widgets-ctv-open-product\"><ul class=\"columns-3 wp-block-post-template is-layout-grid wp-container-core-post-template-is-layout-6d3fbd8f wp-block-post-template-is-layout-grid gt-fse-widgets-ctv-open-product\"><li data-gt-Thelis-product-id=\"\" data-gt-bathrooms=\"14\" data-gt-campings=\"\" data-gt-capacities=\"25\" data-gt-ctv-product-id=\"147809\" data-gt-gammes=\"\" data-gt-options=\"\" data-gt-rooms=\"24\" data-gt-superficies=\"43\" data-gt-types=\"38\" class=\"wp-block-post post-3345 hebergement type-hebergement status-publish has-post-thumbnail hentry gt-hebergements-types-locatif gt-hebergements-nombre-personnes-25 gt-hebergements-nombre-chambres-24 gt-hebergements-nombre-sdb-14 gt-hebergements-superficie-43 gt-fse-widgets-ctv-open-product\">\n<a     class=\"wp-block-tiptip-hyperlink-group-block gt-fse-widgets-ctv-open-product\" >\n<div class=\"wp-block-group has-global-padding is-layout-constrained wp-container-core-group-is-layout-8fefdfe2 wp-block-group-is-layout-constrained gt-fse-widgets-ctv-open-product\" style=\"border-radius:25px;margin-top:0px;margin-bottom:0px;padding-top:0px;padding-right:0px;padding-bottom:0px;padding-left:0px\"><div class=\"gt-fse-hebergements-galerie-wrapper gt-fse-widgets-ctv-open-product\" data-slider-id=\"gt-galerie-3345-6\">\n    <div class=\"swiper gt-galerie-swiper gt-fse-widgets-ctv-open-product\" \n         data-slides-per-view=\"1\"\n         data-space-between=\"10\"\n         data-autoplay=\"true\"\n         data-autoplay-delay=\"3000\"\n         data-loop=\"true\"\n         data-effect=\"slide\"\n         data-image-format=\"1\/1\">\n        <div class=\"swiper-wrapper gt-fse-widgets-ctv-open-product\">\n                            <div class=\"swiper-slide gt-fse-widgets-ctv-open-product\">\n                                            <div class=\"gt-galerie-image-link gt-fse-widgets-ctv-open-product\">\n                            <img decoding=\"async\" src=\"https:\/\/www.camping-ideal-pyrenees.com\/wp-content\/uploads\/2026\/04\/Tente-Bivouac-2-1-1024x682.jpg\" \n                                 alt=\"Tente Bivouac ()\"\n                                 class=\"gt-galerie-image gt-fse-widgets-ctv-open-product\" \/>\n                        <\/div>\n                                    <\/div>\n                            <div class=\"swiper-slide gt-fse-widgets-ctv-open-product\">\n                                            <div class=\"gt-galerie-image-link gt-fse-widgets-ctv-open-product\">\n                            <img decoding=\"async\" src=\"https:\/\/www.camping-ideal-pyrenees.com\/wp-content\/uploads\/2026\/04\/Tente-Bivouac-1.jpg\" \n                                 alt=\"Tente Bivouac ()\"\n                                 class=\"gt-galerie-image gt-fse-widgets-ctv-open-product\" \/>\n                        <\/div>\n                                    <\/div>\n                    <\/div>\n        \n                \n            <\/div>\n<\/div>\n\n\n\n\n<figure class=\"wp-block-image gt-fse-widgets-ctv-open-product\"><img decoding=\"async\" class=\"gt-fse-widgets-ctv-open-product\" src=\"https:\/\/www.camping-ideal-pyrenees.com\/wp-content\/uploads\/2026\/04\/Tente-Bivouac-2.jpg\" alt=\"Bivouac Tent ()\"\/><\/figure>\n\n\n\n<div class=\"wp-block-group has-custom-color-5-background-color has-background has-global-padding is-layout-constrained wp-container-core-group-is-layout-955a61a2 wp-block-group-is-layout-constrained gt-fse-widgets-ctv-open-product\" style=\"border-radius:0px;margin-top:0px;margin-bottom:0px;padding-top:0rem;padding-right:10px;padding-bottom:2rem;padding-left:10px\">\n<div class=\"wp-block-group gt-hebergement-content is-content-justification-center is-nowrap is-layout-flex wp-container-core-group-is-layout-9fab1d9f wp-block-group-is-layout-flex gt-fse-widgets-ctv-open-product\" style=\"padding-top:var(--wp--preset--spacing--10);padding-right:var(--wp--preset--spacing--10);padding-bottom:0;padding-left:var(--wp--preset--spacing--10)\">\n<p class=\"has-text-align-center has-wilden-font-family gt-fse-widgets-ctv-open-product\" style=\"padding-top:0;padding-right:0;padding-bottom:0;padding-left:0;font-size:clamp(1.428rem, 1.428rem + ((1vw - 0.2rem) * 1.537), 2.35rem);letter-spacing:2px;line-height:1\">Cabane Bivouac<\/p>\n<\/div>\n\n\n<div style=\"font-style:normal;font-weight:500;\" class=\"entry-content wp-elements-c1af0c7f40cc9b954ae2b3fc089ffef0 wp-elements-3d92a81ffb6c6aa8c2f3719e26e4cb8b wp-block-post-content has-text-color has-custom-color-3-color has-medium-font-size has-hanken-grotesk-font-family is-layout-flow wp-block-post-content-is-layout-flow gt-fse-widgets-ctv-open-product\">\n<p class=\"has-text-align-center gt-fse-widgets-ctv-open-product\">An unusual break in your hike (available for overnight stays)<\/p>\n<\/div>\n\n\n<div class=\"wp-block-group gt-hebergement-foot is-layout-flow wp-container-core-group-is-layout-d86093bf wp-block-group-is-layout-flow gt-fse-widgets-ctv-open-product\" style=\"padding-right:10px;padding-left:10px\">\n<div class=\"wp-block-group is-content-justification-center is-layout-flex wp-container-core-group-is-layout-54e55615 wp-block-group-is-layout-flex gt-fse-widgets-ctv-open-product\" style=\"margin-top:0;margin-bottom:var(--wp--preset--spacing--20)\">\n<div class=\"wp-block-group hebergement-info is-vertical is-content-justification-center is-layout-flex wp-container-core-group-is-layout-3ab3172e wp-block-group-is-layout-flex gt-fse-widgets-ctv-open-product\">\n<figure class=\"wp-block-image size-medium is-resized wp-duotone-3b485d-3b485d-7 gt-fse-widgets-ctv-open-product\" style=\"margin-right:5px\"><img decoding=\"async\" width=\"29\" height=\"25\" src=\"https:\/\/www.camping-ideal-pyrenees.com\/wp-content\/uploads\/2025\/10\/personne-orange.svg\" alt=\"orange person\" class=\"wp-image-730 gt-fse-widgets-ctv-open-product\" style=\"width:35px\"\/><\/figure>\n\n\n<div style=\"font-size:clamp(14px, 0.875rem + ((1vw - 3.2px) * 0.208), 16px)\" class=\"taxonomy-gt-hebergements-nombre-personnes wp-block-post-terms gt-fse-widgets-ctv-open-product\"><span class=\"gt-fse-widgets-ctv-open-product\">2<\/span><span class=\"wp-block-post-terms__suffix gt-fse-widgets-ctv-open-product\"> pers.<\/span><\/div><\/div>\n\n\n\n<div class=\"wp-block-group hebergement-info is-vertical is-content-justification-center is-layout-flex wp-container-core-group-is-layout-3ab3172e wp-block-group-is-layout-flex gt-fse-widgets-ctv-open-product\">\n<figure class=\"wp-block-image size-full is-resized wp-duotone-3b485d-3b485d-8 gt-fse-widgets-ctv-open-product\" style=\"margin-right:5px\"><img decoding=\"async\" width=\"33\" height=\"31\" src=\"https:\/\/www.camping-ideal-pyrenees.com\/wp-content\/uploads\/2025\/10\/coussin-orange.svg\" alt=\"orange cushion\" class=\"wp-image-732 gt-fse-widgets-ctv-open-product\" style=\"width:35px\"\/><\/figure>\n\n\n\n<div class=\"wp-block-group is-nowrap is-layout-flex wp-container-core-group-is-layout-4b0a85f0 wp-block-group-is-layout-flex gt-fse-widgets-ctv-open-product\"><div style=\"font-size:clamp(14px, 0.875rem + ((1vw - 3.2px) * 0.208), 16px)\" class=\"taxonomy-gt-hebergements-nombre-chambres wp-block-post-terms gt-fse-widgets-ctv-open-product\"><span class=\"gt-fse-widgets-ctv-open-product\">1<\/span><\/div>\n\n\n<p class=\"gt-fse-widgets-ctv-open-product\" style=\"font-size:clamp(14px, 0.875rem + ((1vw - 3.2px) * 0.208), 16px);\">BR.<\/p>\n<\/div>\n<\/div>\n\n\n\n<div class=\"wp-block-group hebergement-info is-vertical is-content-justification-center is-layout-flex wp-container-core-group-is-layout-3ab3172e wp-block-group-is-layout-flex gt-fse-widgets-ctv-open-product\">\n<figure class=\"wp-block-image size-medium is-resized wp-duotone-3b485d-3b485d-9 gt-fse-widgets-ctv-open-product\" style=\"margin-right:5px\"><img decoding=\"async\" width=\"33\" height=\"33\" src=\"https:\/\/www.camping-ideal-pyrenees.com\/wp-content\/uploads\/2025\/10\/surface-orange.svg\" alt=\"orange surface\" class=\"wp-image-734 gt-fse-widgets-ctv-open-product\" style=\"width:35px\"\/><\/figure>\n\n\n<div style=\"font-size:clamp(14px, 0.875rem + ((1vw - 3.2px) * 0.208), 16px)\" class=\"taxonomy-gt-hebergements-superficie wp-block-post-terms gt-fse-widgets-ctv-open-product\"><span class=\"gt-fse-widgets-ctv-open-product\">12<\/span><span class=\"wp-block-post-terms__suffix gt-fse-widgets-ctv-open-product\"> m2<\/span><\/div><\/div>\n\n\n\n<div class=\"wp-block-group hebergement-info is-vertical is-content-justification-center is-layout-flex wp-container-core-group-is-layout-3ab3172e wp-block-group-is-layout-flex gt-fse-widgets-ctv-open-product\">\n<figure class=\"wp-block-image size-medium is-resized wp-duotone-3b485d-3b485d-10 gt-fse-widgets-ctv-open-product\" style=\"margin-right:5px\"><img decoding=\"async\" width=\"38\" height=\"38\" src=\"https:\/\/www.camping-ideal-pyrenees.com\/wp-content\/uploads\/2025\/10\/douche-orange.svg\" alt=\"orange shower\" class=\"wp-image-760 gt-fse-widgets-ctv-open-product\" style=\"width:35px\"\/><\/figure>\n\n\n\n<div class=\"wp-block-group is-nowrap is-layout-flex wp-container-core-group-is-layout-4b0a85f0 wp-block-group-is-layout-flex gt-fse-widgets-ctv-open-product\"><div style=\"font-size:clamp(14px, 0.875rem + ((1vw - 3.2px) * 0.208), 16px)\" class=\"taxonomy-gt-hebergements-nombre-sdb wp-block-post-terms gt-fse-widgets-ctv-open-product\"><span class=\"gt-fse-widgets-ctv-open-product\">1<\/span><\/div>\n\n\n<p class=\"gt-fse-widgets-ctv-open-product\" style=\"font-size:clamp(14px, 0.875rem + ((1vw - 3.2px) * 0.208), 16px);\">BA.<\/p>\n<\/div>\n<\/div>\n<\/div>\n<\/div>\n\n\n\n<p class=\"has-text-align-center has-vintage-postman-font-family gt-fse-widgets-ctv-open-product\"><\/p>\n\n\n\n<div class=\"wp-block-group fake-btn has-custom-color-1-background-color has-background is-content-justification-center is-nowrap is-layout-flex wp-container-core-group-is-layout-00450a45 wp-block-group-is-layout-flex gt-fse-widgets-ctv-open-product\" style=\"border-radius:100px;padding-top:12px;padding-right:23px;padding-bottom:12px;padding-left:23px\">\n<p class=\"has-text-align-center has-base-2-color has-text-color has-link-color wp-elements-250669fbc8b72a211b463fb1b21c7308 gt-fse-widgets-ctv-open-product\">Discover<\/p>\n\n\n\n<figure class=\"wp-block-image size-large gt-fse-widgets-ctv-open-product\"><img decoding=\"async\" width=\"18\" height=\"17\" src=\"https:\/\/www.camping-ideal-pyrenees.com\/wp-content\/uploads\/2025\/10\/fleche-blanche.svg\" alt=\"white arrow\" class=\"wp-image-740 gt-fse-widgets-ctv-open-product\"\/><\/figure>\n<\/div>\n<\/div>\n<\/div>\n<\/a>\n<\/li><li data-gt-Thelis-product-id=\"\" data-gt-bathrooms=\"14\" data-gt-campings=\"\" data-gt-capacities=\"25\" data-gt-ctv-product-id=\"147812\" data-gt-gammes=\"\" data-gt-options=\"\" data-gt-rooms=\"24\" data-gt-superficies=\"45\" data-gt-types=\"38\" class=\"wp-block-post post-3342 hebergement type-hebergement status-publish has-post-thumbnail hentry gt-hebergements-types-locatif gt-hebergements-nombre-personnes-25 gt-hebergements-nombre-chambres-24 gt-hebergements-nombre-sdb-14 gt-hebergements-superficie-45 gt-fse-widgets-ctv-open-product\">\n<a     class=\"wp-block-tiptip-hyperlink-group-block gt-fse-widgets-ctv-open-product\" >\n<div class=\"wp-block-group has-global-padding is-layout-constrained wp-container-core-group-is-layout-8fefdfe2 wp-block-group-is-layout-constrained gt-fse-widgets-ctv-open-product\" style=\"border-radius:25px;margin-top:0px;margin-bottom:0px;padding-top:0px;padding-right:0px;padding-bottom:0px;padding-left:0px\"><div class=\"gt-fse-hebergements-galerie-wrapper gt-fse-widgets-ctv-open-product\" data-slider-id=\"gt-galerie-3342-16\">\n    <div class=\"swiper gt-galerie-swiper gt-fse-widgets-ctv-open-product\" \n         data-slides-per-view=\"1\"\n         data-space-between=\"10\"\n         data-autoplay=\"true\"\n         data-autoplay-delay=\"3000\"\n         data-loop=\"true\"\n         data-effect=\"slide\"\n         data-image-format=\"1\/1\">\n        <div class=\"swiper-wrapper gt-fse-widgets-ctv-open-product\">\n                            <div class=\"swiper-slide gt-fse-widgets-ctv-open-product\">\n                                            <div class=\"gt-galerie-image-link gt-fse-widgets-ctv-open-product\">\n                            <img decoding=\"async\" src=\"https:\/\/www.camping-ideal-pyrenees.com\/wp-content\/uploads\/2026\/04\/Chalet-Cocon-spa-1.jpg\" \n                                 alt=\"Chalet Cocon + spa\"\n                                 class=\"gt-galerie-image gt-fse-widgets-ctv-open-product\" \/>\n                        <\/div>\n                                    <\/div>\n                            <div class=\"swiper-slide gt-fse-widgets-ctv-open-product\">\n                                            <div class=\"gt-galerie-image-link gt-fse-widgets-ctv-open-product\">\n                            <img decoding=\"async\" src=\"https:\/\/www.camping-ideal-pyrenees.com\/wp-content\/uploads\/2026\/04\/Chalet-Cocon-spa-3.jpg\" \n                                 alt=\"Chalet Cocon + spa\"\n                                 class=\"gt-galerie-image gt-fse-widgets-ctv-open-product\" \/>\n                        <\/div>\n                                    <\/div>\n                            <div class=\"swiper-slide gt-fse-widgets-ctv-open-product\">\n                                            <div class=\"gt-galerie-image-link gt-fse-widgets-ctv-open-product\">\n                            <img decoding=\"async\" src=\"https:\/\/www.camping-ideal-pyrenees.com\/wp-content\/uploads\/2026\/04\/Chalet-Cocon-spa-2.jpg\" \n                                 alt=\"Chalet Cocon + spa\"\n                                 class=\"gt-galerie-image gt-fse-widgets-ctv-open-product\" \/>\n                        <\/div>\n                                    <\/div>\n                    <\/div>\n        \n                \n            <\/div>\n<\/div>\n\n\n\n\n<figure class=\"wp-block-image gt-fse-widgets-ctv-open-product\"><img decoding=\"async\" class=\"gt-fse-widgets-ctv-open-product\" src=\"https:\/\/www.camping-ideal-pyrenees.com\/wp-content\/uploads\/2026\/04\/Chalet-Cocon-spa-1.jpg\" alt=\"Auto draft\"\/><\/figure>\n\n\n\n<div class=\"wp-block-group has-custom-color-5-background-color has-background has-global-padding is-layout-constrained wp-container-core-group-is-layout-955a61a2 wp-block-group-is-layout-constrained gt-fse-widgets-ctv-open-product\" style=\"border-radius:0px;margin-top:0px;margin-bottom:0px;padding-top:0rem;padding-right:10px;padding-bottom:2rem;padding-left:10px\">\n<div class=\"wp-block-group gt-hebergement-content is-content-justification-center is-nowrap is-layout-flex wp-container-core-group-is-layout-9fab1d9f wp-block-group-is-layout-flex gt-fse-widgets-ctv-open-product\" style=\"padding-top:var(--wp--preset--spacing--10);padding-right:var(--wp--preset--spacing--10);padding-bottom:0;padding-left:var(--wp--preset--spacing--10)\">\n<p class=\"has-text-align-center has-wilden-font-family gt-fse-widgets-ctv-open-product\" style=\"padding-top:0;padding-right:0;padding-bottom:0;padding-left:0;font-size:clamp(1.428rem, 1.428rem + ((1vw - 0.2rem) * 1.537), 2.35rem);letter-spacing:2px;line-height:1\">Chalet Cocon<\/p>\n<\/div>\n\n\n<div style=\"font-style:normal;font-weight:500;\" class=\"entry-content wp-elements-c1af0c7f40cc9b954ae2b3fc089ffef0 wp-elements-3d92a81ffb6c6aa8c2f3719e26e4cb8b wp-block-post-content has-text-color has-custom-color-3-color has-medium-font-size has-hanken-grotesk-font-family is-layout-flow wp-block-post-content-is-layout-flow gt-fse-widgets-ctv-open-product\">\n<p class=\"has-text-align-center gt-fse-widgets-ctv-open-product\">A duo chalet with private spa overlooking the valley<\/p>\n<\/div>\n\n\n<div class=\"wp-block-group gt-hebergement-foot is-layout-flow wp-container-core-group-is-layout-d86093bf wp-block-group-is-layout-flow gt-fse-widgets-ctv-open-product\" style=\"padding-right:10px;padding-left:10px\">\n<div class=\"wp-block-group is-content-justification-center is-layout-flex wp-container-core-group-is-layout-54e55615 wp-block-group-is-layout-flex gt-fse-widgets-ctv-open-product\" style=\"margin-top:0;margin-bottom:var(--wp--preset--spacing--20)\">\n<div class=\"wp-block-group hebergement-info is-vertical is-content-justification-center is-layout-flex wp-container-core-group-is-layout-3ab3172e wp-block-group-is-layout-flex gt-fse-widgets-ctv-open-product\">\n<figure class=\"wp-block-image size-medium is-resized wp-duotone-3b485d-3b485d-17 gt-fse-widgets-ctv-open-product\" style=\"margin-right:5px\"><img decoding=\"async\" width=\"29\" height=\"25\" src=\"https:\/\/www.camping-ideal-pyrenees.com\/wp-content\/uploads\/2025\/10\/personne-orange.svg\" alt=\"orange person\" class=\"wp-image-730 gt-fse-widgets-ctv-open-product\" style=\"width:35px\"\/><\/figure>\n\n\n<div style=\"font-size:clamp(14px, 0.875rem + ((1vw - 3.2px) * 0.208), 16px)\" class=\"taxonomy-gt-hebergements-nombre-personnes wp-block-post-terms gt-fse-widgets-ctv-open-product\"><span class=\"gt-fse-widgets-ctv-open-product\">2<\/span><span class=\"wp-block-post-terms__suffix gt-fse-widgets-ctv-open-product\"> pers.<\/span><\/div><\/div>\n\n\n\n<div class=\"wp-block-group hebergement-info is-vertical is-content-justification-center is-layout-flex wp-container-core-group-is-layout-3ab3172e wp-block-group-is-layout-flex gt-fse-widgets-ctv-open-product\">\n<figure class=\"wp-block-image size-full is-resized wp-duotone-3b485d-3b485d-18 gt-fse-widgets-ctv-open-product\" style=\"margin-right:5px\"><img decoding=\"async\" width=\"33\" height=\"31\" src=\"https:\/\/www.camping-ideal-pyrenees.com\/wp-content\/uploads\/2025\/10\/coussin-orange.svg\" alt=\"orange cushion\" class=\"wp-image-732 gt-fse-widgets-ctv-open-product\" style=\"width:35px\"\/><\/figure>\n\n\n\n<div class=\"wp-block-group is-nowrap is-layout-flex wp-container-core-group-is-layout-4b0a85f0 wp-block-group-is-layout-flex gt-fse-widgets-ctv-open-product\"><div style=\"font-size:clamp(14px, 0.875rem + ((1vw - 3.2px) * 0.208), 16px)\" class=\"taxonomy-gt-hebergements-nombre-chambres wp-block-post-terms gt-fse-widgets-ctv-open-product\"><span class=\"gt-fse-widgets-ctv-open-product\">1<\/span><\/div>\n\n\n<p class=\"gt-fse-widgets-ctv-open-product\" style=\"font-size:clamp(14px, 0.875rem + ((1vw - 3.2px) * 0.208), 16px);\">BR.<\/p>\n<\/div>\n<\/div>\n\n\n\n<div class=\"wp-block-group hebergement-info is-vertical is-content-justification-center is-layout-flex wp-container-core-group-is-layout-3ab3172e wp-block-group-is-layout-flex gt-fse-widgets-ctv-open-product\">\n<figure class=\"wp-block-image size-medium is-resized wp-duotone-3b485d-3b485d-19 gt-fse-widgets-ctv-open-product\" style=\"margin-right:5px\"><img decoding=\"async\" width=\"33\" height=\"33\" src=\"https:\/\/www.camping-ideal-pyrenees.com\/wp-content\/uploads\/2025\/10\/surface-orange.svg\" alt=\"orange surface\" class=\"wp-image-734 gt-fse-widgets-ctv-open-product\" style=\"width:35px\"\/><\/figure>\n\n\n<div style=\"font-size:clamp(14px, 0.875rem + ((1vw - 3.2px) * 0.208), 16px)\" class=\"taxonomy-gt-hebergements-superficie wp-block-post-terms gt-fse-widgets-ctv-open-product\"><span class=\"gt-fse-widgets-ctv-open-product\">25<\/span><span class=\"wp-block-post-terms__suffix gt-fse-widgets-ctv-open-product\"> m2<\/span><\/div><\/div>\n\n\n\n<div class=\"wp-block-group hebergement-info is-vertical is-content-justification-center is-layout-flex wp-container-core-group-is-layout-3ab3172e wp-block-group-is-layout-flex gt-fse-widgets-ctv-open-product\">\n<figure class=\"wp-block-image size-medium is-resized wp-duotone-3b485d-3b485d-20 gt-fse-widgets-ctv-open-product\" style=\"margin-right:5px\"><img decoding=\"async\" width=\"38\" height=\"38\" src=\"https:\/\/www.camping-ideal-pyrenees.com\/wp-content\/uploads\/2025\/10\/douche-orange.svg\" alt=\"orange shower\" class=\"wp-image-760 gt-fse-widgets-ctv-open-product\" style=\"width:35px\"\/><\/figure>\n\n\n\n<div class=\"wp-block-group is-nowrap is-layout-flex wp-container-core-group-is-layout-4b0a85f0 wp-block-group-is-layout-flex gt-fse-widgets-ctv-open-product\"><div style=\"font-size:clamp(14px, 0.875rem + ((1vw - 3.2px) * 0.208), 16px)\" class=\"taxonomy-gt-hebergements-nombre-sdb wp-block-post-terms gt-fse-widgets-ctv-open-product\"><span class=\"gt-fse-widgets-ctv-open-product\">1<\/span><\/div>\n\n\n<p class=\"gt-fse-widgets-ctv-open-product\" style=\"font-size:clamp(14px, 0.875rem + ((1vw - 3.2px) * 0.208), 16px);\">BA.<\/p>\n<\/div>\n<\/div>\n<\/div>\n<\/div>\n\n\n\n<p class=\"has-text-align-center has-vintage-postman-font-family gt-fse-widgets-ctv-open-product\"><\/p>\n\n\n\n<div class=\"wp-block-group fake-btn has-custom-color-1-background-color has-background is-content-justification-center is-nowrap is-layout-flex wp-container-core-group-is-layout-00450a45 wp-block-group-is-layout-flex gt-fse-widgets-ctv-open-product\" style=\"border-radius:100px;padding-top:12px;padding-right:23px;padding-bottom:12px;padding-left:23px\">\n<p class=\"has-text-align-center has-base-2-color has-text-color has-link-color wp-elements-250669fbc8b72a211b463fb1b21c7308 gt-fse-widgets-ctv-open-product\">Discover<\/p>\n\n\n\n<figure class=\"wp-block-image size-large gt-fse-widgets-ctv-open-product\"><img decoding=\"async\" width=\"18\" height=\"17\" src=\"https:\/\/www.camping-ideal-pyrenees.com\/wp-content\/uploads\/2025\/10\/fleche-blanche.svg\" alt=\"white arrow\" class=\"wp-image-740 gt-fse-widgets-ctv-open-product\"\/><\/figure>\n<\/div>\n<\/div>\n<\/div>\n<\/a>\n<\/li><li data-gt-Thelis-product-id=\"\" data-gt-bathrooms=\"14\" data-gt-campings=\"\" data-gt-capacities=\"11\" data-gt-ctv-product-id=\"147816\" data-gt-gammes=\"\" data-gt-options=\"\" data-gt-rooms=\"12\" data-gt-superficies=\"28\" data-gt-types=\"38\" class=\"wp-block-post post-3346 hebergement type-hebergement status-publish has-post-thumbnail hentry gt-hebergements-types-locatif gt-hebergements-nombre-personnes-11 gt-hebergements-nombre-chambres-12 gt-hebergements-nombre-sdb-14 gt-hebergements-superficie-28 gt-fse-widgets-ctv-open-product\">\n<a     class=\"wp-block-tiptip-hyperlink-group-block gt-fse-widgets-ctv-open-product\" >\n<div class=\"wp-block-group has-global-padding is-layout-constrained wp-container-core-group-is-layout-8fefdfe2 wp-block-group-is-layout-constrained gt-fse-widgets-ctv-open-product\" style=\"border-radius:25px;margin-top:0px;margin-bottom:0px;padding-top:0px;padding-right:0px;padding-bottom:0px;padding-left:0px\"><div class=\"gt-fse-hebergements-galerie-wrapper gt-fse-widgets-ctv-open-product\" data-slider-id=\"gt-galerie-3346-26\">\n    <div class=\"swiper gt-galerie-swiper gt-fse-widgets-ctv-open-product\" \n         data-slides-per-view=\"1\"\n         data-space-between=\"10\"\n         data-autoplay=\"true\"\n         data-autoplay-delay=\"3000\"\n         data-loop=\"true\"\n         data-effect=\"slide\"\n         data-image-format=\"1\/1\">\n        <div class=\"swiper-wrapper gt-fse-widgets-ctv-open-product\">\n                            <div class=\"swiper-slide gt-fse-widgets-ctv-open-product\">\n                                            <div class=\"gt-galerie-image-link gt-fse-widgets-ctv-open-product\">\n                            <img decoding=\"async\" src=\"https:\/\/www.camping-ideal-pyrenees.com\/wp-content\/uploads\/2026\/04\/mauricie-sagano-1.jpg\" \n                                 alt=\"mauricie sagano ()\"\n                                 class=\"gt-galerie-image gt-fse-widgets-ctv-open-product\" \/>\n                        <\/div>\n                                    <\/div>\n                            <div class=\"swiper-slide gt-fse-widgets-ctv-open-product\">\n                                            <div class=\"gt-galerie-image-link gt-fse-widgets-ctv-open-product\">\n                            <img decoding=\"async\" src=\"https:\/\/www.camping-ideal-pyrenees.com\/wp-content\/uploads\/2026\/04\/plan-chalet-premium-1.jpg\" \n                                 alt=\"plan chalet premium ()\"\n                                 class=\"gt-galerie-image gt-fse-widgets-ctv-open-product\" \/>\n                        <\/div>\n                                    <\/div>\n                            <div class=\"swiper-slide gt-fse-widgets-ctv-open-product\">\n                                            <div class=\"gt-galerie-image-link gt-fse-widgets-ctv-open-product\">\n                            <img decoding=\"async\" src=\"https:\/\/www.camping-ideal-pyrenees.com\/wp-content\/uploads\/2026\/04\/Mauricie3-1-670x1024.jpg\" \n                                 alt=\"Mauricie ()\"\n                                 class=\"gt-galerie-image gt-fse-widgets-ctv-open-product\" \/>\n                        <\/div>\n                                    <\/div>\n                            <div class=\"swiper-slide gt-fse-widgets-ctv-open-product\">\n                                            <div class=\"gt-galerie-image-link gt-fse-widgets-ctv-open-product\">\n                            <img decoding=\"async\" src=\"https:\/\/www.camping-ideal-pyrenees.com\/wp-content\/uploads\/2026\/04\/Mauricie2-1.jpg\" \n                                 alt=\"Mauricie ()\"\n                                 class=\"gt-galerie-image gt-fse-widgets-ctv-open-product\" \/>\n                        <\/div>\n                                    <\/div>\n                            <div class=\"swiper-slide gt-fse-widgets-ctv-open-product\">\n                                            <div class=\"gt-galerie-image-link gt-fse-widgets-ctv-open-product\">\n                            <img decoding=\"async\" src=\"https:\/\/www.camping-ideal-pyrenees.com\/wp-content\/uploads\/2026\/04\/Mauricie-1-1024x674.jpg\" \n                                 alt=\"Mauricie ()\"\n                                 class=\"gt-galerie-image gt-fse-widgets-ctv-open-product\" \/>\n                        <\/div>\n                                    <\/div>\n                            <div class=\"swiper-slide gt-fse-widgets-ctv-open-product\">\n                                            <div class=\"gt-galerie-image-link gt-fse-widgets-ctv-open-product\">\n                            <img decoding=\"async\" src=\"https:\/\/www.camping-ideal-pyrenees.com\/wp-content\/uploads\/2026\/04\/mauricie-sagano2-1.jpg\" \n                                 alt=\"mauricie sagano ()\"\n                                 class=\"gt-galerie-image gt-fse-widgets-ctv-open-product\" \/>\n                        <\/div>\n                                    <\/div>\n                    <\/div>\n        \n                \n            <\/div>\n<\/div>\n\n\n\n\n<figure class=\"wp-block-image gt-fse-widgets-ctv-open-product\"><img decoding=\"async\" class=\"gt-fse-widgets-ctv-open-product\" src=\"https:\/\/www.camping-ideal-pyrenees.com\/wp-content\/uploads\/2026\/04\/mauricie-sagano.jpg\" alt=\"Auto draft\"\/><\/figure>\n\n\n\n<div class=\"wp-block-group has-custom-color-5-background-color has-background has-global-padding is-layout-constrained wp-container-core-group-is-layout-955a61a2 wp-block-group-is-layout-constrained gt-fse-widgets-ctv-open-product\" style=\"border-radius:0px;margin-top:0px;margin-bottom:0px;padding-top:0rem;padding-right:10px;padding-bottom:2rem;padding-left:10px\">\n<div class=\"wp-block-group gt-hebergement-content is-content-justification-center is-nowrap is-layout-flex wp-container-core-group-is-layout-9fab1d9f wp-block-group-is-layout-flex gt-fse-widgets-ctv-open-product\" style=\"padding-top:var(--wp--preset--spacing--10);padding-right:var(--wp--preset--spacing--10);padding-bottom:0;padding-left:var(--wp--preset--spacing--10)\">\n<p class=\"has-text-align-center has-wilden-font-family gt-fse-widgets-ctv-open-product\" style=\"padding-top:0;padding-right:0;padding-bottom:0;padding-left:0;font-size:clamp(1.428rem, 1.428rem + ((1vw - 0.2rem) * 1.537), 2.35rem);letter-spacing:2px;line-height:1\">Chalet Premium 2<\/p>\n<\/div>\n\n\n<div style=\"font-style:normal;font-weight:500;\" class=\"entry-content wp-elements-c1af0c7f40cc9b954ae2b3fc089ffef0 wp-elements-3d92a81ffb6c6aa8c2f3719e26e4cb8b wp-block-post-content has-text-color has-custom-color-3-color has-medium-font-size has-hanken-grotesk-font-family is-layout-flow wp-block-post-content-is-layout-flow gt-fse-widgets-ctv-open-product\">\n<p class=\"has-text-align-center gt-fse-widgets-ctv-open-product\">A bright chalet with a splendid view of the valley (2bedrooms)<\/p>\n<\/div>\n\n\n<div class=\"wp-block-group gt-hebergement-foot is-layout-flow wp-container-core-group-is-layout-d86093bf wp-block-group-is-layout-flow gt-fse-widgets-ctv-open-product\" style=\"padding-right:10px;padding-left:10px\">\n<div class=\"wp-block-group is-content-justification-center is-layout-flex wp-container-core-group-is-layout-54e55615 wp-block-group-is-layout-flex gt-fse-widgets-ctv-open-product\" style=\"margin-top:0;margin-bottom:var(--wp--preset--spacing--20)\">\n<div class=\"wp-block-group hebergement-info is-vertical is-content-justification-center is-layout-flex wp-container-core-group-is-layout-3ab3172e wp-block-group-is-layout-flex gt-fse-widgets-ctv-open-product\">\n<figure class=\"wp-block-image size-medium is-resized wp-duotone-3b485d-3b485d-27 gt-fse-widgets-ctv-open-product\" style=\"margin-right:5px\"><img decoding=\"async\" width=\"29\" height=\"25\" src=\"https:\/\/www.camping-ideal-pyrenees.com\/wp-content\/uploads\/2025\/10\/personne-orange.svg\" alt=\"orange person\" class=\"wp-image-730 gt-fse-widgets-ctv-open-product\" style=\"width:35px\"\/><\/figure>\n\n\n<div style=\"font-size:clamp(14px, 0.875rem + ((1vw - 3.2px) * 0.208), 16px)\" class=\"taxonomy-gt-hebergements-nombre-personnes wp-block-post-terms gt-fse-widgets-ctv-open-product\"><span class=\"gt-fse-widgets-ctv-open-product\">4<\/span><span class=\"wp-block-post-terms__suffix gt-fse-widgets-ctv-open-product\"> pers.<\/span><\/div><\/div>\n\n\n\n<div class=\"wp-block-group hebergement-info is-vertical is-content-justification-center is-layout-flex wp-container-core-group-is-layout-3ab3172e wp-block-group-is-layout-flex gt-fse-widgets-ctv-open-product\">\n<figure class=\"wp-block-image size-full is-resized wp-duotone-3b485d-3b485d-28 gt-fse-widgets-ctv-open-product\" style=\"margin-right:5px\"><img decoding=\"async\" width=\"33\" height=\"31\" src=\"https:\/\/www.camping-ideal-pyrenees.com\/wp-content\/uploads\/2025\/10\/coussin-orange.svg\" alt=\"orange cushion\" class=\"wp-image-732 gt-fse-widgets-ctv-open-product\" style=\"width:35px\"\/><\/figure>\n\n\n\n<div class=\"wp-block-group is-nowrap is-layout-flex wp-container-core-group-is-layout-4b0a85f0 wp-block-group-is-layout-flex gt-fse-widgets-ctv-open-product\"><div style=\"font-size:clamp(14px, 0.875rem + ((1vw - 3.2px) * 0.208), 16px)\" class=\"taxonomy-gt-hebergements-nombre-chambres wp-block-post-terms gt-fse-widgets-ctv-open-product\"><span class=\"gt-fse-widgets-ctv-open-product\">2<\/span><\/div>\n\n\n<p class=\"gt-fse-widgets-ctv-open-product\" style=\"font-size:clamp(14px, 0.875rem + ((1vw - 3.2px) * 0.208), 16px);\">BR.<\/p>\n<\/div>\n<\/div>\n\n\n\n<div class=\"wp-block-group hebergement-info is-vertical is-content-justification-center is-layout-flex wp-container-core-group-is-layout-3ab3172e wp-block-group-is-layout-flex gt-fse-widgets-ctv-open-product\">\n<figure class=\"wp-block-image size-medium is-resized wp-duotone-3b485d-3b485d-29 gt-fse-widgets-ctv-open-product\" style=\"margin-right:5px\"><img decoding=\"async\" width=\"33\" height=\"33\" src=\"https:\/\/www.camping-ideal-pyrenees.com\/wp-content\/uploads\/2025\/10\/surface-orange.svg\" alt=\"orange surface\" class=\"wp-image-734 gt-fse-widgets-ctv-open-product\" style=\"width:35px\"\/><\/figure>\n\n\n<div style=\"font-size:clamp(14px, 0.875rem + ((1vw - 3.2px) * 0.208), 16px)\" class=\"taxonomy-gt-hebergements-superficie wp-block-post-terms gt-fse-widgets-ctv-open-product\"><span class=\"gt-fse-widgets-ctv-open-product\">35<\/span><span class=\"wp-block-post-terms__suffix gt-fse-widgets-ctv-open-product\"> m2<\/span><\/div><\/div>\n\n\n\n<div class=\"wp-block-group hebergement-info is-vertical is-content-justification-center is-layout-flex wp-container-core-group-is-layout-3ab3172e wp-block-group-is-layout-flex gt-fse-widgets-ctv-open-product\">\n<figure class=\"wp-block-image size-medium is-resized wp-duotone-3b485d-3b485d-30 gt-fse-widgets-ctv-open-product\" style=\"margin-right:5px\"><img decoding=\"async\" width=\"38\" height=\"38\" src=\"https:\/\/www.camping-ideal-pyrenees.com\/wp-content\/uploads\/2025\/10\/douche-orange.svg\" alt=\"orange shower\" class=\"wp-image-760 gt-fse-widgets-ctv-open-product\" style=\"width:35px\"\/><\/figure>\n\n\n\n<div class=\"wp-block-group is-nowrap is-layout-flex wp-container-core-group-is-layout-4b0a85f0 wp-block-group-is-layout-flex gt-fse-widgets-ctv-open-product\"><div style=\"font-size:clamp(14px, 0.875rem + ((1vw - 3.2px) * 0.208), 16px)\" class=\"taxonomy-gt-hebergements-nombre-sdb wp-block-post-terms gt-fse-widgets-ctv-open-product\"><span class=\"gt-fse-widgets-ctv-open-product\">1<\/span><\/div>\n\n\n<p class=\"gt-fse-widgets-ctv-open-product\" style=\"font-size:clamp(14px, 0.875rem + ((1vw - 3.2px) * 0.208), 16px);\">BA.<\/p>\n<\/div>\n<\/div>\n<\/div>\n<\/div>\n\n\n\n<p class=\"has-text-align-center has-vintage-postman-font-family gt-fse-widgets-ctv-open-product\"><\/p>\n\n\n\n<div class=\"wp-block-group fake-btn has-custom-color-1-background-color has-background is-content-justification-center is-nowrap is-layout-flex wp-container-core-group-is-layout-00450a45 wp-block-group-is-layout-flex gt-fse-widgets-ctv-open-product\" style=\"border-radius:100px;padding-top:12px;padding-right:23px;padding-bottom:12px;padding-left:23px\">\n<p class=\"has-text-align-center has-base-2-color has-text-color has-link-color wp-elements-250669fbc8b72a211b463fb1b21c7308 gt-fse-widgets-ctv-open-product\">Discover<\/p>\n\n\n\n<figure class=\"wp-block-image size-large gt-fse-widgets-ctv-open-product\"><img decoding=\"async\" width=\"18\" height=\"17\" src=\"https:\/\/www.camping-ideal-pyrenees.com\/wp-content\/uploads\/2025\/10\/fleche-blanche.svg\" alt=\"white arrow\" class=\"wp-image-740 gt-fse-widgets-ctv-open-product\"\/><\/figure>\n<\/div>\n<\/div>\n<\/div>\n<\/a>\n<\/li><li data-gt-Thelis-product-id=\"\" data-gt-bathrooms=\"14\" data-gt-campings=\"\" data-gt-capacities=\"29\" data-gt-ctv-product-id=\"148382\" data-gt-gammes=\"\" data-gt-options=\"\" data-gt-rooms=\"30\" data-gt-superficies=\"28\" data-gt-types=\"38\" class=\"wp-block-post post-3349 hebergement type-hebergement status-publish has-post-thumbnail hentry gt-hebergements-types-locatif gt-hebergements-nombre-personnes-29 gt-hebergements-nombre-chambres-30 gt-hebergements-nombre-sdb-14 gt-hebergements-superficie-28 gt-fse-widgets-ctv-open-product\">\n<a     class=\"wp-block-tiptip-hyperlink-group-block gt-fse-widgets-ctv-open-product\" >\n<div class=\"wp-block-group has-global-padding is-layout-constrained wp-container-core-group-is-layout-8fefdfe2 wp-block-group-is-layout-constrained gt-fse-widgets-ctv-open-product\" style=\"border-radius:25px;margin-top:0px;margin-bottom:0px;padding-top:0px;padding-right:0px;padding-bottom:0px;padding-left:0px\"><div class=\"gt-fse-hebergements-galerie-wrapper gt-fse-widgets-ctv-open-product\" data-slider-id=\"gt-galerie-3349-36\">\n    <div class=\"swiper gt-galerie-swiper gt-fse-widgets-ctv-open-product\" \n         data-slides-per-view=\"1\"\n         data-space-between=\"10\"\n         data-autoplay=\"true\"\n         data-autoplay-delay=\"3000\"\n         data-loop=\"true\"\n         data-effect=\"slide\"\n         data-image-format=\"1\/1\">\n        <div class=\"swiper-wrapper gt-fse-widgets-ctv-open-product\">\n                            <div class=\"swiper-slide gt-fse-widgets-ctv-open-product\">\n                                            <div class=\"gt-galerie-image-link gt-fse-widgets-ctv-open-product\">\n                            <img decoding=\"async\" src=\"https:\/\/www.camping-ideal-pyrenees.com\/wp-content\/uploads\/2026\/04\/mauricie-sagano2-1.jpg\" \n                                 alt=\"mauricie sagano ()\"\n                                 class=\"gt-galerie-image gt-fse-widgets-ctv-open-product\" \/>\n                        <\/div>\n                                    <\/div>\n                            <div class=\"swiper-slide gt-fse-widgets-ctv-open-product\">\n                                            <div class=\"gt-galerie-image-link gt-fse-widgets-ctv-open-product\">\n                            <img decoding=\"async\" src=\"https:\/\/www.camping-ideal-pyrenees.com\/wp-content\/uploads\/2026\/04\/Mauricie-1-1024x674.jpg\" \n                                 alt=\"Mauricie ()\"\n                                 class=\"gt-galerie-image gt-fse-widgets-ctv-open-product\" \/>\n                        <\/div>\n                                    <\/div>\n                            <div class=\"swiper-slide gt-fse-widgets-ctv-open-product\">\n                                            <div class=\"gt-galerie-image-link gt-fse-widgets-ctv-open-product\">\n                            <img decoding=\"async\" src=\"https:\/\/www.camping-ideal-pyrenees.com\/wp-content\/uploads\/2026\/04\/Mauricie2-1.jpg\" \n                                 alt=\"Mauricie ()\"\n                                 class=\"gt-galerie-image gt-fse-widgets-ctv-open-product\" \/>\n                        <\/div>\n                                    <\/div>\n                            <div class=\"swiper-slide gt-fse-widgets-ctv-open-product\">\n                                            <div class=\"gt-galerie-image-link gt-fse-widgets-ctv-open-product\">\n                            <img decoding=\"async\" src=\"https:\/\/www.camping-ideal-pyrenees.com\/wp-content\/uploads\/2026\/04\/Mauricie3-1-670x1024.jpg\" \n                                 alt=\"Mauricie ()\"\n                                 class=\"gt-galerie-image gt-fse-widgets-ctv-open-product\" \/>\n                        <\/div>\n                                    <\/div>\n                            <div class=\"swiper-slide gt-fse-widgets-ctv-open-product\">\n                                            <div class=\"gt-galerie-image-link gt-fse-widgets-ctv-open-product\">\n                            <img decoding=\"async\" src=\"https:\/\/www.camping-ideal-pyrenees.com\/wp-content\/uploads\/2026\/04\/mauricie-sagano-1.jpg\" \n                                 alt=\"mauricie sagano ()\"\n                                 class=\"gt-galerie-image gt-fse-widgets-ctv-open-product\" \/>\n                        <\/div>\n                                    <\/div>\n                            <div class=\"swiper-slide gt-fse-widgets-ctv-open-product\">\n                                            <div class=\"gt-galerie-image-link gt-fse-widgets-ctv-open-product\">\n                            <img decoding=\"async\" src=\"https:\/\/www.camping-ideal-pyrenees.com\/wp-content\/uploads\/2026\/04\/00001341933.webp\" \n                                 alt=\"Chalet Premium &#8211; 35m\u00b2 &#8211; 3 bedrooms &#8211; Covered terrace &#8211; TV\"\n                                 class=\"gt-galerie-image gt-fse-widgets-ctv-open-product\" \/>\n                        <\/div>\n                                    <\/div>\n                    <\/div>\n        \n                \n            <\/div>\n<\/div>\n\n\n\n\n<figure class=\"wp-block-image gt-fse-widgets-ctv-open-product\"><img decoding=\"async\" class=\"gt-fse-widgets-ctv-open-product\" src=\"https:\/\/www.camping-ideal-pyrenees.com\/wp-content\/uploads\/2026\/04\/mauricie-sagano2.jpg\" alt=\"Auto draft\"\/><\/figure>\n\n\n\n<div class=\"wp-block-group has-custom-color-5-background-color has-background has-global-padding is-layout-constrained wp-container-core-group-is-layout-955a61a2 wp-block-group-is-layout-constrained gt-fse-widgets-ctv-open-product\" style=\"border-radius:0px;margin-top:0px;margin-bottom:0px;padding-top:0rem;padding-right:10px;padding-bottom:2rem;padding-left:10px\">\n<div class=\"wp-block-group gt-hebergement-content is-content-justification-center is-nowrap is-layout-flex wp-container-core-group-is-layout-9fab1d9f wp-block-group-is-layout-flex gt-fse-widgets-ctv-open-product\" style=\"padding-top:var(--wp--preset--spacing--10);padding-right:var(--wp--preset--spacing--10);padding-bottom:0;padding-left:var(--wp--preset--spacing--10)\">\n<p class=\"has-text-align-center has-wilden-font-family gt-fse-widgets-ctv-open-product\" style=\"padding-top:0;padding-right:0;padding-bottom:0;padding-left:0;font-size:clamp(1.428rem, 1.428rem + ((1vw - 0.2rem) * 1.537), 2.35rem);letter-spacing:2px;line-height:1\">Chalet Premium 1<\/p>\n<\/div>\n\n\n<div style=\"font-style:normal;font-weight:500;\" class=\"entry-content wp-elements-c1af0c7f40cc9b954ae2b3fc089ffef0 wp-elements-3d92a81ffb6c6aa8c2f3719e26e4cb8b wp-block-post-content has-text-color has-custom-color-3-color has-medium-font-size has-hanken-grotesk-font-family is-layout-flow wp-block-post-content-is-layout-flow gt-fse-widgets-ctv-open-product\">\n<p class=\"has-text-align-center gt-fse-widgets-ctv-open-product\">A large family chalet (3 bedrooms) for sharing great moments in the mountains.<\/p>\n<\/div>\n\n\n<div class=\"wp-block-group gt-hebergement-foot is-layout-flow wp-container-core-group-is-layout-d86093bf wp-block-group-is-layout-flow gt-fse-widgets-ctv-open-product\" style=\"padding-right:10px;padding-left:10px\">\n<div class=\"wp-block-group is-content-justification-center is-layout-flex wp-container-core-group-is-layout-54e55615 wp-block-group-is-layout-flex gt-fse-widgets-ctv-open-product\" style=\"margin-top:0;margin-bottom:var(--wp--preset--spacing--20)\">\n<div class=\"wp-block-group hebergement-info is-vertical is-content-justification-center is-layout-flex wp-container-core-group-is-layout-3ab3172e wp-block-group-is-layout-flex gt-fse-widgets-ctv-open-product\">\n<figure class=\"wp-block-image size-medium is-resized wp-duotone-3b485d-3b485d-37 gt-fse-widgets-ctv-open-product\" style=\"margin-right:5px\"><img decoding=\"async\" width=\"29\" height=\"25\" src=\"https:\/\/www.camping-ideal-pyrenees.com\/wp-content\/uploads\/2025\/10\/personne-orange.svg\" alt=\"orange person\" class=\"wp-image-730 gt-fse-widgets-ctv-open-product\" style=\"width:35px\"\/><\/figure>\n\n\n<div style=\"font-size:clamp(14px, 0.875rem + ((1vw - 3.2px) * 0.208), 16px)\" class=\"taxonomy-gt-hebergements-nombre-personnes wp-block-post-terms gt-fse-widgets-ctv-open-product\"><span class=\"gt-fse-widgets-ctv-open-product\">6<\/span><span class=\"wp-block-post-terms__suffix gt-fse-widgets-ctv-open-product\"> pers.<\/span><\/div><\/div>\n\n\n\n<div class=\"wp-block-group hebergement-info is-vertical is-content-justification-center is-layout-flex wp-container-core-group-is-layout-3ab3172e wp-block-group-is-layout-flex gt-fse-widgets-ctv-open-product\">\n<figure class=\"wp-block-image size-full is-resized wp-duotone-3b485d-3b485d-38 gt-fse-widgets-ctv-open-product\" style=\"margin-right:5px\"><img decoding=\"async\" width=\"33\" height=\"31\" src=\"https:\/\/www.camping-ideal-pyrenees.com\/wp-content\/uploads\/2025\/10\/coussin-orange.svg\" alt=\"orange cushion\" class=\"wp-image-732 gt-fse-widgets-ctv-open-product\" style=\"width:35px\"\/><\/figure>\n\n\n\n<div class=\"wp-block-group is-nowrap is-layout-flex wp-container-core-group-is-layout-4b0a85f0 wp-block-group-is-layout-flex gt-fse-widgets-ctv-open-product\"><div style=\"font-size:clamp(14px, 0.875rem + ((1vw - 3.2px) * 0.208), 16px)\" class=\"taxonomy-gt-hebergements-nombre-chambres wp-block-post-terms gt-fse-widgets-ctv-open-product\"><span class=\"gt-fse-widgets-ctv-open-product\">3<\/span><\/div>\n\n\n<p class=\"gt-fse-widgets-ctv-open-product\" style=\"font-size:clamp(14px, 0.875rem + ((1vw - 3.2px) * 0.208), 16px);\">BR.<\/p>\n<\/div>\n<\/div>\n\n\n\n<div class=\"wp-block-group hebergement-info is-vertical is-content-justification-center is-layout-flex wp-container-core-group-is-layout-3ab3172e wp-block-group-is-layout-flex gt-fse-widgets-ctv-open-product\">\n<figure class=\"wp-block-image size-medium is-resized wp-duotone-3b485d-3b485d-39 gt-fse-widgets-ctv-open-product\" style=\"margin-right:5px\"><img decoding=\"async\" width=\"33\" height=\"33\" src=\"https:\/\/www.camping-ideal-pyrenees.com\/wp-content\/uploads\/2025\/10\/surface-orange.svg\" alt=\"orange surface\" class=\"wp-image-734 gt-fse-widgets-ctv-open-product\" style=\"width:35px\"\/><\/figure>\n\n\n<div style=\"font-size:clamp(14px, 0.875rem + ((1vw - 3.2px) * 0.208), 16px)\" class=\"taxonomy-gt-hebergements-superficie wp-block-post-terms gt-fse-widgets-ctv-open-product\"><span class=\"gt-fse-widgets-ctv-open-product\">35<\/span><span class=\"wp-block-post-terms__suffix gt-fse-widgets-ctv-open-product\"> m2<\/span><\/div><\/div>\n\n\n\n<div class=\"wp-block-group hebergement-info is-vertical is-content-justification-center is-layout-flex wp-container-core-group-is-layout-3ab3172e wp-block-group-is-layout-flex gt-fse-widgets-ctv-open-product\">\n<figure class=\"wp-block-image size-medium is-resized wp-duotone-3b485d-3b485d-40 gt-fse-widgets-ctv-open-product\" style=\"margin-right:5px\"><img decoding=\"async\" width=\"38\" height=\"38\" src=\"https:\/\/www.camping-ideal-pyrenees.com\/wp-content\/uploads\/2025\/10\/douche-orange.svg\" alt=\"orange shower\" class=\"wp-image-760 gt-fse-widgets-ctv-open-product\" style=\"width:35px\"\/><\/figure>\n\n\n\n<div class=\"wp-block-group is-nowrap is-layout-flex wp-container-core-group-is-layout-4b0a85f0 wp-block-group-is-layout-flex gt-fse-widgets-ctv-open-product\"><div style=\"font-size:clamp(14px, 0.875rem + ((1vw - 3.2px) * 0.208), 16px)\" class=\"taxonomy-gt-hebergements-nombre-sdb wp-block-post-terms gt-fse-widgets-ctv-open-product\"><span class=\"gt-fse-widgets-ctv-open-product\">1<\/span><\/div>\n\n\n<p class=\"gt-fse-widgets-ctv-open-product\" style=\"font-size:clamp(14px, 0.875rem + ((1vw - 3.2px) * 0.208), 16px);\">BA.<\/p>\n<\/div>\n<\/div>\n<\/div>\n<\/div>\n\n\n\n<p class=\"has-text-align-center has-vintage-postman-font-family gt-fse-widgets-ctv-open-product\"><\/p>\n\n\n\n<div class=\"wp-block-group fake-btn has-custom-color-1-background-color has-background is-content-justification-center is-nowrap is-layout-flex wp-container-core-group-is-layout-00450a45 wp-block-group-is-layout-flex gt-fse-widgets-ctv-open-product\" style=\"border-radius:100px;padding-top:12px;padding-right:23px;padding-bottom:12px;padding-left:23px\">\n<p class=\"has-text-align-center has-base-2-color has-text-color has-link-color wp-elements-250669fbc8b72a211b463fb1b21c7308 gt-fse-widgets-ctv-open-product\">Discover<\/p>\n\n\n\n<figure class=\"wp-block-image size-large gt-fse-widgets-ctv-open-product\"><img decoding=\"async\" width=\"18\" height=\"17\" src=\"https:\/\/www.camping-ideal-pyrenees.com\/wp-content\/uploads\/2025\/10\/fleche-blanche.svg\" alt=\"white arrow\" class=\"wp-image-740 gt-fse-widgets-ctv-open-product\"\/><\/figure>\n<\/div>\n<\/div>\n<\/div>\n<\/a>\n<\/li><li data-gt-Thelis-product-id=\"\" data-gt-bathrooms=\"14\" data-gt-campings=\"\" data-gt-capacities=\"11\" data-gt-ctv-product-id=\"147813\" data-gt-gammes=\"\" data-gt-options=\"\" data-gt-rooms=\"12\" data-gt-superficies=\"28\" data-gt-types=\"38\" class=\"wp-block-post post-3343 hebergement type-hebergement status-publish has-post-thumbnail hentry gt-hebergements-types-locatif gt-hebergements-nombre-personnes-11 gt-hebergements-nombre-chambres-12 gt-hebergements-nombre-sdb-14 gt-hebergements-superficie-28 gt-fse-widgets-ctv-open-product\">\n<a     class=\"wp-block-tiptip-hyperlink-group-block gt-fse-widgets-ctv-open-product\" >\n<div class=\"wp-block-group has-global-padding is-layout-constrained wp-container-core-group-is-layout-8fefdfe2 wp-block-group-is-layout-constrained gt-fse-widgets-ctv-open-product\" style=\"border-radius:25px;margin-top:0px;margin-bottom:0px;padding-top:0px;padding-right:0px;padding-bottom:0px;padding-left:0px\"><div class=\"gt-fse-hebergements-galerie-wrapper gt-fse-widgets-ctv-open-product\" data-slider-id=\"gt-galerie-3343-46\">\n    <div class=\"swiper gt-galerie-swiper gt-fse-widgets-ctv-open-product\" \n         data-slides-per-view=\"1\"\n         data-space-between=\"10\"\n         data-autoplay=\"true\"\n         data-autoplay-delay=\"3000\"\n         data-loop=\"true\"\n         data-effect=\"slide\"\n         data-image-format=\"1\/1\">\n        <div class=\"swiper-wrapper gt-fse-widgets-ctv-open-product\">\n                            <div class=\"swiper-slide gt-fse-widgets-ctv-open-product\">\n                                            <div class=\"gt-galerie-image-link gt-fse-widgets-ctv-open-product\">\n                            <img decoding=\"async\" src=\"https:\/\/www.camping-ideal-pyrenees.com\/wp-content\/uploads\/2026\/04\/chalet-confort-1.jpg\" \n                                 alt=\"chalet confort ()\"\n                                 class=\"gt-galerie-image gt-fse-widgets-ctv-open-product\" \/>\n                        <\/div>\n                                    <\/div>\n                            <div class=\"swiper-slide gt-fse-widgets-ctv-open-product\">\n                                            <div class=\"gt-galerie-image-link gt-fse-widgets-ctv-open-product\">\n                            <img decoding=\"async\" src=\"https:\/\/www.camping-ideal-pyrenees.com\/wp-content\/uploads\/2026\/04\/plan-chalet-standard-1.jpg\" \n                                 alt=\"plan chalet standard ()\"\n                                 class=\"gt-galerie-image gt-fse-widgets-ctv-open-product\" \/>\n                        <\/div>\n                                    <\/div>\n                            <div class=\"swiper-slide gt-fse-widgets-ctv-open-product\">\n                                            <div class=\"gt-galerie-image-link gt-fse-widgets-ctv-open-product\">\n                            <img decoding=\"async\" src=\"https:\/\/www.camping-ideal-pyrenees.com\/wp-content\/uploads\/2026\/04\/chalet-confort2-1.jpg\" \n                                 alt=\"chalet confort ()\"\n                                 class=\"gt-galerie-image gt-fse-widgets-ctv-open-product\" \/>\n                        <\/div>\n                                    <\/div>\n                            <div class=\"swiper-slide gt-fse-widgets-ctv-open-product\">\n                                            <div class=\"gt-galerie-image-link gt-fse-widgets-ctv-open-product\">\n                            <img decoding=\"async\" src=\"https:\/\/www.camping-ideal-pyrenees.com\/wp-content\/uploads\/2026\/04\/chalet-confort-2-1.jpg\" \n                                 alt=\"chalet confort ()\"\n                                 class=\"gt-galerie-image gt-fse-widgets-ctv-open-product\" \/>\n                        <\/div>\n                                    <\/div>\n                    <\/div>\n        \n                \n            <\/div>\n<\/div>\n\n\n\n\n<figure class=\"wp-block-image gt-fse-widgets-ctv-open-product\"><img decoding=\"async\" class=\"gt-fse-widgets-ctv-open-product\" src=\"https:\/\/www.camping-ideal-pyrenees.com\/wp-content\/uploads\/2026\/04\/chalet-confort.jpg\" alt=\"Auto draft\"\/><\/figure>\n\n\n\n<div class=\"wp-block-group has-custom-color-5-background-color has-background has-global-padding is-layout-constrained wp-container-core-group-is-layout-955a61a2 wp-block-group-is-layout-constrained gt-fse-widgets-ctv-open-product\" style=\"border-radius:0px;margin-top:0px;margin-bottom:0px;padding-top:0rem;padding-right:10px;padding-bottom:2rem;padding-left:10px\">\n<div class=\"wp-block-group gt-hebergement-content is-content-justification-center is-nowrap is-layout-flex wp-container-core-group-is-layout-9fab1d9f wp-block-group-is-layout-flex gt-fse-widgets-ctv-open-product\" style=\"padding-top:var(--wp--preset--spacing--10);padding-right:var(--wp--preset--spacing--10);padding-bottom:0;padding-left:var(--wp--preset--spacing--10)\">\n<p class=\"has-text-align-center has-wilden-font-family gt-fse-widgets-ctv-open-product\" style=\"padding-top:0;padding-right:0;padding-bottom:0;padding-left:0;font-size:clamp(1.428rem, 1.428rem + ((1vw - 0.2rem) * 1.537), 2.35rem);letter-spacing:2px;line-height:1\">Chalet Standard<\/p>\n<\/div>\n\n\n<div style=\"font-style:normal;font-weight:500;\" class=\"entry-content wp-elements-c1af0c7f40cc9b954ae2b3fc089ffef0 wp-elements-3d92a81ffb6c6aa8c2f3719e26e4cb8b wp-block-post-content has-text-color has-custom-color-3-color has-medium-font-size has-hanken-grotesk-font-family is-layout-flow wp-block-post-content-is-layout-flow gt-fse-widgets-ctv-open-product\">\n<p class=\"has-text-align-center gt-fse-widgets-ctv-open-product\">A warm and comfortable chalet for a quiet vacation<\/p>\n<\/div>\n\n\n<div class=\"wp-block-group gt-hebergement-foot is-layout-flow wp-container-core-group-is-layout-d86093bf wp-block-group-is-layout-flow gt-fse-widgets-ctv-open-product\" style=\"padding-right:10px;padding-left:10px\">\n<div class=\"wp-block-group is-content-justification-center is-layout-flex wp-container-core-group-is-layout-54e55615 wp-block-group-is-layout-flex gt-fse-widgets-ctv-open-product\" style=\"margin-top:0;margin-bottom:var(--wp--preset--spacing--20)\">\n<div class=\"wp-block-group hebergement-info is-vertical is-content-justification-center is-layout-flex wp-container-core-group-is-layout-3ab3172e wp-block-group-is-layout-flex gt-fse-widgets-ctv-open-product\">\n<figure class=\"wp-block-image size-medium is-resized wp-duotone-3b485d-3b485d-47 gt-fse-widgets-ctv-open-product\" style=\"margin-right:5px\"><img decoding=\"async\" width=\"29\" height=\"25\" src=\"https:\/\/www.camping-ideal-pyrenees.com\/wp-content\/uploads\/2025\/10\/personne-orange.svg\" alt=\"orange person\" class=\"wp-image-730 gt-fse-widgets-ctv-open-product\" style=\"width:35px\"\/><\/figure>\n\n\n<div style=\"font-size:clamp(14px, 0.875rem + ((1vw - 3.2px) * 0.208), 16px)\" class=\"taxonomy-gt-hebergements-nombre-personnes wp-block-post-terms gt-fse-widgets-ctv-open-product\"><span class=\"gt-fse-widgets-ctv-open-product\">4<\/span><span class=\"wp-block-post-terms__suffix gt-fse-widgets-ctv-open-product\"> pers.<\/span><\/div><\/div>\n\n\n\n<div class=\"wp-block-group hebergement-info is-vertical is-content-justification-center is-layout-flex wp-container-core-group-is-layout-3ab3172e wp-block-group-is-layout-flex gt-fse-widgets-ctv-open-product\">\n<figure class=\"wp-block-image size-full is-resized wp-duotone-3b485d-3b485d-48 gt-fse-widgets-ctv-open-product\" style=\"margin-right:5px\"><img decoding=\"async\" width=\"33\" height=\"31\" src=\"https:\/\/www.camping-ideal-pyrenees.com\/wp-content\/uploads\/2025\/10\/coussin-orange.svg\" alt=\"orange cushion\" class=\"wp-image-732 gt-fse-widgets-ctv-open-product\" style=\"width:35px\"\/><\/figure>\n\n\n\n<div class=\"wp-block-group is-nowrap is-layout-flex wp-container-core-group-is-layout-4b0a85f0 wp-block-group-is-layout-flex gt-fse-widgets-ctv-open-product\"><div style=\"font-size:clamp(14px, 0.875rem + ((1vw - 3.2px) * 0.208), 16px)\" class=\"taxonomy-gt-hebergements-nombre-chambres wp-block-post-terms gt-fse-widgets-ctv-open-product\"><span class=\"gt-fse-widgets-ctv-open-product\">2<\/span><\/div>\n\n\n<p class=\"gt-fse-widgets-ctv-open-product\" style=\"font-size:clamp(14px, 0.875rem + ((1vw - 3.2px) * 0.208), 16px);\">BR.<\/p>\n<\/div>\n<\/div>\n\n\n\n<div class=\"wp-block-group hebergement-info is-vertical is-content-justification-center is-layout-flex wp-container-core-group-is-layout-3ab3172e wp-block-group-is-layout-flex gt-fse-widgets-ctv-open-product\">\n<figure class=\"wp-block-image size-medium is-resized wp-duotone-3b485d-3b485d-49 gt-fse-widgets-ctv-open-product\" style=\"margin-right:5px\"><img decoding=\"async\" width=\"33\" height=\"33\" src=\"https:\/\/www.camping-ideal-pyrenees.com\/wp-content\/uploads\/2025\/10\/surface-orange.svg\" alt=\"orange surface\" class=\"wp-image-734 gt-fse-widgets-ctv-open-product\" style=\"width:35px\"\/><\/figure>\n\n\n<div style=\"font-size:clamp(14px, 0.875rem + ((1vw - 3.2px) * 0.208), 16px)\" class=\"taxonomy-gt-hebergements-superficie wp-block-post-terms gt-fse-widgets-ctv-open-product\"><span class=\"gt-fse-widgets-ctv-open-product\">35<\/span><span class=\"wp-block-post-terms__suffix gt-fse-widgets-ctv-open-product\"> m2<\/span><\/div><\/div>\n\n\n\n<div class=\"wp-block-group hebergement-info is-vertical is-content-justification-center is-layout-flex wp-container-core-group-is-layout-3ab3172e wp-block-group-is-layout-flex gt-fse-widgets-ctv-open-product\">\n<figure class=\"wp-block-image size-medium is-resized wp-duotone-3b485d-3b485d-50 gt-fse-widgets-ctv-open-product\" style=\"margin-right:5px\"><img decoding=\"async\" width=\"38\" height=\"38\" src=\"https:\/\/www.camping-ideal-pyrenees.com\/wp-content\/uploads\/2025\/10\/douche-orange.svg\" alt=\"orange shower\" class=\"wp-image-760 gt-fse-widgets-ctv-open-product\" style=\"width:35px\"\/><\/figure>\n\n\n\n<div class=\"wp-block-group is-nowrap is-layout-flex wp-container-core-group-is-layout-4b0a85f0 wp-block-group-is-layout-flex gt-fse-widgets-ctv-open-product\"><div style=\"font-size:clamp(14px, 0.875rem + ((1vw - 3.2px) * 0.208), 16px)\" class=\"taxonomy-gt-hebergements-nombre-sdb wp-block-post-terms gt-fse-widgets-ctv-open-product\"><span class=\"gt-fse-widgets-ctv-open-product\">1<\/span><\/div>\n\n\n<p class=\"gt-fse-widgets-ctv-open-product\" style=\"font-size:clamp(14px, 0.875rem + ((1vw - 3.2px) * 0.208), 16px);\">BA.<\/p>\n<\/div>\n<\/div>\n<\/div>\n<\/div>\n\n\n\n<p class=\"has-text-align-center has-vintage-postman-font-family gt-fse-widgets-ctv-open-product\"><\/p>\n\n\n\n<div class=\"wp-block-group fake-btn has-custom-color-1-background-color has-background is-content-justification-center is-nowrap is-layout-flex wp-container-core-group-is-layout-00450a45 wp-block-group-is-layout-flex gt-fse-widgets-ctv-open-product\" style=\"border-radius:100px;padding-top:12px;padding-right:23px;padding-bottom:12px;padding-left:23px\">\n<p class=\"has-text-align-center has-base-2-color has-text-color has-link-color wp-elements-250669fbc8b72a211b463fb1b21c7308 gt-fse-widgets-ctv-open-product\">Discover<\/p>\n\n\n\n<figure class=\"wp-block-image size-large gt-fse-widgets-ctv-open-product\"><img decoding=\"async\" width=\"18\" height=\"17\" src=\"https:\/\/www.camping-ideal-pyrenees.com\/wp-content\/uploads\/2025\/10\/fleche-blanche.svg\" alt=\"white arrow\" class=\"wp-image-740 gt-fse-widgets-ctv-open-product\"\/><\/figure>\n<\/div>\n<\/div>\n<\/div>\n<\/a>\n<\/li><li data-gt-Thelis-product-id=\"\" data-gt-bathrooms=\"14\" data-gt-campings=\"\" data-gt-capacities=\"11,29\" data-gt-ctv-product-id=\"147815\" data-gt-gammes=\"\" data-gt-options=\"\" data-gt-rooms=\"12\" data-gt-superficies=\"46\" data-gt-types=\"38\" class=\"wp-block-post post-3344 hebergement type-hebergement status-publish has-post-thumbnail hentry gt-hebergements-types-locatif gt-hebergements-nombre-personnes-11 gt-hebergements-nombre-personnes-29 gt-hebergements-nombre-chambres-12 gt-hebergements-nombre-sdb-14 gt-hebergements-superficie-46 gt-fse-widgets-ctv-open-product\">\n<a     class=\"wp-block-tiptip-hyperlink-group-block gt-fse-widgets-ctv-open-product\" >\n<div class=\"wp-block-group has-global-padding is-layout-constrained wp-container-core-group-is-layout-8fefdfe2 wp-block-group-is-layout-constrained gt-fse-widgets-ctv-open-product\" style=\"border-radius:25px;margin-top:0px;margin-bottom:0px;padding-top:0px;padding-right:0px;padding-bottom:0px;padding-left:0px\"><div class=\"gt-fse-hebergements-galerie-wrapper gt-fse-widgets-ctv-open-product\" data-slider-id=\"gt-galerie-3344-56\">\n    <div class=\"swiper gt-galerie-swiper gt-fse-widgets-ctv-open-product\" \n         data-slides-per-view=\"1\"\n         data-space-between=\"10\"\n         data-autoplay=\"true\"\n         data-autoplay-delay=\"3000\"\n         data-loop=\"true\"\n         data-effect=\"slide\"\n         data-image-format=\"1\/1\">\n        <div class=\"swiper-wrapper gt-fse-widgets-ctv-open-product\">\n                            <div class=\"swiper-slide gt-fse-widgets-ctv-open-product\">\n                                            <div class=\"gt-galerie-image-link gt-fse-widgets-ctv-open-product\">\n                            <img decoding=\"async\" src=\"https:\/\/www.camping-ideal-pyrenees.com\/wp-content\/uploads\/2026\/04\/location-chalet-pyrenees.jpg\" \n                                 alt=\"location chalet pyr\u00e9n\u00e9es\"\n                                 class=\"gt-galerie-image gt-fse-widgets-ctv-open-product\" \/>\n                        <\/div>\n                                    <\/div>\n                            <div class=\"swiper-slide gt-fse-widgets-ctv-open-product\">\n                                            <div class=\"gt-galerie-image-link gt-fse-widgets-ctv-open-product\">\n                            <img decoding=\"async\" src=\"https:\/\/www.camping-ideal-pyrenees.com\/wp-content\/uploads\/2026\/04\/plan-chalet-XL.jpg\" \n                                 alt=\"plan chalet XL\"\n                                 class=\"gt-galerie-image gt-fse-widgets-ctv-open-product\" \/>\n                        <\/div>\n                                    <\/div>\n                            <div class=\"swiper-slide gt-fse-widgets-ctv-open-product\">\n                                            <div class=\"gt-galerie-image-link gt-fse-widgets-ctv-open-product\">\n                            <img decoding=\"async\" src=\"https:\/\/www.camping-ideal-pyrenees.com\/wp-content\/uploads\/2026\/04\/chalet-XL2.jpg\" \n                                 alt=\"chalet XL\"\n                                 class=\"gt-galerie-image gt-fse-widgets-ctv-open-product\" \/>\n                        <\/div>\n                                    <\/div>\n                            <div class=\"swiper-slide gt-fse-widgets-ctv-open-product\">\n                                            <div class=\"gt-galerie-image-link gt-fse-widgets-ctv-open-product\">\n                            <img decoding=\"async\" src=\"https:\/\/www.camping-ideal-pyrenees.com\/wp-content\/uploads\/2026\/04\/chalet-XL-1.jpg\" \n                                 alt=\"chalet XL\"\n                                 class=\"gt-galerie-image gt-fse-widgets-ctv-open-product\" \/>\n                        <\/div>\n                                    <\/div>\n                    <\/div>\n        \n                \n            <\/div>\n<\/div>\n\n\n\n\n<figure class=\"wp-block-image gt-fse-widgets-ctv-open-product\"><img decoding=\"async\" class=\"gt-fse-widgets-ctv-open-product\" src=\"https:\/\/www.camping-ideal-pyrenees.com\/wp-content\/uploads\/2026\/04\/chalet-XL.jpg\" alt=\"Auto draft\"\/><\/figure>\n\n\n\n<div class=\"wp-block-group has-custom-color-5-background-color has-background has-global-padding is-layout-constrained wp-container-core-group-is-layout-955a61a2 wp-block-group-is-layout-constrained gt-fse-widgets-ctv-open-product\" style=\"border-radius:0px;margin-top:0px;margin-bottom:0px;padding-top:0rem;padding-right:10px;padding-bottom:2rem;padding-left:10px\">\n<div class=\"wp-block-group gt-hebergement-content is-content-justification-center is-nowrap is-layout-flex wp-container-core-group-is-layout-9fab1d9f wp-block-group-is-layout-flex gt-fse-widgets-ctv-open-product\" style=\"padding-top:var(--wp--preset--spacing--10);padding-right:var(--wp--preset--spacing--10);padding-bottom:0;padding-left:var(--wp--preset--spacing--10)\">\n<p class=\"has-text-align-center has-wilden-font-family gt-fse-widgets-ctv-open-product\" style=\"padding-top:0;padding-right:0;padding-bottom:0;padding-left:0;font-size:clamp(1.428rem, 1.428rem + ((1vw - 0.2rem) * 1.537), 2.35rem);letter-spacing:2px;line-height:1\">Chalet XL<\/p>\n<\/div>\n\n\n<div style=\"font-style:normal;font-weight:500;\" class=\"entry-content wp-elements-c1af0c7f40cc9b954ae2b3fc089ffef0 wp-elements-3d92a81ffb6c6aa8c2f3719e26e4cb8b wp-block-post-content has-text-color has-custom-color-3-color has-medium-font-size has-hanken-grotesk-font-family is-layout-flow wp-block-post-content-is-layout-flow gt-fse-widgets-ctv-open-product\">\n<p class=\"has-text-align-center gt-fse-widgets-ctv-open-product\">A large chalet with panoramic terrace overlooking the valley<\/p>\n<\/div>\n\n\n<div class=\"wp-block-group gt-hebergement-foot is-layout-flow wp-container-core-group-is-layout-d86093bf wp-block-group-is-layout-flow gt-fse-widgets-ctv-open-product\" style=\"padding-right:10px;padding-left:10px\">\n<div class=\"wp-block-group is-content-justification-center is-layout-flex wp-container-core-group-is-layout-54e55615 wp-block-group-is-layout-flex gt-fse-widgets-ctv-open-product\" style=\"margin-top:0;margin-bottom:var(--wp--preset--spacing--20)\">\n<div class=\"wp-block-group hebergement-info is-vertical is-content-justification-center is-layout-flex wp-container-core-group-is-layout-3ab3172e wp-block-group-is-layout-flex gt-fse-widgets-ctv-open-product\">\n<figure class=\"wp-block-image size-medium is-resized wp-duotone-3b485d-3b485d-57 gt-fse-widgets-ctv-open-product\" style=\"margin-right:5px\"><img decoding=\"async\" width=\"29\" height=\"25\" src=\"https:\/\/www.camping-ideal-pyrenees.com\/wp-content\/uploads\/2025\/10\/personne-orange.svg\" alt=\"orange person\" class=\"wp-image-730 gt-fse-widgets-ctv-open-product\" style=\"width:35px\"\/><\/figure>\n\n\n<div style=\"font-size:clamp(14px, 0.875rem + ((1vw - 3.2px) * 0.208), 16px)\" class=\"taxonomy-gt-hebergements-nombre-personnes wp-block-post-terms gt-fse-widgets-ctv-open-product\"><span class=\"gt-fse-widgets-ctv-open-product\">4<\/span><span class=\"wp-block-post-terms__separator gt-fse-widgets-ctv-open-product\">, <\/span><span class=\"gt-fse-widgets-ctv-open-product\">6<\/span><span class=\"wp-block-post-terms__suffix gt-fse-widgets-ctv-open-product\"> pers.<\/span><\/div><\/div>\n\n\n\n<div class=\"wp-block-group hebergement-info is-vertical is-content-justification-center is-layout-flex wp-container-core-group-is-layout-3ab3172e wp-block-group-is-layout-flex gt-fse-widgets-ctv-open-product\">\n<figure class=\"wp-block-image size-full is-resized wp-duotone-3b485d-3b485d-58 gt-fse-widgets-ctv-open-product\" style=\"margin-right:5px\"><img decoding=\"async\" width=\"33\" height=\"31\" src=\"https:\/\/www.camping-ideal-pyrenees.com\/wp-content\/uploads\/2025\/10\/coussin-orange.svg\" alt=\"orange cushion\" class=\"wp-image-732 gt-fse-widgets-ctv-open-product\" style=\"width:35px\"\/><\/figure>\n\n\n\n<div class=\"wp-block-group is-nowrap is-layout-flex wp-container-core-group-is-layout-4b0a85f0 wp-block-group-is-layout-flex gt-fse-widgets-ctv-open-product\"><div style=\"font-size:clamp(14px, 0.875rem + ((1vw - 3.2px) * 0.208), 16px)\" class=\"taxonomy-gt-hebergements-nombre-chambres wp-block-post-terms gt-fse-widgets-ctv-open-product\"><span class=\"gt-fse-widgets-ctv-open-product\">2<\/span><\/div>\n\n\n<p class=\"gt-fse-widgets-ctv-open-product\" style=\"font-size:clamp(14px, 0.875rem + ((1vw - 3.2px) * 0.208), 16px);\">BR.<\/p>\n<\/div>\n<\/div>\n\n\n\n<div class=\"wp-block-group hebergement-info is-vertical is-content-justification-center is-layout-flex wp-container-core-group-is-layout-3ab3172e wp-block-group-is-layout-flex gt-fse-widgets-ctv-open-product\">\n<figure class=\"wp-block-image size-medium is-resized wp-duotone-3b485d-3b485d-59 gt-fse-widgets-ctv-open-product\" style=\"margin-right:5px\"><img decoding=\"async\" width=\"33\" height=\"33\" src=\"https:\/\/www.camping-ideal-pyrenees.com\/wp-content\/uploads\/2025\/10\/surface-orange.svg\" alt=\"orange surface\" class=\"wp-image-734 gt-fse-widgets-ctv-open-product\" style=\"width:35px\"\/><\/figure>\n\n\n<div style=\"font-size:clamp(14px, 0.875rem + ((1vw - 3.2px) * 0.208), 16px)\" class=\"taxonomy-gt-hebergements-superficie wp-block-post-terms gt-fse-widgets-ctv-open-product\"><span class=\"gt-fse-widgets-ctv-open-product\">50<\/span><span class=\"wp-block-post-terms__suffix gt-fse-widgets-ctv-open-product\"> m2<\/span><\/div><\/div>\n\n\n\n<div class=\"wp-block-group hebergement-info is-vertical is-content-justification-center is-layout-flex wp-container-core-group-is-layout-3ab3172e wp-block-group-is-layout-flex gt-fse-widgets-ctv-open-product\">\n<figure class=\"wp-block-image size-medium is-resized wp-duotone-3b485d-3b485d-60 gt-fse-widgets-ctv-open-product\" style=\"margin-right:5px\"><img decoding=\"async\" width=\"38\" height=\"38\" src=\"https:\/\/www.camping-ideal-pyrenees.com\/wp-content\/uploads\/2025\/10\/douche-orange.svg\" alt=\"orange shower\" class=\"wp-image-760 gt-fse-widgets-ctv-open-product\" style=\"width:35px\"\/><\/figure>\n\n\n\n<div class=\"wp-block-group is-nowrap is-layout-flex wp-container-core-group-is-layout-4b0a85f0 wp-block-group-is-layout-flex gt-fse-widgets-ctv-open-product\"><div style=\"font-size:clamp(14px, 0.875rem + ((1vw - 3.2px) * 0.208), 16px)\" class=\"taxonomy-gt-hebergements-nombre-sdb wp-block-post-terms gt-fse-widgets-ctv-open-product\"><span class=\"gt-fse-widgets-ctv-open-product\">1<\/span><\/div>\n\n\n<p class=\"gt-fse-widgets-ctv-open-product\" style=\"font-size:clamp(14px, 0.875rem + ((1vw - 3.2px) * 0.208), 16px);\">BA.<\/p>\n<\/div>\n<\/div>\n<\/div>\n<\/div>\n\n\n\n<p class=\"has-text-align-center has-vintage-postman-font-family gt-fse-widgets-ctv-open-product\"><\/p>\n\n\n\n<div class=\"wp-block-group fake-btn has-custom-color-1-background-color has-background is-content-justification-center is-nowrap is-layout-flex wp-container-core-group-is-layout-00450a45 wp-block-group-is-layout-flex gt-fse-widgets-ctv-open-product\" style=\"border-radius:100px;padding-top:12px;padding-right:23px;padding-bottom:12px;padding-left:23px\">\n<p class=\"has-text-align-center has-base-2-color has-text-color has-link-color wp-elements-250669fbc8b72a211b463fb1b21c7308 gt-fse-widgets-ctv-open-product\">Discover<\/p>\n\n\n\n<figure class=\"wp-block-image size-large gt-fse-widgets-ctv-open-product\"><img decoding=\"async\" width=\"18\" height=\"17\" src=\"https:\/\/www.camping-ideal-pyrenees.com\/wp-content\/uploads\/2025\/10\/fleche-blanche.svg\" alt=\"white arrow\" class=\"wp-image-740 gt-fse-widgets-ctv-open-product\"\/><\/figure>\n<\/div>\n<\/div>\n<\/div>\n<\/a>\n<\/li><li data-gt-Thelis-product-id=\"\" data-gt-bathrooms=\"14\" data-gt-campings=\"\" data-gt-capacities=\"11\" data-gt-ctv-product-id=\"147811\" data-gt-gammes=\"\" data-gt-options=\"\" data-gt-rooms=\"12\" data-gt-superficies=\"44\" data-gt-types=\"38\" class=\"wp-block-post post-3348 hebergement type-hebergement status-publish has-post-thumbnail hentry gt-hebergements-types-locatif gt-hebergements-nombre-personnes-11 gt-hebergements-nombre-chambres-12 gt-hebergements-nombre-sdb-14 gt-hebergements-superficie-44 gt-fse-widgets-ctv-open-product\">\n<a     class=\"wp-block-tiptip-hyperlink-group-block gt-fse-widgets-ctv-open-product\" >\n<div class=\"wp-block-group has-global-padding is-layout-constrained wp-container-core-group-is-layout-8fefdfe2 wp-block-group-is-layout-constrained gt-fse-widgets-ctv-open-product\" style=\"border-radius:25px;margin-top:0px;margin-bottom:0px;padding-top:0px;padding-right:0px;padding-bottom:0px;padding-left:0px\"><div class=\"gt-fse-hebergements-galerie-wrapper gt-fse-widgets-ctv-open-product\" data-slider-id=\"gt-galerie-3348-66\">\n    <div class=\"swiper gt-galerie-swiper gt-fse-widgets-ctv-open-product\" \n         data-slides-per-view=\"1\"\n         data-space-between=\"10\"\n         data-autoplay=\"true\"\n         data-autoplay-delay=\"3000\"\n         data-loop=\"true\"\n         data-effect=\"slide\"\n         data-image-format=\"1\/1\">\n        <div class=\"swiper-wrapper gt-fse-widgets-ctv-open-product\">\n                            <div class=\"swiper-slide gt-fse-widgets-ctv-open-product\">\n                                            <div class=\"gt-galerie-image-link gt-fse-widgets-ctv-open-product\">\n                            <img decoding=\"async\" src=\"https:\/\/www.camping-ideal-pyrenees.com\/wp-content\/uploads\/2026\/04\/Evo-29-ext.-1-1-1024x526.jpg\" \n                                 alt=\"Evo ext\"\n                                 class=\"gt-galerie-image gt-fse-widgets-ctv-open-product\" \/>\n                        <\/div>\n                                    <\/div>\n                            <div class=\"swiper-slide gt-fse-widgets-ctv-open-product\">\n                                            <div class=\"gt-galerie-image-link gt-fse-widgets-ctv-open-product\">\n                            <img decoding=\"async\" src=\"https:\/\/www.camping-ideal-pyrenees.com\/wp-content\/uploads\/2026\/04\/Trigano-Evo29-sdb-768x1024.jpg\" \n                                 alt=\"Trigano Evo sdb\"\n                                 class=\"gt-galerie-image gt-fse-widgets-ctv-open-product\" \/>\n                        <\/div>\n                                    <\/div>\n                            <div class=\"swiper-slide gt-fse-widgets-ctv-open-product\">\n                                            <div class=\"gt-galerie-image-link gt-fse-widgets-ctv-open-product\">\n                            <img decoding=\"async\" src=\"https:\/\/www.camping-ideal-pyrenees.com\/wp-content\/uploads\/2026\/04\/Trigano-Evo29-salon4-768x1024.jpg\" \n                                 alt=\"Trigano Evo salon\"\n                                 class=\"gt-galerie-image gt-fse-widgets-ctv-open-product\" \/>\n                        <\/div>\n                                    <\/div>\n                            <div class=\"swiper-slide gt-fse-widgets-ctv-open-product\">\n                                            <div class=\"gt-galerie-image-link gt-fse-widgets-ctv-open-product\">\n                            <img decoding=\"async\" src=\"https:\/\/www.camping-ideal-pyrenees.com\/wp-content\/uploads\/2026\/04\/Trigano-Evo29-salon3-768x1024.jpg\" \n                                 alt=\"Trigano Evo salon\"\n                                 class=\"gt-galerie-image gt-fse-widgets-ctv-open-product\" \/>\n                        <\/div>\n                                    <\/div>\n                            <div class=\"swiper-slide gt-fse-widgets-ctv-open-product\">\n                                            <div class=\"gt-galerie-image-link gt-fse-widgets-ctv-open-product\">\n                            <img decoding=\"async\" src=\"https:\/\/www.camping-ideal-pyrenees.com\/wp-content\/uploads\/2026\/04\/Trigano-Evo29-salon2-768x1024.jpg\" \n                                 alt=\"Trigano Evo salon\"\n                                 class=\"gt-galerie-image gt-fse-widgets-ctv-open-product\" \/>\n                        <\/div>\n                                    <\/div>\n                            <div class=\"swiper-slide gt-fse-widgets-ctv-open-product\">\n                                            <div class=\"gt-galerie-image-link gt-fse-widgets-ctv-open-product\">\n                            <img decoding=\"async\" src=\"https:\/\/www.camping-ideal-pyrenees.com\/wp-content\/uploads\/2026\/04\/Trigano-Evo29-salon-768x1024.jpg\" \n                                 alt=\"Trigano Evo salon\"\n                                 class=\"gt-galerie-image gt-fse-widgets-ctv-open-product\" \/>\n                        <\/div>\n                                    <\/div>\n                            <div class=\"swiper-slide gt-fse-widgets-ctv-open-product\">\n                                            <div class=\"gt-galerie-image-link gt-fse-widgets-ctv-open-product\">\n                            <img decoding=\"async\" src=\"https:\/\/www.camping-ideal-pyrenees.com\/wp-content\/uploads\/2026\/04\/Trigano-Evo29-cuisine2-768x1024.jpg\" \n                                 alt=\"Trigano Evo cuisine\"\n                                 class=\"gt-galerie-image gt-fse-widgets-ctv-open-product\" \/>\n                        <\/div>\n                                    <\/div>\n                            <div class=\"swiper-slide gt-fse-widgets-ctv-open-product\">\n                                            <div class=\"gt-galerie-image-link gt-fse-widgets-ctv-open-product\">\n                            <img decoding=\"async\" src=\"https:\/\/www.camping-ideal-pyrenees.com\/wp-content\/uploads\/2026\/04\/Trigano-Evo29-cuisine-768x1024.jpg\" \n                                 alt=\"Trigano Evo cuisine\"\n                                 class=\"gt-galerie-image gt-fse-widgets-ctv-open-product\" \/>\n                        <\/div>\n                                    <\/div>\n                            <div class=\"swiper-slide gt-fse-widgets-ctv-open-product\">\n                                            <div class=\"gt-galerie-image-link gt-fse-widgets-ctv-open-product\">\n                            <img decoding=\"async\" src=\"https:\/\/www.camping-ideal-pyrenees.com\/wp-content\/uploads\/2026\/04\/Trigano-Evo29-chambre-768x1024.jpg\" \n                                 alt=\"Trigano Evo chambre\"\n                                 class=\"gt-galerie-image gt-fse-widgets-ctv-open-product\" \/>\n                        <\/div>\n                                    <\/div>\n                            <div class=\"swiper-slide gt-fse-widgets-ctv-open-product\">\n                                            <div class=\"gt-galerie-image-link gt-fse-widgets-ctv-open-product\">\n                            <img decoding=\"async\" src=\"https:\/\/www.camping-ideal-pyrenees.com\/wp-content\/uploads\/2026\/04\/Trigano-Evo29-chambre-kids-768x1024.jpg\" \n                                 alt=\"Trigano Evo chambre kids\"\n                                 class=\"gt-galerie-image gt-fse-widgets-ctv-open-product\" \/>\n                        <\/div>\n                                    <\/div>\n                            <div class=\"swiper-slide gt-fse-widgets-ctv-open-product\">\n                                            <div class=\"gt-galerie-image-link gt-fse-widgets-ctv-open-product\">\n                            <img decoding=\"async\" src=\"https:\/\/www.camping-ideal-pyrenees.com\/wp-content\/uploads\/2026\/04\/trigano-evo-29-1024x610.jpg\" \n                                 alt=\"trigano evo\"\n                                 class=\"gt-galerie-image gt-fse-widgets-ctv-open-product\" \/>\n                        <\/div>\n                                    <\/div>\n                    <\/div>\n        \n                \n            <\/div>\n<\/div>\n\n\n\n\n<figure class=\"wp-block-image gt-fse-widgets-ctv-open-product\"><img decoding=\"async\" class=\"gt-fse-widgets-ctv-open-product\" src=\"https:\/\/www.camping-ideal-pyrenees.com\/wp-content\/uploads\/2026\/04\/Evo-29-ext.-.jpg\" alt=\"Evo ext\"\/><\/figure>\n\n\n\n<div class=\"wp-block-group has-custom-color-5-background-color has-background has-global-padding is-layout-constrained wp-container-core-group-is-layout-955a61a2 wp-block-group-is-layout-constrained gt-fse-widgets-ctv-open-product\" style=\"border-radius:0px;margin-top:0px;margin-bottom:0px;padding-top:0rem;padding-right:10px;padding-bottom:2rem;padding-left:10px\">\n<div class=\"wp-block-group gt-hebergement-content is-content-justification-center is-nowrap is-layout-flex wp-container-core-group-is-layout-9fab1d9f wp-block-group-is-layout-flex gt-fse-widgets-ctv-open-product\" style=\"padding-top:var(--wp--preset--spacing--10);padding-right:var(--wp--preset--spacing--10);padding-bottom:0;padding-left:var(--wp--preset--spacing--10)\">\n<p class=\"has-text-align-center has-wilden-font-family gt-fse-widgets-ctv-open-product\" style=\"padding-top:0;padding-right:0;padding-bottom:0;padding-left:0;font-size:clamp(1.428rem, 1.428rem + ((1vw - 0.2rem) * 1.537), 2.35rem);letter-spacing:2px;line-height:1\">Comfort mobile home<\/p>\n<\/div>\n\n\n<div style=\"font-style:normal;font-weight:500;\" class=\"entry-content wp-elements-c1af0c7f40cc9b954ae2b3fc089ffef0 wp-elements-3d92a81ffb6c6aa8c2f3719e26e4cb8b wp-block-post-content has-text-color has-custom-color-3-color has-medium-font-size has-hanken-grotesk-font-family is-layout-flow wp-block-post-content-is-layout-flow gt-fse-widgets-ctv-open-product\">\n<p class=\"has-text-align-center gt-fse-widgets-ctv-open-product\">All the comfort of a modern mobile home in the heart of nature<\/p>\n<\/div>\n\n\n<div class=\"wp-block-group gt-hebergement-foot is-layout-flow wp-container-core-group-is-layout-d86093bf wp-block-group-is-layout-flow gt-fse-widgets-ctv-open-product\" style=\"padding-right:10px;padding-left:10px\">\n<div class=\"wp-block-group is-content-justification-center is-layout-flex wp-container-core-group-is-layout-54e55615 wp-block-group-is-layout-flex gt-fse-widgets-ctv-open-product\" style=\"margin-top:0;margin-bottom:var(--wp--preset--spacing--20)\">\n<div class=\"wp-block-group hebergement-info is-vertical is-content-justification-center is-layout-flex wp-container-core-group-is-layout-3ab3172e wp-block-group-is-layout-flex gt-fse-widgets-ctv-open-product\">\n<figure class=\"wp-block-image size-medium is-resized wp-duotone-3b485d-3b485d-67 gt-fse-widgets-ctv-open-product\" style=\"margin-right:5px\"><img decoding=\"async\" width=\"29\" height=\"25\" src=\"https:\/\/www.camping-ideal-pyrenees.com\/wp-content\/uploads\/2025\/10\/personne-orange.svg\" alt=\"orange person\" class=\"wp-image-730 gt-fse-widgets-ctv-open-product\" style=\"width:35px\"\/><\/figure>\n\n\n<div style=\"font-size:clamp(14px, 0.875rem + ((1vw - 3.2px) * 0.208), 16px)\" class=\"taxonomy-gt-hebergements-nombre-personnes wp-block-post-terms gt-fse-widgets-ctv-open-product\"><span class=\"gt-fse-widgets-ctv-open-product\">4<\/span><span class=\"wp-block-post-terms__suffix gt-fse-widgets-ctv-open-product\"> pers.<\/span><\/div><\/div>\n\n\n\n<div class=\"wp-block-group hebergement-info is-vertical is-content-justification-center is-layout-flex wp-container-core-group-is-layout-3ab3172e wp-block-group-is-layout-flex gt-fse-widgets-ctv-open-product\">\n<figure class=\"wp-block-image size-full is-resized wp-duotone-3b485d-3b485d-68 gt-fse-widgets-ctv-open-product\" style=\"margin-right:5px\"><img decoding=\"async\" width=\"33\" height=\"31\" src=\"https:\/\/www.camping-ideal-pyrenees.com\/wp-content\/uploads\/2025\/10\/coussin-orange.svg\" alt=\"orange cushion\" class=\"wp-image-732 gt-fse-widgets-ctv-open-product\" style=\"width:35px\"\/><\/figure>\n\n\n\n<div class=\"wp-block-group is-nowrap is-layout-flex wp-container-core-group-is-layout-4b0a85f0 wp-block-group-is-layout-flex gt-fse-widgets-ctv-open-product\"><div style=\"font-size:clamp(14px, 0.875rem + ((1vw - 3.2px) * 0.208), 16px)\" class=\"taxonomy-gt-hebergements-nombre-chambres wp-block-post-terms gt-fse-widgets-ctv-open-product\"><span class=\"gt-fse-widgets-ctv-open-product\">2<\/span><\/div>\n\n\n<p class=\"gt-fse-widgets-ctv-open-product\" style=\"font-size:clamp(14px, 0.875rem + ((1vw - 3.2px) * 0.208), 16px);\">BR.<\/p>\n<\/div>\n<\/div>\n\n\n\n<div class=\"wp-block-group hebergement-info is-vertical is-content-justification-center is-layout-flex wp-container-core-group-is-layout-3ab3172e wp-block-group-is-layout-flex gt-fse-widgets-ctv-open-product\">\n<figure class=\"wp-block-image size-medium is-resized wp-duotone-3b485d-3b485d-69 gt-fse-widgets-ctv-open-product\" style=\"margin-right:5px\"><img decoding=\"async\" width=\"33\" height=\"33\" src=\"https:\/\/www.camping-ideal-pyrenees.com\/wp-content\/uploads\/2025\/10\/surface-orange.svg\" alt=\"orange surface\" class=\"wp-image-734 gt-fse-widgets-ctv-open-product\" style=\"width:35px\"\/><\/figure>\n\n\n<div style=\"font-size:clamp(14px, 0.875rem + ((1vw - 3.2px) * 0.208), 16px)\" class=\"taxonomy-gt-hebergements-superficie wp-block-post-terms gt-fse-widgets-ctv-open-product\"><span class=\"gt-fse-widgets-ctv-open-product\">29<\/span><span class=\"wp-block-post-terms__suffix gt-fse-widgets-ctv-open-product\"> m2<\/span><\/div><\/div>\n\n\n\n<div class=\"wp-block-group hebergement-info is-vertical is-content-justification-center is-layout-flex wp-container-core-group-is-layout-3ab3172e wp-block-group-is-layout-flex gt-fse-widgets-ctv-open-product\">\n<figure class=\"wp-block-image size-medium is-resized wp-duotone-3b485d-3b485d-70 gt-fse-widgets-ctv-open-product\" style=\"margin-right:5px\"><img decoding=\"async\" width=\"38\" height=\"38\" src=\"https:\/\/www.camping-ideal-pyrenees.com\/wp-content\/uploads\/2025\/10\/douche-orange.svg\" alt=\"orange shower\" class=\"wp-image-760 gt-fse-widgets-ctv-open-product\" style=\"width:35px\"\/><\/figure>\n\n\n\n<div class=\"wp-block-group is-nowrap is-layout-flex wp-container-core-group-is-layout-4b0a85f0 wp-block-group-is-layout-flex gt-fse-widgets-ctv-open-product\"><div style=\"font-size:clamp(14px, 0.875rem + ((1vw - 3.2px) * 0.208), 16px)\" class=\"taxonomy-gt-hebergements-nombre-sdb wp-block-post-terms gt-fse-widgets-ctv-open-product\"><span class=\"gt-fse-widgets-ctv-open-product\">1<\/span><\/div>\n\n\n<p class=\"gt-fse-widgets-ctv-open-product\" style=\"font-size:clamp(14px, 0.875rem + ((1vw - 3.2px) * 0.208), 16px);\">BA.<\/p>\n<\/div>\n<\/div>\n<\/div>\n<\/div>\n\n\n\n<p class=\"has-text-align-center has-vintage-postman-font-family gt-fse-widgets-ctv-open-product\"><\/p>\n\n\n\n<div class=\"wp-block-group fake-btn has-custom-color-1-background-color has-background is-content-justification-center is-nowrap is-layout-flex wp-container-core-group-is-layout-00450a45 wp-block-group-is-layout-flex gt-fse-widgets-ctv-open-product\" style=\"border-radius:100px;padding-top:12px;padding-right:23px;padding-bottom:12px;padding-left:23px\">\n<p class=\"has-text-align-center has-base-2-color has-text-color has-link-color wp-elements-250669fbc8b72a211b463fb1b21c7308 gt-fse-widgets-ctv-open-product\">Discover<\/p>\n\n\n\n<figure class=\"wp-block-image size-large gt-fse-widgets-ctv-open-product\"><img decoding=\"async\" width=\"18\" height=\"17\" src=\"https:\/\/www.camping-ideal-pyrenees.com\/wp-content\/uploads\/2025\/10\/fleche-blanche.svg\" alt=\"white arrow\" class=\"wp-image-740 gt-fse-widgets-ctv-open-product\"\/><\/figure>\n<\/div>\n<\/div>\n<\/div>\n<\/a>\n<\/li><li data-gt-Thelis-product-id=\"\" data-gt-bathrooms=\"14\" data-gt-campings=\"\" data-gt-capacities=\"11\" data-gt-ctv-product-id=\"147810\" data-gt-gammes=\"\" data-gt-options=\"\" data-gt-rooms=\"12\" data-gt-superficies=\"13\" data-gt-types=\"38\" class=\"wp-block-post post-3347 hebergement type-hebergement status-publish has-post-thumbnail hentry gt-hebergements-types-locatif gt-hebergements-nombre-personnes-11 gt-hebergements-nombre-chambres-12 gt-hebergements-nombre-sdb-14 gt-hebergements-superficie-13 gt-fse-widgets-ctv-open-product\">\n<a     class=\"wp-block-tiptip-hyperlink-group-block gt-fse-widgets-ctv-open-product\" >\n<div class=\"wp-block-group has-global-padding is-layout-constrained wp-container-core-group-is-layout-8fefdfe2 wp-block-group-is-layout-constrained gt-fse-widgets-ctv-open-product\" style=\"border-radius:25px;margin-top:0px;margin-bottom:0px;padding-top:0px;padding-right:0px;padding-bottom:0px;padding-left:0px\"><div class=\"gt-fse-hebergements-galerie-wrapper gt-fse-widgets-ctv-open-product\" data-slider-id=\"gt-galerie-3347-76\">\n    <div class=\"swiper gt-galerie-swiper gt-fse-widgets-ctv-open-product\" \n         data-slides-per-view=\"1\"\n         data-space-between=\"10\"\n         data-autoplay=\"true\"\n         data-autoplay-delay=\"3000\"\n         data-loop=\"true\"\n         data-effect=\"slide\"\n         data-image-format=\"1\/1\">\n        <div class=\"swiper-wrapper gt-fse-widgets-ctv-open-product\">\n                            <div class=\"swiper-slide gt-fse-widgets-ctv-open-product\">\n                                            <div class=\"gt-galerie-image-link gt-fse-widgets-ctv-open-product\">\n                            <img decoding=\"async\" src=\"https:\/\/www.camping-ideal-pyrenees.com\/wp-content\/uploads\/2026\/04\/Evo-24-ext.-1-1-1024x520.jpg\" \n                                 alt=\"Evo ext\"\n                                 class=\"gt-galerie-image gt-fse-widgets-ctv-open-product\" \/>\n                        <\/div>\n                                    <\/div>\n                            <div class=\"swiper-slide gt-fse-widgets-ctv-open-product\">\n                                            <div class=\"gt-galerie-image-link gt-fse-widgets-ctv-open-product\">\n                            <img decoding=\"async\" src=\"https:\/\/www.camping-ideal-pyrenees.com\/wp-content\/uploads\/2026\/04\/plan-evo24.png\" \n                                 alt=\"chalet standard plan\"\n                                 class=\"gt-galerie-image gt-fse-widgets-ctv-open-product\" \/>\n                        <\/div>\n                                    <\/div>\n                            <div class=\"swiper-slide gt-fse-widgets-ctv-open-product\">\n                                            <div class=\"gt-galerie-image-link gt-fse-widgets-ctv-open-product\">\n                            <img decoding=\"async\" src=\"https:\/\/www.camping-ideal-pyrenees.com\/wp-content\/uploads\/2026\/04\/Mobil-Home-Evo-24-1024x609.jpg\" \n                                 alt=\"Mobil Home Evo\"\n                                 class=\"gt-galerie-image gt-fse-widgets-ctv-open-product\" \/>\n                        <\/div>\n                                    <\/div>\n                    <\/div>\n        \n                \n            <\/div>\n<\/div>\n\n\n\n\n<figure class=\"wp-block-image gt-fse-widgets-ctv-open-product\"><img decoding=\"async\" class=\"gt-fse-widgets-ctv-open-product\" src=\"https:\/\/www.camping-ideal-pyrenees.com\/wp-content\/uploads\/2026\/04\/Evo-24-ext.-.jpg\" alt=\"Evo ext\"\/><\/figure>\n\n\n\n<div class=\"wp-block-group has-custom-color-5-background-color has-background has-global-padding is-layout-constrained wp-container-core-group-is-layout-955a61a2 wp-block-group-is-layout-constrained gt-fse-widgets-ctv-open-product\" style=\"border-radius:0px;margin-top:0px;margin-bottom:0px;padding-top:0rem;padding-right:10px;padding-bottom:2rem;padding-left:10px\">\n<div class=\"wp-block-group gt-hebergement-content is-content-justification-center is-nowrap is-layout-flex wp-container-core-group-is-layout-9fab1d9f wp-block-group-is-layout-flex gt-fse-widgets-ctv-open-product\" style=\"padding-top:var(--wp--preset--spacing--10);padding-right:var(--wp--preset--spacing--10);padding-bottom:0;padding-left:var(--wp--preset--spacing--10)\">\n<p class=\"has-text-align-center has-wilden-font-family gt-fse-widgets-ctv-open-product\" style=\"padding-top:0;padding-right:0;padding-bottom:0;padding-left:0;font-size:clamp(1.428rem, 1.428rem + ((1vw - 0.2rem) * 1.537), 2.35rem);letter-spacing:2px;line-height:1\">Standard mobile home<\/p>\n<\/div>\n\n\n<div style=\"font-style:normal;font-weight:500;\" class=\"entry-content wp-elements-c1af0c7f40cc9b954ae2b3fc089ffef0 wp-elements-3d92a81ffb6c6aa8c2f3719e26e4cb8b wp-block-post-content has-text-color has-custom-color-3-color has-medium-font-size has-hanken-grotesk-font-family is-layout-flow wp-block-post-content-is-layout-flow gt-fse-widgets-ctv-open-product\">\n<p class=\"has-text-align-center gt-fse-widgets-ctv-open-product\">Compact, practical accommodation for enjoying the Pyrenees<\/p>\n<\/div>\n\n\n<div class=\"wp-block-group gt-hebergement-foot is-layout-flow wp-container-core-group-is-layout-d86093bf wp-block-group-is-layout-flow gt-fse-widgets-ctv-open-product\" style=\"padding-right:10px;padding-left:10px\">\n<div class=\"wp-block-group is-content-justification-center is-layout-flex wp-container-core-group-is-layout-54e55615 wp-block-group-is-layout-flex gt-fse-widgets-ctv-open-product\" style=\"margin-top:0;margin-bottom:var(--wp--preset--spacing--20)\">\n<div class=\"wp-block-group hebergement-info is-vertical is-content-justification-center is-layout-flex wp-container-core-group-is-layout-3ab3172e wp-block-group-is-layout-flex gt-fse-widgets-ctv-open-product\">\n<figure class=\"wp-block-image size-medium is-resized wp-duotone-3b485d-3b485d-77 gt-fse-widgets-ctv-open-product\" style=\"margin-right:5px\"><img decoding=\"async\" width=\"29\" height=\"25\" src=\"https:\/\/www.camping-ideal-pyrenees.com\/wp-content\/uploads\/2025\/10\/personne-orange.svg\" alt=\"orange person\" class=\"wp-image-730 gt-fse-widgets-ctv-open-product\" style=\"width:35px\"\/><\/figure>\n\n\n<div style=\"font-size:clamp(14px, 0.875rem + ((1vw - 3.2px) * 0.208), 16px)\" class=\"taxonomy-gt-hebergements-nombre-personnes wp-block-post-terms gt-fse-widgets-ctv-open-product\"><span class=\"gt-fse-widgets-ctv-open-product\">4<\/span><span class=\"wp-block-post-terms__suffix gt-fse-widgets-ctv-open-product\"> pers.<\/span><\/div><\/div>\n\n\n\n<div class=\"wp-block-group hebergement-info is-vertical is-content-justification-center is-layout-flex wp-container-core-group-is-layout-3ab3172e wp-block-group-is-layout-flex gt-fse-widgets-ctv-open-product\">\n<figure class=\"wp-block-image size-full is-resized wp-duotone-3b485d-3b485d-78 gt-fse-widgets-ctv-open-product\" style=\"margin-right:5px\"><img decoding=\"async\" width=\"33\" height=\"31\" src=\"https:\/\/www.camping-ideal-pyrenees.com\/wp-content\/uploads\/2025\/10\/coussin-orange.svg\" alt=\"orange cushion\" class=\"wp-image-732 gt-fse-widgets-ctv-open-product\" style=\"width:35px\"\/><\/figure>\n\n\n\n<div class=\"wp-block-group is-nowrap is-layout-flex wp-container-core-group-is-layout-4b0a85f0 wp-block-group-is-layout-flex gt-fse-widgets-ctv-open-product\"><div style=\"font-size:clamp(14px, 0.875rem + ((1vw - 3.2px) * 0.208), 16px)\" class=\"taxonomy-gt-hebergements-nombre-chambres wp-block-post-terms gt-fse-widgets-ctv-open-product\"><span class=\"gt-fse-widgets-ctv-open-product\">2<\/span><\/div>\n\n\n<p class=\"gt-fse-widgets-ctv-open-product\" style=\"font-size:clamp(14px, 0.875rem + ((1vw - 3.2px) * 0.208), 16px);\">BR.<\/p>\n<\/div>\n<\/div>\n\n\n\n<div class=\"wp-block-group hebergement-info is-vertical is-content-justification-center is-layout-flex wp-container-core-group-is-layout-3ab3172e wp-block-group-is-layout-flex gt-fse-widgets-ctv-open-product\">\n<figure class=\"wp-block-image size-medium is-resized wp-duotone-3b485d-3b485d-79 gt-fse-widgets-ctv-open-product\" style=\"margin-right:5px\"><img decoding=\"async\" width=\"33\" height=\"33\" src=\"https:\/\/www.camping-ideal-pyrenees.com\/wp-content\/uploads\/2025\/10\/surface-orange.svg\" alt=\"orange surface\" class=\"wp-image-734 gt-fse-widgets-ctv-open-product\" style=\"width:35px\"\/><\/figure>\n\n\n<div style=\"font-size:clamp(14px, 0.875rem + ((1vw - 3.2px) * 0.208), 16px)\" class=\"taxonomy-gt-hebergements-superficie wp-block-post-terms gt-fse-widgets-ctv-open-product\"><span class=\"gt-fse-widgets-ctv-open-product\">24<\/span><span class=\"wp-block-post-terms__suffix gt-fse-widgets-ctv-open-product\"> m2<\/span><\/div><\/div>\n\n\n\n<div class=\"wp-block-group hebergement-info is-vertical is-content-justification-center is-layout-flex wp-container-core-group-is-layout-3ab3172e wp-block-group-is-layout-flex gt-fse-widgets-ctv-open-product\">\n<figure class=\"wp-block-image size-medium is-resized wp-duotone-3b485d-3b485d-80 gt-fse-widgets-ctv-open-product\" style=\"margin-right:5px\"><img decoding=\"async\" width=\"38\" height=\"38\" src=\"https:\/\/www.camping-ideal-pyrenees.com\/wp-content\/uploads\/2025\/10\/douche-orange.svg\" alt=\"orange shower\" class=\"wp-image-760 gt-fse-widgets-ctv-open-product\" style=\"width:35px\"\/><\/figure>\n\n\n\n<div class=\"wp-block-group is-nowrap is-layout-flex wp-container-core-group-is-layout-4b0a85f0 wp-block-group-is-layout-flex gt-fse-widgets-ctv-open-product\"><div style=\"font-size:clamp(14px, 0.875rem + ((1vw - 3.2px) * 0.208), 16px)\" class=\"taxonomy-gt-hebergements-nombre-sdb wp-block-post-terms gt-fse-widgets-ctv-open-product\"><span class=\"gt-fse-widgets-ctv-open-product\">1<\/span><\/div>\n\n\n<p class=\"gt-fse-widgets-ctv-open-product\" style=\"font-size:clamp(14px, 0.875rem + ((1vw - 3.2px) * 0.208), 16px);\">BA.<\/p>\n<\/div>\n<\/div>\n<\/div>\n<\/div>\n\n\n\n<p class=\"has-text-align-center has-vintage-postman-font-family gt-fse-widgets-ctv-open-product\"><\/p>\n\n\n\n<div class=\"wp-block-group fake-btn has-custom-color-1-background-color has-background is-content-justification-center is-nowrap is-layout-flex wp-container-core-group-is-layout-00450a45 wp-block-group-is-layout-flex gt-fse-widgets-ctv-open-product\" style=\"border-radius:100px;padding-top:12px;padding-right:23px;padding-bottom:12px;padding-left:23px\">\n<p class=\"has-text-align-center has-base-2-color has-text-color has-link-color wp-elements-250669fbc8b72a211b463fb1b21c7308 gt-fse-widgets-ctv-open-product\">Discover<\/p>\n\n\n\n<figure class=\"wp-block-image size-large gt-fse-widgets-ctv-open-product\"><img decoding=\"async\" width=\"18\" height=\"17\" src=\"https:\/\/www.camping-ideal-pyrenees.com\/wp-content\/uploads\/2025\/10\/fleche-blanche.svg\" alt=\"white arrow\" class=\"wp-image-740 gt-fse-widgets-ctv-open-product\"\/><\/figure>\n<\/div>\n<\/div>\n<\/div>\n<\/a>\n<\/li><\/ul><\/div>\n<\/div>\n\n<div class=\"wp-block-group section-5 simple has-custom-color-5-background-color has-background has-global-padding is-layout-constrained wp-container-core-group-is-layout-1774d119 wp-block-group-is-layout-constrained\" style=\"margin-top:0px;margin-bottom:0px;padding-top:6rem;padding-right:8rem;padding-bottom:6rem;padding-left:8rem\">\n<div class=\"wp-block-columns is-layout-flex wp-container-core-columns-is-layout-65a7aca3 wp-block-columns-is-layout-flex\">\n<div class=\"wp-block-column is-vertically-aligned-center right is-layout-flow wp-block-column-is-layout-flow\" style=\"padding-bottom:10rem;flex-basis:60%\">\n<div data-swiper=\"{&quot;speed&quot;:400,&quot;spaceBetween&quot;:16,&quot;slidesPerView&quot;:1,&quot;createElements&quot;:true,&quot;loop&quot;:true,&quot;freemode&quot;:true,&quot;navigation&quot;:{&quot;nextEl&quot;:&quot;buttonNext&quot;,&quot;prevEl&quot;:&quot;buttonPrev&quot;},&quot;pagination&quot;:{&quot;el&quot;:&quot;.swiper-pagination&quot;,&quot;dynamicBullets&quot;:true},&quot;breakpoints&quot;:[{&quot;slidesPerView&quot;:1}],&quot;autoplay&quot;:{&quot;delay&quot;:4000}}\" class=\"wp-block-group gt-is-slider gt-is-slider-desktop has-global-padding is-layout-constrained wp-container-core-group-is-layout-f755808d wp-block-group-is-layout-constrained\" style=\"margin-top:0px;margin-bottom:0px;padding-top:0px;padding-right:0px;padding-bottom:0px;padding-left:0px\">\n<figure class=\"wp-block-image size-full has-custom-border\"><img decoding=\"async\" width=\"1000\" height=\"750\" src=\"https:\/\/www.camping-ideal-pyrenees.com\/wp-content\/uploads\/2026\/04\/chalet-argeles-gazost-XL.jpg\" alt=\"chalet argeles gazost XL\" class=\"wp-image-3005\" style=\"border-top-left-radius:25px;border-top-right-radius:25px;border-bottom-left-radius:25px;border-bottom-right-radius:25px\" srcset=\"https:\/\/www.camping-ideal-pyrenees.com\/wp-content\/uploads\/2026\/04\/chalet-argeles-gazost-XL.jpg 1000w, https:\/\/www.camping-ideal-pyrenees.com\/wp-content\/uploads\/2026\/04\/chalet-argeles-gazost-XL-300x225.jpg 300w, https:\/\/www.camping-ideal-pyrenees.com\/wp-content\/uploads\/2026\/04\/chalet-argeles-gazost-XL-768x576.jpg 768w\" sizes=\"(max-width: 1000px) 100vw, 1000px\" \/><\/figure>\n\n\n\n<figure class=\"wp-block-image size-full has-custom-border\"><img decoding=\"async\" width=\"1000\" height=\"750\" src=\"https:\/\/www.camping-ideal-pyrenees.com\/wp-content\/uploads\/2026\/04\/location-chalet-confort-hautes-pyrenees.jpg\" alt=\"comfort chalet rental hautes pyrenees\" class=\"wp-image-3008\" style=\"border-top-left-radius:25px;border-top-right-radius:25px;border-bottom-left-radius:25px;border-bottom-right-radius:25px\" srcset=\"https:\/\/www.camping-ideal-pyrenees.com\/wp-content\/uploads\/2026\/04\/location-chalet-confort-hautes-pyrenees.jpg 1000w, https:\/\/www.camping-ideal-pyrenees.com\/wp-content\/uploads\/2026\/04\/location-chalet-confort-hautes-pyrenees-300x225.jpg 300w, https:\/\/www.camping-ideal-pyrenees.com\/wp-content\/uploads\/2026\/04\/location-chalet-confort-hautes-pyrenees-768x576.jpg 768w\" sizes=\"(max-width: 1000px) 100vw, 1000px\" \/><\/figure>\n\n\n\n<figure class=\"wp-block-image size-full has-custom-border\"><img decoding=\"async\" width=\"1000\" height=\"750\" src=\"https:\/\/www.camping-ideal-pyrenees.com\/wp-content\/uploads\/2026\/04\/location-chalet-argeles-gazost-1.jpg\" alt=\"chalet rental argeles gazost\" class=\"wp-image-3012\" style=\"border-top-left-radius:25px;border-top-right-radius:25px;border-bottom-left-radius:25px;border-bottom-right-radius:25px\" srcset=\"https:\/\/www.camping-ideal-pyrenees.com\/wp-content\/uploads\/2026\/04\/location-chalet-argeles-gazost-1.jpg 1000w, https:\/\/www.camping-ideal-pyrenees.com\/wp-content\/uploads\/2026\/04\/location-chalet-argeles-gazost-1-300x225.jpg 300w, https:\/\/www.camping-ideal-pyrenees.com\/wp-content\/uploads\/2026\/04\/location-chalet-argeles-gazost-1-768x576.jpg 768w\" sizes=\"(max-width: 1000px) 100vw, 1000px\" \/><\/figure>\n<\/div>\n<\/div>\n\n\n\n<div class=\"wp-block-column is-vertically-aligned-center left is-layout-flow wp-block-column-is-layout-flow\" style=\"flex-basis:40%\">\n<div class=\"wp-block-group title is-vertical is-nowrap is-layout-flex wp-container-core-group-is-layout-d5948130 wp-block-group-is-layout-flex\">\n<div class=\"wp-block-group is-nowrap is-layout-flex wp-container-core-group-is-layout-6c531013 wp-block-group-is-layout-flex\">\n<h2 class=\"wp-block-heading\">Discover our chalets to rent for 4 to 6 people<\/h2>\n<\/div>\n\n\n\n<p>Choose from our range of chalets for rent in the Hautes-Pyr\u00e9n\u00e9es :<\/p>\n\n\n\n<ul style=\"padding-left:var(--wp--preset--spacing--30)\" class=\"wp-block-list\">\n<li>the <strong>chalet cocoon-spa <\/strong>for duos in search of relaxation and tranquillity, with a jacuzzi on the terrace overlooking the surrounding peaks;<\/li>\n\n\n\n<li><strong>standard<\/strong> 2-bedroom <strong>chalets<\/strong> with all the comforts you need;<\/li>\n\n\n\n<li><strong>premium chalets<\/strong> with 2 or 3 bedrooms, recently built, a beautiful terrace and a superb view of the valley;<\/li>\n\n\n\n<li>the <strong>XL chalet <\/strong>with 2 bedrooms, a spacious living room, a large terrace and picture windows overlooking the entire campsite.<\/li>\n<\/ul>\n\n\n\n<p>In short, everything to make you happy!<\/p>\n<\/div>\n<\/div>\n<\/div>\n<\/div>\n\n<div class=\"wp-block-group section-5 simple has-custom-color-4-background-color has-background has-global-padding is-layout-constrained wp-container-core-group-is-layout-1774d119 wp-block-group-is-layout-constrained\" style=\"margin-top:0px;margin-bottom:0px;padding-top:6rem;padding-right:8rem;padding-bottom:6rem;padding-left:8rem\">\n<div class=\"wp-block-columns is-layout-flex wp-container-core-columns-is-layout-65a7aca3 wp-block-columns-is-layout-flex\">\n<div class=\"wp-block-column is-vertically-aligned-center left is-layout-flow wp-block-column-is-layout-flow\" style=\"flex-basis:40%\">\n<div class=\"wp-block-group title is-vertical is-nowrap is-layout-flex wp-container-core-group-is-layout-d5948130 wp-block-group-is-layout-flex\">\n<div class=\"wp-block-group is-nowrap is-layout-flex wp-container-core-group-is-layout-6c531013 wp-block-group-is-layout-flex\">\n<h2 class=\"wp-block-heading\">Duos, couples: rent a chalet with spa in the Hautes-Pyr\u00e9n\u00e9es<\/h2>\n<\/div>\n\n\n\n<p>With its individual spa, the <strong>Cocoon + Spa chalet<\/strong> is an invitation to relax and recuperate. Ideal for a couple&#8217;s getaway or a wellness break, it lets you relax while enjoying the unspoilt landscape.   <\/p>\n\n\n\n<p>On the terrace, time seems to stand still in the face of breathtaking <strong>views<\/strong>. A veritable cocoon of tranquility, designed to enjoy privileged moments of comfort, intimacy and gentle living in the heart of the Pyrenees. <\/p>\n<\/div>\n<\/div>\n\n\n\n<div class=\"wp-block-column is-vertically-aligned-center right is-layout-flow wp-block-column-is-layout-flow\" style=\"padding-bottom:10rem;flex-basis:60%\">\n<div class=\"wp-block-group has-global-padding is-layout-constrained wp-container-core-group-is-layout-f755808d wp-block-group-is-layout-constrained\" style=\"margin-top:0px;margin-bottom:0px;padding-top:0px;padding-right:0px;padding-bottom:0px;padding-left:0px\">\n<figure class=\"wp-block-image size-full has-custom-border\"><img decoding=\"async\" width=\"1000\" height=\"750\" src=\"https:\/\/www.camping-ideal-pyrenees.com\/wp-content\/uploads\/2026\/04\/location-chalet-spa-argeles-gazost.jpg\" alt=\"rent chalet spa argeles gazost\" class=\"wp-image-3016\" style=\"border-top-left-radius:25px;border-top-right-radius:25px;border-bottom-left-radius:25px;border-bottom-right-radius:25px\" srcset=\"https:\/\/www.camping-ideal-pyrenees.com\/wp-content\/uploads\/2026\/04\/location-chalet-spa-argeles-gazost.jpg 1000w, https:\/\/www.camping-ideal-pyrenees.com\/wp-content\/uploads\/2026\/04\/location-chalet-spa-argeles-gazost-300x225.jpg 300w, https:\/\/www.camping-ideal-pyrenees.com\/wp-content\/uploads\/2026\/04\/location-chalet-spa-argeles-gazost-768x576.jpg 768w\" sizes=\"(max-width: 1000px) 100vw, 1000px\" \/><\/figure>\n<\/div>\n<\/div>\n<\/div>\n<\/div>\n\n<div class=\"wp-block-group section-5 simple has-custom-color-5-background-color has-background has-global-padding is-layout-constrained wp-container-core-group-is-layout-1774d119 wp-block-group-is-layout-constrained\" style=\"margin-top:0px;margin-bottom:0px;padding-top:6rem;padding-right:8rem;padding-bottom:6rem;padding-left:8rem\">\n<div class=\"wp-block-columns is-layout-flex wp-container-core-columns-is-layout-65a7aca3 wp-block-columns-is-layout-flex\">\n<div class=\"wp-block-column is-vertically-aligned-center right is-layout-flow wp-block-column-is-layout-flow\" style=\"padding-bottom:10rem;flex-basis:60%\">\n<div data-swiper=\"{&quot;speed&quot;:400,&quot;spaceBetween&quot;:16,&quot;slidesPerView&quot;:1,&quot;createElements&quot;:true,&quot;loop&quot;:true,&quot;freemode&quot;:true,&quot;navigation&quot;:{&quot;nextEl&quot;:&quot;buttonNext&quot;,&quot;prevEl&quot;:&quot;buttonPrev&quot;},&quot;pagination&quot;:{&quot;el&quot;:&quot;.swiper-pagination&quot;,&quot;dynamicBullets&quot;:true},&quot;breakpoints&quot;:[{&quot;slidesPerView&quot;:1}],&quot;autoplay&quot;:{&quot;delay&quot;:4000}}\" class=\"wp-block-group gt-is-slider gt-is-slider-desktop has-global-padding is-layout-constrained wp-container-core-group-is-layout-f755808d wp-block-group-is-layout-constrained\" style=\"margin-top:0px;margin-bottom:0px;padding-top:0px;padding-right:0px;padding-bottom:0px;padding-left:0px\">\n<figure class=\"wp-block-image size-full has-custom-border\"><img decoding=\"async\" width=\"1000\" height=\"750\" src=\"https:\/\/www.camping-ideal-pyrenees.com\/wp-content\/uploads\/2026\/04\/Mobil-home-Evo-29-ext.-.jpg\" alt=\"Mobile home Evo ext\" class=\"wp-image-3001\" style=\"border-top-left-radius:25px;border-top-right-radius:25px;border-bottom-left-radius:25px;border-bottom-right-radius:25px\" srcset=\"https:\/\/www.camping-ideal-pyrenees.com\/wp-content\/uploads\/2026\/04\/Mobil-home-Evo-29-ext.-.jpg 1000w, https:\/\/www.camping-ideal-pyrenees.com\/wp-content\/uploads\/2026\/04\/Mobil-home-Evo-29-ext.--300x225.jpg 300w, https:\/\/www.camping-ideal-pyrenees.com\/wp-content\/uploads\/2026\/04\/Mobil-home-Evo-29-ext.--768x576.jpg 768w\" sizes=\"(max-width: 1000px) 100vw, 1000px\" \/><\/figure>\n\n\n\n<figure class=\"wp-block-image size-full has-custom-border\"><img decoding=\"async\" width=\"1000\" height=\"750\" src=\"https:\/\/www.camping-ideal-pyrenees.com\/wp-content\/uploads\/2026\/04\/chambre-mobil-home-trigano-evo29.jpg\" alt=\"room mobile home trigano evo\" class=\"wp-image-2997\" style=\"border-top-left-radius:25px;border-top-right-radius:25px;border-bottom-left-radius:25px;border-bottom-right-radius:25px\" srcset=\"https:\/\/www.camping-ideal-pyrenees.com\/wp-content\/uploads\/2026\/04\/chambre-mobil-home-trigano-evo29.jpg 1000w, https:\/\/www.camping-ideal-pyrenees.com\/wp-content\/uploads\/2026\/04\/chambre-mobil-home-trigano-evo29-300x225.jpg 300w, https:\/\/www.camping-ideal-pyrenees.com\/wp-content\/uploads\/2026\/04\/chambre-mobil-home-trigano-evo29-768x576.jpg 768w\" sizes=\"(max-width: 1000px) 100vw, 1000px\" \/><\/figure>\n\n\n\n<figure class=\"wp-block-image size-full has-custom-border\"><img decoding=\"async\" width=\"1000\" height=\"750\" src=\"https:\/\/www.camping-ideal-pyrenees.com\/wp-content\/uploads\/2026\/04\/Mobil-home-Evo-24-ext.-.jpg\" alt=\"Mobile home Evo ext\" class=\"wp-image-2999\" style=\"border-top-left-radius:25px;border-top-right-radius:25px;border-bottom-left-radius:25px;border-bottom-right-radius:25px\" srcset=\"https:\/\/www.camping-ideal-pyrenees.com\/wp-content\/uploads\/2026\/04\/Mobil-home-Evo-24-ext.-.jpg 1000w, https:\/\/www.camping-ideal-pyrenees.com\/wp-content\/uploads\/2026\/04\/Mobil-home-Evo-24-ext.--300x225.jpg 300w, https:\/\/www.camping-ideal-pyrenees.com\/wp-content\/uploads\/2026\/04\/Mobil-home-Evo-24-ext.--768x576.jpg 768w\" sizes=\"(max-width: 1000px) 100vw, 1000px\" \/><\/figure>\n<\/div>\n<\/div>\n\n\n\n<div class=\"wp-block-column is-vertically-aligned-center left is-layout-flow wp-block-column-is-layout-flow\" style=\"flex-basis:40%\">\n<div class=\"wp-block-group title is-vertical is-nowrap is-layout-flex wp-container-core-group-is-layout-d5948130 wp-block-group-is-layout-flex\">\n<div class=\"wp-block-group is-nowrap is-layout-flex wp-container-core-group-is-layout-6c531013 wp-block-group-is-layout-flex\">\n<h2 class=\"wp-block-heading\">Our mobile homes for rent near Argel\u00e8s-Gazost<\/h2>\n<\/div>\n\n\n\n<p class=\"has-text-align-left\">We offer two ranges of mobile homes for rent near Argel\u00e8s-Gazost to suit all tastes.  <\/p>\n\n\n\n<p class=\"has-text-align-left\"><strong>Standard mobile homes<\/strong>, 24 m\u00b2 for 4 people, have a lovely terrace with a breathtaking view.  <\/p>\n\n\n\n<p class=\"has-text-align-left\">The <strong>Confort mobile homes<\/strong>, more spacious at 29 m\u00b2, sleep 4 to 6 people and offer an XL terrace overlooking the valley. Made of wood and featuring semi-covered terraces, these accommodations are perfect for sharing great moments with family and friends in the fresh mountain air. <\/p>\n<\/div>\n<\/div>\n<\/div>\n<\/div>\n\n<div class=\"wp-block-group section-4 no-cta has-global-padding is-layout-constrained wp-container-core-group-is-layout-128cd087 wp-block-group-is-layout-constrained\" style=\"margin-top:0px;margin-bottom:0px;padding-right:0px;padding-bottom:0;padding-left:0px\">\n<div class=\"wp-block-group banner has-global-padding is-layout-constrained wp-container-core-group-is-layout-d6554d75 wp-block-group-is-layout-constrained\" style=\"margin-top:0px;margin-bottom:0px\">\n<figure class=\"wp-block-image size-large cursor\"><img decoding=\"async\" width=\"135\" height=\"135\" src=\"https:\/\/www.camping-ideal-pyrenees.com\/wp-content\/uploads\/2026\/04\/icon-cursor-blanc-bleu.svg\" alt=\"icon cursor white blue\" class=\"wp-image-2582\"\/><\/figure>\n\n\n\n<div class=\"wp-block-group has-global-padding is-layout-constrained wp-container-core-group-is-layout-6bf77cb4 wp-block-group-is-layout-constrained\" style=\"margin-top:0px\">\n<div data-swiper=\"{&quot;speed&quot;:1000,&quot;autoplay&quot;:{&quot;delay&quot;:5000,&quot;disableOnInteraction&quot;:false},&quot;spaceBetween&quot;:0,&quot;slidesPerView&quot;:1,&quot;pagination&quot;:{&quot;el&quot;:&quot;.swiper-pagination&quot;,&quot;dynamicBullets&quot;:true,&quot;clickable&quot;:true,&quot;type&quot;:&quot;bullets&quot;},&quot;navigation&quot;:{&quot;nextEl&quot;:&quot;.swiper-button-next&quot;,&quot;prevEl&quot;:&quot;.swiper-button-prev&quot;},&quot;breakpoints&quot;:[{&quot;slidesPerView&quot;:1}]}\" class=\"wp-block-cover\" style=\"min-height:100vh;aspect-ratio:unset;\"><img decoding=\"async\" width=\"1660\" height=\"1000\" class=\"wp-block-cover__image-background wp-image-2984 size-full\" alt=\"camping cycliste hautes pyrenees\" src=\"https:\/\/www.camping-ideal-pyrenees.com\/wp-content\/uploads\/2026\/04\/camping-cycliste-hautes-pyrenees.jpg\" data-object-fit=\"cover\" srcset=\"https:\/\/www.camping-ideal-pyrenees.com\/wp-content\/uploads\/2026\/04\/camping-cycliste-hautes-pyrenees.jpg 1660w, https:\/\/www.camping-ideal-pyrenees.com\/wp-content\/uploads\/2026\/04\/camping-cycliste-hautes-pyrenees-300x181.jpg 300w, https:\/\/www.camping-ideal-pyrenees.com\/wp-content\/uploads\/2026\/04\/camping-cycliste-hautes-pyrenees-1024x617.jpg 1024w, https:\/\/www.camping-ideal-pyrenees.com\/wp-content\/uploads\/2026\/04\/camping-cycliste-hautes-pyrenees-768x463.jpg 768w, https:\/\/www.camping-ideal-pyrenees.com\/wp-content\/uploads\/2026\/04\/camping-cycliste-hautes-pyrenees-1536x925.jpg 1536w\" sizes=\"(max-width: 1660px) 100vw, 1660px\" \/><span aria-hidden=\"true\" class=\"wp-block-cover__background has-contrast-background-color has-background-dim-30 has-background-dim\"><\/span><div class=\"wp-block-cover__inner-container has-global-padding is-layout-constrained wp-container-core-cover-is-layout-12243e0f wp-block-cover-is-layout-constrained\">\n<p class=\"has-text-align-center has-text-color has-link-color has-wilden-font-family wp-elements-bbea2063032acf61ce6c416b770576a5\" style=\"color:#fffdf7;font-size:clamp(3.001rem, 3.001rem + ((1vw - 0.2rem) * 4.848), 5.91rem);line-height:1\"><strong>Your bivouac in the mountains.<\/strong><\/p>\n<\/div><\/div>\n<\/div>\n<\/div>\n\n\n\n<div class=\"wp-block-group content has-custom-color-1-background-color has-background has-global-padding is-layout-constrained wp-container-core-group-is-layout-79713580 wp-block-group-is-layout-constrained\" style=\"margin-top:-50px;margin-bottom:0;padding-top:8rem;padding-right:2rem;padding-bottom:8rem;padding-left:2rem\">\n<div class=\"wp-block-columns are-vertically-aligned-center is-layout-flex wp-container-core-columns-is-layout-6fcc1a87 wp-block-columns-is-layout-flex\" style=\"padding-right:8rem;padding-left:8rem\">\n<div class=\"wp-block-column is-vertically-aligned-center left is-layout-flow wp-block-column-is-layout-flow\" style=\"flex-basis:40%\">\n<div data-swiper=\"{&quot;speed&quot;:1000,&quot;autoplay&quot;:{&quot;delay&quot;:5000,&quot;disableOnInteraction&quot;:false},&quot;spaceBetween&quot;:0,&quot;slidesPerView&quot;:1,&quot;pagination&quot;:{&quot;el&quot;:&quot;.swiper-pagination&quot;,&quot;dynamicBullets&quot;:true,&quot;clickable&quot;:true,&quot;type&quot;:&quot;bullets&quot;},&quot;navigation&quot;:{&quot;nextEl&quot;:&quot;.swiper-button-next&quot;,&quot;prevEl&quot;:&quot;.swiper-button-prev&quot;},&quot;breakpoints&quot;:[{&quot;slidesPerView&quot;:1}]}\" class=\"wp-block-cover is-light svg-background\" style=\"min-height:261px;aspect-ratio:unset;\"><span aria-hidden=\"true\" class=\"wp-block-cover__background has-background-dim-0 has-background-dim\"><\/span><div class=\"wp-block-cover__inner-container has-global-padding is-layout-constrained wp-container-core-cover-is-layout-12243e0f wp-block-cover-is-layout-constrained\">\n<p class=\"has-text-align-left has-text-color has-link-color has-wilden-font-family wp-elements-7e28ca31ee03edbe9b10c9caa839cd3b\" style=\"color:#fff4ea;font-size:clamp(2.953rem, 2.953rem + ((1vw - 0.2rem) * 4.728), 5.79rem);line-height:1\"><strong>a pause between two summits<\/strong><\/p>\n<\/div><\/div>\n<\/div>\n\n\n\n<div class=\"wp-block-column is-vertically-aligned-center right has-custom-color-4-color has-text-color has-link-color wp-elements-5e7e3be4c013afe0964258b652e402e1 is-layout-flow wp-block-column-is-layout-flow\" style=\"flex-basis:60%\">\n<div class=\"wp-block-group title is-horizontal is-nowrap is-layout-flex wp-container-core-group-is-layout-5d214b84 wp-block-group-is-layout-flex\">\n<h2 class=\"wp-block-heading has-custom-color-4-color has-text-color has-link-color wp-elements-7363d38545ea3ce53a64efc9e7d8cd3f\">Cyclists and hikers: rent a bivouac hut in the Hautes-Pyr\u00e9n\u00e9es<\/h2>\n<\/div>\n\n\n\n<p>Designed for touring <strong>cyclists<\/strong> and <strong>hikers<\/strong> in the Pyrenees, the Cabane-Bivouac can be rented by the night and offers an ideal stopover to recharge your batteries.  <\/p>\n\n\n\n<p><strong>Made<\/strong> entirely <strong>of wood and built on stilts<\/strong>, it features an elevated terrace overlooking the countryside, a picnic area and a bedroom with two single beds.  <\/p>\n\n\n\n<p>An <strong>unusual<\/strong> and <strong>comfortable<\/strong> accommodation, perfect for resting before continuing your adventure. This option is a good alternative if you&#8217;re looking for a <a href=\"https:\/\/www.camping-ideal-pyrenees.com\/en\/cheap-campsite-arras-en-lavedan\/\" data-type=\"page\" data-id=\"2422\">great-value stay in the Hautes-Pyr\u00e9n\u00e9es<\/a>. <\/p>\n<\/div>\n<\/div>\n<\/div>\n<\/div>\n\n<div class=\"wp-block-group section-maillage has-custom-color-4-background-color has-background has-global-padding is-layout-constrained wp-container-core-group-is-layout-ef386722 wp-block-group-is-layout-constrained\" style=\"margin-top:0px;margin-bottom:0px;padding-top:8rem;padding-right:8rem;padding-bottom:8rem;padding-left:8rem\">\n<div data-swiper=\"{&quot;speed&quot;:1000,&quot;autoplay&quot;:{&quot;delay&quot;:5000,&quot;disableOnInteraction&quot;:false},&quot;spaceBetween&quot;:0,&quot;slidesPerView&quot;:1,&quot;pagination&quot;:{&quot;el&quot;:&quot;.swiper-pagination&quot;,&quot;dynamicBullets&quot;:true,&quot;clickable&quot;:true,&quot;type&quot;:&quot;bullets&quot;},&quot;navigation&quot;:{&quot;nextEl&quot;:&quot;.swiper-button-next&quot;,&quot;prevEl&quot;:&quot;.swiper-button-prev&quot;},&quot;breakpoints&quot;:[{&quot;slidesPerView&quot;:1}]}\" class=\"wp-block-cover is-light svg-background wp-duotone-02373d-02373d-81\" style=\"min-height:100px;aspect-ratio:unset;\"><span aria-hidden=\"true\" class=\"wp-block-cover__background has-background-dim-0 has-background-dim\"><\/span><div class=\"wp-block-cover__inner-container has-global-padding is-layout-constrained wp-container-core-cover-is-layout-12243e0f wp-block-cover-is-layout-constrained\">\n<p class=\"has-text-align-center has-custom-color-1-color has-text-color has-link-color has-wilden-font-family wp-elements-05a84b02d057efd8136b04852745736e\" style=\"font-size:clamp(1.743rem, 1.743rem + ((1vw - 0.2rem) * 2.095), 3rem);line-height:1\">Discover our pitches, <br\/>all rates and swimming pool<\/p>\n<\/div><\/div>\n\n\n\n<div data-swiper=\"{&quot;speed&quot;:400,&quot;spaceBetween&quot;:16,&quot;slidesPerView&quot;:3,&quot;createElements&quot;:true,&quot;loop&quot;:true,&quot;freemode&quot;:true,&quot;navigation&quot;:{&quot;nextEl&quot;:&quot;buttonNext&quot;,&quot;prevEl&quot;:&quot;buttonPrev&quot;},&quot;pagination&quot;:{&quot;el&quot;:&quot;.swiper-pagination&quot;,&quot;dynamicBullets&quot;:true},&quot;breakpoints&quot;:{&quot;0&quot;:{&quot;slidesPerView&quot;:1},&quot;768&quot;:{&quot;slidesPerView&quot;:2},&quot;1260&quot;:{&quot;slidesPerView&quot;:3}},&quot;autoplay&quot;:{&quot;delay&quot;:4000}}\" data-wp-context=\"{}\" data-wp-interactive=\"core\/query\" data-wp-key=\"1\" data-wp-router-region=\"query-1\" class=\"wp-block-query alignwide gt-fse-maillage-query gt-is-slider gt-is-slider-desktop is-layout-flow wp-block-query-is-layout-flow\"><ul class=\"columns-3 wp-block-post-template is-layout-grid wp-container-core-post-template-is-layout-6d3fbd8f wp-block-post-template-is-layout-grid\"><li data-wp-key=\"post-template-item-3314\" class=\"wp-block-post post-3314 page type-page status-publish has-post-thumbnail hentry\">\n<a style=\"--color-bkg:#3b485d;--color-bkg-hover:#3b485d;\" href=\"https:\/\/www.camping-ideal-pyrenees.com\/en\/pitch-rental-arras-en-lavedan\/\"    class=\"wp-block-tiptip-hyperlink-group-block\" >\n<div data-swiper=\"{&quot;speed&quot;:1000,&quot;autoplay&quot;:{&quot;delay&quot;:5000,&quot;disableOnInteraction&quot;:false},&quot;spaceBetween&quot;:0,&quot;slidesPerView&quot;:1,&quot;pagination&quot;:{&quot;el&quot;:&quot;.swiper-pagination&quot;,&quot;dynamicBullets&quot;:true,&quot;clickable&quot;:true,&quot;type&quot;:&quot;bullets&quot;},&quot;navigation&quot;:{&quot;nextEl&quot;:&quot;.swiper-button-next&quot;,&quot;prevEl&quot;:&quot;.swiper-button-prev&quot;},&quot;breakpoints&quot;:[{&quot;slidesPerView&quot;:1}]}\" class=\"wp-block-cover is-light\" style=\"border-radius:25px;padding-top:0px;padding-right:0px;padding-bottom:0px;padding-left:0px\"><span aria-hidden=\"true\" class=\"wp-block-cover__background has-background-dim-0 has-background-dim\"><\/span><div class=\"wp-block-cover__inner-container has-global-padding is-layout-constrained wp-container-core-cover-is-layout-f5c98baf wp-block-cover-is-layout-constrained\">\n<figure class=\"wp-block-image\"><img decoding=\"async\" src=\"https:\/\/www.camping-ideal-pyrenees.com\/wp-content\/uploads\/2026\/04\/emplacement-caravaning-arras-hautes-pyrenees.jpg\" alt=\"pitches caravaning arras hautes pyrenees\"\/><\/figure>\n\n\n\n<p class=\"has-text-align-center has-custom-color-4-color has-text-color has-link-color has-wilden-font-family wp-elements-06785c3a4d5bbb2a489a185a376ac082\" style=\"border-top-color:var(--wp--preset--color--custom-color-4);border-top-width:1px;padding-top:var(--wp--preset--spacing--10);padding-right:1rem;padding-bottom:var(--wp--preset--spacing--10);padding-left:1rem;font-size:clamp(1.428rem, 1.428rem + ((1vw - 0.2rem) * 1.537), 2.35rem);\">Our pitches<\/p>\n<\/div><\/div>\n<\/a>\n<\/li><li data-wp-key=\"post-template-item-3318\" class=\"wp-block-post post-3318 page type-page status-publish has-post-thumbnail hentry\">\n<a style=\"--color-bkg:#3b485d;--color-bkg-hover:#3b485d;\" href=\"https:\/\/www.camping-ideal-pyrenees.com\/en\/cheap-campsite-arras-en-lavedan\/\"    class=\"wp-block-tiptip-hyperlink-group-block\" >\n<div data-swiper=\"{&quot;speed&quot;:1000,&quot;autoplay&quot;:{&quot;delay&quot;:5000,&quot;disableOnInteraction&quot;:false},&quot;spaceBetween&quot;:0,&quot;slidesPerView&quot;:1,&quot;pagination&quot;:{&quot;el&quot;:&quot;.swiper-pagination&quot;,&quot;dynamicBullets&quot;:true,&quot;clickable&quot;:true,&quot;type&quot;:&quot;bullets&quot;},&quot;navigation&quot;:{&quot;nextEl&quot;:&quot;.swiper-button-next&quot;,&quot;prevEl&quot;:&quot;.swiper-button-prev&quot;},&quot;breakpoints&quot;:[{&quot;slidesPerView&quot;:1}]}\" class=\"wp-block-cover is-light\" style=\"border-radius:25px;padding-top:0px;padding-right:0px;padding-bottom:0px;padding-left:0px\"><span aria-hidden=\"true\" class=\"wp-block-cover__background has-background-dim-0 has-background-dim\"><\/span><div class=\"wp-block-cover__inner-container has-global-padding is-layout-constrained wp-container-core-cover-is-layout-f5c98baf wp-block-cover-is-layout-constrained\">\n<figure class=\"wp-block-image\"><img decoding=\"async\" src=\"https:\/\/www.camping-ideal-pyrenees.com\/wp-content\/uploads\/2026\/04\/location-mobil-home-argeles-gazost-1.jpg\" alt=\"Auto draft\"\/><\/figure>\n\n\n\n<p class=\"has-text-align-center has-custom-color-4-color has-text-color has-link-color has-wilden-font-family wp-elements-06785c3a4d5bbb2a489a185a376ac082\" style=\"border-top-color:var(--wp--preset--color--custom-color-4);border-top-width:1px;padding-top:var(--wp--preset--spacing--10);padding-right:1rem;padding-bottom:var(--wp--preset--spacing--10);padding-left:1rem;font-size:clamp(1.428rem, 1.428rem + ((1vw - 0.2rem) * 1.537), 2.35rem);\">Rates<\/p>\n<\/div><\/div>\n<\/a>\n<\/li><li data-wp-key=\"post-template-item-3328\" class=\"wp-block-post post-3328 page type-page status-publish has-post-thumbnail hentry\">\n<a style=\"--color-bkg:#3b485d;--color-bkg-hover:#3b485d;\" href=\"https:\/\/www.camping-ideal-pyrenees.com\/en\/campsite-outdoor-swimming-pool-arras-en-lavedan\/\"    class=\"wp-block-tiptip-hyperlink-group-block\" >\n<div data-swiper=\"{&quot;speed&quot;:1000,&quot;autoplay&quot;:{&quot;delay&quot;:5000,&quot;disableOnInteraction&quot;:false},&quot;spaceBetween&quot;:0,&quot;slidesPerView&quot;:1,&quot;pagination&quot;:{&quot;el&quot;:&quot;.swiper-pagination&quot;,&quot;dynamicBullets&quot;:true,&quot;clickable&quot;:true,&quot;type&quot;:&quot;bullets&quot;},&quot;navigation&quot;:{&quot;nextEl&quot;:&quot;.swiper-button-next&quot;,&quot;prevEl&quot;:&quot;.swiper-button-prev&quot;},&quot;breakpoints&quot;:[{&quot;slidesPerView&quot;:1}]}\" class=\"wp-block-cover is-light\" style=\"border-radius:25px;padding-top:0px;padding-right:0px;padding-bottom:0px;padding-left:0px\"><span aria-hidden=\"true\" class=\"wp-block-cover__background has-background-dim-0 has-background-dim\"><\/span><div class=\"wp-block-cover__inner-container has-global-padding is-layout-constrained wp-container-core-cover-is-layout-f5c98baf wp-block-cover-is-layout-constrained\">\n<figure class=\"wp-block-image\"><img decoding=\"async\" src=\"https:\/\/www.camping-ideal-pyrenees.com\/wp-content\/uploads\/2026\/04\/piscine-camping-argeles-gazost-1.jpg\" alt=\"swimming pool camping argeles gazost\"\/><\/figure>\n\n\n\n<p class=\"has-text-align-center has-custom-color-4-color has-text-color has-link-color has-wilden-font-family wp-elements-06785c3a4d5bbb2a489a185a376ac082\" style=\"border-top-color:var(--wp--preset--color--custom-color-4);border-top-width:1px;padding-top:var(--wp--preset--spacing--10);padding-right:1rem;padding-bottom:var(--wp--preset--spacing--10);padding-left:1rem;font-size:clamp(1.428rem, 1.428rem + ((1vw - 0.2rem) * 1.537), 2.35rem);\">The swimming pool<\/p>\n<\/div><\/div>\n<\/a>\n<\/li><\/ul><\/div>\n<\/div>\n","protected":false},"excerpt":{"rendered":"<p>Lodgings Chalet rentals near Argel\u00e8s-Gazost At Camping L&#8217;Id\u00e9al*** in Arras-En-Lavedan, we offer a range of chalets that will appeal to holidaymakers looking for comfort. The chalet cocoon + spa to enjoy the peace and quiet and the view as a couple or duo. Standard chalets sleep 4. The 3-bedroom premium chalets are fully equipped and [&hellip;]<\/p>\n","protected":false},"author":1,"featured_media":3198,"parent":0,"menu_order":0,"comment_status":"closed","ping_status":"closed","template":"","meta":{"_seopress_robots_primary_cat":"","_seopress_titles_title":"Rent mobile home Hautes-Pyr\u00e9n\u00e9es | Rent chalet Argel\u00e8s-Gazost","_seopress_titles_desc":"Rent a chalet cocoon with spa or a mobile home with panoramic terrace. Relaxation guaranteed in the heart of the Hautes-Pyr\u00e9n\u00e9es, with breathtaking views! ","_seopress_robots_index":"","_gt_ctv_global_id":"838","_gt_ctv_id_group":false,"inline_featured_image":false,"gt_fse_maillage_image":"https:\/\/www.camping-ideal-pyrenees.com\/wp-content\/uploads\/2026\/04\/camping-arras-65.jpg","gt_fse_maillage_titre":"Our rentals","gt_fse_maillage_alt":"camping arras","gt_fse_maillage_resume":"","footnotes":""},"categories":[],"tags":[],"class_list":["post-3312","page","type-page","status-publish","has-post-thumbnail","hentry"],"_links":{"self":[{"href":"https:\/\/www.camping-ideal-pyrenees.com\/en\/wp-json\/wp\/v2\/pages\/3312","targetHints":{"allow":["GET"]}}],"collection":[{"href":"https:\/\/www.camping-ideal-pyrenees.com\/en\/wp-json\/wp\/v2\/pages"}],"about":[{"href":"https:\/\/www.camping-ideal-pyrenees.com\/en\/wp-json\/wp\/v2\/types\/page"}],"author":[{"embeddable":true,"href":"https:\/\/www.camping-ideal-pyrenees.com\/en\/wp-json\/wp\/v2\/users\/1"}],"replies":[{"embeddable":true,"href":"https:\/\/www.camping-ideal-pyrenees.com\/en\/wp-json\/wp\/v2\/comments?post=3312"}],"version-history":[{"count":15,"href":"https:\/\/www.camping-ideal-pyrenees.com\/en\/wp-json\/wp\/v2\/pages\/3312\/revisions"}],"predecessor-version":[{"id":3656,"href":"https:\/\/www.camping-ideal-pyrenees.com\/en\/wp-json\/wp\/v2\/pages\/3312\/revisions\/3656"}],"wp:featuredmedia":[{"embeddable":true,"href":"https:\/\/www.camping-ideal-pyrenees.com\/en\/wp-json\/wp\/v2\/media\/3198"}],"wp:attachment":[{"href":"https:\/\/www.camping-ideal-pyrenees.com\/en\/wp-json\/wp\/v2\/media?parent=3312"}],"wp:term":[{"taxonomy":"category","embeddable":true,"href":"https:\/\/www.camping-ideal-pyrenees.com\/en\/wp-json\/wp\/v2\/categories?post=3312"},{"taxonomy":"post_tag","embeddable":true,"href":"https:\/\/www.camping-ideal-pyrenees.com\/en\/wp-json\/wp\/v2\/tags?post=3312"}],"curies":[{"name":"wp","href":"https:\/\/api.w.org\/{rel}","templated":true}]}}