{"id":3314,"date":"2026-04-01T17:04:10","date_gmt":"2026-04-01T15:04:10","guid":{"rendered":"https:\/\/www.camping-ideal-pyrenees.com\/location-emplacement-arras-en-lavedan\/"},"modified":"2026-04-21T09:12:07","modified_gmt":"2026-04-21T07:12:07","slug":"pitch-rental-arras-en-lavedan","status":"publish","type":"page","link":"https:\/\/www.camping-ideal-pyrenees.com\/en\/pitch-rental-arras-en-lavedan\/","title":{"rendered":"Our pitches"},"content":{"rendered":"\n<div class=\"wp-block-group section-1 has-global-padding is-layout-constrained wp-container-core-group-is-layout-edb5282b wp-block-group-is-layout-constrained\" style=\"padding-top:2rem;padding-right:6rem;padding-bottom:2rem;padding-left:6rem\">\n<div class=\"wp-block-columns is-layout-flex wp-container-core-columns-is-layout-65a7aca3 wp-block-columns-is-layout-flex\">\n<div class=\"wp-block-column is-vertically-aligned-center left is-layout-flow wp-block-column-is-layout-flow\">\n<div data-swiper=\"{&quot;speed&quot;:1000,&quot;autoplay&quot;:{&quot;delay&quot;:5000,&quot;disableOnInteraction&quot;:false},&quot;spaceBetween&quot;:0,&quot;slidesPerView&quot;:1,&quot;pagination&quot;:{&quot;el&quot;:&quot;.swiper-pagination&quot;,&quot;dynamicBullets&quot;:true,&quot;clickable&quot;:true,&quot;type&quot;:&quot;bullets&quot;},&quot;navigation&quot;:{&quot;nextEl&quot;:&quot;.swiper-button-next&quot;,&quot;prevEl&quot;:&quot;.swiper-button-prev&quot;},&quot;breakpoints&quot;:[{&quot;slidesPerView&quot;:1}]}\" class=\"wp-block-cover svg-background wp-duotone-02373d-02373d-1\"><img decoding=\"async\" width=\"470\" height=\"309\" class=\"wp-block-cover__image-background wp-image-2485 size-full\" alt=\"dessin tronc arbre bleu\" src=\"https:\/\/www.camping-ideal-pyrenees.com\/wp-content\/uploads\/2026\/04\/dessin-tronc-arbre-bleu.png\" data-object-fit=\"cover\" srcset=\"https:\/\/www.camping-ideal-pyrenees.com\/wp-content\/uploads\/2026\/04\/dessin-tronc-arbre-bleu.png 470w, https:\/\/www.camping-ideal-pyrenees.com\/wp-content\/uploads\/2026\/04\/dessin-tronc-arbre-bleu-300x197.png 300w\" sizes=\"(max-width: 470px) 100vw, 470px\" \/><span aria-hidden=\"true\" class=\"wp-block-cover__background has-background-dim-0 has-background-dim\"><\/span><div class=\"wp-block-cover__inner-container has-global-padding is-layout-constrained wp-container-core-cover-is-layout-12243e0f wp-block-cover-is-layout-constrained\">\n<p class=\"has-text-align-center sub-title center has-custom-color-1-color has-custom-color-5-background-color has-text-color has-background has-link-color wp-elements-46017036feaf1452f9bfbb117d590e72\" style=\"border-style:none;border-width:0px;border-radius:100px;padding-top:6px;padding-right:30px;padding-bottom:6px;padding-left:30px;font-size:clamp(0.875rem, 0.875rem + ((1vw - 0.2rem) * 0.308), 1.06rem);font-style:normal;font-weight:500;letter-spacing:5px;text-transform:uppercase\">The pitches<\/p>\n\n\n\n<h1 class=\"wp-block-heading has-text-align-center has-custom-color-1-color has-text-color has-link-color has-wilden-font-family wp-elements-912800fb0aaf399d5af9a65a963cc15b\" style=\"font-size:clamp(2.2rem, 2.2rem + ((1vw - 0.2rem) * 3), 4rem);font-style:normal;font-weight:400;line-height:1\">Pitches for rent in Hautes-Pyr\u00e9n\u00e9es<\/h1>\n<\/div><\/div>\n\n\n\n<p class=\"has-text-align-center\">This <a href=\"https:\/\/www.camping-ideal-pyrenees.com\/en\/\" data-type=\"page\" data-id=\"5\">campsite near Argel\u00e8s-Gazost<\/a> offers <strong>70<\/strong> quiet, shady <strong>pitches<\/strong> with trees and terraces, with unobstructed views of the surrounding peaks.<\/p>\n\n\n\n<p class=\"has-text-align-center\">  In a peaceful setting with <strong>24-hour security<\/strong>, you can organize a day trip, plan a stay to explore the Val d&#8217;Azun trails, or simply enjoy the campsite&#8217;s summer swimming pool.  <\/p>\n\n\n\n<p class=\"has-text-align-center\">Pitches designed to let <strong>you relax<\/strong>, <strong>breathe<\/strong> and <strong>enjoy your vacation<\/strong> in total peace and quiet.<\/p>\n\n\n\n<div class=\"wp-block-group has-global-padding is-layout-constrained wp-container-core-group-is-layout-f36bc466 wp-block-group-is-layout-constrained\"><div class=\"wp-block-gt-gt-fse-widgets-ctv\" data-wp-interactive=\"gt\/ctv\/widgets\">\n\n                        <ctv-availability data-product-type=\"pitch\" data-background-color=\"#faf4e7\"><\/ctv-availability>\n        \n    <\/div>\n<\/div>\n<\/div>\n<\/div>\n<\/div>\n\n<div class=\"wp-block-group section-4 no-cta has-global-padding is-layout-constrained wp-container-core-group-is-layout-f19ede79 wp-block-group-is-layout-constrained\" style=\"padding-right:0px;padding-bottom:0;padding-left:0px\">\n<div class=\"wp-block-group banner has-global-padding is-layout-constrained wp-container-core-group-is-layout-12243e0f wp-block-group-is-layout-constrained\">\n<figure class=\"wp-block-image size-large cursor\"><img decoding=\"async\" width=\"135\" height=\"135\" src=\"https:\/\/www.camping-ideal-pyrenees.com\/wp-content\/uploads\/2026\/04\/icon-cursor-blanc-bleu.svg\" alt=\"icon cursor white blue\" class=\"wp-image-2582\"\/><\/figure>\n\n\n\n<div data-swiper=\"{&quot;speed&quot;:400,&quot;spaceBetween&quot;:16,&quot;slidesPerView&quot;:1,&quot;createElements&quot;:true,&quot;loop&quot;:true,&quot;freemode&quot;:true,&quot;navigation&quot;:{&quot;nextEl&quot;:&quot;buttonNext&quot;,&quot;prevEl&quot;:&quot;buttonPrev&quot;},&quot;breakpoints&quot;:[],&quot;effect&quot;:&quot;fade&quot;,&quot;autoplay&quot;:{&quot;delay&quot;:3000,&quot;disableOnInteraction&quot;:true}}\" class=\"wp-block-group gt-is-slider gt-is-slider-desktop has-global-padding is-layout-constrained wp-container-core-group-is-layout-12243e0f wp-block-group-is-layout-constrained\">\n<div data-swiper=\"{&quot;speed&quot;:1000,&quot;autoplay&quot;:{&quot;delay&quot;:5000,&quot;disableOnInteraction&quot;:false},&quot;spaceBetween&quot;:0,&quot;slidesPerView&quot;:1,&quot;pagination&quot;:{&quot;el&quot;:&quot;.swiper-pagination&quot;,&quot;dynamicBullets&quot;:true,&quot;clickable&quot;:true,&quot;type&quot;:&quot;bullets&quot;},&quot;navigation&quot;:{&quot;nextEl&quot;:&quot;.swiper-button-next&quot;,&quot;prevEl&quot;:&quot;.swiper-button-prev&quot;},&quot;breakpoints&quot;:[{&quot;slidesPerView&quot;:1}]}\" class=\"wp-block-cover\" style=\"min-height:844px;aspect-ratio:unset;\"><img decoding=\"async\" width=\"2000\" height=\"1339\" class=\"wp-block-cover__image-background wp-image-3109 size-full\" alt=\"Tente + emplacements\" src=\"https:\/\/www.camping-ideal-pyrenees.com\/wp-content\/uploads\/2026\/04\/Tente-emplacements.jpg\" data-object-fit=\"cover\" srcset=\"https:\/\/www.camping-ideal-pyrenees.com\/wp-content\/uploads\/2026\/04\/Tente-emplacements.jpg 2000w, https:\/\/www.camping-ideal-pyrenees.com\/wp-content\/uploads\/2026\/04\/Tente-emplacements-300x201.jpg 300w, https:\/\/www.camping-ideal-pyrenees.com\/wp-content\/uploads\/2026\/04\/Tente-emplacements-1024x686.jpg 1024w, https:\/\/www.camping-ideal-pyrenees.com\/wp-content\/uploads\/2026\/04\/Tente-emplacements-768x514.jpg 768w, https:\/\/www.camping-ideal-pyrenees.com\/wp-content\/uploads\/2026\/04\/Tente-emplacements-1536x1028.jpg 1536w\" sizes=\"(max-width: 2000px) 100vw, 2000px\" \/><span aria-hidden=\"true\" class=\"wp-block-cover__background has-contrast-background-color has-background-dim-30 has-background-dim\"><\/span><div class=\"wp-block-cover__inner-container has-global-padding is-layout-constrained wp-container-core-cover-is-layout-12243e0f wp-block-cover-is-layout-constrained\">\n<p class=\"has-text-align-center has-text-color has-link-color has-wilden-font-family wp-elements-22b1fd60c2a5fb85af1a9fb06ee22cc0\" style=\"color:#fffdf7;font-size:clamp(3.001rem, 3.001rem + ((1vw - 0.2rem) * 4.848), 5.91rem);line-height:1\">sleeping in the mountains<\/p>\n<\/div><\/div>\n\n\n\n<div data-swiper=\"{&quot;speed&quot;:1000,&quot;autoplay&quot;:{&quot;delay&quot;:5000,&quot;disableOnInteraction&quot;:false},&quot;spaceBetween&quot;:0,&quot;slidesPerView&quot;:1,&quot;pagination&quot;:{&quot;el&quot;:&quot;.swiper-pagination&quot;,&quot;dynamicBullets&quot;:true,&quot;clickable&quot;:true,&quot;type&quot;:&quot;bullets&quot;},&quot;navigation&quot;:{&quot;nextEl&quot;:&quot;.swiper-button-next&quot;,&quot;prevEl&quot;:&quot;.swiper-button-prev&quot;},&quot;breakpoints&quot;:[{&quot;slidesPerView&quot;:1}]}\" class=\"wp-block-cover\" style=\"min-height:844px;aspect-ratio:unset;\"><img decoding=\"async\" width=\"2000\" height=\"1339\" class=\"wp-block-cover__image-background wp-image-3538 size-full\" alt=\"location emplacement van pyr\u00e9n\u00e9es\" src=\"https:\/\/www.camping-ideal-pyrenees.com\/wp-content\/uploads\/2026\/04\/location-emplacement-van-pyrenees.webp\" data-object-fit=\"cover\" srcset=\"https:\/\/www.camping-ideal-pyrenees.com\/wp-content\/uploads\/2026\/04\/location-emplacement-van-pyrenees.webp 2000w, https:\/\/www.camping-ideal-pyrenees.com\/wp-content\/uploads\/2026\/04\/location-emplacement-van-pyrenees-300x201.webp 300w, https:\/\/www.camping-ideal-pyrenees.com\/wp-content\/uploads\/2026\/04\/location-emplacement-van-pyrenees-1024x686.webp 1024w, https:\/\/www.camping-ideal-pyrenees.com\/wp-content\/uploads\/2026\/04\/location-emplacement-van-pyrenees-768x514.webp 768w, https:\/\/www.camping-ideal-pyrenees.com\/wp-content\/uploads\/2026\/04\/location-emplacement-van-pyrenees-1536x1028.webp 1536w\" sizes=\"(max-width: 2000px) 100vw, 2000px\" \/><span aria-hidden=\"true\" class=\"wp-block-cover__background has-contrast-background-color has-background-dim-30 has-background-dim\"><\/span><div class=\"wp-block-cover__inner-container has-global-padding is-layout-constrained wp-container-core-cover-is-layout-12243e0f wp-block-cover-is-layout-constrained\">\n<p class=\"has-text-align-center has-text-color has-link-color has-wilden-font-family wp-elements-22b1fd60c2a5fb85af1a9fb06ee22cc0\" style=\"color:#fffdf7;font-size:clamp(3.001rem, 3.001rem + ((1vw - 0.2rem) * 4.848), 5.91rem);line-height:1\">sleeping in the mountains<\/p>\n<\/div><\/div>\n<\/div>\n<\/div>\n\n\n\n<div class=\"wp-block-group content has-custom-color-1-background-color has-background has-global-padding is-layout-constrained wp-container-core-group-is-layout-79713580 wp-block-group-is-layout-constrained\" style=\"margin-top:-50px;margin-bottom:0;padding-top:8rem;padding-right:2rem;padding-bottom:8rem;padding-left:2rem\">\n<div class=\"wp-block-columns are-vertically-aligned-center is-layout-flex wp-container-core-columns-is-layout-6fcc1a87 wp-block-columns-is-layout-flex\" style=\"padding-right:8rem;padding-left:8rem\">\n<div class=\"wp-block-column is-vertically-aligned-center left is-layout-flow wp-block-column-is-layout-flow\" style=\"flex-basis:40%\">\n<div data-swiper=\"{&quot;speed&quot;:1000,&quot;autoplay&quot;:{&quot;delay&quot;:5000,&quot;disableOnInteraction&quot;:false},&quot;spaceBetween&quot;:0,&quot;slidesPerView&quot;:1,&quot;pagination&quot;:{&quot;el&quot;:&quot;.swiper-pagination&quot;,&quot;dynamicBullets&quot;:true,&quot;clickable&quot;:true,&quot;type&quot;:&quot;bullets&quot;},&quot;navigation&quot;:{&quot;nextEl&quot;:&quot;.swiper-button-next&quot;,&quot;prevEl&quot;:&quot;.swiper-button-prev&quot;},&quot;breakpoints&quot;:[{&quot;slidesPerView&quot;:1}]}\" class=\"wp-block-cover aligncenter is-light svg-background\" style=\"min-height:261px;aspect-ratio:unset;\"><span aria-hidden=\"true\" class=\"wp-block-cover__background has-background-dim-0 has-background-dim\"><\/span><div class=\"wp-block-cover__inner-container has-global-padding is-layout-constrained wp-container-core-cover-is-layout-12243e0f wp-block-cover-is-layout-constrained\">\n<p class=\"has-text-align-left has-text-color has-link-color has-wilden-font-family wp-elements-8382cbe94eed7a819084fb257bd0511b\" style=\"color:#fff4ea;font-size:clamp(2.418rem, 2.418rem + ((1vw - 0.2rem) * 3.47), 4.5rem);line-height:1\">discover our pitches<\/p>\n<\/div><\/div>\n<\/div>\n\n\n\n<div class=\"wp-block-column is-vertically-aligned-center right is-layout-flow wp-block-column-is-layout-flow\" style=\"flex-basis:60%\">\n<div class=\"wp-block-group title is-horizontal is-nowrap is-layout-flex wp-container-core-group-is-layout-5d214b84 wp-block-group-is-layout-flex\">\n<h2 class=\"wp-block-heading has-text-color has-link-color wp-elements-fa604300b5d989f85459a588509ebeb2\" style=\"color:#fff4ea\">Our caravanning pitches for rent near Argel\u00e8s-Gazost<\/h2>\n<\/div>\n\n\n\n<p class=\"has-custom-color-4-color has-text-color has-link-color wp-elements-0a99338b5d7eabe210b31ea228464816\">Close to Argel\u00e8s-Gazost, Camping L&#8217;Id\u00e9al offers spacious caravanning pitches for rent in the Hautes-Pyr\u00e9n\u00e9es, designed to accommodate <strong>tents<\/strong>, <strong>caravans<\/strong>, <strong>vans<\/strong> and <strong>motorhomes<\/strong> in the best possible conditions. Terraced, shaded and planted with trees, they offer unobstructed views of the mountains and a calm, relaxing environment.   <\/p>\n\n\n\n<p class=\"has-custom-color-4-color has-text-color has-link-color wp-elements-246ed724bbc94ccfa9937a495f761404\">Each pitch lets you take full advantage of nature, while remaining close to the campsite&#8217;s services, swimming pool and Val d&#8217;Azun activities. An ideal setting for <strong>a stopover <\/strong>or <strong>a stay in the fresh air of <\/strong>the Hautes-Pyr\u00e9n\u00e9es. <\/p>\n<\/div>\n<\/div>\n<\/div>\n<\/div>\n\n<div class=\"wp-block-group section-5 simple has-custom-color-4-background-color has-background has-global-padding is-layout-constrained wp-container-core-group-is-layout-1774d119 wp-block-group-is-layout-constrained\" style=\"margin-top:0px;margin-bottom:0px;padding-top:6rem;padding-right:8rem;padding-bottom:6rem;padding-left:8rem\">\n<h2 class=\"wp-block-heading has-text-align-center\">Additional rental equipment<\/h2>\n\n\n\n<p class=\"has-text-align-center\">To make your stay even easier and more comfortable, Camping L&#8217;Id\u00e9al offers a number of additional rental facilities, depending on your needs:  <\/p>\n\n\n\n<div class=\"wp-block-group alignwide has-global-padding is-layout-constrained wp-block-group-is-layout-constrained\">\n<div class=\"wp-block-columns alignwide is-layout-flex wp-container-core-columns-is-layout-28f84493 wp-block-columns-is-layout-flex\">\n<div class=\"wp-block-column is-layout-flow wp-block-column-is-layout-flow\">\n<figure class=\"wp-block-image aligncenter size-large is-resized wp-duotone-5f98a9-5f98a9-2\"><img decoding=\"async\" width=\"30\" height=\"42\" src=\"https:\/\/www.camping-ideal-pyrenees.com\/wp-content\/uploads\/2025\/10\/frigo-orange.svg\" alt=\"orange fridge\" class=\"wp-image-798\" style=\"width:auto;height:70px\"\/><\/figure>\n\n\n\n<p class=\"has-text-align-center\"><strong>Fridge rental<\/strong><\/p>\n<\/div>\n\n\n\n<div class=\"wp-block-column is-layout-flow wp-block-column-is-layout-flow\">\n<figure class=\"wp-block-image aligncenter size-large is-resized wp-duotone-5f98a9-5f98a9-3\"><img decoding=\"async\" width=\"38\" height=\"38\" src=\"https:\/\/www.camping-ideal-pyrenees.com\/wp-content\/uploads\/2025\/10\/plancha-orange.svg\" alt=\"plancha orange\" class=\"wp-image-821\" style=\"width:auto;height:70px\"\/><\/figure>\n\n\n\n<p class=\"has-text-align-center\"><strong>Baby kit<\/strong><\/p>\n<\/div>\n\n\n\n<div class=\"wp-block-column is-layout-flow wp-block-column-is-layout-flow\">\n<figure class=\"wp-block-image aligncenter size-large is-resized wp-duotone-5f98a9-ffffff-4\"><img decoding=\"async\" width=\"512\" height=\"512\" src=\"https:\/\/www.camping-ideal-pyrenees.com\/wp-content\/uploads\/2026\/04\/chaise-haute.svg\" alt=\"high chair\" class=\"wp-image-3265\" style=\"width:auto;height:70px\"\/><\/figure>\n\n\n\n<p class=\"has-text-align-center\"><strong>Barbecue<\/strong><\/p>\n<\/div>\n\n\n\n<div class=\"wp-block-column is-layout-flow wp-block-column-is-layout-flow\">\n<figure class=\"wp-block-image aligncenter size-large is-resized wp-duotone-5f98a9-5f98a9-5\"><img decoding=\"async\" width=\"682\" height=\"682\" src=\"https:\/\/www.camping-ideal-pyrenees.com\/wp-content\/uploads\/2026\/04\/parking.svg\" alt=\"parking\" class=\"wp-image-3267\" style=\"width:auto;height:70px\"\/><\/figure>\n\n\n\n<p class=\"has-text-align-center\"><strong>Additional car pitches<\/strong><\/p>\n<\/div>\n\n\n\n<div class=\"wp-block-column is-layout-flow wp-block-column-is-layout-flow\">\n<figure class=\"wp-block-image aligncenter size-large is-resized wp-duotone-5f98a9-5f98a9-6\"><img decoding=\"async\" width=\"682\" height=\"682\" src=\"https:\/\/www.camping-ideal-pyrenees.com\/wp-content\/uploads\/2026\/04\/tente-de-camping.svg\" alt=\"camping tent\" class=\"wp-image-3269\" style=\"width:auto;height:70px\"\/><\/figure>\n\n\n\n<p class=\"has-text-align-center\"><strong><strong>Additional tent pitch<\/strong><\/strong><\/p>\n<\/div>\n<\/div>\n<\/div>\n\n\n\n<p class=\"has-text-align-center\">Everything is designed to give you greater freedom and peace of mind during your vacation. These services allow you to travel lighter and adapt your pitch or <a href=\"https:\/\/www.camping-ideal-pyrenees.com\/en\/mobile-home-rentals-arras-en-lavedan\/\" data-type=\"page\" data-id=\"2414\">accommodation near Argel\u00e8s-Gazost<\/a> to your needs, whether you&#8217;re staying with family, friends or touring the Pyrenees. <\/p>\n<\/div>\n\n<div class=\"wp-block-group section-3 has-custom-color-5-background-color has-background has-global-padding is-layout-constrained wp-container-core-group-is-layout-56ecda4d wp-block-group-is-layout-constrained\" style=\"margin-top:0rem;padding-top:6rem;padding-bottom:6rem\">\n<div class=\"wp-block-columns are-vertically-aligned-center has-custom-color-1-color has-text-color has-link-color wp-elements-68376dfea85b00696714728e993c17fc is-layout-flex wp-container-core-columns-is-layout-28f84493 wp-block-columns-is-layout-flex\">\n<div class=\"wp-block-column is-vertically-aligned-center left is-layout-flow wp-block-column-is-layout-flow\" style=\"flex-basis:55%\">\n<div data-swiper=\"{&quot;speed&quot;:1000,&quot;autoplay&quot;:{&quot;delay&quot;:5000,&quot;disableOnInteraction&quot;:false},&quot;spaceBetween&quot;:0,&quot;slidesPerView&quot;:1,&quot;pagination&quot;:{&quot;el&quot;:&quot;.swiper-pagination&quot;,&quot;dynamicBullets&quot;:true,&quot;clickable&quot;:true,&quot;type&quot;:&quot;bullets&quot;},&quot;navigation&quot;:{&quot;nextEl&quot;:&quot;.swiper-button-next&quot;,&quot;prevEl&quot;:&quot;.swiper-button-prev&quot;},&quot;breakpoints&quot;:[{&quot;slidesPerView&quot;:1}]}\" class=\"wp-block-cover has-aspect-ratio\" style=\"border-top-left-radius:25px;border-top-right-radius:25px;border-bottom-left-radius:25px;border-bottom-right-radius:25px;padding-top:0px;padding-right:0px;padding-bottom:0px;padding-left:0px;aspect-ratio:4\/3;min-height:unset;\"><img decoding=\"async\" width=\"1200\" height=\"627\" class=\"wp-block-cover__image-background wp-image-3115 size-full\" alt=\"campings adaptes pmr\" src=\"https:\/\/www.camping-ideal-pyrenees.com\/wp-content\/uploads\/2026\/04\/campings-adaptes-pmr.jpg\" data-object-fit=\"cover\" srcset=\"https:\/\/www.camping-ideal-pyrenees.com\/wp-content\/uploads\/2026\/04\/campings-adaptes-pmr.jpg 1200w, https:\/\/www.camping-ideal-pyrenees.com\/wp-content\/uploads\/2026\/04\/campings-adaptes-pmr-300x157.jpg 300w, https:\/\/www.camping-ideal-pyrenees.com\/wp-content\/uploads\/2026\/04\/campings-adaptes-pmr-1024x535.jpg 1024w, https:\/\/www.camping-ideal-pyrenees.com\/wp-content\/uploads\/2026\/04\/campings-adaptes-pmr-768x401.jpg 768w\" sizes=\"(max-width: 1200px) 100vw, 1200px\" \/><span aria-hidden=\"true\" class=\"wp-block-cover__background has-background-dim-40 has-background-dim wp-block-cover__gradient-background has-background-gradient\" style=\"background:linear-gradient(180deg,rgb(2,55,61) 10%,rgba(255,255,255,0) 33%)\"><\/span><div class=\"wp-block-cover__inner-container has-global-padding is-layout-constrained wp-container-core-cover-is-layout-f5c98baf wp-block-cover-is-layout-constrained\">\n<p class=\"has-text-align-center has-large-font-size\"><\/p>\n<\/div><\/div>\n<\/div>\n\n\n\n<div class=\"wp-block-column is-vertically-aligned-center right is-layout-flow wp-block-column-is-layout-flow\" style=\"padding-right:4rem;padding-left:4rem\">\n<h2 class=\"wp-block-heading has-text-align-left\">Our quality sanitary facilities with PMR access and nursery<\/h2>\n\n\n\n<p class=\"has-text-align-left\">Camping L&#8217;Id\u00e9al has <strong>two<\/strong> well-maintained <strong>sanitary facilities<\/strong>, designed for the comfort of all. Accessible to<strong> people with reduced mobility (PRM)<\/strong>, they offer practical, functional facilities, suitable for families and itinerant travelers alike. <\/p>\n\n\n\n<p class=\"has-text-align-left\">A <strong>nursery<\/strong> <strong>area<\/strong> is also available to make life easier for parents with young children.<\/p>\n\n\n\n<p class=\"has-text-align-left\">The campsite also offers a <strong>laundry<\/strong> <strong>area<\/strong> equipped with washing machines and tumble dryers, ideal for longer stays or active vacations. Well-kept facilities for a peaceful stay at the <a href=\"https:\/\/www.camping-ideal-pyrenees.com\/en\/cheap-campsite-arras-en-lavedan\/\" data-type=\"page\" data-id=\"2422\">best price in the heart of the Pyrenees<\/a>. <\/p>\n<\/div>\n<\/div>\n<\/div>\n\n<div class=\"wp-block-group section-maillage has-custom-color-4-background-color has-background has-global-padding is-layout-constrained wp-container-core-group-is-layout-ef386722 wp-block-group-is-layout-constrained\" style=\"margin-top:0px;margin-bottom:0px;padding-top:8rem;padding-right:8rem;padding-bottom:8rem;padding-left:8rem\">\n<div data-swiper=\"{&quot;speed&quot;:1000,&quot;autoplay&quot;:{&quot;delay&quot;:5000,&quot;disableOnInteraction&quot;:false},&quot;spaceBetween&quot;:0,&quot;slidesPerView&quot;:1,&quot;pagination&quot;:{&quot;el&quot;:&quot;.swiper-pagination&quot;,&quot;dynamicBullets&quot;:true,&quot;clickable&quot;:true,&quot;type&quot;:&quot;bullets&quot;},&quot;navigation&quot;:{&quot;nextEl&quot;:&quot;.swiper-button-next&quot;,&quot;prevEl&quot;:&quot;.swiper-button-prev&quot;},&quot;breakpoints&quot;:[{&quot;slidesPerView&quot;:1}]}\" class=\"wp-block-cover is-light svg-background wp-duotone-02373d-02373d-7\" style=\"min-height:100px;aspect-ratio:unset;\"><span aria-hidden=\"true\" class=\"wp-block-cover__background has-background-dim-0 has-background-dim\"><\/span><div class=\"wp-block-cover__inner-container has-global-padding is-layout-constrained wp-container-core-cover-is-layout-12243e0f wp-block-cover-is-layout-constrained\">\n<p class=\"has-text-align-center has-custom-color-1-color has-text-color has-link-color has-wilden-font-family wp-elements-85e7d143cc2858f9180e10c971f6636c\" style=\"font-size:clamp(1.743rem, 1.743rem + ((1vw - 0.2rem) * 2.095), 3rem);line-height:1\">Take advantage of our accommodation, <br\/>pitches and services<\/p>\n<\/div><\/div>\n\n\n\n<div data-swiper=\"{&quot;speed&quot;:400,&quot;spaceBetween&quot;:16,&quot;slidesPerView&quot;:3,&quot;createElements&quot;:true,&quot;loop&quot;:true,&quot;freemode&quot;:true,&quot;navigation&quot;:{&quot;nextEl&quot;:&quot;buttonNext&quot;,&quot;prevEl&quot;:&quot;buttonPrev&quot;},&quot;pagination&quot;:{&quot;el&quot;:&quot;.swiper-pagination&quot;,&quot;dynamicBullets&quot;:true},&quot;breakpoints&quot;:{&quot;0&quot;:{&quot;slidesPerView&quot;:1},&quot;768&quot;:{&quot;slidesPerView&quot;:2},&quot;1260&quot;:{&quot;slidesPerView&quot;:3}},&quot;autoplay&quot;:{&quot;delay&quot;:4000}}\" data-wp-context=\"{}\" data-wp-interactive=\"core\/query\" data-wp-key=\"0\" data-wp-router-region=\"query-0\" class=\"wp-block-query alignwide gt-fse-maillage-query gt-is-slider gt-is-slider-desktop is-layout-flow wp-block-query-is-layout-flow\"><ul class=\"columns-3 wp-block-post-template is-layout-grid wp-container-core-post-template-is-layout-6d3fbd8f wp-block-post-template-is-layout-grid\"><li data-wp-key=\"post-template-item-3318\" class=\"wp-block-post post-3318 page type-page status-publish has-post-thumbnail hentry\">\n<a style=\"--color-bkg:#3b485d;--color-bkg-hover:#3b485d;\" href=\"https:\/\/www.camping-ideal-pyrenees.com\/en\/cheap-campsite-arras-en-lavedan\/\"    class=\"wp-block-tiptip-hyperlink-group-block\" >\n<div data-swiper=\"{&quot;speed&quot;:1000,&quot;autoplay&quot;:{&quot;delay&quot;:5000,&quot;disableOnInteraction&quot;:false},&quot;spaceBetween&quot;:0,&quot;slidesPerView&quot;:1,&quot;pagination&quot;:{&quot;el&quot;:&quot;.swiper-pagination&quot;,&quot;dynamicBullets&quot;:true,&quot;clickable&quot;:true,&quot;type&quot;:&quot;bullets&quot;},&quot;navigation&quot;:{&quot;nextEl&quot;:&quot;.swiper-button-next&quot;,&quot;prevEl&quot;:&quot;.swiper-button-prev&quot;},&quot;breakpoints&quot;:[{&quot;slidesPerView&quot;:1}]}\" class=\"wp-block-cover is-light\" style=\"border-radius:25px;padding-top:0px;padding-right:0px;padding-bottom:0px;padding-left:0px\"><span aria-hidden=\"true\" class=\"wp-block-cover__background has-background-dim-0 has-background-dim\"><\/span><div class=\"wp-block-cover__inner-container has-global-padding is-layout-constrained wp-container-core-cover-is-layout-f5c98baf wp-block-cover-is-layout-constrained\">\n<figure class=\"wp-block-image\"><img decoding=\"async\" src=\"https:\/\/www.camping-ideal-pyrenees.com\/wp-content\/uploads\/2026\/04\/location-mobil-home-argeles-gazost-1.jpg\" alt=\"Auto draft\"\/><\/figure>\n\n\n\n<p class=\"has-text-align-center has-custom-color-4-color has-text-color has-link-color has-wilden-font-family wp-elements-06785c3a4d5bbb2a489a185a376ac082\" style=\"border-top-color:var(--wp--preset--color--custom-color-4);border-top-width:1px;padding-top:var(--wp--preset--spacing--10);padding-right:1rem;padding-bottom:var(--wp--preset--spacing--10);padding-left:1rem;font-size:clamp(1.428rem, 1.428rem + ((1vw - 0.2rem) * 1.537), 2.35rem);\">Rates<\/p>\n<\/div><\/div>\n<\/a>\n<\/li><li data-wp-key=\"post-template-item-3312\" class=\"wp-block-post post-3312 page type-page status-publish has-post-thumbnail hentry\">\n<a style=\"--color-bkg:#3b485d;--color-bkg-hover:#3b485d;\" href=\"https:\/\/www.camping-ideal-pyrenees.com\/en\/mobile-home-rentals-arras-en-lavedan\/\"    class=\"wp-block-tiptip-hyperlink-group-block\" >\n<div data-swiper=\"{&quot;speed&quot;:1000,&quot;autoplay&quot;:{&quot;delay&quot;:5000,&quot;disableOnInteraction&quot;:false},&quot;spaceBetween&quot;:0,&quot;slidesPerView&quot;:1,&quot;pagination&quot;:{&quot;el&quot;:&quot;.swiper-pagination&quot;,&quot;dynamicBullets&quot;:true,&quot;clickable&quot;:true,&quot;type&quot;:&quot;bullets&quot;},&quot;navigation&quot;:{&quot;nextEl&quot;:&quot;.swiper-button-next&quot;,&quot;prevEl&quot;:&quot;.swiper-button-prev&quot;},&quot;breakpoints&quot;:[{&quot;slidesPerView&quot;:1}]}\" class=\"wp-block-cover is-light\" style=\"border-radius:25px;padding-top:0px;padding-right:0px;padding-bottom:0px;padding-left:0px\"><span aria-hidden=\"true\" class=\"wp-block-cover__background has-background-dim-0 has-background-dim\"><\/span><div class=\"wp-block-cover__inner-container has-global-padding is-layout-constrained wp-container-core-cover-is-layout-f5c98baf wp-block-cover-is-layout-constrained\">\n<figure class=\"wp-block-image\"><img decoding=\"async\" src=\"https:\/\/www.camping-ideal-pyrenees.com\/wp-content\/uploads\/2026\/04\/camping-arras-65.jpg\" alt=\"camping arras\"\/><\/figure>\n\n\n\n<p class=\"has-text-align-center has-custom-color-4-color has-text-color has-link-color has-wilden-font-family wp-elements-06785c3a4d5bbb2a489a185a376ac082\" style=\"border-top-color:var(--wp--preset--color--custom-color-4);border-top-width:1px;padding-top:var(--wp--preset--spacing--10);padding-right:1rem;padding-bottom:var(--wp--preset--spacing--10);padding-left:1rem;font-size:clamp(1.428rem, 1.428rem + ((1vw - 0.2rem) * 1.537), 2.35rem);\">Our rentals<\/p>\n<\/div><\/div>\n<\/a>\n<\/li><li data-wp-key=\"post-template-item-3328\" class=\"wp-block-post post-3328 page type-page status-publish has-post-thumbnail hentry\">\n<a style=\"--color-bkg:#3b485d;--color-bkg-hover:#3b485d;\" href=\"https:\/\/www.camping-ideal-pyrenees.com\/en\/campsite-outdoor-swimming-pool-arras-en-lavedan\/\"    class=\"wp-block-tiptip-hyperlink-group-block\" >\n<div data-swiper=\"{&quot;speed&quot;:1000,&quot;autoplay&quot;:{&quot;delay&quot;:5000,&quot;disableOnInteraction&quot;:false},&quot;spaceBetween&quot;:0,&quot;slidesPerView&quot;:1,&quot;pagination&quot;:{&quot;el&quot;:&quot;.swiper-pagination&quot;,&quot;dynamicBullets&quot;:true,&quot;clickable&quot;:true,&quot;type&quot;:&quot;bullets&quot;},&quot;navigation&quot;:{&quot;nextEl&quot;:&quot;.swiper-button-next&quot;,&quot;prevEl&quot;:&quot;.swiper-button-prev&quot;},&quot;breakpoints&quot;:[{&quot;slidesPerView&quot;:1}]}\" class=\"wp-block-cover is-light\" style=\"border-radius:25px;padding-top:0px;padding-right:0px;padding-bottom:0px;padding-left:0px\"><span aria-hidden=\"true\" class=\"wp-block-cover__background has-background-dim-0 has-background-dim\"><\/span><div class=\"wp-block-cover__inner-container has-global-padding is-layout-constrained wp-container-core-cover-is-layout-f5c98baf wp-block-cover-is-layout-constrained\">\n<figure class=\"wp-block-image\"><img decoding=\"async\" src=\"https:\/\/www.camping-ideal-pyrenees.com\/wp-content\/uploads\/2026\/04\/piscine-camping-argeles-gazost-1.jpg\" alt=\"swimming pool camping argeles gazost\"\/><\/figure>\n\n\n\n<p class=\"has-text-align-center has-custom-color-4-color has-text-color has-link-color has-wilden-font-family wp-elements-06785c3a4d5bbb2a489a185a376ac082\" style=\"border-top-color:var(--wp--preset--color--custom-color-4);border-top-width:1px;padding-top:var(--wp--preset--spacing--10);padding-right:1rem;padding-bottom:var(--wp--preset--spacing--10);padding-left:1rem;font-size:clamp(1.428rem, 1.428rem + ((1vw - 0.2rem) * 1.537), 2.35rem);\">The swimming pool<\/p>\n<\/div><\/div>\n<\/a>\n<\/li><\/ul><\/div>\n<\/div>\n","protected":false},"excerpt":{"rendered":"<p>This campsite near Argel\u00e8s-Gazost offers 70 quiet, shady pitches with trees and terraces, with unobstructed views of the surrounding peaks. In a peaceful setting with 24-hour security, you can organize a day trip, plan a stay to explore the Val d&#8217;Azun trails, or simply enjoy the campsite&#8217;s summer swimming pool. Pitches designed to let you [&hellip;]<\/p>\n","protected":false},"author":1,"featured_media":3202,"parent":0,"menu_order":0,"comment_status":"closed","ping_status":"closed","template":"","meta":{"_seopress_robots_primary_cat":"","_seopress_titles_title":"Pitch Argel\u00e8s-Gazost | Caravaning Hautes-Pyr\u00e9n\u00e9es","_seopress_titles_desc":"Discover our spacious, shady pitches, perfect for exploring the Hautes-Pyr\u00e9n\u00e9es or relaxing with a view of the peaks!","_seopress_robots_index":"","_gt_ctv_global_id":"838","_gt_ctv_id_group":false,"inline_featured_image":false,"gt_fse_maillage_image":"https:\/\/www.camping-ideal-pyrenees.com\/wp-content\/uploads\/2026\/04\/emplacement-caravaning-arras-hautes-pyrenees.jpg","gt_fse_maillage_titre":"Our pitches","gt_fse_maillage_alt":"pitches caravaning arras hautes pyrenees","gt_fse_maillage_resume":"","footnotes":""},"categories":[],"tags":[],"class_list":["post-3314","page","type-page","status-publish","has-post-thumbnail","hentry"],"_links":{"self":[{"href":"https:\/\/www.camping-ideal-pyrenees.com\/en\/wp-json\/wp\/v2\/pages\/3314","targetHints":{"allow":["GET"]}}],"collection":[{"href":"https:\/\/www.camping-ideal-pyrenees.com\/en\/wp-json\/wp\/v2\/pages"}],"about":[{"href":"https:\/\/www.camping-ideal-pyrenees.com\/en\/wp-json\/wp\/v2\/types\/page"}],"author":[{"embeddable":true,"href":"https:\/\/www.camping-ideal-pyrenees.com\/en\/wp-json\/wp\/v2\/users\/1"}],"replies":[{"embeddable":true,"href":"https:\/\/www.camping-ideal-pyrenees.com\/en\/wp-json\/wp\/v2\/comments?post=3314"}],"version-history":[{"count":6,"href":"https:\/\/www.camping-ideal-pyrenees.com\/en\/wp-json\/wp\/v2\/pages\/3314\/revisions"}],"predecessor-version":[{"id":3632,"href":"https:\/\/www.camping-ideal-pyrenees.com\/en\/wp-json\/wp\/v2\/pages\/3314\/revisions\/3632"}],"wp:featuredmedia":[{"embeddable":true,"href":"https:\/\/www.camping-ideal-pyrenees.com\/en\/wp-json\/wp\/v2\/media\/3202"}],"wp:attachment":[{"href":"https:\/\/www.camping-ideal-pyrenees.com\/en\/wp-json\/wp\/v2\/media?parent=3314"}],"wp:term":[{"taxonomy":"category","embeddable":true,"href":"https:\/\/www.camping-ideal-pyrenees.com\/en\/wp-json\/wp\/v2\/categories?post=3314"},{"taxonomy":"post_tag","embeddable":true,"href":"https:\/\/www.camping-ideal-pyrenees.com\/en\/wp-json\/wp\/v2\/tags?post=3314"}],"curies":[{"name":"wp","href":"https:\/\/api.w.org\/{rel}","templated":true}]}}