{"id":3318,"date":"2026-04-01T17:04:27","date_gmt":"2026-04-01T15:04:27","guid":{"rendered":"https:\/\/www.camping-ideal-pyrenees.com\/camping-pas-cher-arras-en-lavedan\/"},"modified":"2026-04-20T16:02:55","modified_gmt":"2026-04-20T14:02:55","slug":"cheap-campsite-arras-en-lavedan","status":"publish","type":"page","link":"https:\/\/www.camping-ideal-pyrenees.com\/en\/cheap-campsite-arras-en-lavedan\/","title":{"rendered":"Rates"},"content":{"rendered":"\n<div class=\"wp-block-group section-1 has-global-padding is-layout-constrained wp-container-core-group-is-layout-9dac7087 wp-block-group-is-layout-constrained\" style=\"padding-top:2rem;padding-right:6rem;padding-bottom:8rem;padding-left:6rem\">\n<div class=\"wp-block-columns is-layout-flex wp-container-core-columns-is-layout-65a7aca3 wp-block-columns-is-layout-flex\">\n<div class=\"wp-block-column is-vertically-aligned-center left is-layout-flow wp-block-column-is-layout-flow\">\n<div data-swiper=\"{&quot;speed&quot;:1000,&quot;autoplay&quot;:{&quot;delay&quot;:5000,&quot;disableOnInteraction&quot;:false},&quot;spaceBetween&quot;:0,&quot;slidesPerView&quot;:1,&quot;pagination&quot;:{&quot;el&quot;:&quot;.swiper-pagination&quot;,&quot;dynamicBullets&quot;:true,&quot;clickable&quot;:true,&quot;type&quot;:&quot;bullets&quot;},&quot;navigation&quot;:{&quot;nextEl&quot;:&quot;.swiper-button-next&quot;,&quot;prevEl&quot;:&quot;.swiper-button-prev&quot;},&quot;breakpoints&quot;:[{&quot;slidesPerView&quot;:1}]}\" class=\"wp-block-cover svg-background wp-duotone-02373d-02373d-1\"><img decoding=\"async\" width=\"470\" height=\"309\" class=\"wp-block-cover__image-background wp-image-2485 size-full\" alt=\"dessin tronc arbre bleu\" src=\"https:\/\/www.camping-ideal-pyrenees.com\/wp-content\/uploads\/2026\/04\/dessin-tronc-arbre-bleu.png\" data-object-fit=\"cover\" srcset=\"https:\/\/www.camping-ideal-pyrenees.com\/wp-content\/uploads\/2026\/04\/dessin-tronc-arbre-bleu.png 470w, https:\/\/www.camping-ideal-pyrenees.com\/wp-content\/uploads\/2026\/04\/dessin-tronc-arbre-bleu-300x197.png 300w\" sizes=\"(max-width: 470px) 100vw, 470px\" \/><span aria-hidden=\"true\" class=\"wp-block-cover__background has-background-dim-0 has-background-dim\"><\/span><div class=\"wp-block-cover__inner-container has-global-padding is-layout-constrained wp-container-core-cover-is-layout-12243e0f wp-block-cover-is-layout-constrained\">\n<p class=\"has-text-align-center sub-title center has-custom-color-1-color has-custom-color-5-background-color has-text-color has-background has-link-color wp-elements-36fbd5239e6b8c169fd56c8bd186b452\" style=\"border-style:none;border-width:0px;border-radius:100px;padding-top:6px;padding-right:30px;padding-bottom:6px;padding-left:30px;font-size:clamp(0.875rem, 0.875rem + ((1vw - 0.2rem) * 0.308), 1.06rem);font-style:normal;font-weight:500;letter-spacing:5px;text-transform:uppercase\">rates<\/p>\n\n\n\n<h1 class=\"wp-block-heading has-text-align-center has-custom-color-1-color has-text-color has-link-color has-wilden-font-family wp-elements-47044563db766a1ad44017c319c39a32\" style=\"font-size:clamp(2.2rem, 2.2rem + ((1vw - 0.2rem) * 3), 4rem);font-style:normal;font-weight:400;line-height:1\">Cheap camping near Argel\u00e8s-Gazost<\/h1>\n<\/div><\/div>\n\n\n\n<p class=\"has-text-align-center\">Staying at <a href=\"https:\/\/www.camping-ideal-pyrenees.com\/en\/\" data-type=\"page\" data-id=\"5\">Camping L&#8217;Id\u00e9al in the Hautes-Pyr\u00e9n\u00e9es<\/a> means enjoying an accessible campsite near Argel\u00e8s-Gazost, without compromising on <strong>setting<\/strong>, <strong>peace<\/strong> and <strong>quality<\/strong>. In the heart of the Hautes-Pyr\u00e9n\u00e9es, our campsite offers an ideal solution for vacations within everyone&#8217;s reach, in the middle of nature, with a beautiful swimming pool, an <strong>exceptional<\/strong> <strong>view<\/strong> <strong>of<\/strong> <strong>the<\/strong> <strong>mountains<\/strong> and a host of services included. <\/p>\n\n\n\n<div class=\"wp-block-group has-global-padding is-layout-constrained wp-container-core-group-is-layout-f36bc466 wp-block-group-is-layout-constrained\"><div class=\"wp-block-gt-gt-fse-widgets-ctv\" data-wp-interactive=\"gt\/ctv\/widgets\">\n\n                        <ctv-availability data-background-color=\"#faf4e7\"><\/ctv-availability>\n        \n    <\/div>\n<\/div>\n<\/div>\n<\/div>\n<\/div>\n\n<div class=\"wp-block-group section-4 no-cta has-global-padding is-layout-constrained wp-container-core-group-is-layout-f19ede79 wp-block-group-is-layout-constrained\" style=\"padding-right:0px;padding-bottom:0;padding-left:0px\">\n<div class=\"wp-block-group banner has-global-padding is-layout-constrained wp-container-core-group-is-layout-12243e0f wp-block-group-is-layout-constrained\">\n<figure class=\"wp-block-image size-large cursor\"><img decoding=\"async\" width=\"135\" height=\"135\" src=\"https:\/\/www.camping-ideal-pyrenees.com\/wp-content\/uploads\/2026\/04\/icon-cursor-blanc-bleu.svg\" alt=\"icon cursor white blue\" class=\"wp-image-2582\"\/><\/figure>\n\n\n\n<div class=\"wp-block-group has-global-padding is-layout-constrained wp-container-core-group-is-layout-12243e0f wp-block-group-is-layout-constrained\">\n<div data-swiper=\"{&quot;speed&quot;:1000,&quot;autoplay&quot;:{&quot;delay&quot;:5000,&quot;disableOnInteraction&quot;:false},&quot;spaceBetween&quot;:0,&quot;slidesPerView&quot;:1,&quot;pagination&quot;:{&quot;el&quot;:&quot;.swiper-pagination&quot;,&quot;dynamicBullets&quot;:true,&quot;clickable&quot;:true,&quot;type&quot;:&quot;bullets&quot;},&quot;navigation&quot;:{&quot;nextEl&quot;:&quot;.swiper-button-next&quot;,&quot;prevEl&quot;:&quot;.swiper-button-prev&quot;},&quot;breakpoints&quot;:[{&quot;slidesPerView&quot;:1}]}\" class=\"wp-block-cover\" style=\"min-height:100vh;aspect-ratio:unset;\"><img decoding=\"async\" width=\"2000\" height=\"1354\" class=\"wp-block-cover__image-background wp-image-2884 size-full\" alt=\"camping lac de gaube\" src=\"https:\/\/www.camping-ideal-pyrenees.com\/wp-content\/uploads\/2026\/04\/camping-lac-de-gaube.jpeg\" data-object-fit=\"cover\" srcset=\"https:\/\/www.camping-ideal-pyrenees.com\/wp-content\/uploads\/2026\/04\/camping-lac-de-gaube.jpeg 2000w, https:\/\/www.camping-ideal-pyrenees.com\/wp-content\/uploads\/2026\/04\/camping-lac-de-gaube-300x203.jpeg 300w, https:\/\/www.camping-ideal-pyrenees.com\/wp-content\/uploads\/2026\/04\/camping-lac-de-gaube-1024x693.jpeg 1024w, https:\/\/www.camping-ideal-pyrenees.com\/wp-content\/uploads\/2026\/04\/camping-lac-de-gaube-768x520.jpeg 768w, https:\/\/www.camping-ideal-pyrenees.com\/wp-content\/uploads\/2026\/04\/camping-lac-de-gaube-1536x1040.jpeg 1536w\" sizes=\"(max-width: 2000px) 100vw, 2000px\" \/><span aria-hidden=\"true\" class=\"wp-block-cover__background has-contrast-background-color has-background-dim-30 has-background-dim\"><\/span><div class=\"wp-block-cover__inner-container has-global-padding is-layout-constrained wp-container-core-cover-is-layout-12243e0f wp-block-cover-is-layout-constrained\">\n<p class=\"has-text-align-center has-text-color has-link-color has-wilden-font-family wp-elements-3e33c7b304d830d70b3ddaca3d26fa1a\" style=\"color:#fffdf7;font-size:clamp(3.001rem, 3.001rem + ((1vw - 0.2rem) * 4.848), 5.91rem);line-height:1\">low-cost camping<\/p>\n<\/div><\/div>\n<\/div>\n<\/div>\n\n\n\n<div class=\"wp-block-group content has-custom-color-1-background-color has-background has-global-padding is-layout-constrained wp-container-core-group-is-layout-79713580 wp-block-group-is-layout-constrained\" style=\"margin-top:-50px;margin-bottom:0;padding-top:8rem;padding-right:2rem;padding-bottom:8rem;padding-left:2rem\">\n<div class=\"wp-block-columns are-vertically-aligned-center is-layout-flex wp-container-core-columns-is-layout-6fcc1a87 wp-block-columns-is-layout-flex\" style=\"padding-right:8rem;padding-left:8rem\">\n<div class=\"wp-block-column is-vertically-aligned-center left is-layout-flow wp-block-column-is-layout-flow\" style=\"flex-basis:40%\">\n<div data-swiper=\"{&quot;speed&quot;:1000,&quot;autoplay&quot;:{&quot;delay&quot;:5000,&quot;disableOnInteraction&quot;:false},&quot;spaceBetween&quot;:0,&quot;slidesPerView&quot;:1,&quot;pagination&quot;:{&quot;el&quot;:&quot;.swiper-pagination&quot;,&quot;dynamicBullets&quot;:true,&quot;clickable&quot;:true,&quot;type&quot;:&quot;bullets&quot;},&quot;navigation&quot;:{&quot;nextEl&quot;:&quot;.swiper-button-next&quot;,&quot;prevEl&quot;:&quot;.swiper-button-prev&quot;},&quot;breakpoints&quot;:[{&quot;slidesPerView&quot;:1}]}\" class=\"wp-block-cover is-light svg-background\" style=\"min-height:261px;aspect-ratio:unset;\"><span aria-hidden=\"true\" class=\"wp-block-cover__background has-background-dim-0 has-background-dim\"><\/span><div class=\"wp-block-cover__inner-container has-global-padding is-layout-constrained wp-container-core-cover-is-layout-12243e0f wp-block-cover-is-layout-constrained\">\n<p class=\"has-text-align-left has-text-color has-link-color has-wilden-font-family wp-elements-e9be5bb2c7d1429847d9dd7c989980a7\" style=\"color:#fff4ea;font-size:clamp(2.418rem, 2.418rem + ((1vw - 0.2rem) * 3.47), 4.5rem);line-height:1\">The best of the mountains, at the best price.<\/p>\n<\/div><\/div>\n<\/div>\n\n\n\n<div class=\"wp-block-column is-vertically-aligned-center right is-layout-flow wp-block-column-is-layout-flow\" style=\"flex-basis:60%\">\n<div class=\"wp-block-group title is-horizontal is-nowrap is-layout-flex wp-container-core-group-is-layout-5d214b84 wp-block-group-is-layout-flex\">\n<h2 class=\"wp-block-heading has-text-color has-link-color wp-elements-3130543fd96495f813c30510c55fb24c\" style=\"color:#fff4ea\">Accommodation at the best price in Hautes-Pyr\u00e9n\u00e9es<\/h2>\n<\/div>\n\n\n\n<p class=\"has-custom-color-4-color has-text-color has-link-color wp-elements-6a5476ae78c60bba3c8c60f7f4784be1\">Camping L&#8217;Id\u00e9al offers a wide range of accommodation at the best prices in the Hautes-Pyr\u00e9n\u00e9es, to suit all budgets and tastes.<\/p>\n\n\n\n<p class=\"has-custom-color-4-color has-text-color has-link-color wp-elements-26d7c46dd1f8be78bae181e6c9c4494e\"><a href=\"https:\/\/www.camping-ideal-pyrenees.com\/en\/pitch-rental-arras-en-lavedan\/\" data-type=\"page\" data-id=\"2418\">Pitches for tents, vans, caravans and motorhomes<\/a>, <a href=\"https:\/\/www.camping-ideal-pyrenees.com\/en\/mobile-home-rentals-arras-en-lavedan\/\" data-type=\"page\" data-id=\"2414\">standard or comfort mobile homes, chalets or unusual accommodation<\/a>: there&#8217;s something for everyone. Our prices are designed to enable you to <strong>make the most<\/strong> <strong>of<\/strong> <strong>the mountains<\/strong>, whether for a short break or a longer stay. <\/p>\n\n\n\n<p class=\"has-custom-color-4-color has-text-color has-link-color wp-elements-b880540dfd0953050da31883b91c7a73\">When you choose Camping L&#8217;Id\u00e9al, you benefit from an excellent balance between <strong>price<\/strong>, <strong>quality<\/strong> <strong>of<\/strong> <strong>facilities<\/strong>, <strong>natural<\/strong> <strong>environment<\/strong> and <strong>services<\/strong> <strong>,<\/strong> just a stone&#8217;s throw from Argel\u00e8s-Gazost.<\/p>\n<\/div>\n<\/div>\n<\/div>\n<\/div>\n\n<div class=\"wp-block-group section-5 simple has-custom-color-4-background-color has-background has-global-padding is-layout-constrained wp-container-core-group-is-layout-1774d119 wp-block-group-is-layout-constrained\" style=\"margin-top:0px;margin-bottom:0px;padding-top:6rem;padding-right:8rem;padding-bottom:6rem;padding-left:8rem\">\n<div class=\"wp-block-columns is-layout-flex wp-container-core-columns-is-layout-65a7aca3 wp-block-columns-is-layout-flex\">\n<div class=\"wp-block-column is-vertically-aligned-center left is-layout-flow wp-block-column-is-layout-flow\" style=\"flex-basis:40%\">\n<div class=\"wp-block-group title is-vertical is-nowrap is-layout-flex wp-container-core-group-is-layout-d5948130 wp-block-group-is-layout-flex\">\n<div class=\"wp-block-group is-nowrap is-layout-flex wp-container-core-group-is-layout-6c531013 wp-block-group-is-layout-flex\">\n<h2 class=\"wp-block-heading\">Campsites with offers for cheap holidays<\/h2>\n<\/div>\n\n\n\n<p>Throughout the season, Camping L&#8217;Id\u00e9al <strong>offers<\/strong> a range of low-cost <strong>packages<\/strong> <strong>to<\/strong> make the mountains accessible to as many people as possible. Discounts on long stays, special off-season rates, packages for spa treatments, low-cost overnight stays for itinerants or sports enthusiasts passing through: there are several ways to <strong>keep your vacation budget under control<\/strong>. These offers are ideal for families, couples or travelers in search of nature and simplicity. Enjoy the Pyrenees, the pool and local activities without breaking the bank.   <\/p>\n<\/div>\n<\/div>\n\n\n\n<div class=\"wp-block-column is-vertically-aligned-center right is-layout-flow wp-block-column-is-layout-flow\" style=\"padding-bottom:10rem;flex-basis:60%\">\n<div class=\"wp-block-group has-global-padding is-layout-constrained wp-container-core-group-is-layout-f755808d wp-block-group-is-layout-constrained\" style=\"margin-top:0px;margin-bottom:0px;padding-top:0px;padding-right:0px;padding-bottom:0px;padding-left:0px\">\n<figure class=\"wp-block-image size-full has-custom-border\"><img decoding=\"async\" width=\"2560\" height=\"1588\" src=\"https:\/\/www.camping-ideal-pyrenees.com\/wp-content\/uploads\/2026\/04\/camping-vue-dessus-1-scaled.jpg\" alt=\"campsite view\" class=\"wp-image-3173\" style=\"border-top-left-radius:25px;border-top-right-radius:25px;border-bottom-left-radius:25px;border-bottom-right-radius:25px\" srcset=\"https:\/\/www.camping-ideal-pyrenees.com\/wp-content\/uploads\/2026\/04\/camping-vue-dessus-1-scaled.jpg 2560w, https:\/\/www.camping-ideal-pyrenees.com\/wp-content\/uploads\/2026\/04\/camping-vue-dessus-1-300x186.jpg 300w, https:\/\/www.camping-ideal-pyrenees.com\/wp-content\/uploads\/2026\/04\/camping-vue-dessus-1-1024x635.jpg 1024w, https:\/\/www.camping-ideal-pyrenees.com\/wp-content\/uploads\/2026\/04\/camping-vue-dessus-1-768x476.jpg 768w, https:\/\/www.camping-ideal-pyrenees.com\/wp-content\/uploads\/2026\/04\/camping-vue-dessus-1-1536x953.jpg 1536w, https:\/\/www.camping-ideal-pyrenees.com\/wp-content\/uploads\/2026\/04\/camping-vue-dessus-1-2048x1270.jpg 2048w\" sizes=\"(max-width: 2560px) 100vw, 2560px\" \/><\/figure>\n<\/div>\n<\/div>\n<\/div>\n<\/div>\n\n<div class=\"wp-block-group section-3 has-custom-color-5-background-color has-background has-global-padding is-layout-constrained wp-container-core-group-is-layout-56ecda4d wp-block-group-is-layout-constrained\" style=\"margin-top:0rem;padding-top:6rem;padding-bottom:6rem\">\n<div class=\"wp-block-columns are-vertically-aligned-center has-custom-color-1-color has-text-color has-link-color wp-elements-8cc8c14de1db0bb2bc09d99451572707 is-layout-flex wp-container-core-columns-is-layout-28f84493 wp-block-columns-is-layout-flex\">\n<div class=\"wp-block-column is-vertically-aligned-center left is-layout-flow wp-block-column-is-layout-flow\" style=\"flex-basis:55%\">\n<div data-swiper=\"{&quot;speed&quot;:1000,&quot;autoplay&quot;:{&quot;delay&quot;:5000,&quot;disableOnInteraction&quot;:false},&quot;spaceBetween&quot;:0,&quot;slidesPerView&quot;:1,&quot;pagination&quot;:{&quot;el&quot;:&quot;.swiper-pagination&quot;,&quot;dynamicBullets&quot;:true,&quot;clickable&quot;:true,&quot;type&quot;:&quot;bullets&quot;},&quot;navigation&quot;:{&quot;nextEl&quot;:&quot;.swiper-button-next&quot;,&quot;prevEl&quot;:&quot;.swiper-button-prev&quot;},&quot;breakpoints&quot;:[{&quot;slidesPerView&quot;:1}]}\" class=\"wp-block-cover has-aspect-ratio\" style=\"border-top-left-radius:25px;border-top-right-radius:25px;border-bottom-left-radius:25px;border-bottom-right-radius:25px;padding-top:0px;padding-right:0px;padding-bottom:0px;padding-left:0px;aspect-ratio:4\/3;min-height:unset;\"><img decoding=\"async\" class=\"wp-block-cover__image-background wp-image-2574 size-full\" alt=\"emplacements camping ideal\" src=\"https:\/\/www.camping-ideal-pyrenees.com\/wp-content\/uploads\/2026\/04\/emplacements-camping-ideal.jpg\" data-object-fit=\"cover\"\/><span aria-hidden=\"true\" class=\"wp-block-cover__background has-background-dim-40 has-background-dim wp-block-cover__gradient-background has-background-gradient\" style=\"background:linear-gradient(180deg,rgb(2,55,61) 10%,rgba(255,255,255,0) 33%)\"><\/span><div class=\"wp-block-cover__inner-container has-global-padding is-layout-constrained wp-container-core-cover-is-layout-f5c98baf wp-block-cover-is-layout-constrained\">\n<p class=\"has-text-align-center has-large-font-size\"><\/p>\n<\/div><\/div>\n<\/div>\n\n\n\n<div class=\"wp-block-column is-vertically-aligned-center right is-layout-flow wp-block-column-is-layout-flow\" style=\"padding-right:4rem;padding-left:4rem\">\n<h2 class=\"wp-block-heading has-text-align-left\">Book direct and benefit from the best value for money<\/h2>\n\n\n\n<p class=\"has-text-align-left\">When you book directly on our website, you benefit from the <strong>best value for money<\/strong>, without the extra costs associated with booking platforms. You&#8217;ll have access to our lowest rates, <strong>exclusive<\/strong> <strong>offers<\/strong> and direct contact to organize your stay to suit your needs. <\/p>\n\n\n\n<p class=\"has-text-align-left\">Booking direct also means a <strong>personalized<\/strong> <strong>welcome<\/strong>, <strong>tailored<\/strong> <strong>advice<\/strong> and <strong>greater<\/strong> <strong>flexibility<\/strong>. It&#8217;s a simple, transparent way to plan an economical vacation, while taking full advantage of the exceptional natural setting of the Hautes-Pyr\u00e9n\u00e9es. <\/p>\n<\/div>\n<\/div>\n<\/div>\n\n<div class=\"wp-block-group section-maillage has-custom-color-4-background-color has-background has-global-padding is-layout-constrained wp-container-core-group-is-layout-ef386722 wp-block-group-is-layout-constrained\" style=\"margin-top:0px;margin-bottom:0px;padding-top:8rem;padding-right:8rem;padding-bottom:8rem;padding-left:8rem\">\n<div data-swiper=\"{&quot;speed&quot;:1000,&quot;autoplay&quot;:{&quot;delay&quot;:5000,&quot;disableOnInteraction&quot;:false},&quot;spaceBetween&quot;:0,&quot;slidesPerView&quot;:1,&quot;pagination&quot;:{&quot;el&quot;:&quot;.swiper-pagination&quot;,&quot;dynamicBullets&quot;:true,&quot;clickable&quot;:true,&quot;type&quot;:&quot;bullets&quot;},&quot;navigation&quot;:{&quot;nextEl&quot;:&quot;.swiper-button-next&quot;,&quot;prevEl&quot;:&quot;.swiper-button-prev&quot;},&quot;breakpoints&quot;:[{&quot;slidesPerView&quot;:1}]}\" class=\"wp-block-cover is-light svg-background wp-duotone-02373d-02373d-2\" style=\"min-height:100px;aspect-ratio:unset;\"><span aria-hidden=\"true\" class=\"wp-block-cover__background has-background-dim-0 has-background-dim\"><\/span><div class=\"wp-block-cover__inner-container has-global-padding is-layout-constrained wp-container-core-cover-is-layout-12243e0f wp-block-cover-is-layout-constrained\">\n<p class=\"has-text-align-center has-custom-color-1-color has-text-color has-link-color has-wilden-font-family wp-elements-85e7d143cc2858f9180e10c971f6636c\" style=\"font-size:clamp(1.743rem, 1.743rem + ((1vw - 0.2rem) * 2.095), 3rem);line-height:1\">Take advantage of our accommodation, <br\/>pitches and services<\/p>\n<\/div><\/div>\n\n\n\n<div data-swiper=\"{&quot;speed&quot;:400,&quot;spaceBetween&quot;:16,&quot;slidesPerView&quot;:3,&quot;createElements&quot;:true,&quot;loop&quot;:true,&quot;freemode&quot;:true,&quot;navigation&quot;:{&quot;nextEl&quot;:&quot;buttonNext&quot;,&quot;prevEl&quot;:&quot;buttonPrev&quot;},&quot;pagination&quot;:{&quot;el&quot;:&quot;.swiper-pagination&quot;,&quot;dynamicBullets&quot;:true},&quot;breakpoints&quot;:{&quot;0&quot;:{&quot;slidesPerView&quot;:1},&quot;768&quot;:{&quot;slidesPerView&quot;:2},&quot;1260&quot;:{&quot;slidesPerView&quot;:3}},&quot;autoplay&quot;:{&quot;delay&quot;:4000}}\" data-wp-context=\"{}\" data-wp-interactive=\"core\/query\" data-wp-key=\"0\" data-wp-router-region=\"query-0\" class=\"wp-block-query alignwide gt-fse-maillage-query gt-is-slider gt-is-slider-desktop is-layout-flow wp-block-query-is-layout-flow\"><ul class=\"columns-3 wp-block-post-template is-layout-grid wp-container-core-post-template-is-layout-6d3fbd8f wp-block-post-template-is-layout-grid\"><li data-wp-key=\"post-template-item-3314\" class=\"wp-block-post post-3314 page type-page status-publish has-post-thumbnail hentry\">\n<a style=\"--color-bkg:#3b485d;--color-bkg-hover:#3b485d;\" href=\"https:\/\/www.camping-ideal-pyrenees.com\/en\/pitch-rental-arras-en-lavedan\/\"    class=\"wp-block-tiptip-hyperlink-group-block\" >\n<div data-swiper=\"{&quot;speed&quot;:1000,&quot;autoplay&quot;:{&quot;delay&quot;:5000,&quot;disableOnInteraction&quot;:false},&quot;spaceBetween&quot;:0,&quot;slidesPerView&quot;:1,&quot;pagination&quot;:{&quot;el&quot;:&quot;.swiper-pagination&quot;,&quot;dynamicBullets&quot;:true,&quot;clickable&quot;:true,&quot;type&quot;:&quot;bullets&quot;},&quot;navigation&quot;:{&quot;nextEl&quot;:&quot;.swiper-button-next&quot;,&quot;prevEl&quot;:&quot;.swiper-button-prev&quot;},&quot;breakpoints&quot;:[{&quot;slidesPerView&quot;:1}]}\" class=\"wp-block-cover is-light\" style=\"border-radius:25px;padding-top:0px;padding-right:0px;padding-bottom:0px;padding-left:0px\"><span aria-hidden=\"true\" class=\"wp-block-cover__background has-background-dim-0 has-background-dim\"><\/span><div class=\"wp-block-cover__inner-container has-global-padding is-layout-constrained wp-container-core-cover-is-layout-f5c98baf wp-block-cover-is-layout-constrained\">\n<figure class=\"wp-block-image\"><img decoding=\"async\" src=\"https:\/\/www.camping-ideal-pyrenees.com\/wp-content\/uploads\/2026\/04\/emplacement-caravaning-arras-hautes-pyrenees.jpg\" alt=\"pitches caravaning arras hautes pyrenees\"\/><\/figure>\n\n\n\n<p class=\"has-text-align-center has-custom-color-4-color has-text-color has-link-color has-wilden-font-family wp-elements-06785c3a4d5bbb2a489a185a376ac082\" style=\"border-top-color:var(--wp--preset--color--custom-color-4);border-top-width:1px;padding-top:var(--wp--preset--spacing--10);padding-right:1rem;padding-bottom:var(--wp--preset--spacing--10);padding-left:1rem;font-size:clamp(1.428rem, 1.428rem + ((1vw - 0.2rem) * 1.537), 2.35rem);\">Our pitches<\/p>\n<\/div><\/div>\n<\/a>\n<\/li><li data-wp-key=\"post-template-item-3312\" class=\"wp-block-post post-3312 page type-page status-publish has-post-thumbnail hentry\">\n<a style=\"--color-bkg:#3b485d;--color-bkg-hover:#3b485d;\" href=\"https:\/\/www.camping-ideal-pyrenees.com\/en\/mobile-home-rentals-arras-en-lavedan\/\"    class=\"wp-block-tiptip-hyperlink-group-block\" >\n<div data-swiper=\"{&quot;speed&quot;:1000,&quot;autoplay&quot;:{&quot;delay&quot;:5000,&quot;disableOnInteraction&quot;:false},&quot;spaceBetween&quot;:0,&quot;slidesPerView&quot;:1,&quot;pagination&quot;:{&quot;el&quot;:&quot;.swiper-pagination&quot;,&quot;dynamicBullets&quot;:true,&quot;clickable&quot;:true,&quot;type&quot;:&quot;bullets&quot;},&quot;navigation&quot;:{&quot;nextEl&quot;:&quot;.swiper-button-next&quot;,&quot;prevEl&quot;:&quot;.swiper-button-prev&quot;},&quot;breakpoints&quot;:[{&quot;slidesPerView&quot;:1}]}\" class=\"wp-block-cover is-light\" style=\"border-radius:25px;padding-top:0px;padding-right:0px;padding-bottom:0px;padding-left:0px\"><span aria-hidden=\"true\" class=\"wp-block-cover__background has-background-dim-0 has-background-dim\"><\/span><div class=\"wp-block-cover__inner-container has-global-padding is-layout-constrained wp-container-core-cover-is-layout-f5c98baf wp-block-cover-is-layout-constrained\">\n<figure class=\"wp-block-image\"><img decoding=\"async\" src=\"https:\/\/www.camping-ideal-pyrenees.com\/wp-content\/uploads\/2026\/04\/camping-arras-65.jpg\" alt=\"camping arras\"\/><\/figure>\n\n\n\n<p class=\"has-text-align-center has-custom-color-4-color has-text-color has-link-color has-wilden-font-family wp-elements-06785c3a4d5bbb2a489a185a376ac082\" style=\"border-top-color:var(--wp--preset--color--custom-color-4);border-top-width:1px;padding-top:var(--wp--preset--spacing--10);padding-right:1rem;padding-bottom:var(--wp--preset--spacing--10);padding-left:1rem;font-size:clamp(1.428rem, 1.428rem + ((1vw - 0.2rem) * 1.537), 2.35rem);\">Our rentals<\/p>\n<\/div><\/div>\n<\/a>\n<\/li><li data-wp-key=\"post-template-item-3326\" class=\"wp-block-post post-3326 page type-page status-publish has-post-thumbnail hentry\">\n<a style=\"--color-bkg:#3b485d;--color-bkg-hover:#3b485d;\" href=\"https:\/\/www.camping-ideal-pyrenees.com\/en\/family-campsite-arras-en-lavedan\/\"    class=\"wp-block-tiptip-hyperlink-group-block\" >\n<div data-swiper=\"{&quot;speed&quot;:1000,&quot;autoplay&quot;:{&quot;delay&quot;:5000,&quot;disableOnInteraction&quot;:false},&quot;spaceBetween&quot;:0,&quot;slidesPerView&quot;:1,&quot;pagination&quot;:{&quot;el&quot;:&quot;.swiper-pagination&quot;,&quot;dynamicBullets&quot;:true,&quot;clickable&quot;:true,&quot;type&quot;:&quot;bullets&quot;},&quot;navigation&quot;:{&quot;nextEl&quot;:&quot;.swiper-button-next&quot;,&quot;prevEl&quot;:&quot;.swiper-button-prev&quot;},&quot;breakpoints&quot;:[{&quot;slidesPerView&quot;:1}]}\" class=\"wp-block-cover is-light\" style=\"border-radius:25px;padding-top:0px;padding-right:0px;padding-bottom:0px;padding-left:0px\"><span aria-hidden=\"true\" class=\"wp-block-cover__background has-background-dim-0 has-background-dim\"><\/span><div class=\"wp-block-cover__inner-container has-global-padding is-layout-constrained wp-container-core-cover-is-layout-f5c98baf wp-block-cover-is-layout-constrained\">\n<figure class=\"wp-block-image\"><img decoding=\"async\" src=\"https:\/\/www.camping-ideal-pyrenees.com\/wp-content\/uploads\/2026\/04\/camping-familial-hautes-pyrenees.jpg\" alt=\"hautes pyrenees family campsite\"\/><\/figure>\n\n\n\n<p class=\"has-text-align-center has-custom-color-4-color has-text-color has-link-color has-wilden-font-family wp-elements-06785c3a4d5bbb2a489a185a376ac082\" style=\"border-top-color:var(--wp--preset--color--custom-color-4);border-top-width:1px;padding-top:var(--wp--preset--spacing--10);padding-right:1rem;padding-bottom:var(--wp--preset--spacing--10);padding-left:1rem;font-size:clamp(1.428rem, 1.428rem + ((1vw - 0.2rem) * 1.537), 2.35rem);\">services and activities<\/p>\n<\/div><\/div>\n<\/a>\n<\/li><\/ul><\/div>\n<\/div>\n","protected":false},"excerpt":{"rendered":"<p>Staying at Camping L&#8217;Id\u00e9al in the Hautes-Pyr\u00e9n\u00e9es means enjoying an accessible campsite near Argel\u00e8s-Gazost, without compromising on setting, peace and quality. In the heart of the Hautes-Pyr\u00e9n\u00e9es, our campsite offers an ideal solution for vacations within everyone&#8217;s reach, in the middle of nature, with a beautiful swimming pool, an exceptional view of the mountains and [&hellip;]<\/p>\n","protected":false},"author":1,"featured_media":2491,"parent":0,"menu_order":0,"comment_status":"closed","ping_status":"closed","template":"","meta":{"_seopress_robots_primary_cat":"","_seopress_titles_title":"Cheap camping in the Hautes-Pyr\u00e9n\u00e9es, near Argel\u00e8s-Gazost","_seopress_titles_desc":"Camping L'Id\u00e9al offers mountain vacations to suit all budgets, with a wide range of accommodation and attractive offers throughout the season. Book direct to take advantage of the best rates, with no platform fees. ","_seopress_robots_index":"","_gt_ctv_global_id":"838","_gt_ctv_id_group":false,"inline_featured_image":false,"gt_fse_maillage_image":"https:\/\/www.camping-ideal-pyrenees.com\/wp-content\/uploads\/2026\/04\/location-mobil-home-argeles-gazost-1.jpg","gt_fse_maillage_titre":"Rates","gt_fse_maillage_alt":"Auto draft","gt_fse_maillage_resume":"","footnotes":""},"categories":[],"tags":[],"class_list":["post-3318","page","type-page","status-publish","has-post-thumbnail","hentry"],"_links":{"self":[{"href":"https:\/\/www.camping-ideal-pyrenees.com\/en\/wp-json\/wp\/v2\/pages\/3318","targetHints":{"allow":["GET"]}}],"collection":[{"href":"https:\/\/www.camping-ideal-pyrenees.com\/en\/wp-json\/wp\/v2\/pages"}],"about":[{"href":"https:\/\/www.camping-ideal-pyrenees.com\/en\/wp-json\/wp\/v2\/types\/page"}],"author":[{"embeddable":true,"href":"https:\/\/www.camping-ideal-pyrenees.com\/en\/wp-json\/wp\/v2\/users\/1"}],"replies":[{"embeddable":true,"href":"https:\/\/www.camping-ideal-pyrenees.com\/en\/wp-json\/wp\/v2\/comments?post=3318"}],"version-history":[{"count":6,"href":"https:\/\/www.camping-ideal-pyrenees.com\/en\/wp-json\/wp\/v2\/pages\/3318\/revisions"}],"predecessor-version":[{"id":3531,"href":"https:\/\/www.camping-ideal-pyrenees.com\/en\/wp-json\/wp\/v2\/pages\/3318\/revisions\/3531"}],"wp:featuredmedia":[{"embeddable":true,"href":"https:\/\/www.camping-ideal-pyrenees.com\/en\/wp-json\/wp\/v2\/media\/2491"}],"wp:attachment":[{"href":"https:\/\/www.camping-ideal-pyrenees.com\/en\/wp-json\/wp\/v2\/media?parent=3318"}],"wp:term":[{"taxonomy":"category","embeddable":true,"href":"https:\/\/www.camping-ideal-pyrenees.com\/en\/wp-json\/wp\/v2\/categories?post=3318"},{"taxonomy":"post_tag","embeddable":true,"href":"https:\/\/www.camping-ideal-pyrenees.com\/en\/wp-json\/wp\/v2\/tags?post=3318"}],"curies":[{"name":"wp","href":"https:\/\/api.w.org\/{rel}","templated":true}]}}