{"id":3320,"date":"2025-10-03T17:38:16","date_gmt":"2025-10-03T15:38:16","guid":{"rendered":"https:\/\/www.camping-ideal-pyrenees.com\/accueil\/"},"modified":"2026-04-30T12:07:04","modified_gmt":"2026-04-30T10:07:04","slug":"accueil","status":"publish","type":"page","link":"https:\/\/www.camping-ideal-pyrenees.com\/en\/","title":{"rendered":"Home"},"content":{"rendered":"\n<div class=\"wp-block-group section-1 has-global-padding is-layout-constrained wp-container-core-group-is-layout-82c3f5b4 wp-block-group-is-layout-constrained\" style=\"padding-top:8rem;padding-right:6rem;padding-bottom:8rem;padding-left:6rem\">\n<div class=\"wp-block-columns are-vertically-aligned-top is-layout-flex wp-container-core-columns-is-layout-65a7aca3 wp-block-columns-is-layout-flex\">\n<div class=\"wp-block-column is-vertically-aligned-top left is-layout-flow wp-block-column-is-layout-flow\">\n<div data-swiper=\"{&quot;speed&quot;:1000,&quot;autoplay&quot;:{&quot;delay&quot;:5000,&quot;disableOnInteraction&quot;:false},&quot;spaceBetween&quot;:0,&quot;slidesPerView&quot;:1,&quot;pagination&quot;:{&quot;el&quot;:&quot;.swiper-pagination&quot;,&quot;dynamicBullets&quot;:true,&quot;clickable&quot;:true,&quot;type&quot;:&quot;bullets&quot;},&quot;navigation&quot;:{&quot;nextEl&quot;:&quot;.swiper-button-next&quot;,&quot;prevEl&quot;:&quot;.swiper-button-prev&quot;},&quot;breakpoints&quot;:[{&quot;slidesPerView&quot;:1}]}\" class=\"wp-block-cover svg-background wp-duotone-02373d-02373d-1\"><img decoding=\"async\" width=\"470\" height=\"309\" class=\"wp-block-cover__image-background wp-image-2485 size-full\" alt=\"dessin tronc arbre bleu\" src=\"https:\/\/www.camping-ideal-pyrenees.com\/wp-content\/uploads\/2026\/04\/dessin-tronc-arbre-bleu.png\" data-object-fit=\"cover\" srcset=\"https:\/\/www.camping-ideal-pyrenees.com\/wp-content\/uploads\/2026\/04\/dessin-tronc-arbre-bleu.png 470w, https:\/\/www.camping-ideal-pyrenees.com\/wp-content\/uploads\/2026\/04\/dessin-tronc-arbre-bleu-300x197.png 300w\" sizes=\"(max-width: 470px) 100vw, 470px\" \/><span aria-hidden=\"true\" class=\"wp-block-cover__background has-background-dim-0 has-background-dim\"><\/span><div class=\"wp-block-cover__inner-container has-global-padding is-layout-constrained wp-container-core-cover-is-layout-12243e0f wp-block-cover-is-layout-constrained\">\n<p class=\"has-text-align-center sub-title center has-custom-color-1-color has-custom-color-5-background-color has-text-color has-background has-link-color wp-elements-636f6b11b0d04d18944cd6eaeffcd0b8\" style=\"border-style:none;border-width:0px;border-radius:100px;padding-top:6px;padding-right:30px;padding-bottom:6px;padding-left:30px;font-size:clamp(0.875rem, 0.875rem + ((1vw - 0.2rem) * 0.308), 1.06rem);font-style:normal;font-weight:500;letter-spacing:5px;text-transform:uppercase\">The campsite<\/p>\n\n\n\n<p class=\"has-text-align-center has-custom-color-1-color has-text-color has-link-color has-wilden-font-family wp-elements-ef1395cc6d56b1077f26e6e4606cde6a\" style=\"font-size:clamp(3.053rem, 3.053rem + ((1vw - 0.2rem) * 4.978), 6.04rem);line-height:1\">Nature<br\/>calls you<\/p>\n<\/div><\/div>\n\n\n\n<figure class=\"wp-block-image aligncenter size-full animated jackInTheBox\" style=\"margin-right:var(--wp--preset--spacing--50);margin-left:var(--wp--preset--spacing--50)\"><img decoding=\"async\" width=\"294\" height=\"253\" src=\"https:\/\/www.camping-ideal-pyrenees.com\/wp-content\/uploads\/2026\/04\/dessin-tente-a-la-montagne.png\" alt=\"tent design in the mountains\" class=\"wp-image-2482\" style=\"aspect-ratio:1;object-fit:cover\"\/><\/figure>\n\n\n\n<h1 class=\"wp-block-heading has-text-align-center has-custom-color-1-color has-text-color has-link-color wp-elements-673a0cb8e61e6191842b443aaa9773c8\">Campsite near Argel\u00e8s-Gazost<\/h1>\n\n\n\n<p class=\"has-text-align-center\">Just 2 km from Argel\u00e8s-Gazost, Val d&#8217;Azun welcomes you to a calm, unspoilt setting, with an <strong>exceptional 360\u00b0 view of<\/strong> the mountains.<br\/>Here, you take your time, breathe, move&#8230; and feel good.<\/p>\n\n\n\n<p class=\"has-text-align-center\">Whether you&#8217;re looking to relax, hike in the mountains, ski or recharge your batteries as a family or couple, camping in the Hautes-Pyr\u00e9n\u00e9es is the perfect starting point for discovering the Vall\u00e9e des Gaves and the Pyrenees.<\/p>\n\n\n\n<p class=\"has-text-align-center\">Between <strong>hiking<\/strong>, <strong>cycling<\/strong>, <strong>mountain biking<\/strong>, <strong>skiing<\/strong>, <strong>swimming<\/strong> and <strong>local discoveries<\/strong>, each holiday can be adapted to your pace all year round.<\/p>\n<\/div>\n\n\n\n<div class=\"wp-block-column is-vertically-aligned-top right is-layout-flow wp-block-column-is-layout-flow\">\n<div data-swiper=\"{&quot;speed&quot;:1000,&quot;autoplay&quot;:{&quot;delay&quot;:5000,&quot;disableOnInteraction&quot;:false},&quot;spaceBetween&quot;:0,&quot;slidesPerView&quot;:1,&quot;pagination&quot;:{&quot;el&quot;:&quot;.swiper-pagination&quot;,&quot;dynamicBullets&quot;:true,&quot;clickable&quot;:true,&quot;type&quot;:&quot;bullets&quot;},&quot;navigation&quot;:{&quot;nextEl&quot;:&quot;.swiper-button-next&quot;,&quot;prevEl&quot;:&quot;.swiper-button-prev&quot;},&quot;breakpoints&quot;:[{&quot;slidesPerView&quot;:1}]}\" class=\"wp-block-cover\" style=\"border-top-left-radius:25px;border-top-right-radius:25px;border-bottom-left-radius:25px;border-bottom-right-radius:25px;padding-top:0px;padding-right:0px;padding-bottom:0px;padding-left:0px\"><img decoding=\"async\" width=\"950\" height=\"1027\" class=\"wp-block-cover__image-background wp-image-2854 size-full\" alt=\"camping argeles gazost\" src=\"https:\/\/www.camping-ideal-pyrenees.com\/wp-content\/uploads\/2026\/04\/camping-argeles-gazost.jpg\" data-object-fit=\"cover\" srcset=\"https:\/\/www.camping-ideal-pyrenees.com\/wp-content\/uploads\/2026\/04\/camping-argeles-gazost.jpg 950w, https:\/\/www.camping-ideal-pyrenees.com\/wp-content\/uploads\/2026\/04\/camping-argeles-gazost-278x300.jpg 278w, https:\/\/www.camping-ideal-pyrenees.com\/wp-content\/uploads\/2026\/04\/camping-argeles-gazost-947x1024.jpg 947w, https:\/\/www.camping-ideal-pyrenees.com\/wp-content\/uploads\/2026\/04\/camping-argeles-gazost-768x830.jpg 768w\" sizes=\"(max-width: 950px) 100vw, 950px\" \/><span aria-hidden=\"true\" class=\"wp-block-cover__background has-background-dim-100 has-background-dim wp-block-cover__gradient-background has-background-gradient\" style=\"background:linear-gradient(180deg,rgba(82,168,168,0.52) 4%,rgba(82,168,168,0) 34%)\"><\/span><div class=\"wp-block-cover__inner-container has-global-padding is-layout-constrained wp-container-core-cover-is-layout-f5c98baf wp-block-cover-is-layout-constrained\">\n<div class=\"wp-block-group is-content-justification-space-between is-nowrap is-layout-flex wp-container-core-group-is-layout-cb46ffcb wp-block-group-is-layout-flex\">\n<p class=\"has-text-align-left has-custom-color-4-color has-text-color has-link-color has-wilden-font-family wp-elements-7a621391de7d4ec2c4eaee876efbe013\" style=\"padding-top:0;padding-right:0;padding-bottom:0;padding-left:0;font-size:clamp(1.537rem, 1.537rem + ((1vw - 0.2rem) * 1.722), 2.57rem);line-height:1\">green landscapes<br\/>as far as the eye can see<\/p>\n\n\n\n<div class=\"wp-block-group is-nowrap is-layout-flex wp-container-core-group-is-layout-d01e06d6 wp-block-group-is-layout-flex\">\n<p class=\"has-text-align-left has-custom-color-4-color has-text-color has-link-color has-wilden-font-family wp-elements-7328ba29a95c057f600d7bd98e5092cd\" style=\"padding-top:0;padding-right:0;padding-bottom:0;padding-left:0;font-size:clamp(1.388rem, 1.388rem + ((1vw - 0.2rem) * 1.47), 2.27rem);line-height:1\">n\u00b0<\/p>\n\n\n\n<p class=\"has-text-align-left has-custom-color-4-color has-text-color has-link-color has-wilden-font-family wp-elements-664b31351969ee3bb80f78f0e7079606\" style=\"padding-top:0;padding-right:0;padding-bottom:0;padding-left:0;font-size:clamp(3.167rem, 3.167rem + ((1vw - 0.2rem) * 5.272), 6.33rem);line-height:0.7\">1<\/p>\n<\/div>\n<\/div>\n<\/div><\/div>\n\n\n\n<figure class=\"wp-block-image size-large has-custom-border backgound-img\"><img decoding=\"async\" width=\"683\" height=\"1024\" src=\"https:\/\/www.camping-ideal-pyrenees.com\/wp-content\/uploads\/2026\/04\/camping-proche-de-argeles-gazost-683x1024.jpg\" alt=\"campsite near argeles gazost\" class=\"wp-image-2494\" style=\"border-top-left-radius:25px;border-top-right-radius:25px;border-bottom-left-radius:25px;border-bottom-right-radius:25px\" srcset=\"https:\/\/www.camping-ideal-pyrenees.com\/wp-content\/uploads\/2026\/04\/camping-proche-de-argeles-gazost-683x1024.jpg 683w, https:\/\/www.camping-ideal-pyrenees.com\/wp-content\/uploads\/2026\/04\/camping-proche-de-argeles-gazost-200x300.jpg 200w, https:\/\/www.camping-ideal-pyrenees.com\/wp-content\/uploads\/2026\/04\/camping-proche-de-argeles-gazost-768x1152.jpg 768w, https:\/\/www.camping-ideal-pyrenees.com\/wp-content\/uploads\/2026\/04\/camping-proche-de-argeles-gazost-1024x1536.jpg 1024w, https:\/\/www.camping-ideal-pyrenees.com\/wp-content\/uploads\/2026\/04\/camping-proche-de-argeles-gazost-1365x2048.jpg 1365w, https:\/\/www.camping-ideal-pyrenees.com\/wp-content\/uploads\/2026\/04\/camping-proche-de-argeles-gazost-scaled.jpg 1707w\" sizes=\"(max-width: 683px) 100vw, 683px\" \/><\/figure>\n<\/div>\n<\/div>\n<\/div>\n\n<div class=\"wp-block-group section-2 has-custom-color-1-background-color has-background has-global-padding is-layout-constrained wp-container-core-group-is-layout-cfafd068 wp-block-group-is-layout-constrained\" style=\"padding-top:6rem;padding-right:2rem;padding-bottom:6rem;padding-left:2rem\">\n<div class=\"wp-block-columns is-layout-flex wp-container-core-columns-is-layout-fac3d76d wp-block-columns-is-layout-flex\" style=\"padding-right:8rem;padding-bottom:var(--wp--preset--spacing--30);padding-left:8rem\">\n<div class=\"wp-block-column left is-layout-flow wp-block-column-is-layout-flow\">\n<div data-swiper=\"{&quot;speed&quot;:1000,&quot;autoplay&quot;:{&quot;delay&quot;:5000,&quot;disableOnInteraction&quot;:false},&quot;spaceBetween&quot;:0,&quot;slidesPerView&quot;:1,&quot;pagination&quot;:{&quot;el&quot;:&quot;.swiper-pagination&quot;,&quot;dynamicBullets&quot;:true,&quot;clickable&quot;:true,&quot;type&quot;:&quot;bullets&quot;},&quot;navigation&quot;:{&quot;nextEl&quot;:&quot;.swiper-button-next&quot;,&quot;prevEl&quot;:&quot;.swiper-button-prev&quot;},&quot;breakpoints&quot;:[{&quot;slidesPerView&quot;:1}]}\" class=\"wp-block-cover is-light svg-background\" style=\"min-height:100px;aspect-ratio:unset;\"><img decoding=\"async\" width=\"330\" height=\"291\" class=\"wp-block-cover__image-background wp-image-2526 size-full\" alt=\"dessin bouee flamant rose\" src=\"https:\/\/www.camping-ideal-pyrenees.com\/wp-content\/uploads\/2026\/04\/dessin-bouee-flamant-rose.png\" data-object-fit=\"cover\" srcset=\"https:\/\/www.camping-ideal-pyrenees.com\/wp-content\/uploads\/2026\/04\/dessin-bouee-flamant-rose.png 330w, https:\/\/www.camping-ideal-pyrenees.com\/wp-content\/uploads\/2026\/04\/dessin-bouee-flamant-rose-300x265.png 300w\" sizes=\"(max-width: 330px) 100vw, 330px\" \/><span aria-hidden=\"true\" class=\"wp-block-cover__background has-background-dim-0 has-background-dim\" style=\"background-color:#e4d5b5\"><\/span><div class=\"wp-block-cover__inner-container has-global-padding is-layout-constrained wp-container-core-cover-is-layout-12243e0f wp-block-cover-is-layout-constrained\">\n<p class=\"has-text-align-center sub-title center has-custom-color-1-color has-custom-color-5-background-color has-text-color has-background has-link-color wp-elements-d439bc520961349ff7c848cf2e1b28f8\" style=\"border-style:none;border-width:0px;border-radius:100px;padding-top:6px;padding-right:30px;padding-bottom:6px;padding-left:30px;font-size:clamp(0.875rem, 0.875rem + ((1vw - 0.2rem) * 0.308), 1.06rem);font-style:normal;font-weight:500;letter-spacing:5px;text-transform:uppercase\">The swimming pool<\/p>\n\n\n\n<p class=\"has-text-align-left has-custom-color-4-color has-text-color has-link-color has-wilden-font-family wp-elements-a83c16dc5661f8df9d8a2863eb7d20e8\" style=\"font-size:clamp(2.953rem, 2.953rem + ((1vw - 0.2rem) * 4.728), 5.79rem);line-height:1\">a mountain splash<\/p>\n<\/div><\/div>\n<\/div>\n\n\n\n<div class=\"wp-block-column right is-layout-flow wp-block-column-is-layout-flow\">\n<div class=\"wp-block-group title is-horizontal is-nowrap is-layout-flex wp-container-core-group-is-layout-5d214b84 wp-block-group-is-layout-flex\">\n<h2 class=\"wp-block-heading has-custom-color-4-color has-text-color has-link-color wp-elements-e69c029ed5c0baddd3a3e7ee20d9aaf4\"><img decoding=\"async\" width=\"55\" height=\"29\" class=\"wp-image-2513\" style=\"width: 55px;\" src=\"https:\/\/www.camping-ideal-pyrenees.com\/wp-content\/uploads\/2026\/04\/icon-3-vagues-bleu.svg\" alt=\"icon vagues bleu\"\/> Piscine avec vue sur les Hautes-Pyr\u00e9n\u00e9es<\/h2>\n<\/div>\n\n\n\n<p class=\"has-custom-color-4-color has-text-color has-link-color wp-elements-1e6e66445c0711f11c05563563fa714e\">Un moment de fra\u00eecheur face aux sommets.<br\/>Au c\u0153ur du camping, la piscine offre un v\u00e9ritable instant de d\u00e9tente, avec une <strong>vue<\/strong> <strong>exceptionnelle<\/strong> sur les montagnes des Pyr\u00e9n\u00e9es.<br\/>Apr\u00e8s une randonn\u00e9e, une sortie v\u00e9lo ou simplement pour profiter du soleil estival, c\u2019est l\u2019endroit id\u00e9al pour se rafra\u00eechir et se relaxer.<br\/>Une <strong>grande piscine<\/strong> pour quelques longueurs, un <strong>petit<\/strong> <strong>bassin<\/strong> pour un moment de jeu avec les enfants et une <strong>belle<\/strong> <strong>plage<\/strong> pour poser son transat au bord de l\u2019eau, la <a href=\"https:\/\/www.camping-ideal-pyrenees.com\/en\/campsite-outdoor-swimming-pool-arras-en-lavedan\/\" data-type=\"page\" data-id=\"2410\">piscine pr\u00e8s d\u2019Argel\u00e8s-Gazost<\/a> s\u2019int\u00e8gre naturellement dans les plaisirs simples du Camping L\u2019Id\u00e9al : calme, nature et familial.<br\/>Un lieu appr\u00e9ci\u00e9 de tous, o\u00f9 l\u2019on prend le temps de savourer l\u2019instant\u2026 face aux sommets.<\/p>\n<\/div>\n<\/div>\n\n\n\n<figure class=\"wp-block-image size-full is-resized cursor\"><img decoding=\"async\" width=\"112\" height=\"112\" src=\"https:\/\/www.camping-ideal-pyrenees.com\/wp-content\/uploads\/2025\/10\/cursor-beige.svg\" alt=\"cursor beige\" class=\"wp-image-456\" style=\"object-fit:contain;width:112px;height:112px\"\/><\/figure>\n\n\n<a href=\"https:\/\/www.camping-ideal-pyrenees.com\/camping-piscine-exterieure-arras-en-lavedan\/\"    style=\"margin-bottom:-30vh;\" class=\"wp-block-tiptip-hyperlink-group-block\" >\n<div data-swiper=\"{&quot;speed&quot;:1000,&quot;autoplay&quot;:{&quot;delay&quot;:5000,&quot;disableOnInteraction&quot;:false},&quot;spaceBetween&quot;:0,&quot;slidesPerView&quot;:1,&quot;pagination&quot;:{&quot;el&quot;:&quot;.swiper-pagination&quot;,&quot;dynamicBullets&quot;:true,&quot;clickable&quot;:true,&quot;type&quot;:&quot;bullets&quot;},&quot;navigation&quot;:{&quot;nextEl&quot;:&quot;.swiper-button-next&quot;,&quot;prevEl&quot;:&quot;.swiper-button-prev&quot;},&quot;breakpoints&quot;:[{&quot;slidesPerView&quot;:1}]}\" class=\"wp-block-cover banner\" style=\"border-top-left-radius:25px;border-top-right-radius:25px;border-bottom-left-radius:25px;border-bottom-right-radius:25px;margin-top:4rem;padding-top:0px;padding-right:0px;padding-bottom:0px;padding-left:0px;min-height:90vh;aspect-ratio:unset;\"><img decoding=\"async\" width=\"2000\" height=\"1066\" class=\"wp-block-cover__image-background wp-image-2851 size-full\" alt=\"camping piscine haute pyrenees\" src=\"https:\/\/www.camping-ideal-pyrenees.com\/wp-content\/uploads\/2026\/04\/camping-piscine-haute-pyrenees-1.jpg\" data-object-fit=\"cover\" srcset=\"https:\/\/www.camping-ideal-pyrenees.com\/wp-content\/uploads\/2026\/04\/camping-piscine-haute-pyrenees-1.jpg 2000w, https:\/\/www.camping-ideal-pyrenees.com\/wp-content\/uploads\/2026\/04\/camping-piscine-haute-pyrenees-1-300x160.jpg 300w, https:\/\/www.camping-ideal-pyrenees.com\/wp-content\/uploads\/2026\/04\/camping-piscine-haute-pyrenees-1-1024x546.jpg 1024w, https:\/\/www.camping-ideal-pyrenees.com\/wp-content\/uploads\/2026\/04\/camping-piscine-haute-pyrenees-1-768x409.jpg 768w, https:\/\/www.camping-ideal-pyrenees.com\/wp-content\/uploads\/2026\/04\/camping-piscine-haute-pyrenees-1-1536x819.jpg 1536w\" sizes=\"(max-width: 2000px) 100vw, 2000px\" \/><span aria-hidden=\"true\" class=\"wp-block-cover__background has-background-dim-0 has-background-dim\"><\/span><div class=\"wp-block-cover__inner-container has-global-padding is-layout-constrained wp-container-core-cover-is-layout-03536431 wp-block-cover-is-layout-constrained\">\n<div class=\"wp-block-group is-content-justification-right is-nowrap is-layout-flex wp-container-core-group-is-layout-6e7327f1 wp-block-group-is-layout-flex\">\n<p class=\"has-text-align-right has-custom-color-4-color has-text-color has-link-color has-wilden-font-family wp-elements-d5a16b996e0487703207d6da54168b33\" style=\"padding-top:0;padding-right:0;padding-bottom:0;padding-left:0;font-size:clamp(1.653rem, 1.653rem + ((1vw - 0.2rem) * 1.928), 2.81rem);line-height:1\"><br\/>bursts of joy<\/p>\n\n\n\n<div class=\"wp-block-group is-nowrap is-layout-flex wp-container-core-group-is-layout-d01e06d6 wp-block-group-is-layout-flex\">\n<p class=\"has-text-align-right has-custom-color-4-color has-text-color has-link-color has-wilden-font-family wp-elements-c836adda3cb85cf8beb3f33b5b36b1a1\" style=\"padding-top:0;padding-right:0;padding-bottom:0;padding-left:0;font-size:clamp(1.347rem, 1.347rem + ((1vw - 0.2rem) * 1.405), 2.19rem);line-height:1\">n\u00b0<\/p>\n\n\n\n<p class=\"has-text-align-right has-custom-color-4-color has-text-color has-link-color has-wilden-font-family wp-elements-f3e74c37b6689405f14e3a547533e6aa\" style=\"padding-top:0;padding-right:0;padding-bottom:0;padding-left:0;font-size:clamp(3.084rem, 3.084rem + ((1vw - 0.2rem) * 5.06), 6.12rem);line-height:0.7\">2<\/p>\n<\/div>\n<\/div>\n<\/div><\/div>\n<\/a><\/div>\n\n<div class=\"wp-block-group section-3 has-global-padding is-layout-constrained wp-container-core-group-is-layout-0f3ef46a wp-block-group-is-layout-constrained\" style=\"margin-top:10rem;padding-top:6rem;padding-bottom:6rem\">\n<div class=\"wp-block-columns are-vertically-aligned-center is-layout-flex wp-container-core-columns-is-layout-28f84493 wp-block-columns-is-layout-flex\">\n<div class=\"wp-block-column is-vertically-aligned-center left is-layout-flow wp-block-column-is-layout-flow\" style=\"flex-basis:40%\">\n<div data-swiper=\"{&quot;speed&quot;:1000,&quot;autoplay&quot;:{&quot;delay&quot;:5000,&quot;disableOnInteraction&quot;:false},&quot;spaceBetween&quot;:0,&quot;slidesPerView&quot;:1,&quot;pagination&quot;:{&quot;el&quot;:&quot;.swiper-pagination&quot;,&quot;dynamicBullets&quot;:true,&quot;clickable&quot;:true,&quot;type&quot;:&quot;bullets&quot;},&quot;navigation&quot;:{&quot;nextEl&quot;:&quot;.swiper-button-next&quot;,&quot;prevEl&quot;:&quot;.swiper-button-prev&quot;},&quot;breakpoints&quot;:[{&quot;slidesPerView&quot;:1}]}\" class=\"wp-block-cover\" style=\"border-top-left-radius:25px;border-top-right-radius:25px;border-bottom-left-radius:25px;border-bottom-right-radius:25px;padding-top:0px;padding-right:0px;padding-bottom:0px;padding-left:0px\"><img decoding=\"async\" width=\"700\" height=\"900\" class=\"wp-block-cover__image-background wp-image-2862 size-full\" alt=\"camping pyrenees\" src=\"https:\/\/www.camping-ideal-pyrenees.com\/wp-content\/uploads\/2026\/04\/camping-pyrenees.jpg\" data-object-fit=\"cover\" srcset=\"https:\/\/www.camping-ideal-pyrenees.com\/wp-content\/uploads\/2026\/04\/camping-pyrenees.jpg 700w, https:\/\/www.camping-ideal-pyrenees.com\/wp-content\/uploads\/2026\/04\/camping-pyrenees-233x300.jpg 233w\" sizes=\"(max-width: 700px) 100vw, 700px\" \/><span aria-hidden=\"true\" class=\"wp-block-cover__background has-background-dim-60 has-background-dim wp-block-cover__gradient-background has-background-gradient\" style=\"background:linear-gradient(180deg,rgba(255,255,255,0) 42%,rgb(0,0,0) 100%)\"><\/span><div class=\"wp-block-cover__inner-container has-global-padding is-layout-constrained wp-container-core-cover-is-layout-f5c98baf wp-block-cover-is-layout-constrained\">\n<div class=\"wp-block-group is-content-justification-space-between is-nowrap is-layout-flex wp-container-core-group-is-layout-68289786 wp-block-group-is-layout-flex\" style=\"padding-top:2rem;padding-right:2rem;padding-left:2rem\">\n<p class=\"has-text-align-left has-custom-color-4-color has-text-color has-link-color has-wilden-font-family wp-elements-f86edba588787310b9cccaa4d039edaa\" style=\"padding-top:0;padding-right:0;padding-bottom:0;padding-left:0;font-size:clamp(1.537rem, 1.537rem + ((1vw - 0.2rem) * 1.722), 2.57rem);line-height:1\">Diving<br\/>in the Pyrenees<\/p>\n\n\n\n<div class=\"wp-block-group is-nowrap is-layout-flex wp-container-core-group-is-layout-d01e06d6 wp-block-group-is-layout-flex\">\n<p class=\"has-text-align-left has-custom-color-4-color has-text-color has-link-color has-wilden-font-family wp-elements-7328ba29a95c057f600d7bd98e5092cd\" style=\"padding-top:0;padding-right:0;padding-bottom:0;padding-left:0;font-size:clamp(1.388rem, 1.388rem + ((1vw - 0.2rem) * 1.47), 2.27rem);line-height:1\">n\u00b0<\/p>\n\n\n\n<p class=\"has-text-align-left has-custom-color-4-color has-text-color has-link-color has-wilden-font-family wp-elements-d18d53cea9517589ad02302f52a0bea9\" style=\"padding-top:0;padding-right:0;padding-bottom:0;padding-left:0;font-size:clamp(3.167rem, 3.167rem + ((1vw - 0.2rem) * 5.272), 6.33rem);line-height:0.7\">3<\/p>\n<\/div>\n<\/div>\n\n\n\n<div class=\"wp-block-columns icons is-layout-flex wp-container-core-columns-is-layout-5e6a9aa7 wp-block-columns-is-layout-flex\" style=\"padding-bottom:2rem\">\n<div class=\"wp-block-column is-layout-flow wp-block-column-is-layout-flow\">\n<div data-swiper=\"{&quot;speed&quot;:1000,&quot;autoplay&quot;:{&quot;delay&quot;:5000,&quot;disableOnInteraction&quot;:false},&quot;spaceBetween&quot;:0,&quot;slidesPerView&quot;:1,&quot;pagination&quot;:{&quot;el&quot;:&quot;.swiper-pagination&quot;,&quot;dynamicBullets&quot;:true,&quot;clickable&quot;:true,&quot;type&quot;:&quot;bullets&quot;},&quot;navigation&quot;:{&quot;nextEl&quot;:&quot;.swiper-button-next&quot;,&quot;prevEl&quot;:&quot;.swiper-button-prev&quot;},&quot;breakpoints&quot;:[{&quot;slidesPerView&quot;:1}]}\" class=\"wp-block-cover is-light svg-background\" style=\"min-height:129px;aspect-ratio:unset;\"><span aria-hidden=\"true\" class=\"wp-block-cover__background has-background-dim-0 has-background-dim\"><\/span><div class=\"wp-block-cover__inner-container has-global-padding is-layout-constrained wp-container-core-cover-is-layout-12243e0f wp-block-cover-is-layout-constrained\">\n<figure class=\"wp-block-image aligncenter size-large\"><img decoding=\"async\" width=\"109\" height=\"68\" src=\"https:\/\/www.camping-ideal-pyrenees.com\/wp-content\/uploads\/2026\/04\/dessin-velo-vtt-blanc.svg\" alt=\"drawing white mountain bike\" class=\"wp-image-2556\"\/><\/figure>\n\n\n\n<p class=\"has-text-align-center has-base-2-color has-text-color has-link-color wp-elements-73584a4ae42f438ebf7374b606af917e\" style=\"font-size:clamp(0.875rem, 0.875rem + ((1vw - 0.2rem) * 0.108), 0.94rem);letter-spacing:3px;text-transform:uppercase\">Cycling and mountain biking<\/p>\n<\/div><\/div>\n<\/div>\n\n\n\n<div class=\"wp-block-column is-layout-flow wp-block-column-is-layout-flow\">\n<div data-swiper=\"{&quot;speed&quot;:1000,&quot;autoplay&quot;:{&quot;delay&quot;:5000,&quot;disableOnInteraction&quot;:false},&quot;spaceBetween&quot;:0,&quot;slidesPerView&quot;:1,&quot;pagination&quot;:{&quot;el&quot;:&quot;.swiper-pagination&quot;,&quot;dynamicBullets&quot;:true,&quot;clickable&quot;:true,&quot;type&quot;:&quot;bullets&quot;},&quot;navigation&quot;:{&quot;nextEl&quot;:&quot;.swiper-button-next&quot;,&quot;prevEl&quot;:&quot;.swiper-button-prev&quot;},&quot;breakpoints&quot;:[{&quot;slidesPerView&quot;:1}]}\" class=\"wp-block-cover is-light svg-background\" style=\"min-height:129px;aspect-ratio:unset;\"><span aria-hidden=\"true\" class=\"wp-block-cover__background has-background-dim-0 has-background-dim\"><\/span><div class=\"wp-block-cover__inner-container has-global-padding is-layout-constrained wp-container-core-cover-is-layout-12243e0f wp-block-cover-is-layout-constrained\">\n<figure class=\"wp-block-image aligncenter size-full\"><img decoding=\"async\" width=\"70\" height=\"53\" src=\"https:\/\/www.camping-ideal-pyrenees.com\/wp-content\/uploads\/2026\/04\/dessin-chaussure-rando-blanc.png\" alt=\"white rando shoe design\" class=\"wp-image-2559\"\/><\/figure>\n\n\n\n<p class=\"has-text-align-center has-base-2-color has-text-color has-link-color wp-elements-a8cc38db992390ee2c3f474451d21d96\" style=\"font-size:clamp(0.875rem, 0.875rem + ((1vw - 0.2rem) * 0.108), 0.94rem);letter-spacing:3px;text-transform:uppercase\">Hiking<\/p>\n<\/div><\/div>\n<\/div>\n\n\n\n<div class=\"wp-block-column is-layout-flow wp-block-column-is-layout-flow\">\n<div data-swiper=\"{&quot;speed&quot;:1000,&quot;autoplay&quot;:{&quot;delay&quot;:5000,&quot;disableOnInteraction&quot;:false},&quot;spaceBetween&quot;:0,&quot;slidesPerView&quot;:1,&quot;pagination&quot;:{&quot;el&quot;:&quot;.swiper-pagination&quot;,&quot;dynamicBullets&quot;:true,&quot;clickable&quot;:true,&quot;type&quot;:&quot;bullets&quot;},&quot;navigation&quot;:{&quot;nextEl&quot;:&quot;.swiper-button-next&quot;,&quot;prevEl&quot;:&quot;.swiper-button-prev&quot;},&quot;breakpoints&quot;:[{&quot;slidesPerView&quot;:1}]}\" class=\"wp-block-cover is-light svg-background\" style=\"min-height:129px;aspect-ratio:unset;\"><span aria-hidden=\"true\" class=\"wp-block-cover__background has-background-dim-0 has-background-dim\"><\/span><div class=\"wp-block-cover__inner-container has-global-padding is-layout-constrained wp-container-core-cover-is-layout-12243e0f wp-block-cover-is-layout-constrained\">\n<figure class=\"wp-block-image aligncenter size-full\"><img decoding=\"async\" width=\"68\" height=\"65\" src=\"https:\/\/www.camping-ideal-pyrenees.com\/wp-content\/uploads\/2026\/04\/dessin-jumelles-blanc.png\" alt=\"drawing binoculars white\" class=\"wp-image-2561\"\/><\/figure>\n\n\n\n<p class=\"has-text-align-center has-base-2-color has-text-color has-link-color wp-elements-45139dabbc4612b9068a600162bfe265\" style=\"font-size:clamp(0.875rem, 0.875rem + ((1vw - 0.2rem) * 0.108), 0.94rem);letter-spacing:3px;text-transform:uppercase\">Discovery<\/p>\n<\/div><\/div>\n<\/div>\n<\/div>\n<\/div><\/div>\n\n\n\n<figure class=\"wp-block-image size-large has-custom-border backgound-img\"><img decoding=\"async\" width=\"683\" height=\"1024\" src=\"https:\/\/www.camping-ideal-pyrenees.com\/wp-content\/uploads\/2026\/04\/camping-proche-de-argeles-gazost-683x1024.jpg\" alt=\"campsite near argeles gazost\" class=\"wp-image-2494\" style=\"border-top-left-radius:25px;border-top-right-radius:25px;border-bottom-left-radius:25px;border-bottom-right-radius:25px\" srcset=\"https:\/\/www.camping-ideal-pyrenees.com\/wp-content\/uploads\/2026\/04\/camping-proche-de-argeles-gazost-683x1024.jpg 683w, https:\/\/www.camping-ideal-pyrenees.com\/wp-content\/uploads\/2026\/04\/camping-proche-de-argeles-gazost-200x300.jpg 200w, https:\/\/www.camping-ideal-pyrenees.com\/wp-content\/uploads\/2026\/04\/camping-proche-de-argeles-gazost-768x1152.jpg 768w, https:\/\/www.camping-ideal-pyrenees.com\/wp-content\/uploads\/2026\/04\/camping-proche-de-argeles-gazost-1024x1536.jpg 1024w, https:\/\/www.camping-ideal-pyrenees.com\/wp-content\/uploads\/2026\/04\/camping-proche-de-argeles-gazost-1365x2048.jpg 1365w, https:\/\/www.camping-ideal-pyrenees.com\/wp-content\/uploads\/2026\/04\/camping-proche-de-argeles-gazost-scaled.jpg 1707w\" sizes=\"(max-width: 683px) 100vw, 683px\" \/><\/figure>\n<\/div>\n\n\n\n<div class=\"wp-block-column is-vertically-aligned-center right is-layout-flow wp-block-column-is-layout-flow\" style=\"padding-right:4rem;padding-left:4rem;flex-basis:60%\">\n<p class=\"has-text-align-center sub-title center has-custom-color-1-color has-custom-color-5-background-color has-text-color has-background has-link-color wp-elements-0f0e6f74a125c514e4188a19f7548d9d\" style=\"border-style:none;border-width:0px;border-radius:100px;padding-top:6px;padding-right:30px;padding-bottom:6px;padding-left:30px;font-size:clamp(0.875rem, 0.875rem + ((1vw - 0.2rem) * 0.308), 1.06rem);font-style:normal;font-weight:500;letter-spacing:5px;text-transform:uppercase\">flora and fauna<\/p>\n\n\n\n<div class=\"wp-block-group custom-slogan is-vertical is-content-justification-center is-layout-flex wp-container-core-group-is-layout-d233d897 wp-block-group-is-layout-flex\">\n<p class=\"has-text-align-center has-custom-color-1-color has-text-color has-link-color has-wilden-font-family wp-elements-1e2c31035e4f271ec8dbbaf430a2f4d9\" style=\"font-size:clamp(2.2rem, 2.2rem + ((1vw - 0.2rem) * 3), 4rem);line-height:1\">fill up your tank<\/p>\n\n\n\n<div class=\"wp-block-group is-horizontal is-content-justification-center is-layout-flex wp-container-core-group-is-layout-29a42abe wp-block-group-is-layout-flex\"><a href=\"https:\/\/www.camping-ideal-pyrenees.com\/tourisme-activites-hautes-pyrenees\/#pleinair\"    class=\"link-custom wp-block-tiptip-hyperlink-group-block\" >\n<div data-swiper=\"{&quot;speed&quot;:1000,&quot;autoplay&quot;:{&quot;delay&quot;:5000,&quot;disableOnInteraction&quot;:false},&quot;spaceBetween&quot;:0,&quot;slidesPerView&quot;:1,&quot;pagination&quot;:{&quot;el&quot;:&quot;.swiper-pagination&quot;,&quot;dynamicBullets&quot;:true,&quot;clickable&quot;:true,&quot;type&quot;:&quot;bullets&quot;},&quot;navigation&quot;:{&quot;nextEl&quot;:&quot;.swiper-button-next&quot;,&quot;prevEl&quot;:&quot;.swiper-button-prev&quot;},&quot;breakpoints&quot;:[{&quot;slidesPerView&quot;:1}]}\" class=\"wp-block-cover is-light\" style=\"border-radius:100px;padding-top:0px;padding-right:10px;padding-bottom:0px;padding-left:10px;min-height:5.39rem;aspect-ratio:unset;\"><img decoding=\"async\" width=\"1024\" height=\"570\" class=\"wp-block-cover__image-background wp-image-2539 size-large\" alt=\"camping avec activites sportives\" src=\"https:\/\/www.camping-ideal-pyrenees.com\/wp-content\/uploads\/2026\/04\/camping-avec-activites-sportives-1024x570.jpg\" data-object-fit=\"cover\" srcset=\"https:\/\/www.camping-ideal-pyrenees.com\/wp-content\/uploads\/2026\/04\/camping-avec-activites-sportives-1024x570.jpg 1024w, https:\/\/www.camping-ideal-pyrenees.com\/wp-content\/uploads\/2026\/04\/camping-avec-activites-sportives-300x167.jpg 300w, https:\/\/www.camping-ideal-pyrenees.com\/wp-content\/uploads\/2026\/04\/camping-avec-activites-sportives-768x428.jpg 768w, https:\/\/www.camping-ideal-pyrenees.com\/wp-content\/uploads\/2026\/04\/camping-avec-activites-sportives-1536x855.jpg 1536w, https:\/\/www.camping-ideal-pyrenees.com\/wp-content\/uploads\/2026\/04\/camping-avec-activites-sportives.jpg 1920w\" sizes=\"(max-width: 1024px) 100vw, 1024px\" \/><span aria-hidden=\"true\" class=\"wp-block-cover__background has-background-dim-0 has-background-dim\" style=\"background-color:#8f8a6f\"><\/span><div class=\"wp-block-cover__inner-container has-global-padding is-layout-constrained wp-container-core-cover-is-layout-39b99a26 wp-block-cover-is-layout-constrained\">\n<div class=\"wp-block-group is-horizontal is-nowrap is-layout-flex wp-container-core-group-is-layout-2487dcaa wp-block-group-is-layout-flex\">\n<p class=\"has-text-align-center has-custom-color-1-color has-text-color has-link-color has-wilden-font-family wp-elements-a50a6bdd81c1f7cd997e0b6965a28728\" style=\"font-size:clamp(2.2rem, 2.2rem + ((1vw - 0.2rem) * 3), 4rem);line-height:1\">sporting activities<\/p>\n\n\n\n<div class=\"wp-block-group btn-img has-custom-color-5-background-color has-background has-global-padding is-layout-constrained wp-container-core-group-is-layout-0d0226ac wp-block-group-is-layout-constrained\" style=\"border-radius:100px;padding-top:20px;padding-right:20px;padding-bottom:20px;padding-left:20px\">\n<figure class=\"wp-block-image size-large is-resized\"><img decoding=\"async\" width=\"25\" height=\"25\" src=\"https:\/\/www.camping-ideal-pyrenees.com\/wp-content\/uploads\/2025\/10\/fleche-bleu.svg\" alt=\"blue arrow\" class=\"wp-image-318\" style=\"object-fit:cover;width:20px;height:20px\"\/><\/figure>\n<\/div>\n<\/div>\n<\/div><\/div>\n<\/a>\n\n\n<p class=\"has-text-align-center has-custom-color-1-color has-text-color has-link-color has-wilden-font-family wp-elements-114d10223abe1e2e23c60a34746ecc5d\" style=\"font-size:clamp(2.2rem, 2.2rem + ((1vw - 0.2rem) * 3), 4rem);line-height:1\">at<\/p>\n<\/div>\n\n\n<a href=\"https:\/\/www.camping-ideal-pyrenees.com\/tourisme-activites-hautes-pyrenees\/\"    class=\"link-custom wp-block-tiptip-hyperlink-group-block\" >\n<div data-swiper=\"{&quot;speed&quot;:1000,&quot;autoplay&quot;:{&quot;delay&quot;:5000,&quot;disableOnInteraction&quot;:false},&quot;spaceBetween&quot;:0,&quot;slidesPerView&quot;:1,&quot;pagination&quot;:{&quot;el&quot;:&quot;.swiper-pagination&quot;,&quot;dynamicBullets&quot;:true,&quot;clickable&quot;:true,&quot;type&quot;:&quot;bullets&quot;},&quot;navigation&quot;:{&quot;nextEl&quot;:&quot;.swiper-button-next&quot;,&quot;prevEl&quot;:&quot;.swiper-button-prev&quot;},&quot;breakpoints&quot;:[{&quot;slidesPerView&quot;:1}]}\" class=\"wp-block-cover\" style=\"border-radius:100px;padding-top:0px;padding-right:10px;padding-bottom:0px;padding-left:10px;min-height:5.39rem;aspect-ratio:unset;\"><img decoding=\"async\" width=\"1024\" height=\"462\" class=\"wp-block-cover__image-background wp-image-2541 size-large\" alt=\"camping au coeur de pyrenees\" src=\"https:\/\/www.camping-ideal-pyrenees.com\/wp-content\/uploads\/2026\/04\/camping-au-coeur-de-pyrenees-1024x462.jpg\" data-object-fit=\"cover\" srcset=\"https:\/\/www.camping-ideal-pyrenees.com\/wp-content\/uploads\/2026\/04\/camping-au-coeur-de-pyrenees-1024x462.jpg 1024w, https:\/\/www.camping-ideal-pyrenees.com\/wp-content\/uploads\/2026\/04\/camping-au-coeur-de-pyrenees-300x135.jpg 300w, https:\/\/www.camping-ideal-pyrenees.com\/wp-content\/uploads\/2026\/04\/camping-au-coeur-de-pyrenees-768x347.jpg 768w, https:\/\/www.camping-ideal-pyrenees.com\/wp-content\/uploads\/2026\/04\/camping-au-coeur-de-pyrenees-1536x693.jpg 1536w, https:\/\/www.camping-ideal-pyrenees.com\/wp-content\/uploads\/2026\/04\/camping-au-coeur-de-pyrenees.jpg 1919w\" sizes=\"(max-width: 1024px) 100vw, 1024px\" \/><span aria-hidden=\"true\" class=\"wp-block-cover__background has-background-dim-0 has-background-dim\" style=\"background-color:#74644e\"><\/span><div class=\"wp-block-cover__inner-container has-global-padding is-layout-constrained wp-container-core-cover-is-layout-39b99a26 wp-block-cover-is-layout-constrained\">\n<div class=\"wp-block-group is-horizontal is-nowrap is-layout-flex wp-container-core-group-is-layout-2487dcaa wp-block-group-is-layout-flex\">\n<p class=\"has-text-align-center has-custom-color-1-color has-text-color has-link-color has-wilden-font-family wp-elements-6b068e83eb81c87bfe29621a238d5d80\" style=\"font-size:clamp(2.2rem, 2.2rem + ((1vw - 0.2rem) * 3), 4rem);line-height:1\">heart of the Pyrenees<\/p>\n\n\n\n<div class=\"wp-block-group btn-img has-custom-color-5-background-color has-background has-global-padding is-layout-constrained wp-container-core-group-is-layout-0d0226ac wp-block-group-is-layout-constrained\" style=\"border-radius:100px;padding-top:20px;padding-right:20px;padding-bottom:20px;padding-left:20px\">\n<figure class=\"wp-block-image size-large is-resized\"><img decoding=\"async\" width=\"25\" height=\"25\" src=\"https:\/\/www.camping-ideal-pyrenees.com\/wp-content\/uploads\/2025\/10\/fleche-bleu.svg\" alt=\"blue arrow\" class=\"wp-image-318\" style=\"object-fit:cover;width:20px;height:20px\"\/><\/figure>\n<\/div>\n<\/div>\n<\/div><\/div>\n<\/a><\/div>\n\n\n\n<div class=\"wp-block-group title is-horizontal is-content-justification-center is-nowrap is-layout-flex wp-container-core-group-is-layout-7cd7fd80 wp-block-group-is-layout-flex\" style=\"padding-top:4rem;padding-right:var(--wp--preset--spacing--30);padding-bottom:var(--wp--preset--spacing--10);padding-left:var(--wp--preset--spacing--30)\">\n<h2 class=\"wp-block-heading has-text-align-center has-custom-color-1-color has-text-color has-link-color wp-elements-f9e46590d6d5da25b6d84c55b4c8ac82\"><img decoding=\"async\" width=\"28\" height=\"28\" data-original-src=\"https:\/\/www.camping-ideal-pyrenees.com\/wp-content\/uploads\/2026\/04\/icon-fleur-bleu-beige.svg\" class=\"wp-image-2545\" style=\"width: 28px;\" src=\"https:\/\/www.camping-ideal-pyrenees.com\/wp-content\/uploads\/2026\/04\/icon-fleur-bleu-beige.svg\" alt=\"icon fleur bleu beige\"\/> Entre faune et flore : profitez d&#8217;une nature exceptionnelle<\/h2>\n<\/div>\n\n\n    <div id=\"gt-fse-lire-plus-69f364cc60a09\" class=\"gt-fse-lire-plus\" style=\"--min-height: 130px; background-color: #fff;\">\n        <input id=\"gt-fse-lire-plus-69f364cc60a09-toggle\" type=\"checkbox\" class=\"gt-fse-lire-plus__toggle\" \/>\n        <label for=\"gt-fse-lire-plus-69f364cc60a09-toggle\" class=\"gt-fse-lire-plus__toggle-label\">\n            <span>Read more<\/span>\n            <span>Read less<\/span>\n        <\/label>\n        <div class=\"gt-fse-lire-plus__content\">\n            \n\n<p class=\"has-text-align-center has-custom-color-1-color has-text-color has-link-color wp-elements-a2e2d318a0aa0e3a9cac57741ac01c7a\">Here, the <strong>national<\/strong> <strong>park<\/strong> is within sight, and you can hike as close as possible to the local protected species: vultures, bearded vultures, isards and, of course, marmots, which you&#8217;ll hear whistling as you approach!<\/p>\n\n\n\n<p class=\"has-text-align-center has-custom-color-1-color has-text-color has-link-color wp-elements-cb79dc6d881502faca21b2693d029d84\" id=\"vacances\">Des <strong>sommets<\/strong> <strong>mythiques<\/strong> \u00e0 arpenter, un coucher de soleil color\u00e9 sur le Val d\u2019Azun, le cirque de Gavarnie qui veille sur la nature environnante\u2026 autant de <strong>beaux<\/strong> <strong>endroits<\/strong> pr\u00eats \u00e0 faire partie de vos souvenirs de <a href=\"https:\/\/www.camping-ideal-pyrenees.com\/en\/tourism-activities-hautes-pyrenees\/\" data-type=\"page\" data-id=\"2426\">vacances dans les Hautes-Pyr\u00e9n\u00e9es<\/a> !<br\/>Envie d\u2019un <strong>s\u00e9jour sous la neige<\/strong> ? Nos chalets sont un excellent camp de base pour vos journ\u00e9es ski de piste, vos explorations en raquettes mais aussi pour vos soir\u00e9es raclettes.<\/p>\n\n            <div class=\"gt-fse-lire-plus__gradient\" style=\"background: linear-gradient(to bottom,rgba(255,255,255,0) 0%,rgba(255,255,255,1) 100%);\"><\/div>\n        <\/div>\n    <\/div>\n    <\/div>\n<\/div>\n<\/div>\n\n<div class=\"wp-block-group section-4 has-global-padding is-layout-constrained wp-container-core-group-is-layout-f19ede79 wp-block-group-is-layout-constrained\" style=\"padding-right:0px;padding-bottom:0;padding-left:0px\">\n<div class=\"wp-block-group banner has-global-padding is-layout-constrained wp-container-core-group-is-layout-12243e0f wp-block-group-is-layout-constrained\">\n<figure class=\"wp-block-image size-large cursor\"><img decoding=\"async\" width=\"135\" height=\"135\" src=\"https:\/\/www.camping-ideal-pyrenees.com\/wp-content\/uploads\/2026\/04\/icon-cursor-blanc-bleu.svg\" alt=\"icon cursor white blue\" class=\"wp-image-2582\"\/><\/figure>\n\n\n\n<div data-swiper=\"{&quot;speed&quot;:400,&quot;spaceBetween&quot;:16,&quot;slidesPerView&quot;:1,&quot;createElements&quot;:true,&quot;loop&quot;:true,&quot;freemode&quot;:true,&quot;navigation&quot;:{&quot;nextEl&quot;:&quot;buttonNext&quot;,&quot;prevEl&quot;:&quot;buttonPrev&quot;},&quot;breakpoints&quot;:[],&quot;effect&quot;:&quot;fade&quot;,&quot;autoplay&quot;:{&quot;delay&quot;:4000,&quot;disableOnInteraction&quot;:true}}\" class=\"wp-block-group gt-is-slider gt-is-slider-desktop has-global-padding is-layout-constrained wp-container-core-group-is-layout-12243e0f wp-block-group-is-layout-constrained\"><a href=\"https:\/\/www.camping-ideal-pyrenees.com\/location-mobil-home-arras-en-lavedan\/\"    class=\"wp-block-tiptip-hyperlink-group-block\" >\n<div data-swiper=\"{&quot;speed&quot;:1000,&quot;autoplay&quot;:{&quot;delay&quot;:5000,&quot;disableOnInteraction&quot;:false},&quot;spaceBetween&quot;:0,&quot;slidesPerView&quot;:1,&quot;pagination&quot;:{&quot;el&quot;:&quot;.swiper-pagination&quot;,&quot;dynamicBullets&quot;:true,&quot;clickable&quot;:true,&quot;type&quot;:&quot;bullets&quot;},&quot;navigation&quot;:{&quot;nextEl&quot;:&quot;.swiper-button-next&quot;,&quot;prevEl&quot;:&quot;.swiper-button-prev&quot;},&quot;breakpoints&quot;:[{&quot;slidesPerView&quot;:1}]}\" class=\"wp-block-cover\" style=\"min-height:100vh;aspect-ratio:unset;\"><img decoding=\"async\" width=\"2000\" height=\"1229\" class=\"wp-block-cover__image-background wp-image-2865 size-full\" alt=\"location chalet argeles gazost\" src=\"https:\/\/www.camping-ideal-pyrenees.com\/wp-content\/uploads\/2026\/04\/location-chalet-argeles-gazost.jpg\" data-object-fit=\"cover\" srcset=\"https:\/\/www.camping-ideal-pyrenees.com\/wp-content\/uploads\/2026\/04\/location-chalet-argeles-gazost.jpg 2000w, https:\/\/www.camping-ideal-pyrenees.com\/wp-content\/uploads\/2026\/04\/location-chalet-argeles-gazost-300x184.jpg 300w, https:\/\/www.camping-ideal-pyrenees.com\/wp-content\/uploads\/2026\/04\/location-chalet-argeles-gazost-1024x629.jpg 1024w, https:\/\/www.camping-ideal-pyrenees.com\/wp-content\/uploads\/2026\/04\/location-chalet-argeles-gazost-768x472.jpg 768w, https:\/\/www.camping-ideal-pyrenees.com\/wp-content\/uploads\/2026\/04\/location-chalet-argeles-gazost-1536x944.jpg 1536w\" sizes=\"(max-width: 2000px) 100vw, 2000px\" \/><span aria-hidden=\"true\" class=\"wp-block-cover__background has-contrast-background-color has-background-dim-30 has-background-dim\"><\/span><div class=\"wp-block-cover__inner-container has-global-padding is-layout-constrained wp-container-core-cover-is-layout-12243e0f wp-block-cover-is-layout-constrained\">\n<p class=\"has-text-align-center sub-title center has-custom-color-1-color has-text-color has-background has-link-color wp-elements-da5b40eaf80b867c85e5a2099604bf29\" style=\"border-style:none;border-width:0px;border-radius:100px;background-color:#ebe5b2;padding-top:6px;padding-right:30px;padding-bottom:6px;padding-left:30px;font-size:clamp(0.875rem, 0.875rem + ((1vw - 0.2rem) * 0.308), 1.06rem);font-style:normal;font-weight:500;letter-spacing:5px;text-transform:uppercase\">Our rentals<\/p>\n\n\n\n<p class=\"has-text-align-center has-text-color has-link-color has-wilden-font-family wp-elements-5c36f72c386b37c984faa17b60304e05\" style=\"color:#fffdf7;font-size:clamp(3.001rem, 3.001rem + ((1vw - 0.2rem) * 4.848), 5.91rem);line-height:1\">Breathe in. Dream.   <br\/>Get some sleep.<\/p>\n<\/div><\/div>\n<\/a>\n\n<a href=\"https:\/\/www.camping-ideal-pyrenees.com\/location-emplacement-arras-en-lavedan\/\"    class=\"wp-block-tiptip-hyperlink-group-block\" >\n<div data-swiper=\"{&quot;speed&quot;:1000,&quot;autoplay&quot;:{&quot;delay&quot;:5000,&quot;disableOnInteraction&quot;:false},&quot;spaceBetween&quot;:0,&quot;slidesPerView&quot;:1,&quot;pagination&quot;:{&quot;el&quot;:&quot;.swiper-pagination&quot;,&quot;dynamicBullets&quot;:true,&quot;clickable&quot;:true,&quot;type&quot;:&quot;bullets&quot;},&quot;navigation&quot;:{&quot;nextEl&quot;:&quot;.swiper-button-next&quot;,&quot;prevEl&quot;:&quot;.swiper-button-prev&quot;},&quot;breakpoints&quot;:[{&quot;slidesPerView&quot;:1}]}\" class=\"wp-block-cover\" style=\"min-height:100vh;aspect-ratio:unset;\"><img decoding=\"async\" class=\"wp-block-cover__image-background wp-image-2574 size-full\" alt=\"emplacements camping ideal\" src=\"https:\/\/www.camping-ideal-pyrenees.com\/wp-content\/uploads\/2026\/04\/emplacements-camping-ideal.jpg\" data-object-fit=\"cover\"\/><span aria-hidden=\"true\" class=\"wp-block-cover__background has-contrast-background-color has-background-dim-30 has-background-dim\"><\/span><div class=\"wp-block-cover__inner-container has-global-padding is-layout-constrained wp-container-core-cover-is-layout-12243e0f wp-block-cover-is-layout-constrained\">\n<p class=\"has-text-align-center sub-title center has-custom-color-1-color has-text-color has-background has-link-color wp-elements-06d19adc6b8d07319f605c04984567e2\" style=\"border-style:none;border-width:0px;border-radius:100px;background-color:#ebe5b2;padding-top:6px;padding-right:30px;padding-bottom:6px;padding-left:30px;font-size:clamp(0.875rem, 0.875rem + ((1vw - 0.2rem) * 0.308), 1.06rem);font-style:normal;font-weight:500;letter-spacing:5px;text-transform:uppercase\">Our pitches<\/p>\n\n\n\n<p class=\"has-text-align-center has-text-color has-link-color has-wilden-font-family wp-elements-5c36f72c386b37c984faa17b60304e05\" style=\"color:#fffdf7;font-size:clamp(3.001rem, 3.001rem + ((1vw - 0.2rem) * 4.848), 5.91rem);line-height:1\">Breathe in. Dream.   <br\/>Get some sleep.<\/p>\n<\/div><\/div>\n<\/a>\n\n<a href=\"https:\/\/www.camping-ideal-pyrenees.com\/location-mobil-home-arras-en-lavedan\/\"    class=\"wp-block-tiptip-hyperlink-group-block\" >\n<div data-swiper=\"{&quot;speed&quot;:1000,&quot;autoplay&quot;:{&quot;delay&quot;:5000,&quot;disableOnInteraction&quot;:false},&quot;spaceBetween&quot;:0,&quot;slidesPerView&quot;:1,&quot;pagination&quot;:{&quot;el&quot;:&quot;.swiper-pagination&quot;,&quot;dynamicBullets&quot;:true,&quot;clickable&quot;:true,&quot;type&quot;:&quot;bullets&quot;},&quot;navigation&quot;:{&quot;nextEl&quot;:&quot;.swiper-button-next&quot;,&quot;prevEl&quot;:&quot;.swiper-button-prev&quot;},&quot;breakpoints&quot;:[{&quot;slidesPerView&quot;:1}]}\" class=\"wp-block-cover\" style=\"min-height:100vh;aspect-ratio:unset;\"><img decoding=\"async\" width=\"1920\" height=\"1264\" class=\"wp-block-cover__image-background wp-image-2578 size-full\" alt=\"logement dans les hautes pyrenees\" src=\"https:\/\/www.camping-ideal-pyrenees.com\/wp-content\/uploads\/2026\/04\/logement-dans-les-hautes-pyrenees.png\" data-object-fit=\"cover\" srcset=\"https:\/\/www.camping-ideal-pyrenees.com\/wp-content\/uploads\/2026\/04\/logement-dans-les-hautes-pyrenees.png 1920w, https:\/\/www.camping-ideal-pyrenees.com\/wp-content\/uploads\/2026\/04\/logement-dans-les-hautes-pyrenees-300x198.png 300w, https:\/\/www.camping-ideal-pyrenees.com\/wp-content\/uploads\/2026\/04\/logement-dans-les-hautes-pyrenees-1024x674.png 1024w, https:\/\/www.camping-ideal-pyrenees.com\/wp-content\/uploads\/2026\/04\/logement-dans-les-hautes-pyrenees-768x506.png 768w, https:\/\/www.camping-ideal-pyrenees.com\/wp-content\/uploads\/2026\/04\/logement-dans-les-hautes-pyrenees-1536x1011.png 1536w\" sizes=\"(max-width: 1920px) 100vw, 1920px\" \/><span aria-hidden=\"true\" class=\"wp-block-cover__background has-contrast-background-color has-background-dim-30 has-background-dim\"><\/span><div class=\"wp-block-cover__inner-container has-global-padding is-layout-constrained wp-container-core-cover-is-layout-12243e0f wp-block-cover-is-layout-constrained\">\n<p class=\"has-text-align-center sub-title center has-custom-color-1-color has-text-color has-background has-link-color wp-elements-da5b40eaf80b867c85e5a2099604bf29\" style=\"border-style:none;border-width:0px;border-radius:100px;background-color:#ebe5b2;padding-top:6px;padding-right:30px;padding-bottom:6px;padding-left:30px;font-size:clamp(0.875rem, 0.875rem + ((1vw - 0.2rem) * 0.308), 1.06rem);font-style:normal;font-weight:500;letter-spacing:5px;text-transform:uppercase\">Our rentals<\/p>\n\n\n\n<p class=\"has-text-align-center has-text-color has-link-color has-wilden-font-family wp-elements-5c36f72c386b37c984faa17b60304e05\" style=\"color:#fffdf7;font-size:clamp(3.001rem, 3.001rem + ((1vw - 0.2rem) * 4.848), 5.91rem);line-height:1\">Breathe in. Dream.   <br\/>Get some sleep.<\/p>\n<\/div><\/div>\n<\/a>\n\n<a href=\"https:\/\/www.camping-ideal-pyrenees.com\/camping-pas-cher-arras-en-lavedan\/\"    class=\"wp-block-tiptip-hyperlink-group-block\" >\n<div data-swiper=\"{&quot;speed&quot;:1000,&quot;autoplay&quot;:{&quot;delay&quot;:5000,&quot;disableOnInteraction&quot;:false},&quot;spaceBetween&quot;:0,&quot;slidesPerView&quot;:1,&quot;pagination&quot;:{&quot;el&quot;:&quot;.swiper-pagination&quot;,&quot;dynamicBullets&quot;:true,&quot;clickable&quot;:true,&quot;type&quot;:&quot;bullets&quot;},&quot;navigation&quot;:{&quot;nextEl&quot;:&quot;.swiper-button-next&quot;,&quot;prevEl&quot;:&quot;.swiper-button-prev&quot;},&quot;breakpoints&quot;:[{&quot;slidesPerView&quot;:1}]}\" class=\"wp-block-cover\" style=\"min-height:100vh;aspect-ratio:unset;\"><img decoding=\"async\" width=\"1920\" height=\"1402\" class=\"wp-block-cover__image-background wp-image-2576 size-full\" alt=\"locatifs pres de argerles gazost\" src=\"https:\/\/www.camping-ideal-pyrenees.com\/wp-content\/uploads\/2026\/04\/locatifs-pres-de-argerles-gazost.png\" data-object-fit=\"cover\" srcset=\"https:\/\/www.camping-ideal-pyrenees.com\/wp-content\/uploads\/2026\/04\/locatifs-pres-de-argerles-gazost.png 1920w, https:\/\/www.camping-ideal-pyrenees.com\/wp-content\/uploads\/2026\/04\/locatifs-pres-de-argerles-gazost-300x219.png 300w, https:\/\/www.camping-ideal-pyrenees.com\/wp-content\/uploads\/2026\/04\/locatifs-pres-de-argerles-gazost-1024x748.png 1024w, https:\/\/www.camping-ideal-pyrenees.com\/wp-content\/uploads\/2026\/04\/locatifs-pres-de-argerles-gazost-768x561.png 768w, https:\/\/www.camping-ideal-pyrenees.com\/wp-content\/uploads\/2026\/04\/locatifs-pres-de-argerles-gazost-1536x1122.png 1536w\" sizes=\"(max-width: 1920px) 100vw, 1920px\" \/><span aria-hidden=\"true\" class=\"wp-block-cover__background has-contrast-background-color has-background-dim-30 has-background-dim\"><\/span><div class=\"wp-block-cover__inner-container has-global-padding is-layout-constrained wp-container-core-cover-is-layout-12243e0f wp-block-cover-is-layout-constrained\">\n<p class=\"has-text-align-center sub-title center has-custom-color-1-color has-text-color has-background has-link-color wp-elements-5a1ad2129ee16d06b24c9a9b14c8f4ce\" style=\"border-style:none;border-width:0px;border-radius:100px;background-color:#ebe5b2;padding-top:6px;padding-right:30px;padding-bottom:6px;padding-left:30px;font-size:clamp(0.875rem, 0.875rem + ((1vw - 0.2rem) * 0.308), 1.06rem);font-style:normal;font-weight:500;letter-spacing:5px;text-transform:uppercase\">Prices &amp; Offers<\/p>\n\n\n\n<p class=\"has-text-align-center has-text-color has-link-color has-wilden-font-family wp-elements-5c36f72c386b37c984faa17b60304e05\" style=\"color:#fffdf7;font-size:clamp(3.001rem, 3.001rem + ((1vw - 0.2rem) * 4.848), 5.91rem);line-height:1\">Breathe in. Dream.   <br\/>Get some sleep.<\/p>\n<\/div><\/div>\n<\/a><\/div>\n<\/div>\n\n\n\n<div class=\"wp-block-group content has-custom-color-1-background-color has-background has-global-padding is-layout-constrained wp-container-core-group-is-layout-79713580 wp-block-group-is-layout-constrained\" style=\"margin-top:-50px;margin-bottom:0;padding-top:8rem;padding-right:2rem;padding-bottom:8rem;padding-left:2rem\">\n<div class=\"wp-block-columns are-vertically-aligned-center is-layout-flex wp-container-core-columns-is-layout-6fcc1a87 wp-block-columns-is-layout-flex\" style=\"padding-right:8rem;padding-left:8rem\">\n<div class=\"wp-block-column is-vertically-aligned-center left is-layout-flow wp-block-column-is-layout-flow\" style=\"flex-basis:40%\">\n<div data-swiper=\"{&quot;speed&quot;:1000,&quot;autoplay&quot;:{&quot;delay&quot;:5000,&quot;disableOnInteraction&quot;:false},&quot;spaceBetween&quot;:0,&quot;slidesPerView&quot;:1,&quot;pagination&quot;:{&quot;el&quot;:&quot;.swiper-pagination&quot;,&quot;dynamicBullets&quot;:true,&quot;clickable&quot;:true,&quot;type&quot;:&quot;bullets&quot;},&quot;navigation&quot;:{&quot;nextEl&quot;:&quot;.swiper-button-next&quot;,&quot;prevEl&quot;:&quot;.swiper-button-prev&quot;},&quot;breakpoints&quot;:[{&quot;slidesPerView&quot;:1}]}\" class=\"wp-block-cover is-light svg-background\" style=\"min-height:261px;aspect-ratio:unset;\"><img decoding=\"async\" width=\"391\" height=\"235\" class=\"wp-block-cover__image-background wp-image-2594 size-full\" alt=\"dessin tente sous les etoiles beige\" src=\"https:\/\/www.camping-ideal-pyrenees.com\/wp-content\/uploads\/2026\/04\/dessin-tente-sous-les-etoiles-beige.png\" data-object-fit=\"cover\" srcset=\"https:\/\/www.camping-ideal-pyrenees.com\/wp-content\/uploads\/2026\/04\/dessin-tente-sous-les-etoiles-beige.png 391w, https:\/\/www.camping-ideal-pyrenees.com\/wp-content\/uploads\/2026\/04\/dessin-tente-sous-les-etoiles-beige-300x180.png 300w\" sizes=\"(max-width: 391px) 100vw, 391px\" \/><span aria-hidden=\"true\" class=\"wp-block-cover__background has-background-dim-0 has-background-dim\" style=\"background-color:#e5d6b8\"><\/span><div class=\"wp-block-cover__inner-container has-global-padding is-layout-constrained wp-container-core-cover-is-layout-12243e0f wp-block-cover-is-layout-constrained\">\n<p class=\"has-text-align-left sub-title left has-custom-color-1-color has-text-color has-background has-link-color wp-elements-707c000013a84a87677b8e03e0fa64f0\" style=\"border-style:none;border-width:0px;border-radius:100px;background-color:#ebe5b2;padding-top:6px;padding-right:30px;padding-bottom:6px;padding-left:30px;font-size:clamp(0.875rem, 0.875rem + ((1vw - 0.2rem) * 0.308), 1.06rem);font-style:normal;font-weight:500;letter-spacing:5px;text-transform:uppercase\">Lodgings<\/p>\n\n\n\n<p class=\"has-text-align-left has-text-color has-link-color has-wilden-font-family wp-elements-2fa29d0c78f0c0032d7ce6bf0b0604fd\" style=\"color:#fff4ea;font-size:clamp(2.953rem, 2.953rem + ((1vw - 0.2rem) * 4.728), 5.79rem);line-height:1\">Shelter under the treetops<\/p>\n<\/div><\/div>\n<\/div>\n\n\n\n<div class=\"wp-block-column is-vertically-aligned-center right is-layout-flow wp-block-column-is-layout-flow\" style=\"flex-basis:60%\">\n<div class=\"wp-block-group title is-horizontal is-nowrap is-layout-flex wp-container-core-group-is-layout-5d214b84 wp-block-group-is-layout-flex\">\n<h2 class=\"wp-block-heading has-text-color has-link-color wp-elements-19d5198d224ed4e5b6480d3e0dc0a599\" style=\"color:#fff4ea\"><img decoding=\"async\" width=\"51\" height=\"36\" data-original-src=\"https:\/\/www.camping-ideal-pyrenees.com\/wp-content\/uploads\/2026\/04\/icon-tente-beige.svg\" class=\"wp-image-2590\" style=\"width: 51px;\" src=\"https:\/\/www.camping-ideal-pyrenees.com\/wp-content\/uploads\/2026\/04\/icon-tente-beige.svg\" alt=\"icon tente beige\"\/> Locatifs et emplacements pr\u00e8s d&#8217;Argel\u00e8s-Gazost<\/h2>\n<\/div>\n\n\n    <div id=\"gt-fse-lire-plus-69f364cc6290a\" class=\"gt-fse-lire-plus\" style=\"--min-height: 130px; background-color: #3b485d;\">\n        <input id=\"gt-fse-lire-plus-69f364cc6290a-toggle\" type=\"checkbox\" class=\"gt-fse-lire-plus__toggle\" \/>\n        <label for=\"gt-fse-lire-plus-69f364cc6290a-toggle\" class=\"gt-fse-lire-plus__toggle-label\">\n            <span>Read more<\/span>\n            <span>Read less<\/span>\n        <\/label>\n        <div class=\"gt-fse-lire-plus__content\">\n            \n\n<p class=\"has-custom-color-4-color has-text-color has-link-color wp-elements-854deb4fee4ffc45c7cda34a3d9da95e\">Le Camping se situe entre la ville thermale d\u2019Argel\u00e8s-Gazost \u00e0 2km en contrebas et l\u2019authentique Val d\u2019Azun r\u00e9put\u00e9 pour sa douceur de vivre. Nos <a href=\"https:\/\/www.camping-ideal-pyrenees.com\/en\/pitch-rental-arras-en-lavedan\/\" data-type=\"page\" data-id=\"2418\">emplacements ombrag\u00e9s<\/a> attendent votre <strong>tente<\/strong>, votre <strong>van<\/strong> ou votre <strong>camping-car<\/strong>. Nos <strong>tentes<\/strong> <strong>bivouac<\/strong> tout en bois sont id\u00e9ales pour un s\u00e9jour insolite et sportif. Les <strong>mobil-homes <\/strong>sont \u00e9quip\u00e9s pour accueillir des vacances en famille au calme. Les <strong>chalets<\/strong> avec une vue imprenable sur la vall\u00e9e sont parfaits pour des retrouvailles entre amis. Le <strong>chalet avec spa <\/strong>est id\u00e9al pour un moment tout confort en duo. Chaque <a href=\"https:\/\/www.camping-ideal-pyrenees.com\/en\/mobile-home-rentals-arras-en-lavedan\/\" data-type=\"page\" data-id=\"2414\">logement dans les Hautes-Pyr\u00e9n\u00e9es<\/a> est pr\u00eat \u00e0 vous accueillir pour vos plus belles vacances.<\/p>\n\n\n\n<p class=\"has-custom-color-4-color has-text-color has-link-color wp-elements-fbabbb019a4bfbbb5d079cbeeb4b2432\">Summer or winter, you&#8217;ll love being able to choose the type of vacation that suits you at a campsite near Argel\u00e8s-Gazost!<\/p>\n\n\n\n<p class=\"has-custom-color-4-color has-text-color has-link-color wp-elements-b2f2dc1944302357ff61cb9c6d70f052\">From the authentic market every Tuesday morning to the local thermal baths after a short hike, life here is full <strong>of<\/strong> simple, pleasant moments.<\/p>\n\n            <div class=\"gt-fse-lire-plus__gradient\" style=\"background: linear-gradient(to bottom,rgba(59,72,93,0) 0%,rgba(59,72,93,1) 100%);\"><\/div>\n        <\/div>\n    <\/div>\n    <\/div>\n<\/div>\n<\/div>\n<\/div>\n\n<div class=\"wp-block-group section-5 has-custom-color-4-background-color has-background has-global-padding is-layout-constrained wp-container-core-group-is-layout-3ba61e79 wp-block-group-is-layout-constrained\" style=\"margin-top:0px;margin-bottom:0px;padding-top:4rem;padding-right:8rem;padding-bottom:4rem;padding-left:8rem\">\n<div class=\"wp-block-columns are-vertically-aligned-center is-layout-flex wp-container-core-columns-is-layout-65a7aca3 wp-block-columns-is-layout-flex\">\n<div class=\"wp-block-column is-vertically-aligned-center left is-layout-flow wp-block-column-is-layout-flow\" style=\"padding-bottom:var(--wp--preset--spacing--60);flex-basis:40%\">\n<div class=\"wp-block-group has-global-padding is-content-justification-center is-layout-constrained wp-container-core-group-is-layout-e327b0b2 wp-block-group-is-layout-constrained\" style=\"padding-top:var(--wp--preset--spacing--40)\">\n<div class=\"wp-block-group title gt-no-padding-mobile is-vertical is-nowrap is-layout-flex wp-container-core-group-is-layout-f8272aea wp-block-group-is-layout-flex\" style=\"padding-top:var(--wp--preset--spacing--60)\">\n<h2 class=\"wp-block-heading has-custom-color-1-color has-text-color has-link-color wp-elements-6936faf538567e76d6023edc03156f38\"><img decoding=\"async\" width=\"41\" height=\"69\" class=\"wp-image-2600\" style=\"width: 41px;\" src=\"https:\/\/www.camping-ideal-pyrenees.com\/wp-content\/uploads\/2026\/04\/icon-feux-de-camps.svg\" alt=\"icon feux de camps\"\/><br\/>Services \u00e9toil\u00e9s et activit\u00e9s au camping dans les Hautes-Pyr\u00e9n\u00e9es<\/h2>\n<\/div>\n\n\n    <div id=\"gt-fse-lire-plus-69f364cc62cf4\" class=\"gt-fse-lire-plus\" style=\"--min-height: 130px; background-color: #faf4e7;\">\n        <input id=\"gt-fse-lire-plus-69f364cc62cf4-toggle\" type=\"checkbox\" class=\"gt-fse-lire-plus__toggle\" \/>\n        <label for=\"gt-fse-lire-plus-69f364cc62cf4-toggle\" class=\"gt-fse-lire-plus__toggle-label\">\n            <span>Read more<\/span>\n            <span>Read less<\/span>\n        <\/label>\n        <div class=\"gt-fse-lire-plus__content\">\n            \n\n<p>Le Camping L\u2019Id\u00e9al*** vit au rythme de chacun. Ici, pas d\u2019animations impos\u00e9es, mais des <strong>moments<\/strong> <strong>simples<\/strong> \u00e0 partager : un plongeon dans la piscine, une bi\u00e8re locale sur la terrasse du bar, en face les <a href=\"https:\/\/www.camping-ideal-pyrenees.com\/en\/family-campsite-arras-en-lavedan\/#jeux\" data-type=\"page\" data-id=\"2406\">jeux pour enfants<\/a> o\u00f9 ils peuvent se retrouver pour jouer, une petite \u00e9picerie de produits locaux, une partie de p\u00e9tanque improvis\u00e9e sous les arbres. Les rencontres se font naturellement, dans une <strong>ambiance<\/strong> <strong>calme<\/strong> et <strong>conviviale<\/strong>. Un <a href=\"https:\/\/www.camping-ideal-pyrenees.com\/en\/family-campsite-arras-en-lavedan\/\" data-type=\"page\" data-id=\"2406\">camping trois \u00e9toiles \u00e0 proximit\u00e9 d\u2019Argel\u00e8s-Gazost<\/a>, id\u00e9al pour se d\u00e9tendre, se retrouver et profiter pleinement de la nature des Pyr\u00e9n\u00e9es.\u00a0<\/p>\n\n\n\n<p id=\"accueilvelo\">Notre <a href=\"https:\/\/www.camping-ideal-pyrenees.com\/en\/family-campsite-arras-en-lavedan\/#accueilvelo\" data-type=\"page\" data-id=\"5\">camping labellis\u00e9 Accueil V\u00e9lo<\/a> est parfaitement adapt\u00e9 aux voyageurs en itin\u00e9rance (cyclistes et motards) et propose des h\u00e9bergements sp\u00e9cialement con\u00e7us pour votre \u00e9tape dans les Hautes-Pyr\u00e9n\u00e9es.<\/p>\n\n            <div class=\"gt-fse-lire-plus__gradient\" style=\"background: linear-gradient(to bottom,rgba(250,244,231,0) 0%,rgba(250,244,231,1) 100%);\"><\/div>\n        <\/div>\n    <\/div>\n    \n\n\n<div class=\"wp-block-columns icons animated fadeIn slower gt-no-margin-mobile is-layout-flex wp-container-core-columns-is-layout-5612523a wp-block-columns-is-layout-flex\" style=\"margin-top:0;margin-bottom:var(--wp--preset--spacing--60);padding-top:4rem\">\n<div class=\"wp-block-column is-layout-flow wp-block-column-is-layout-flow\">\n<div data-swiper=\"{&quot;speed&quot;:1000,&quot;autoplay&quot;:{&quot;delay&quot;:5000,&quot;disableOnInteraction&quot;:false},&quot;spaceBetween&quot;:0,&quot;slidesPerView&quot;:1,&quot;pagination&quot;:{&quot;el&quot;:&quot;.swiper-pagination&quot;,&quot;dynamicBullets&quot;:true,&quot;clickable&quot;:true,&quot;type&quot;:&quot;bullets&quot;},&quot;navigation&quot;:{&quot;nextEl&quot;:&quot;.swiper-button-next&quot;,&quot;prevEl&quot;:&quot;.swiper-button-prev&quot;},&quot;breakpoints&quot;:[{&quot;slidesPerView&quot;:1}]}\" class=\"wp-block-cover is-light svg-background\" style=\"min-height:129px;aspect-ratio:unset;\"><span aria-hidden=\"true\" class=\"wp-block-cover__background has-background-dim-0 has-background-dim\"><\/span><div class=\"wp-block-cover__inner-container has-global-padding is-layout-constrained wp-container-core-cover-is-layout-12243e0f wp-block-cover-is-layout-constrained\">\n<figure class=\"wp-block-image aligncenter size-large\"><img decoding=\"async\" width=\"40\" height=\"61\" src=\"https:\/\/www.camping-ideal-pyrenees.com\/wp-content\/uploads\/2026\/04\/dessin-verre-cocktail.svg\" alt=\"cocktail glass design\" class=\"wp-image-2603\"\/><\/figure>\n\n\n\n<p class=\"has-text-align-center has-custom-color-1-color has-text-color has-link-color wp-elements-789948a3aea6db97db9a0dcb42edbfe5\" style=\"font-size:clamp(0.875rem, 0.875rem + ((1vw - 0.2rem) * 0.125), 0.95rem);\">Bar<\/p>\n<\/div><\/div>\n<\/div>\n\n\n\n<div class=\"wp-block-column is-layout-flow wp-block-column-is-layout-flow\">\n<div data-swiper=\"{&quot;speed&quot;:1000,&quot;autoplay&quot;:{&quot;delay&quot;:5000,&quot;disableOnInteraction&quot;:false},&quot;spaceBetween&quot;:0,&quot;slidesPerView&quot;:1,&quot;pagination&quot;:{&quot;el&quot;:&quot;.swiper-pagination&quot;,&quot;dynamicBullets&quot;:true,&quot;clickable&quot;:true,&quot;type&quot;:&quot;bullets&quot;},&quot;navigation&quot;:{&quot;nextEl&quot;:&quot;.swiper-button-next&quot;,&quot;prevEl&quot;:&quot;.swiper-button-prev&quot;},&quot;breakpoints&quot;:[{&quot;slidesPerView&quot;:1}]}\" class=\"wp-block-cover is-light svg-background\" style=\"min-height:129px;aspect-ratio:unset;\"><span aria-hidden=\"true\" class=\"wp-block-cover__background has-background-dim-0 has-background-dim\"><\/span><div class=\"wp-block-cover__inner-container has-global-padding is-layout-constrained wp-container-core-cover-is-layout-12243e0f wp-block-cover-is-layout-constrained\">\n<figure class=\"wp-block-image aligncenter size-large\"><img decoding=\"async\" width=\"62\" height=\"49\" src=\"https:\/\/www.camping-ideal-pyrenees.com\/wp-content\/uploads\/2026\/04\/dessin-ordi-portable.svg\" alt=\"laptop design\" class=\"wp-image-2605\"\/><\/figure>\n\n\n\n<p class=\"has-text-align-center has-custom-color-1-color has-text-color has-link-color wp-elements-2a0385a4affe836d5911399d51b83d93\" style=\"font-size:clamp(0.875rem, 0.875rem + ((1vw - 0.2rem) * 0.125), 0.95rem);\">Wifi<\/p>\n<\/div><\/div>\n<\/div>\n\n\n\n<div class=\"wp-block-column is-layout-flow wp-block-column-is-layout-flow\">\n<div data-swiper=\"{&quot;speed&quot;:1000,&quot;autoplay&quot;:{&quot;delay&quot;:5000,&quot;disableOnInteraction&quot;:false},&quot;spaceBetween&quot;:0,&quot;slidesPerView&quot;:1,&quot;pagination&quot;:{&quot;el&quot;:&quot;.swiper-pagination&quot;,&quot;dynamicBullets&quot;:true,&quot;clickable&quot;:true,&quot;type&quot;:&quot;bullets&quot;},&quot;navigation&quot;:{&quot;nextEl&quot;:&quot;.swiper-button-next&quot;,&quot;prevEl&quot;:&quot;.swiper-button-prev&quot;},&quot;breakpoints&quot;:[{&quot;slidesPerView&quot;:1}]}\" class=\"wp-block-cover is-light svg-background\" style=\"min-height:129px;aspect-ratio:unset;\"><span aria-hidden=\"true\" class=\"wp-block-cover__background has-background-dim-0 has-background-dim\"><\/span><div class=\"wp-block-cover__inner-container has-global-padding is-layout-constrained wp-container-core-cover-is-layout-12243e0f wp-block-cover-is-layout-constrained\">\n<figure class=\"wp-block-image aligncenter size-large\"><img decoding=\"async\" width=\"48\" height=\"60\" src=\"https:\/\/www.camping-ideal-pyrenees.com\/wp-content\/uploads\/2026\/04\/dessin-couche-bebe.svg\" alt=\"baby diaper design\" class=\"wp-image-2608\"\/><\/figure>\n\n\n\n<p class=\"has-text-align-center has-custom-color-1-color has-text-color has-link-color wp-elements-b67e138eb607eca0c857321764fa3009\" style=\"font-size:clamp(0.875rem, 0.875rem + ((1vw - 0.2rem) * 0.125), 0.95rem);\">Baby corner<\/p>\n<\/div><\/div>\n<\/div>\n\n\n\n<div class=\"wp-block-column is-layout-flow wp-block-column-is-layout-flow\">\n<div data-swiper=\"{&quot;speed&quot;:1000,&quot;autoplay&quot;:{&quot;delay&quot;:5000,&quot;disableOnInteraction&quot;:false},&quot;spaceBetween&quot;:0,&quot;slidesPerView&quot;:1,&quot;pagination&quot;:{&quot;el&quot;:&quot;.swiper-pagination&quot;,&quot;dynamicBullets&quot;:true,&quot;clickable&quot;:true,&quot;type&quot;:&quot;bullets&quot;},&quot;navigation&quot;:{&quot;nextEl&quot;:&quot;.swiper-button-next&quot;,&quot;prevEl&quot;:&quot;.swiper-button-prev&quot;},&quot;breakpoints&quot;:[{&quot;slidesPerView&quot;:1}]}\" class=\"wp-block-cover is-light svg-background\" style=\"min-height:129px;aspect-ratio:unset;\"><span aria-hidden=\"true\" class=\"wp-block-cover__background has-background-dim-0 has-background-dim\"><\/span><div class=\"wp-block-cover__inner-container has-global-padding is-layout-constrained wp-container-core-cover-is-layout-12243e0f wp-block-cover-is-layout-constrained\">\n<figure class=\"wp-block-image aligncenter size-large\"><img decoding=\"async\" width=\"49\" height=\"56\" src=\"https:\/\/www.camping-ideal-pyrenees.com\/wp-content\/uploads\/2026\/04\/icon-machine-a-laver.svg\" alt=\"icon washing machine\" class=\"wp-image-2610\"\/><\/figure>\n\n\n\n<p class=\"has-text-align-center has-custom-color-1-color has-text-color has-link-color wp-elements-8cdfd3a3fc33c602539632605af4f92e\" style=\"font-size:clamp(0.875rem, 0.875rem + ((1vw - 0.2rem) * 0.125), 0.95rem);\">Laundry<\/p>\n<\/div><\/div>\n<\/div>\n\n\n\n<div class=\"wp-block-column is-layout-flow wp-block-column-is-layout-flow\">\n<div data-swiper=\"{&quot;speed&quot;:1000,&quot;autoplay&quot;:{&quot;delay&quot;:5000,&quot;disableOnInteraction&quot;:false},&quot;spaceBetween&quot;:0,&quot;slidesPerView&quot;:1,&quot;pagination&quot;:{&quot;el&quot;:&quot;.swiper-pagination&quot;,&quot;dynamicBullets&quot;:true,&quot;clickable&quot;:true,&quot;type&quot;:&quot;bullets&quot;},&quot;navigation&quot;:{&quot;nextEl&quot;:&quot;.swiper-button-next&quot;,&quot;prevEl&quot;:&quot;.swiper-button-prev&quot;},&quot;breakpoints&quot;:[{&quot;slidesPerView&quot;:1}]}\" class=\"wp-block-cover is-light svg-background\" style=\"min-height:129px;aspect-ratio:unset;\"><span aria-hidden=\"true\" class=\"wp-block-cover__background has-background-dim-0 has-background-dim\"><\/span><div class=\"wp-block-cover__inner-container has-global-padding is-layout-constrained wp-container-core-cover-is-layout-12243e0f wp-block-cover-is-layout-constrained\">\n<figure class=\"wp-block-image aligncenter size-large\"><img decoding=\"async\" width=\"34\" height=\"61\" src=\"https:\/\/www.camping-ideal-pyrenees.com\/wp-content\/uploads\/2026\/04\/dessin-recompense.svg\" alt=\"award-winning design\" class=\"wp-image-2612\"\/><\/figure>\n\n\n\n<p class=\"has-text-align-center has-custom-color-1-color has-text-color has-link-color wp-elements-bb728ce18a3879693bb0f3bb3a2e4401\" style=\"font-size:clamp(0.875rem, 0.875rem + ((1vw - 0.2rem) * 0.125), 0.95rem);\">Quality and cleanliness<\/p>\n<\/div><\/div>\n<\/div>\n<\/div>\n<\/div>\n<\/div>\n\n\n\n<div class=\"wp-block-column is-vertically-aligned-center right is-layout-flow wp-container-core-column-is-layout-b84d30d4 wp-block-column-is-layout-flow\" style=\"padding-bottom:10rem;flex-basis:60%\">\n<figure class=\"wp-block-image size-full is-resized cursor\"><img decoding=\"async\" width=\"135\" height=\"135\" src=\"https:\/\/www.camping-ideal-pyrenees.com\/wp-content\/uploads\/2026\/04\/icon-cursor-blanc-bleu.svg\" alt=\"icon cursor white blue\" class=\"wp-image-2582\" style=\"object-fit:contain;width:70px;height:70px\"\/><\/figure>\n\n\n<a href=\"https:\/\/www.camping-ideal-pyrenees.com\/camping-familial-arras-en-lavedan\/\"    class=\"wp-block-tiptip-hyperlink-group-block\" >\n<div data-swiper=\"{&quot;speed&quot;:1000,&quot;autoplay&quot;:{&quot;delay&quot;:5000,&quot;disableOnInteraction&quot;:false},&quot;spaceBetween&quot;:0,&quot;slidesPerView&quot;:1,&quot;pagination&quot;:{&quot;el&quot;:&quot;.swiper-pagination&quot;,&quot;dynamicBullets&quot;:true,&quot;clickable&quot;:true,&quot;type&quot;:&quot;bullets&quot;},&quot;navigation&quot;:{&quot;nextEl&quot;:&quot;.swiper-button-next&quot;,&quot;prevEl&quot;:&quot;.swiper-button-prev&quot;},&quot;breakpoints&quot;:[{&quot;slidesPerView&quot;:1}]}\" class=\"wp-block-cover\" style=\"border-radius:10px;padding-top:0px;padding-right:0px;padding-bottom:0px;padding-left:0px\"><img decoding=\"async\" width=\"1920\" height=\"1280\" class=\"wp-block-cover__image-background wp-image-2616 size-full\" alt=\"services etoiles camping des hautes pyrenees\" src=\"https:\/\/www.camping-ideal-pyrenees.com\/wp-content\/uploads\/2026\/04\/services-etoiles-camping-des-hautes-pyrenees.jpg\" data-object-fit=\"cover\" srcset=\"https:\/\/www.camping-ideal-pyrenees.com\/wp-content\/uploads\/2026\/04\/services-etoiles-camping-des-hautes-pyrenees.jpg 1920w, https:\/\/www.camping-ideal-pyrenees.com\/wp-content\/uploads\/2026\/04\/services-etoiles-camping-des-hautes-pyrenees-300x200.jpg 300w, https:\/\/www.camping-ideal-pyrenees.com\/wp-content\/uploads\/2026\/04\/services-etoiles-camping-des-hautes-pyrenees-1024x683.jpg 1024w, https:\/\/www.camping-ideal-pyrenees.com\/wp-content\/uploads\/2026\/04\/services-etoiles-camping-des-hautes-pyrenees-768x512.jpg 768w, https:\/\/www.camping-ideal-pyrenees.com\/wp-content\/uploads\/2026\/04\/services-etoiles-camping-des-hautes-pyrenees-1536x1024.jpg 1536w\" sizes=\"(max-width: 1920px) 100vw, 1920px\" \/><span aria-hidden=\"true\" class=\"wp-block-cover__background has-background-dim-100 has-background-dim wp-block-cover__gradient-background has-background-gradient\" style=\"background:linear-gradient(0deg,rgba(0,0,0,0.76) 0%,rgba(155,81,224,0) 52%)\"><\/span><div class=\"wp-block-cover__inner-container has-global-padding is-layout-constrained wp-container-core-cover-is-layout-f5c98baf wp-block-cover-is-layout-constrained\">\n<div class=\"wp-block-group is-content-justification-space-between is-nowrap is-layout-flex wp-container-core-group-is-layout-bc878824 wp-block-group-is-layout-flex\" style=\"padding-top:0rem;padding-right:2rem;padding-bottom:2rem;padding-left:2rem\">\n<p class=\"has-text-align-left has-custom-color-4-color has-text-color has-link-color has-wilden-font-family wp-elements-584be29d15254ee5f0fe7b126fcdf339\" style=\"padding-top:0;padding-right:0;padding-bottom:0;padding-left:0;font-size:clamp(1.537rem, 1.537rem + ((1vw - 0.2rem) * 1.722), 2.57rem);line-height:1\">OUR SERVICES<\/p>\n\n\n\n<div class=\"wp-block-group is-nowrap is-layout-flex wp-container-core-group-is-layout-d01e06d6 wp-block-group-is-layout-flex\">\n<p class=\"has-text-align-left has-custom-color-4-color has-text-color has-link-color has-wilden-font-family wp-elements-7328ba29a95c057f600d7bd98e5092cd\" style=\"padding-top:0;padding-right:0;padding-bottom:0;padding-left:0;font-size:clamp(1.388rem, 1.388rem + ((1vw - 0.2rem) * 1.47), 2.27rem);line-height:1\">n\u00b0<\/p>\n\n\n\n<p class=\"has-text-align-left has-custom-color-4-color has-text-color has-link-color has-wilden-font-family wp-elements-112f317b19a6927e86c3c53312f3db66\" style=\"padding-top:0;padding-right:0;padding-bottom:0;padding-left:0;font-size:clamp(3.167rem, 3.167rem + ((1vw - 0.2rem) * 5.272), 6.33rem);line-height:0.7\">6<\/p>\n<\/div>\n<\/div>\n<\/div><\/div>\n<\/a>\n\n<a href=\"https:\/\/www.camping-ideal-pyrenees.com\/camping-familial-arras-en-lavedan\/#jeux\"    class=\"wp-block-tiptip-hyperlink-group-block\" >\n<div data-swiper=\"{&quot;speed&quot;:1000,&quot;autoplay&quot;:{&quot;delay&quot;:5000,&quot;disableOnInteraction&quot;:false},&quot;spaceBetween&quot;:0,&quot;slidesPerView&quot;:1,&quot;pagination&quot;:{&quot;el&quot;:&quot;.swiper-pagination&quot;,&quot;dynamicBullets&quot;:true,&quot;clickable&quot;:true,&quot;type&quot;:&quot;bullets&quot;},&quot;navigation&quot;:{&quot;nextEl&quot;:&quot;.swiper-button-next&quot;,&quot;prevEl&quot;:&quot;.swiper-button-prev&quot;},&quot;breakpoints&quot;:[{&quot;slidesPerView&quot;:1}]}\" class=\"wp-block-cover\" style=\"border-radius:10px;padding-top:0px;padding-right:0px;padding-bottom:0px;padding-left:0px\"><img decoding=\"async\" width=\"1000\" height=\"557\" class=\"wp-block-cover__image-background wp-image-2871 size-full\" alt=\"aire de jeux camping l'ideal\" src=\"https:\/\/www.camping-ideal-pyrenees.com\/wp-content\/uploads\/2026\/04\/aire-de-jeux-camping-lideal.jpg\" data-object-fit=\"cover\" srcset=\"https:\/\/www.camping-ideal-pyrenees.com\/wp-content\/uploads\/2026\/04\/aire-de-jeux-camping-lideal.jpg 1000w, https:\/\/www.camping-ideal-pyrenees.com\/wp-content\/uploads\/2026\/04\/aire-de-jeux-camping-lideal-300x167.jpg 300w, https:\/\/www.camping-ideal-pyrenees.com\/wp-content\/uploads\/2026\/04\/aire-de-jeux-camping-lideal-768x428.jpg 768w\" sizes=\"(max-width: 1000px) 100vw, 1000px\" \/><span aria-hidden=\"true\" class=\"wp-block-cover__background has-background-dim-100 has-background-dim wp-block-cover__gradient-background has-background-gradient\" style=\"background:linear-gradient(0deg,rgba(0,0,0,0.76) 0%,rgba(155,81,224,0) 52%)\"><\/span><div class=\"wp-block-cover__inner-container has-global-padding is-layout-constrained wp-container-core-cover-is-layout-f5c98baf wp-block-cover-is-layout-constrained\">\n<div class=\"wp-block-group is-content-justification-space-between is-nowrap is-layout-flex wp-container-core-group-is-layout-bc878824 wp-block-group-is-layout-flex\" style=\"padding-top:0rem;padding-right:2rem;padding-bottom:2rem;padding-left:2rem\">\n<p class=\"has-text-align-left has-custom-color-4-color has-text-color has-link-color has-wilden-font-family wp-elements-9600bd24826f72688efb63b8e225b595\" style=\"padding-top:0;padding-right:0;padding-bottom:0;padding-left:0;font-size:clamp(1.537rem, 1.537rem + ((1vw - 0.2rem) * 1.722), 2.57rem);line-height:1\">PLAY AREA<\/p>\n\n\n\n<div class=\"wp-block-group is-nowrap is-layout-flex wp-container-core-group-is-layout-d01e06d6 wp-block-group-is-layout-flex\">\n<p class=\"has-text-align-left has-custom-color-4-color has-text-color has-link-color has-wilden-font-family wp-elements-7328ba29a95c057f600d7bd98e5092cd\" style=\"padding-top:0;padding-right:0;padding-bottom:0;padding-left:0;font-size:clamp(1.388rem, 1.388rem + ((1vw - 0.2rem) * 1.47), 2.27rem);line-height:1\">n\u00b0<\/p>\n\n\n\n<p class=\"has-text-align-left has-custom-color-4-color has-text-color has-link-color has-wilden-font-family wp-elements-48c573279bf6f4791b36707b13da8be2\" style=\"padding-top:0;padding-right:0;padding-bottom:0;padding-left:0;font-size:clamp(3.167rem, 3.167rem + ((1vw - 0.2rem) * 5.272), 6.33rem);line-height:0.7\">7<\/p>\n<\/div>\n<\/div>\n<\/div><\/div>\n<\/a>\n\n<a href=\"https:\/\/www.camping-ideal-pyrenees.com\/camping-familial-arras-en-lavedan\/#accueilvelo\"    class=\"wp-block-tiptip-hyperlink-group-block\" >\n<div data-swiper=\"{&quot;speed&quot;:1000,&quot;autoplay&quot;:{&quot;delay&quot;:5000,&quot;disableOnInteraction&quot;:false},&quot;spaceBetween&quot;:0,&quot;slidesPerView&quot;:1,&quot;pagination&quot;:{&quot;el&quot;:&quot;.swiper-pagination&quot;,&quot;dynamicBullets&quot;:true,&quot;clickable&quot;:true,&quot;type&quot;:&quot;bullets&quot;},&quot;navigation&quot;:{&quot;nextEl&quot;:&quot;.swiper-button-next&quot;,&quot;prevEl&quot;:&quot;.swiper-button-prev&quot;},&quot;breakpoints&quot;:[{&quot;slidesPerView&quot;:1}]}\" class=\"wp-block-cover\" style=\"border-radius:10px;padding-top:0px;padding-right:0px;padding-bottom:0px;padding-left:0px\"><img decoding=\"async\" width=\"1920\" height=\"1281\" class=\"wp-block-cover__image-background wp-image-2621 size-full\" alt=\"camping labellise accueil velo\" src=\"https:\/\/www.camping-ideal-pyrenees.com\/wp-content\/uploads\/2026\/04\/camping-labellise-accueil-velo.jpg\" data-object-fit=\"cover\" srcset=\"https:\/\/www.camping-ideal-pyrenees.com\/wp-content\/uploads\/2026\/04\/camping-labellise-accueil-velo.jpg 1920w, https:\/\/www.camping-ideal-pyrenees.com\/wp-content\/uploads\/2026\/04\/camping-labellise-accueil-velo-300x200.jpg 300w, https:\/\/www.camping-ideal-pyrenees.com\/wp-content\/uploads\/2026\/04\/camping-labellise-accueil-velo-1024x683.jpg 1024w, https:\/\/www.camping-ideal-pyrenees.com\/wp-content\/uploads\/2026\/04\/camping-labellise-accueil-velo-768x512.jpg 768w, https:\/\/www.camping-ideal-pyrenees.com\/wp-content\/uploads\/2026\/04\/camping-labellise-accueil-velo-1536x1025.jpg 1536w\" sizes=\"(max-width: 1920px) 100vw, 1920px\" \/><span aria-hidden=\"true\" class=\"wp-block-cover__background has-background-dim-100 has-background-dim wp-block-cover__gradient-background has-background-gradient\" style=\"background:linear-gradient(0deg,rgba(0,0,0,0.76) 0%,rgba(155,81,224,0) 52%)\"><\/span><div class=\"wp-block-cover__inner-container has-global-padding is-layout-constrained wp-container-core-cover-is-layout-f5c98baf wp-block-cover-is-layout-constrained\">\n<div class=\"wp-block-group is-content-justification-space-between is-nowrap is-layout-flex wp-container-core-group-is-layout-bc878824 wp-block-group-is-layout-flex\" style=\"padding-top:0rem;padding-right:2rem;padding-bottom:2rem;padding-left:2rem\">\n<p class=\"has-text-align-left has-custom-color-4-color has-text-color has-link-color has-wilden-font-family wp-elements-bee0a904510ba2552eb1406c971d5c89\" style=\"padding-top:0;padding-right:0;padding-bottom:0;padding-left:0;font-size:clamp(1.537rem, 1.537rem + ((1vw - 0.2rem) * 1.722), 2.57rem);line-height:1\">HOME Bicycle<\/p>\n\n\n\n<div class=\"wp-block-group is-nowrap is-layout-flex wp-container-core-group-is-layout-d01e06d6 wp-block-group-is-layout-flex\">\n<p class=\"has-text-align-left has-custom-color-4-color has-text-color has-link-color has-wilden-font-family wp-elements-7328ba29a95c057f600d7bd98e5092cd\" style=\"padding-top:0;padding-right:0;padding-bottom:0;padding-left:0;font-size:clamp(1.388rem, 1.388rem + ((1vw - 0.2rem) * 1.47), 2.27rem);line-height:1\">n\u00b0<\/p>\n\n\n\n<p class=\"has-text-align-left has-custom-color-4-color has-text-color has-link-color has-wilden-font-family wp-elements-75748ecf25582ea75cbabab53993c5da\" style=\"padding-top:0;padding-right:0;padding-bottom:0;padding-left:0;font-size:clamp(3.167rem, 3.167rem + ((1vw - 0.2rem) * 5.272), 6.33rem);line-height:0.7\">8<\/p>\n<\/div>\n<\/div>\n<\/div><\/div>\n<\/a><\/div>\n<\/div>\n<\/div>\n\n<div class=\"wp-block-group section-6 has-global-padding is-layout-constrained wp-container-core-group-is-layout-07b29094 wp-block-group-is-layout-constrained\" style=\"margin-top:0px;margin-bottom:0px;padding-right:0px;padding-left:0px\">\n<div class=\"wp-block-group group-banner has-global-padding is-layout-constrained wp-container-core-group-is-layout-d6554d75 wp-block-group-is-layout-constrained\" style=\"margin-top:0px;margin-bottom:0px\">\n<div data-swiper=\"{&quot;speed&quot;:400,&quot;spaceBetween&quot;:16,&quot;slidesPerView&quot;:1,&quot;createElements&quot;:true,&quot;loop&quot;:true,&quot;freemode&quot;:true,&quot;navigation&quot;:{&quot;nextEl&quot;:&quot;buttonNext&quot;,&quot;prevEl&quot;:&quot;buttonPrev&quot;},&quot;pagination&quot;:{&quot;el&quot;:&quot;.swiper-pagination&quot;,&quot;dynamicBullets&quot;:true},&quot;breakpoints&quot;:[{&quot;slidesPerView&quot;:1}],&quot;effect&quot;:&quot;fade&quot;,&quot;autoplay&quot;:{&quot;delay&quot;:3000,&quot;disableOnInteraction&quot;:false}}\" class=\"wp-block-group gt-is-slider gt-is-slider-desktop has-global-padding is-layout-constrained wp-container-core-group-is-layout-d6554d75 wp-block-group-is-layout-constrained\" style=\"margin-top:0px;margin-bottom:0px\">\n<div data-swiper=\"{&quot;slidesPerView&quot;:1,&quot;pagination&quot;:{&quot;el&quot;:&quot;.swiper-pagination&quot;,&quot;dynamicBullets&quot;:true,&quot;clickable&quot;:true,&quot;type&quot;:&quot;bullets&quot;},&quot;navigation&quot;:{&quot;nextEl&quot;:&quot;.swiper-button-next&quot;,&quot;prevEl&quot;:&quot;.swiper-button-prev&quot;},&quot;breakpoints&quot;:[{&quot;slidesPerView&quot;:1}],&quot;effect&quot;:&quot;fade&quot;,&quot;autoplay&quot;:&quot;{\\n\\&quot;delay\\&quot;: 4000, \\n    \\&quot;disableOnInteraction\\&quot;: false\\n}&quot;}\" class=\"wp-block-cover banner\" style=\"padding-right:4rem;padding-bottom:8rem;padding-left:4rem;min-height:100vh;aspect-ratio:unset;\"><img decoding=\"async\" width=\"1920\" height=\"1440\" class=\"wp-block-cover__image-background wp-image-2633 size-full\" alt=\"camping en plein air dans les hautes pyrenees\" src=\"https:\/\/www.camping-ideal-pyrenees.com\/wp-content\/uploads\/2026\/04\/camping-en-plein-air-dans-les-hautes-pyrenees.jpg\" data-object-fit=\"cover\" srcset=\"https:\/\/www.camping-ideal-pyrenees.com\/wp-content\/uploads\/2026\/04\/camping-en-plein-air-dans-les-hautes-pyrenees.jpg 1920w, https:\/\/www.camping-ideal-pyrenees.com\/wp-content\/uploads\/2026\/04\/camping-en-plein-air-dans-les-hautes-pyrenees-300x225.jpg 300w, https:\/\/www.camping-ideal-pyrenees.com\/wp-content\/uploads\/2026\/04\/camping-en-plein-air-dans-les-hautes-pyrenees-1024x768.jpg 1024w, https:\/\/www.camping-ideal-pyrenees.com\/wp-content\/uploads\/2026\/04\/camping-en-plein-air-dans-les-hautes-pyrenees-768x576.jpg 768w, https:\/\/www.camping-ideal-pyrenees.com\/wp-content\/uploads\/2026\/04\/camping-en-plein-air-dans-les-hautes-pyrenees-1536x1152.jpg 1536w\" sizes=\"(max-width: 1920px) 100vw, 1920px\" \/><span aria-hidden=\"true\" class=\"wp-block-cover__background has-background-dim-0 has-background-dim\"><\/span><div class=\"wp-block-cover__inner-container has-global-padding is-layout-constrained wp-container-core-cover-is-layout-b4134566 wp-block-cover-is-layout-constrained\">\n<div class=\"wp-block-columns are-vertically-aligned-bottom is-layout-flex wp-container-core-columns-is-layout-6b276c36 wp-block-columns-is-layout-flex\">\n<div class=\"wp-block-column is-vertically-aligned-bottom left is-layout-flow wp-block-column-is-layout-flow\" style=\"flex-basis:60%\"><a href=\"https:\/\/www.camping-ideal-pyrenees.com\/tourisme-activites-hautes-pyrenees\/\"    class=\"wp-block-tiptip-hyperlink-group-block\" >\n<div data-swiper=\"{&quot;speed&quot;:1000,&quot;autoplay&quot;:{&quot;delay&quot;:5000,&quot;disableOnInteraction&quot;:false},&quot;spaceBetween&quot;:0,&quot;slidesPerView&quot;:1,&quot;pagination&quot;:{&quot;el&quot;:&quot;.swiper-pagination&quot;,&quot;dynamicBullets&quot;:true,&quot;clickable&quot;:true,&quot;type&quot;:&quot;bullets&quot;},&quot;navigation&quot;:{&quot;nextEl&quot;:&quot;.swiper-button-next&quot;,&quot;prevEl&quot;:&quot;.swiper-button-prev&quot;},&quot;breakpoints&quot;:[{&quot;slidesPerView&quot;:1}]}\" class=\"wp-block-cover is-light svg-background\" style=\"margin-bottom:0\"><img decoding=\"async\" width=\"305\" height=\"208\" class=\"wp-block-cover__image-background wp-image-2636 size-full\" alt=\"dessin carte montagne beige\" src=\"https:\/\/www.camping-ideal-pyrenees.com\/wp-content\/uploads\/2026\/04\/dessin-carte-montagne-beige.svg\" data-object-fit=\"cover\"\/><span aria-hidden=\"true\" class=\"wp-block-cover__background has-background-dim-0 has-background-dim\"><\/span><div class=\"wp-block-cover__inner-container has-global-padding is-layout-constrained wp-container-core-cover-is-layout-1a33f701 wp-block-cover-is-layout-constrained\">\n<p class=\"has-text-align-left has-custom-color-4-color has-text-color has-link-color has-wilden-font-family wp-elements-9ff2ead3817a7936715310751c3f495f\" style=\"font-size:clamp(3.479rem, 3.479rem + ((1vw - 0.2rem) * 6.102), 7.14rem);line-height:1\">Roll<br\/>to<br\/>l&#8217;\u00e9vasion<\/p>\n\n\n\n<div class=\"wp-block-group group-arrow has-custom-color-5-background-color has-background has-global-padding is-layout-constrained wp-container-core-group-is-layout-c56471ce wp-block-group-is-layout-constrained\" style=\"border-radius:1000px;min-height:137px\">\n<figure class=\"wp-block-image size-large is-resized left\"><img decoding=\"async\" width=\"25\" height=\"25\" src=\"https:\/\/www.camping-ideal-pyrenees.com\/wp-content\/uploads\/2025\/10\/fleche-bleu.svg\" alt=\"blue arrow\" class=\"wp-image-318\" style=\"object-fit:contain;width:50px;height:50px\"\/><\/figure>\n<\/div>\n\n\n\n<div class=\"wp-block-group group-arrow hover has-custom-color-1-background-color has-background has-global-padding is-layout-constrained wp-container-core-group-is-layout-c56471ce wp-block-group-is-layout-constrained\" style=\"border-radius:1000px;min-height:137px\">\n<figure class=\"wp-block-image size-large is-resized left wp-duotone-f4f3d9-f4f3d9-3\"><img decoding=\"async\" width=\"25\" height=\"25\" src=\"https:\/\/www.camping-ideal-pyrenees.com\/wp-content\/uploads\/2025\/10\/fleche-bleu.svg\" alt=\"blue arrow\" class=\"wp-image-318\" style=\"object-fit:contain;width:50px;height:50px\"\/><\/figure>\n<\/div>\n<\/div><\/div>\n<\/a><\/div>\n\n\n\n<div class=\"wp-block-column is-vertically-aligned-bottom right is-layout-flow wp-block-column-is-layout-flow\" style=\"flex-basis:40%\"><\/div>\n<\/div>\n<\/div><\/div>\n\n\n\n<div data-swiper=\"{&quot;slidesPerView&quot;:1,&quot;pagination&quot;:{&quot;el&quot;:&quot;.swiper-pagination&quot;,&quot;dynamicBullets&quot;:true,&quot;clickable&quot;:true,&quot;type&quot;:&quot;bullets&quot;},&quot;navigation&quot;:{&quot;nextEl&quot;:&quot;.swiper-button-next&quot;,&quot;prevEl&quot;:&quot;.swiper-button-prev&quot;},&quot;breakpoints&quot;:[{&quot;slidesPerView&quot;:1}],&quot;effect&quot;:&quot;fade&quot;,&quot;autoplay&quot;:&quot;{\\n\\&quot;delay\\&quot;: 4000, \\n    \\&quot;disableOnInteraction\\&quot;: false\\n}&quot;}\" class=\"wp-block-cover is-light banner\" style=\"padding-right:4rem;padding-bottom:8rem;padding-left:4rem;min-height:100vh;aspect-ratio:unset;\"><img decoding=\"async\" width=\"2000\" height=\"1354\" class=\"wp-block-cover__image-background wp-image-2884 size-full\" alt=\"camping lac de gaube\" src=\"https:\/\/www.camping-ideal-pyrenees.com\/wp-content\/uploads\/2026\/04\/camping-lac-de-gaube.jpeg\" data-object-fit=\"cover\" srcset=\"https:\/\/www.camping-ideal-pyrenees.com\/wp-content\/uploads\/2026\/04\/camping-lac-de-gaube.jpeg 2000w, https:\/\/www.camping-ideal-pyrenees.com\/wp-content\/uploads\/2026\/04\/camping-lac-de-gaube-300x203.jpeg 300w, https:\/\/www.camping-ideal-pyrenees.com\/wp-content\/uploads\/2026\/04\/camping-lac-de-gaube-1024x693.jpeg 1024w, https:\/\/www.camping-ideal-pyrenees.com\/wp-content\/uploads\/2026\/04\/camping-lac-de-gaube-768x520.jpeg 768w, https:\/\/www.camping-ideal-pyrenees.com\/wp-content\/uploads\/2026\/04\/camping-lac-de-gaube-1536x1040.jpeg 1536w\" sizes=\"(max-width: 2000px) 100vw, 2000px\" \/><span aria-hidden=\"true\" class=\"wp-block-cover__background has-background-dim-0 has-background-dim\"><\/span><div class=\"wp-block-cover__inner-container has-global-padding is-layout-constrained wp-container-core-cover-is-layout-b4134566 wp-block-cover-is-layout-constrained\">\n<div class=\"wp-block-columns are-vertically-aligned-bottom is-layout-flex wp-container-core-columns-is-layout-6b276c36 wp-block-columns-is-layout-flex\">\n<div class=\"wp-block-column is-vertically-aligned-bottom left is-layout-flow wp-block-column-is-layout-flow\" style=\"flex-basis:60%\"><a href=\"https:\/\/www.camping-ideal-pyrenees.com\/tourisme-activites-hautes-pyrenees\/\"    class=\"wp-block-tiptip-hyperlink-group-block\" >\n<div data-swiper=\"{&quot;speed&quot;:1000,&quot;autoplay&quot;:{&quot;delay&quot;:5000,&quot;disableOnInteraction&quot;:false},&quot;spaceBetween&quot;:0,&quot;slidesPerView&quot;:1,&quot;pagination&quot;:{&quot;el&quot;:&quot;.swiper-pagination&quot;,&quot;dynamicBullets&quot;:true,&quot;clickable&quot;:true,&quot;type&quot;:&quot;bullets&quot;},&quot;navigation&quot;:{&quot;nextEl&quot;:&quot;.swiper-button-next&quot;,&quot;prevEl&quot;:&quot;.swiper-button-prev&quot;},&quot;breakpoints&quot;:[{&quot;slidesPerView&quot;:1}]}\" class=\"wp-block-cover is-light svg-background\" style=\"margin-bottom:0\"><img decoding=\"async\" width=\"220\" height=\"307\" class=\"wp-block-cover__image-background wp-image-2641 size-full\" alt=\"dessin sac de rando beige\" src=\"https:\/\/www.camping-ideal-pyrenees.com\/wp-content\/uploads\/2026\/04\/dessin-sac-de-rando-beige.svg\" data-object-fit=\"cover\"\/><span aria-hidden=\"true\" class=\"wp-block-cover__background has-background-dim-0 has-background-dim\"><\/span><div class=\"wp-block-cover__inner-container has-global-padding is-layout-constrained wp-container-core-cover-is-layout-1a33f701 wp-block-cover-is-layout-constrained\">\n<p class=\"has-text-align-left has-custom-color-4-color has-text-color has-link-color has-wilden-font-family wp-elements-bc4390641111b17894e9c9b3148f46d4\" style=\"font-size:clamp(3.479rem, 3.479rem + ((1vw - 0.2rem) * 6.102), 7.14rem);line-height:1\">Walk<br\/>to<br\/>the essentials<\/p>\n\n\n\n<div class=\"wp-block-group group-arrow has-custom-color-5-background-color has-background has-global-padding is-layout-constrained wp-container-core-group-is-layout-c56471ce wp-block-group-is-layout-constrained\" style=\"border-radius:1000px;min-height:137px\">\n<figure class=\"wp-block-image size-large is-resized left\"><img decoding=\"async\" width=\"25\" height=\"25\" src=\"https:\/\/www.camping-ideal-pyrenees.com\/wp-content\/uploads\/2025\/10\/fleche-bleu.svg\" alt=\"blue arrow\" class=\"wp-image-318\" style=\"object-fit:contain;width:50px;height:50px\"\/><\/figure>\n<\/div>\n\n\n\n<div class=\"wp-block-group group-arrow hover has-custom-color-1-background-color has-background has-global-padding is-layout-constrained wp-container-core-group-is-layout-c56471ce wp-block-group-is-layout-constrained\" style=\"border-radius:1000px;min-height:137px\">\n<figure class=\"wp-block-image size-large is-resized left wp-duotone-f4f3d9-f4f3d9-5\"><img decoding=\"async\" width=\"25\" height=\"25\" src=\"https:\/\/www.camping-ideal-pyrenees.com\/wp-content\/uploads\/2025\/10\/fleche-bleu.svg\" alt=\"blue arrow\" class=\"wp-image-318\" style=\"object-fit:contain;width:50px;height:50px\"\/><\/figure>\n<\/div>\n<\/div><\/div>\n<\/a><\/div>\n\n\n\n<div class=\"wp-block-column is-vertically-aligned-bottom right is-layout-flow wp-block-column-is-layout-flow\" style=\"flex-basis:40%\"><\/div>\n<\/div>\n<\/div><\/div>\n\n\n\n<div data-swiper=\"{&quot;slidesPerView&quot;:1,&quot;pagination&quot;:{&quot;el&quot;:&quot;.swiper-pagination&quot;,&quot;dynamicBullets&quot;:true,&quot;clickable&quot;:true,&quot;type&quot;:&quot;bullets&quot;},&quot;navigation&quot;:{&quot;nextEl&quot;:&quot;.swiper-button-next&quot;,&quot;prevEl&quot;:&quot;.swiper-button-prev&quot;},&quot;breakpoints&quot;:[{&quot;slidesPerView&quot;:1}],&quot;effect&quot;:&quot;fade&quot;,&quot;autoplay&quot;:&quot;{\\n\\&quot;delay\\&quot;: 4000, \\n    \\&quot;disableOnInteraction\\&quot;: false\\n}&quot;}\" class=\"wp-block-cover is-light banner\" style=\"padding-right:4rem;padding-bottom:8rem;padding-left:4rem;min-height:100vh;aspect-ratio:unset;\"><img decoding=\"async\" width=\"2000\" height=\"1333\" class=\"wp-block-cover__image-background wp-image-2882 size-full\" alt=\"camping ski pyrenees\" src=\"https:\/\/www.camping-ideal-pyrenees.com\/wp-content\/uploads\/2026\/04\/camping-ski-pyrenees.jpeg\" data-object-fit=\"cover\" srcset=\"https:\/\/www.camping-ideal-pyrenees.com\/wp-content\/uploads\/2026\/04\/camping-ski-pyrenees.jpeg 2000w, https:\/\/www.camping-ideal-pyrenees.com\/wp-content\/uploads\/2026\/04\/camping-ski-pyrenees-300x200.jpeg 300w, https:\/\/www.camping-ideal-pyrenees.com\/wp-content\/uploads\/2026\/04\/camping-ski-pyrenees-1024x682.jpeg 1024w, https:\/\/www.camping-ideal-pyrenees.com\/wp-content\/uploads\/2026\/04\/camping-ski-pyrenees-768x512.jpeg 768w, https:\/\/www.camping-ideal-pyrenees.com\/wp-content\/uploads\/2026\/04\/camping-ski-pyrenees-1536x1024.jpeg 1536w\" sizes=\"(max-width: 2000px) 100vw, 2000px\" \/><span aria-hidden=\"true\" class=\"wp-block-cover__background has-background-dim-0 has-background-dim\"><\/span><div class=\"wp-block-cover__inner-container has-global-padding is-layout-constrained wp-container-core-cover-is-layout-b4134566 wp-block-cover-is-layout-constrained\">\n<div class=\"wp-block-columns are-vertically-aligned-bottom is-layout-flex wp-container-core-columns-is-layout-6b276c36 wp-block-columns-is-layout-flex\">\n<div class=\"wp-block-column is-vertically-aligned-bottom left is-layout-flow wp-block-column-is-layout-flow\" style=\"flex-basis:60%\"><a href=\"https:\/\/www.camping-ideal-pyrenees.com\/tourisme-activites-hautes-pyrenees\/#pleinair\"    class=\"wp-block-tiptip-hyperlink-group-block\" >\n<div data-swiper=\"{&quot;speed&quot;:1000,&quot;autoplay&quot;:{&quot;delay&quot;:5000,&quot;disableOnInteraction&quot;:false},&quot;spaceBetween&quot;:0,&quot;slidesPerView&quot;:1,&quot;pagination&quot;:{&quot;el&quot;:&quot;.swiper-pagination&quot;,&quot;dynamicBullets&quot;:true,&quot;clickable&quot;:true,&quot;type&quot;:&quot;bullets&quot;},&quot;navigation&quot;:{&quot;nextEl&quot;:&quot;.swiper-button-next&quot;,&quot;prevEl&quot;:&quot;.swiper-button-prev&quot;},&quot;breakpoints&quot;:[{&quot;slidesPerView&quot;:1}]}\" class=\"wp-block-cover is-light svg-background\" style=\"margin-bottom:0\"><img decoding=\"async\" width=\"251\" height=\"318\" class=\"wp-block-cover__image-background wp-image-2645 size-full\" alt=\"dessin batons de rando beige\" src=\"https:\/\/www.camping-ideal-pyrenees.com\/wp-content\/uploads\/2026\/04\/dessin-batons-de-rando-beige.png\" data-object-fit=\"cover\" srcset=\"https:\/\/www.camping-ideal-pyrenees.com\/wp-content\/uploads\/2026\/04\/dessin-batons-de-rando-beige.png 251w, https:\/\/www.camping-ideal-pyrenees.com\/wp-content\/uploads\/2026\/04\/dessin-batons-de-rando-beige-237x300.png 237w\" sizes=\"(max-width: 251px) 100vw, 251px\" \/><span aria-hidden=\"true\" class=\"wp-block-cover__background has-background-dim-0 has-background-dim\"><\/span><div class=\"wp-block-cover__inner-container has-global-padding is-layout-constrained wp-container-core-cover-is-layout-1a33f701 wp-block-cover-is-layout-constrained\">\n<p class=\"has-text-align-left has-custom-color-4-color has-text-color has-link-color has-wilden-font-family wp-elements-08eb57a288a4e78aba73cbfea965a0d5\" style=\"font-size:clamp(3.479rem, 3.479rem + ((1vw - 0.2rem) * 6.102), 7.14rem);line-height:1\">Trace<br\/>your<br\/>freedom<\/p>\n\n\n\n<div class=\"wp-block-group group-arrow has-custom-color-5-background-color has-background has-global-padding is-layout-constrained wp-container-core-group-is-layout-c56471ce wp-block-group-is-layout-constrained\" style=\"border-radius:1000px;min-height:137px\">\n<figure class=\"wp-block-image size-large is-resized left\"><img decoding=\"async\" width=\"25\" height=\"25\" src=\"https:\/\/www.camping-ideal-pyrenees.com\/wp-content\/uploads\/2025\/10\/fleche-bleu.svg\" alt=\"blue arrow\" class=\"wp-image-318\" style=\"object-fit:contain;width:50px;height:50px\"\/><\/figure>\n<\/div>\n\n\n\n<div class=\"wp-block-group group-arrow hover has-custom-color-1-background-color has-background has-global-padding is-layout-constrained wp-container-core-group-is-layout-c56471ce wp-block-group-is-layout-constrained\" style=\"border-radius:1000px;min-height:137px\">\n<figure class=\"wp-block-image size-large is-resized left wp-duotone-f4f3d9-f4f3d9-7\"><img decoding=\"async\" width=\"25\" height=\"25\" src=\"https:\/\/www.camping-ideal-pyrenees.com\/wp-content\/uploads\/2025\/10\/fleche-bleu.svg\" alt=\"blue arrow\" class=\"wp-image-318\" style=\"object-fit:contain;width:50px;height:50px\"\/><\/figure>\n<\/div>\n<\/div><\/div>\n<\/a><\/div>\n\n\n\n<div class=\"wp-block-column is-vertically-aligned-bottom right is-layout-flow wp-block-column-is-layout-flow\" style=\"flex-basis:40%\"><\/div>\n<\/div>\n<\/div><\/div>\n\n\n\n<div data-swiper=\"{&quot;slidesPerView&quot;:1,&quot;pagination&quot;:{&quot;el&quot;:&quot;.swiper-pagination&quot;,&quot;dynamicBullets&quot;:true,&quot;clickable&quot;:true,&quot;type&quot;:&quot;bullets&quot;},&quot;navigation&quot;:{&quot;nextEl&quot;:&quot;.swiper-button-next&quot;,&quot;prevEl&quot;:&quot;.swiper-button-prev&quot;},&quot;breakpoints&quot;:[{&quot;slidesPerView&quot;:1}],&quot;effect&quot;:&quot;fade&quot;,&quot;autoplay&quot;:&quot;{\\n\\&quot;delay\\&quot;: 4000, \\n    \\&quot;disableOnInteraction\\&quot;: false\\n}&quot;}\" class=\"wp-block-cover banner\" style=\"padding-right:4rem;padding-bottom:8rem;padding-left:4rem;min-height:100vh;aspect-ratio:unset;\"><img decoding=\"async\" width=\"1920\" height=\"1280\" class=\"wp-block-cover__image-background wp-image-2651 size-full\" alt=\"camping sportif dans les hautes pyrenees\" src=\"https:\/\/www.camping-ideal-pyrenees.com\/wp-content\/uploads\/2026\/04\/camping-sportif-dans-les-hautes-pyrenees.jpg\" data-object-fit=\"cover\" srcset=\"https:\/\/www.camping-ideal-pyrenees.com\/wp-content\/uploads\/2026\/04\/camping-sportif-dans-les-hautes-pyrenees.jpg 1920w, https:\/\/www.camping-ideal-pyrenees.com\/wp-content\/uploads\/2026\/04\/camping-sportif-dans-les-hautes-pyrenees-300x200.jpg 300w, https:\/\/www.camping-ideal-pyrenees.com\/wp-content\/uploads\/2026\/04\/camping-sportif-dans-les-hautes-pyrenees-1024x683.jpg 1024w, https:\/\/www.camping-ideal-pyrenees.com\/wp-content\/uploads\/2026\/04\/camping-sportif-dans-les-hautes-pyrenees-768x512.jpg 768w, https:\/\/www.camping-ideal-pyrenees.com\/wp-content\/uploads\/2026\/04\/camping-sportif-dans-les-hautes-pyrenees-1536x1024.jpg 1536w\" sizes=\"(max-width: 1920px) 100vw, 1920px\" \/><span aria-hidden=\"true\" class=\"wp-block-cover__background has-background-dim-0 has-background-dim\"><\/span><div class=\"wp-block-cover__inner-container has-global-padding is-layout-constrained wp-container-core-cover-is-layout-b4134566 wp-block-cover-is-layout-constrained\">\n<div class=\"wp-block-columns are-vertically-aligned-bottom is-layout-flex wp-container-core-columns-is-layout-6b276c36 wp-block-columns-is-layout-flex\">\n<div class=\"wp-block-column is-vertically-aligned-bottom left is-layout-flow wp-block-column-is-layout-flow\" style=\"flex-basis:60%\"><a href=\"https:\/\/www.camping-ideal-pyrenees.com\/tourisme-activites-hautes-pyrenees\/#topville\"    class=\"wp-block-tiptip-hyperlink-group-block\" >\n<div data-swiper=\"{&quot;speed&quot;:1000,&quot;autoplay&quot;:{&quot;delay&quot;:5000,&quot;disableOnInteraction&quot;:false},&quot;spaceBetween&quot;:0,&quot;slidesPerView&quot;:1,&quot;pagination&quot;:{&quot;el&quot;:&quot;.swiper-pagination&quot;,&quot;dynamicBullets&quot;:true,&quot;clickable&quot;:true,&quot;type&quot;:&quot;bullets&quot;},&quot;navigation&quot;:{&quot;nextEl&quot;:&quot;.swiper-button-next&quot;,&quot;prevEl&quot;:&quot;.swiper-button-prev&quot;},&quot;breakpoints&quot;:[{&quot;slidesPerView&quot;:1}]}\" class=\"wp-block-cover is-light svg-background\" style=\"margin-bottom:0\"><img decoding=\"async\" width=\"203\" height=\"295\" class=\"wp-block-cover__image-background wp-image-2649 size-full\" alt=\"dessin main avec boussole beige\" src=\"https:\/\/www.camping-ideal-pyrenees.com\/wp-content\/uploads\/2026\/04\/dessin-main-avec-boussole-beige.svg\" data-object-fit=\"cover\"\/><span aria-hidden=\"true\" class=\"wp-block-cover__background has-background-dim-0 has-background-dim\"><\/span><div class=\"wp-block-cover__inner-container has-global-padding is-layout-constrained wp-container-core-cover-is-layout-1a33f701 wp-block-cover-is-layout-constrained\">\n<p class=\"has-text-align-left has-custom-color-4-color has-text-color has-link-color has-wilden-font-family wp-elements-dcb57a4c4373d11864b419e55c2bd2db\" style=\"font-size:clamp(3.479rem, 3.479rem + ((1vw - 0.2rem) * 6.102), 7.14rem);line-height:1\">Immersion <br\/>size<br\/>nature<\/p>\n\n\n\n<div class=\"wp-block-group group-arrow has-custom-color-5-background-color has-background has-global-padding is-layout-constrained wp-container-core-group-is-layout-c56471ce wp-block-group-is-layout-constrained\" style=\"border-radius:1000px;min-height:137px\">\n<figure class=\"wp-block-image size-large is-resized left\"><img decoding=\"async\" width=\"25\" height=\"25\" src=\"https:\/\/www.camping-ideal-pyrenees.com\/wp-content\/uploads\/2025\/10\/fleche-bleu.svg\" alt=\"blue arrow\" class=\"wp-image-318\" style=\"object-fit:contain;width:50px;height:50px\"\/><\/figure>\n<\/div>\n\n\n\n<div class=\"wp-block-group group-arrow hover has-custom-color-1-background-color has-background has-global-padding is-layout-constrained wp-container-core-group-is-layout-c56471ce wp-block-group-is-layout-constrained\" style=\"border-radius:1000px;min-height:137px\">\n<figure class=\"wp-block-image size-large is-resized left wp-duotone-f4f3d9-f4f3d9-9\"><img decoding=\"async\" width=\"25\" height=\"25\" src=\"https:\/\/www.camping-ideal-pyrenees.com\/wp-content\/uploads\/2025\/10\/fleche-bleu.svg\" alt=\"blue arrow\" class=\"wp-image-318\" style=\"object-fit:contain;width:50px;height:50px\"\/><\/figure>\n<\/div>\n<\/div><\/div>\n<\/a><\/div>\n\n\n\n<div class=\"wp-block-column is-vertically-aligned-bottom right is-layout-flow wp-block-column-is-layout-flow\" style=\"flex-basis:40%\"><\/div>\n<\/div>\n<\/div><\/div>\n<\/div>\n\n\n\n<div class=\"wp-block-columns fake-pagination is-layout-flex wp-container-core-columns-is-layout-28f84493 wp-block-columns-is-layout-flex\">\n<div class=\"wp-block-column active is-layout-flow wp-block-column-is-layout-flow\" style=\"border-style:none;border-width:0px;border-top-left-radius:200px;border-top-right-radius:200px;border-bottom-left-radius:200px;border-bottom-right-radius:200px\">\n<div data-swiper=\"{&quot;speed&quot;:1000,&quot;autoplay&quot;:{&quot;delay&quot;:5000,&quot;disableOnInteraction&quot;:false},&quot;spaceBetween&quot;:0,&quot;slidesPerView&quot;:1,&quot;pagination&quot;:{&quot;el&quot;:&quot;.swiper-pagination&quot;,&quot;dynamicBullets&quot;:true,&quot;clickable&quot;:true,&quot;type&quot;:&quot;bullets&quot;},&quot;navigation&quot;:{&quot;nextEl&quot;:&quot;.swiper-button-next&quot;,&quot;prevEl&quot;:&quot;.swiper-button-prev&quot;},&quot;breakpoints&quot;:[{&quot;slidesPerView&quot;:1}]}\" class=\"wp-block-cover is-light\" style=\"border-top-left-radius:200px;border-top-right-radius:200px;border-bottom-left-radius:200px;border-bottom-right-radius:200px\"><img decoding=\"async\" width=\"1920\" height=\"1440\" class=\"wp-block-cover__image-background wp-image-2633 size-full\" alt=\"camping en plein air dans les hautes pyrenees\" src=\"https:\/\/www.camping-ideal-pyrenees.com\/wp-content\/uploads\/2026\/04\/camping-en-plein-air-dans-les-hautes-pyrenees.jpg\" data-object-fit=\"cover\" srcset=\"https:\/\/www.camping-ideal-pyrenees.com\/wp-content\/uploads\/2026\/04\/camping-en-plein-air-dans-les-hautes-pyrenees.jpg 1920w, https:\/\/www.camping-ideal-pyrenees.com\/wp-content\/uploads\/2026\/04\/camping-en-plein-air-dans-les-hautes-pyrenees-300x225.jpg 300w, https:\/\/www.camping-ideal-pyrenees.com\/wp-content\/uploads\/2026\/04\/camping-en-plein-air-dans-les-hautes-pyrenees-1024x768.jpg 1024w, https:\/\/www.camping-ideal-pyrenees.com\/wp-content\/uploads\/2026\/04\/camping-en-plein-air-dans-les-hautes-pyrenees-768x576.jpg 768w, https:\/\/www.camping-ideal-pyrenees.com\/wp-content\/uploads\/2026\/04\/camping-en-plein-air-dans-les-hautes-pyrenees-1536x1152.jpg 1536w\" sizes=\"(max-width: 1920px) 100vw, 1920px\" \/><span aria-hidden=\"true\" class=\"wp-block-cover__background has-custom-color-2-background-color has-background-dim-60 has-background-dim\"><\/span><div class=\"wp-block-cover__inner-container has-global-padding is-layout-constrained wp-container-core-cover-is-layout-12243e0f wp-block-cover-is-layout-constrained\">\n<p class=\"has-text-align-center has-large-font-size\"><\/p>\n<\/div><\/div>\n<\/div>\n\n\n\n<div class=\"wp-block-column is-layout-flow wp-block-column-is-layout-flow\" style=\"border-style:none;border-width:0px;border-top-left-radius:200px;border-top-right-radius:200px;border-bottom-left-radius:200px;border-bottom-right-radius:200px\">\n<div data-swiper=\"{&quot;speed&quot;:1000,&quot;autoplay&quot;:{&quot;delay&quot;:5000,&quot;disableOnInteraction&quot;:false},&quot;spaceBetween&quot;:0,&quot;slidesPerView&quot;:1,&quot;pagination&quot;:{&quot;el&quot;:&quot;.swiper-pagination&quot;,&quot;dynamicBullets&quot;:true,&quot;clickable&quot;:true,&quot;type&quot;:&quot;bullets&quot;},&quot;navigation&quot;:{&quot;nextEl&quot;:&quot;.swiper-button-next&quot;,&quot;prevEl&quot;:&quot;.swiper-button-prev&quot;},&quot;breakpoints&quot;:[{&quot;slidesPerView&quot;:1}]}\" class=\"wp-block-cover is-light\" style=\"border-top-left-radius:200px;border-top-right-radius:200px;border-bottom-left-radius:200px;border-bottom-right-radius:200px\"><img decoding=\"async\" width=\"1000\" height=\"677\" class=\"wp-block-cover__image-background wp-image-2643 size-full\" alt=\"camping plein air proche de argeles gazost\" src=\"https:\/\/www.camping-ideal-pyrenees.com\/wp-content\/uploads\/2026\/04\/camping-plein-air-proche-de-argeles-gazost.jpg\" data-object-fit=\"cover\" srcset=\"https:\/\/www.camping-ideal-pyrenees.com\/wp-content\/uploads\/2026\/04\/camping-plein-air-proche-de-argeles-gazost.jpg 1000w, https:\/\/www.camping-ideal-pyrenees.com\/wp-content\/uploads\/2026\/04\/camping-plein-air-proche-de-argeles-gazost-300x203.jpg 300w, https:\/\/www.camping-ideal-pyrenees.com\/wp-content\/uploads\/2026\/04\/camping-plein-air-proche-de-argeles-gazost-768x520.jpg 768w\" sizes=\"(max-width: 1000px) 100vw, 1000px\" \/><span aria-hidden=\"true\" class=\"wp-block-cover__background has-custom-color-2-background-color has-background-dim-60 has-background-dim\"><\/span><div class=\"wp-block-cover__inner-container has-global-padding is-layout-constrained wp-container-core-cover-is-layout-12243e0f wp-block-cover-is-layout-constrained\">\n<p class=\"has-text-align-center has-large-font-size\"><\/p>\n<\/div><\/div>\n<\/div>\n\n\n\n<div class=\"wp-block-column is-layout-flow wp-block-column-is-layout-flow\" style=\"border-style:none;border-width:0px;border-top-left-radius:200px;border-top-right-radius:200px;border-bottom-left-radius:200px;border-bottom-right-radius:200px\">\n<div data-swiper=\"{&quot;speed&quot;:1000,&quot;autoplay&quot;:{&quot;delay&quot;:5000,&quot;disableOnInteraction&quot;:false},&quot;spaceBetween&quot;:0,&quot;slidesPerView&quot;:1,&quot;pagination&quot;:{&quot;el&quot;:&quot;.swiper-pagination&quot;,&quot;dynamicBullets&quot;:true,&quot;clickable&quot;:true,&quot;type&quot;:&quot;bullets&quot;},&quot;navigation&quot;:{&quot;nextEl&quot;:&quot;.swiper-button-next&quot;,&quot;prevEl&quot;:&quot;.swiper-button-prev&quot;},&quot;breakpoints&quot;:[{&quot;slidesPerView&quot;:1}]}\" class=\"wp-block-cover is-light\" style=\"border-top-left-radius:200px;border-top-right-radius:200px;border-bottom-left-radius:200px;border-bottom-right-radius:200px\"><img decoding=\"async\" width=\"1024\" height=\"683\" class=\"wp-block-cover__image-background wp-image-2647 size-large\" alt=\"camping ski dans les hautes pyrenees\" src=\"https:\/\/www.camping-ideal-pyrenees.com\/wp-content\/uploads\/2026\/04\/camping-ski-dans-les-hautes-pyrenees-1024x683.png\" data-object-fit=\"cover\" srcset=\"https:\/\/www.camping-ideal-pyrenees.com\/wp-content\/uploads\/2026\/04\/camping-ski-dans-les-hautes-pyrenees-1024x683.png 1024w, https:\/\/www.camping-ideal-pyrenees.com\/wp-content\/uploads\/2026\/04\/camping-ski-dans-les-hautes-pyrenees-300x200.png 300w, https:\/\/www.camping-ideal-pyrenees.com\/wp-content\/uploads\/2026\/04\/camping-ski-dans-les-hautes-pyrenees-768x512.png 768w, https:\/\/www.camping-ideal-pyrenees.com\/wp-content\/uploads\/2026\/04\/camping-ski-dans-les-hautes-pyrenees-1536x1025.png 1536w, https:\/\/www.camping-ideal-pyrenees.com\/wp-content\/uploads\/2026\/04\/camping-ski-dans-les-hautes-pyrenees.png 1920w\" sizes=\"(max-width: 1024px) 100vw, 1024px\" \/><span aria-hidden=\"true\" class=\"wp-block-cover__background has-custom-color-2-background-color has-background-dim-60 has-background-dim\"><\/span><div class=\"wp-block-cover__inner-container has-global-padding is-layout-constrained wp-container-core-cover-is-layout-12243e0f wp-block-cover-is-layout-constrained\">\n<p class=\"has-text-align-center has-large-font-size\"><\/p>\n<\/div><\/div>\n<\/div>\n\n\n\n<div class=\"wp-block-column is-layout-flow wp-block-column-is-layout-flow\" style=\"border-style:none;border-width:0px;border-top-left-radius:200px;border-top-right-radius:200px;border-bottom-left-radius:200px;border-bottom-right-radius:200px\">\n<div data-swiper=\"{&quot;speed&quot;:1000,&quot;autoplay&quot;:{&quot;delay&quot;:5000,&quot;disableOnInteraction&quot;:false},&quot;spaceBetween&quot;:0,&quot;slidesPerView&quot;:1,&quot;pagination&quot;:{&quot;el&quot;:&quot;.swiper-pagination&quot;,&quot;dynamicBullets&quot;:true,&quot;clickable&quot;:true,&quot;type&quot;:&quot;bullets&quot;},&quot;navigation&quot;:{&quot;nextEl&quot;:&quot;.swiper-button-next&quot;,&quot;prevEl&quot;:&quot;.swiper-button-prev&quot;},&quot;breakpoints&quot;:[{&quot;slidesPerView&quot;:1}]}\" class=\"wp-block-cover is-light\" style=\"border-top-left-radius:2000px;border-top-right-radius:2000px;border-bottom-left-radius:2000px;border-bottom-right-radius:2000px\"><img decoding=\"async\" width=\"1024\" height=\"683\" class=\"wp-block-cover__image-background wp-image-2651 size-large\" alt=\"camping sportif dans les hautes pyrenees\" src=\"https:\/\/www.camping-ideal-pyrenees.com\/wp-content\/uploads\/2026\/04\/camping-sportif-dans-les-hautes-pyrenees-1024x683.jpg\" data-object-fit=\"cover\" srcset=\"https:\/\/www.camping-ideal-pyrenees.com\/wp-content\/uploads\/2026\/04\/camping-sportif-dans-les-hautes-pyrenees-1024x683.jpg 1024w, https:\/\/www.camping-ideal-pyrenees.com\/wp-content\/uploads\/2026\/04\/camping-sportif-dans-les-hautes-pyrenees-300x200.jpg 300w, https:\/\/www.camping-ideal-pyrenees.com\/wp-content\/uploads\/2026\/04\/camping-sportif-dans-les-hautes-pyrenees-768x512.jpg 768w, https:\/\/www.camping-ideal-pyrenees.com\/wp-content\/uploads\/2026\/04\/camping-sportif-dans-les-hautes-pyrenees-1536x1024.jpg 1536w, https:\/\/www.camping-ideal-pyrenees.com\/wp-content\/uploads\/2026\/04\/camping-sportif-dans-les-hautes-pyrenees.jpg 1920w\" sizes=\"(max-width: 1024px) 100vw, 1024px\" \/><span aria-hidden=\"true\" class=\"wp-block-cover__background has-custom-color-2-background-color has-background-dim-60 has-background-dim\"><\/span><div class=\"wp-block-cover__inner-container has-global-padding is-layout-constrained wp-container-core-cover-is-layout-12243e0f wp-block-cover-is-layout-constrained\">\n<p class=\"has-text-align-center has-large-font-size\"><\/p>\n<\/div><\/div>\n<\/div>\n<\/div>\n<\/div>\n\n\n\n<div class=\"wp-block-group content has-global-padding is-layout-constrained wp-container-core-group-is-layout-74f53576 wp-block-group-is-layout-constrained\" style=\"padding-top:5rem;padding-bottom:5rem\">\n<h2 class=\"wp-block-heading has-text-align-center has-custom-color-1-color has-text-color has-link-color wp-elements-6bdea2cbd2fcf8cfb28823b6f08ed782\"><img decoding=\"async\" width=\"28\" height=\"37\" data-original-src=\"https:\/\/www.camping-ideal-pyrenees.com\/wp-content\/uploads\/2026\/04\/icon-sapin-bleu.svg\" class=\"wp-image-2661\" style=\"width: 28px;\" src=\"https:\/\/www.camping-ideal-pyrenees.com\/wp-content\/uploads\/2026\/04\/icon-sapin-bleu.svg\" alt=\"icon sapin bleu\"\/> Les Hautes-Pyr\u00e9n\u00e9es : plein air, sport, patrimoine et douceur de vivre<\/h2>\n\n\n\n<p class=\"has-text-align-center\">Depuis le camping proche d\u2019Argel\u00e8s-Gazost, plusieurs <strong>sentiers<\/strong> <strong>de<\/strong> <strong>randonn\u00e9e<\/strong> sont accessibles directement, pour partir \u00e0 la d\u00e9couverte des paysages sans prendre la voiture. Les Hautes-Pyr\u00e9n\u00e9es offrent un <strong>cadre<\/strong> <strong>exceptionnel<\/strong>, entre montagnes majestueuses, villages de caract\u00e8re et nature pr\u00e9serv\u00e9e. Ici, le plein air est une \u00e9vidence : <a href=\"https:\/\/www.camping-ideal-pyrenees.com\/en\/tourism-activities-hautes-pyrenees\/#pleinair\" data-type=\"page\" data-id=\"2426\">randonn\u00e9es, v\u00e9lo, VTT, parapente, ski ou balades paisibles<\/a> rythment les saisons. Le <a href=\"https:\/\/www.camping-ideal-pyrenees.com\/en\/tourism-activities-hautes-pyrenees\/#topvilles\" data-type=\"page\" data-id=\"2426\">territoire des Hautes-Pyr\u00e9n\u00e9es<\/a> s\u00e9duit aussi par son <strong>patrimoine<\/strong>, ses thermes, ses march\u00e9s et sa gastronomie locale. Un art de vivre unique, entre \u00e9nergie sportive et douceur pyr\u00e9n\u00e9enne.<\/p>\n<\/div>\n<\/div>\n\n<div class=\"wp-block-group section-7 has-global-padding is-layout-constrained wp-container-core-group-is-layout-513aa4ac wp-block-group-is-layout-constrained\" style=\"margin-top:var(--wp--preset--spacing--30);margin-bottom:var(--wp--preset--spacing--30);padding-top:7rem;padding-right:0px;padding-bottom:10rem;padding-left:0px\">\n<div class=\"wp-block-columns is-layout-flex wp-container-core-columns-is-layout-2ec4fbc7 wp-block-columns-is-layout-flex\" style=\"padding-right:8rem;padding-left:8rem\">\n<div class=\"wp-block-column left has-custom-color-1-background-color has-background is-layout-flow wp-block-column-is-layout-flow\" style=\"border-top-left-radius:25px;border-top-right-radius:25px;border-bottom-left-radius:25px;border-bottom-right-radius:25px;padding-bottom:0\">\n<div data-swiper=\"{&quot;speed&quot;:1000,&quot;autoplay&quot;:{&quot;delay&quot;:5000,&quot;disableOnInteraction&quot;:false},&quot;spaceBetween&quot;:0,&quot;slidesPerView&quot;:1,&quot;pagination&quot;:{&quot;el&quot;:&quot;.swiper-pagination&quot;,&quot;dynamicBullets&quot;:true,&quot;clickable&quot;:true,&quot;type&quot;:&quot;bullets&quot;},&quot;navigation&quot;:{&quot;nextEl&quot;:&quot;.swiper-button-next&quot;,&quot;prevEl&quot;:&quot;.swiper-button-prev&quot;},&quot;breakpoints&quot;:[{&quot;slidesPerView&quot;:1}]}\" class=\"wp-block-cover is-light\" style=\"padding-bottom:var(--wp--preset--spacing--60)\"><span aria-hidden=\"true\" class=\"wp-block-cover__background has-background-dim-0 has-background-dim\"><\/span><div class=\"wp-block-cover__inner-container has-global-padding is-layout-constrained wp-container-core-cover-is-layout-48399ab2 wp-block-cover-is-layout-constrained\">\n<p class=\"has-text-align-center has-custom-color-4-color has-text-color has-link-color has-wilden-font-family wp-elements-cabe24da9d483d90c096aa7bfb7d77d2\" style=\"margin-top:var(--wp--preset--spacing--40);margin-right:var(--wp--preset--spacing--20);margin-bottom:var(--wp--preset--spacing--40);margin-left:var(--wp--preset--spacing--20);font-size:clamp(2.383rem, 2.383rem + ((1vw - 0.2rem) * 3.395), 4.42rem);line-height:1\">Lived, Loved,<br\/>Recommended!<\/p>\n\n\n\n<script defer=\"defer\" async=\"\" src=\"https:\/\/cdn.trustindex.io\/loader.js?6bdbd786945b48570976a03c256\"><\/script>\n<\/div><\/div>\n\n\n\n<figure class=\"wp-block-image size-large has-custom-border backgound-img\"><img decoding=\"async\" width=\"683\" height=\"1024\" src=\"https:\/\/www.camping-ideal-pyrenees.com\/wp-content\/uploads\/2026\/04\/camping-proche-de-argeles-gazost-683x1024.jpg\" alt=\"campsite near argeles gazost\" class=\"wp-image-2494\" style=\"border-top-left-radius:25px;border-top-right-radius:25px;border-bottom-left-radius:25px;border-bottom-right-radius:25px\" srcset=\"https:\/\/www.camping-ideal-pyrenees.com\/wp-content\/uploads\/2026\/04\/camping-proche-de-argeles-gazost-683x1024.jpg 683w, https:\/\/www.camping-ideal-pyrenees.com\/wp-content\/uploads\/2026\/04\/camping-proche-de-argeles-gazost-200x300.jpg 200w, https:\/\/www.camping-ideal-pyrenees.com\/wp-content\/uploads\/2026\/04\/camping-proche-de-argeles-gazost-768x1152.jpg 768w, https:\/\/www.camping-ideal-pyrenees.com\/wp-content\/uploads\/2026\/04\/camping-proche-de-argeles-gazost-1024x1536.jpg 1024w, https:\/\/www.camping-ideal-pyrenees.com\/wp-content\/uploads\/2026\/04\/camping-proche-de-argeles-gazost-1365x2048.jpg 1365w, https:\/\/www.camping-ideal-pyrenees.com\/wp-content\/uploads\/2026\/04\/camping-proche-de-argeles-gazost-scaled.jpg 1707w\" sizes=\"(max-width: 683px) 100vw, 683px\" \/><\/figure>\n<\/div>\n\n\n\n<div class=\"wp-block-column right is-layout-flow wp-block-column-is-layout-flow\">\n<div data-swiper=\"{&quot;speed&quot;:1000,&quot;autoplay&quot;:{&quot;delay&quot;:5000,&quot;disableOnInteraction&quot;:false},&quot;spaceBetween&quot;:0,&quot;slidesPerView&quot;:1,&quot;pagination&quot;:{&quot;el&quot;:&quot;.swiper-pagination&quot;,&quot;dynamicBullets&quot;:true,&quot;clickable&quot;:true,&quot;type&quot;:&quot;bullets&quot;},&quot;navigation&quot;:{&quot;nextEl&quot;:&quot;.swiper-button-next&quot;,&quot;prevEl&quot;:&quot;.swiper-button-prev&quot;},&quot;breakpoints&quot;:[{&quot;slidesPerView&quot;:1}]}\" class=\"wp-block-cover svg-background wp-duotone-02373d-02373d-10\" style=\"margin-bottom:0\"><img decoding=\"async\" width=\"470\" height=\"309\" class=\"wp-block-cover__image-background wp-image-2485 size-full\" alt=\"dessin tronc arbre bleu\" src=\"https:\/\/www.camping-ideal-pyrenees.com\/wp-content\/uploads\/2026\/04\/dessin-tronc-arbre-bleu.png\" data-object-fit=\"cover\" srcset=\"https:\/\/www.camping-ideal-pyrenees.com\/wp-content\/uploads\/2026\/04\/dessin-tronc-arbre-bleu.png 470w, https:\/\/www.camping-ideal-pyrenees.com\/wp-content\/uploads\/2026\/04\/dessin-tronc-arbre-bleu-300x197.png 300w\" sizes=\"(max-width: 470px) 100vw, 470px\" \/><span aria-hidden=\"true\" class=\"wp-block-cover__background has-background-dim-0 has-background-dim\"><\/span><div class=\"wp-block-cover__inner-container has-global-padding is-layout-constrained wp-container-core-cover-is-layout-1a33f701 wp-block-cover-is-layout-constrained\">\n<p class=\"has-text-align-center sub-title center has-custom-color-1-color has-text-color has-background has-link-color wp-elements-a7bb6f0bcf39a454fe0f7d905e0b04ae\" style=\"border-style:none;border-width:0px;border-radius:100px;background-color:#ebe5b2;padding-top:6px;padding-right:30px;padding-bottom:6px;padding-left:30px;font-size:clamp(0.875rem, 0.875rem + ((1vw - 0.2rem) * 0.308), 1.06rem);font-style:normal;font-weight:500;letter-spacing:5px;text-transform:uppercase\">frequently asked questions<\/p>\n\n\n\n<p class=\"has-text-align-center has-custom-color-1-color has-text-color has-link-color has-wilden-font-family wp-elements-feda54c79e6046f1ebc3544de8ab69b5\" style=\"font-size:clamp(2.383rem, 2.383rem + ((1vw - 0.2rem) * 3.395), 4.42rem);line-height:1\">Prepare<br\/>with a clear head<\/p>\n<\/div><\/div>\n\n\n\n<div class=\"wp-block-group icons-faq has-border-color is-horizontal is-layout-flex wp-block-group-is-layout-flex\" style=\"border-color:#d93d3d;border-style:dotted;border-width:3px\">\n<figure class=\"wp-block-image size-large question wp-duotone-8da7ac-8da7ac-11\"><img decoding=\"async\" width=\"20\" height=\"20\" src=\"https:\/\/www.camping-ideal-pyrenees.com\/wp-content\/uploads\/2026\/04\/icon-question-bleu-clair.svg\" alt=\"icon question light blue\" class=\"wp-image-2718\"\/><\/figure>\n\n\n\n<figure class=\"wp-block-image size-large question-hover\"><img decoding=\"async\" width=\"20\" height=\"21\" src=\"https:\/\/www.camping-ideal-pyrenees.com\/wp-content\/uploads\/2025\/10\/question-beige.svg\" alt=\"question beige\" class=\"wp-image-520\"\/><\/figure>\n\n\n\n<figure class=\"wp-block-image size-large is-resized btn-faq\"><img decoding=\"async\" width=\"41\" height=\"41\" src=\"https:\/\/www.camping-ideal-pyrenees.com\/wp-content\/uploads\/2025\/10\/btn-faq.svg\" alt=\"btn faq\" class=\"wp-image-530\" style=\"width:25px;height:auto\"\/><\/figure>\n\n\n\n<figure class=\"wp-block-image size-large btn-faq-hover\"><img decoding=\"async\" width=\"41\" height=\"41\" src=\"https:\/\/www.camping-ideal-pyrenees.com\/wp-content\/uploads\/2025\/10\/btn-faq-hover.svg\" alt=\"btn faq hover\" class=\"wp-image-533\"\/><\/figure>\n<\/div>\n\n\n<details style=\"border-radius:100px; padding-right:var(--wp--preset--spacing--10);padding-left:var(--wp--preset--spacing--10);padding-top:var(--wp--preset--spacing--10);padding-bottom:var(--wp--preset--spacing--10);\" class=\"gt-fse-faq wp-block-gt-gt-fse-faq\" data-wp-interactive=\"gt-fse-faq\" data-wp-context='{\"isOpen\": false}'>\n\t<summary aria-expanded=\"false\" class=\"gt-fse-faq-summary\" data-wp-on--click=\"actions.toggle\" data-wp-bind--aria-expanded=\"context.isOpen\">\n\t\t<div class=\"gt-fse-faq-summary-text\"><strong>Is there a cleaning service for the apartments?<\/strong><\/div>\t\t<span class=\"gt-fse-faq-opener\"><\/span>\n\t<\/summary>\n\t<div class=\"gt-fse-faq-content\">\n\t\t\n\n<p style=\"padding-right:var(--wp--preset--spacing--10);padding-left:var(--wp--preset--spacing--10)\">Yes, all accommodations can select a housekeeping option when booking, so you can enjoy your vacation right up to the last minute!<\/p>\n\n\t<\/div>\n<\/details>\n\n\n\n<details style=\"border-radius:100px; padding-right:var(--wp--preset--spacing--10);padding-left:var(--wp--preset--spacing--10);padding-top:var(--wp--preset--spacing--10);padding-bottom:var(--wp--preset--spacing--10);\" class=\"gt-fse-faq wp-block-gt-gt-fse-faq\" data-wp-interactive=\"gt-fse-faq\" data-wp-context='{\"isOpen\": false}'>\n\t<summary aria-expanded=\"false\" class=\"gt-fse-faq-summary\" data-wp-on--click=\"actions.toggle\" data-wp-bind--aria-expanded=\"context.isOpen\">\n\t\t<div class=\"gt-fse-faq-summary-text\"><strong>Can I rent sheets and towels?<\/strong><\/div>\t\t<span class=\"gt-fse-faq-opener\"><\/span>\n\t<\/summary>\n\t<div class=\"gt-fse-faq-content\">\n\t\t\n\n<p style=\"padding-right:var(--wp--preset--spacing--10);padding-left:var(--wp--preset--spacing--10)\">Yes, we offer a sheet pack (bed sheet, comforter cover and pillowcase) and a bathroom linen pack (towel + bath mat) for hire.<\/p>\n\n\t<\/div>\n<\/details>\n\n\n\n<details style=\"border-radius:100px; padding-right:var(--wp--preset--spacing--10);padding-left:var(--wp--preset--spacing--10);padding-top:var(--wp--preset--spacing--10);padding-bottom:var(--wp--preset--spacing--10);\" class=\"gt-fse-faq wp-block-gt-gt-fse-faq\" data-wp-interactive=\"gt-fse-faq\" data-wp-context='{\"isOpen\": false}'>\n\t<summary aria-expanded=\"false\" class=\"gt-fse-faq-summary\" data-wp-on--click=\"actions.toggle\" data-wp-bind--aria-expanded=\"context.isOpen\">\n\t\t<div class=\"gt-fse-faq-summary-text\"><strong>Which homes are equipped with dishwashers?<\/strong><\/div>\t\t<span class=\"gt-fse-faq-opener\"><\/span>\n\t<\/summary>\n\t<div class=\"gt-fse-faq-content\">\n\t\t\n\n<p style=\"padding-right:var(--wp--preset--spacing--10);padding-left:var(--wp--preset--spacing--10)\">To make your vacation as comfortable as possible, the Premium chalets, the XL chalet and all mobile homes are equipped with dishwashers.<\/p>\n\n\t<\/div>\n<\/details>\n\n\n\n<details style=\"border-radius:100px; padding-right:var(--wp--preset--spacing--10);padding-left:var(--wp--preset--spacing--10);padding-top:var(--wp--preset--spacing--10);padding-bottom:var(--wp--preset--spacing--10);\" class=\"gt-fse-faq wp-block-gt-gt-fse-faq\" data-wp-interactive=\"gt-fse-faq\" data-wp-context='{\"isOpen\": false}'>\n\t<summary aria-expanded=\"false\" class=\"gt-fse-faq-summary\" data-wp-on--click=\"actions.toggle\" data-wp-bind--aria-expanded=\"context.isOpen\">\n\t\t<div class=\"gt-fse-faq-summary-text\"><strong>Can I pay for my reservation with vacation vouchers?<\/strong><\/div>\t\t<span class=\"gt-fse-faq-opener\"><\/span>\n\t<\/summary>\n\t<div class=\"gt-fse-faq-content\">\n\t\t\n\n<p style=\"padding-right:var(--wp--preset--spacing--10);padding-left:var(--wp--preset--spacing--10)\">Yes, we accept payment by vacation vouchers, credit card, bank transfer and cash.<\/p>\n\n\t<\/div>\n<\/details>\n\n\n\n<details style=\"border-radius:100px; padding-right:var(--wp--preset--spacing--10);padding-left:var(--wp--preset--spacing--10);padding-top:var(--wp--preset--spacing--10);padding-bottom:var(--wp--preset--spacing--10);\" class=\"gt-fse-faq wp-block-gt-gt-fse-faq\" data-wp-interactive=\"gt-fse-faq\" data-wp-context='{\"isOpen\": false}'>\n\t<summary aria-expanded=\"false\" class=\"gt-fse-faq-summary\" data-wp-on--click=\"actions.toggle\" data-wp-bind--aria-expanded=\"context.isOpen\">\n\t\t<div class=\"gt-fse-faq-summary-text\"><strong>Can I change my reservation?<\/strong><\/div>\t\t<span class=\"gt-fse-faq-opener\"><\/span>\n\t<\/summary>\n\t<div class=\"gt-fse-faq-content\">\n\t\t\n\n<p style=\"padding-right:var(--wp--preset--spacing--10);padding-left:var(--wp--preset--spacing--10)\">Yes, subject to availability, your stay can be changed. We aim to be as flexible and accommodating as possible for our guests, however, no discounts will be given for late arrivals or early departures. <\/p>\n\n\t<\/div>\n<\/details>\n\n<\/div>\n<\/div>\n<\/div>\n","protected":false},"excerpt":{"rendered":"<p>Campsite near Argel\u00e8s-Gazost Just 2 km from Argel\u00e8s-Gazost, Val d&#8217;Azun welcomes you to a calm, unspoilt setting, with an exceptional 360\u00b0 view of the mountains.Here, you take your time, breathe, move&#8230; and feel good. Whether you&#8217;re looking to relax, hike in the mountains, ski or recharge your batteries as a family or couple, camping in [&hellip;]<\/p>\n","protected":false},"author":1,"featured_media":0,"parent":0,"menu_order":0,"comment_status":"closed","ping_status":"closed","template":"","meta":{"_seopress_robots_primary_cat":"","_seopress_titles_title":"Camping near Argel\u00e8s-Gazost I Camping Hautes-Pyr\u00e9n\u00e9es | Camping l'Id\u00e9al","_seopress_titles_desc":"Camping l'Id\u00e9al in the Val d'Azun near Argel\u00e8s-Gazost and Lourdes welcomes you for a 100% Pyrenean mountain vacation. Swimming pool, children's games, p\u00e9tanque, and many other services. Rent comfortable chalets with spa, camping pitches for your stay in the Pyrenees - Occitanie.  ","_seopress_robots_index":"","_gt_ctv_global_id":"838","_gt_ctv_id_group":false,"inline_featured_image":false,"gt_fse_maillage_image":"","gt_fse_maillage_titre":"Home","gt_fse_maillage_alt":"Home","gt_fse_maillage_resume":"","footnotes":""},"categories":[],"tags":[],"class_list":["post-3320","page","type-page","status-publish","hentry"],"_links":{"self":[{"href":"https:\/\/www.camping-ideal-pyrenees.com\/en\/wp-json\/wp\/v2\/pages\/3320","targetHints":{"allow":["GET"]}}],"collection":[{"href":"https:\/\/www.camping-ideal-pyrenees.com\/en\/wp-json\/wp\/v2\/pages"}],"about":[{"href":"https:\/\/www.camping-ideal-pyrenees.com\/en\/wp-json\/wp\/v2\/types\/page"}],"author":[{"embeddable":true,"href":"https:\/\/www.camping-ideal-pyrenees.com\/en\/wp-json\/wp\/v2\/users\/1"}],"replies":[{"embeddable":true,"href":"https:\/\/www.camping-ideal-pyrenees.com\/en\/wp-json\/wp\/v2\/comments?post=3320"}],"version-history":[{"count":40,"href":"https:\/\/www.camping-ideal-pyrenees.com\/en\/wp-json\/wp\/v2\/pages\/3320\/revisions"}],"predecessor-version":[{"id":3740,"href":"https:\/\/www.camping-ideal-pyrenees.com\/en\/wp-json\/wp\/v2\/pages\/3320\/revisions\/3740"}],"wp:attachment":[{"href":"https:\/\/www.camping-ideal-pyrenees.com\/en\/wp-json\/wp\/v2\/media?parent=3320"}],"wp:term":[{"taxonomy":"category","embeddable":true,"href":"https:\/\/www.camping-ideal-pyrenees.com\/en\/wp-json\/wp\/v2\/categories?post=3320"},{"taxonomy":"post_tag","embeddable":true,"href":"https:\/\/www.camping-ideal-pyrenees.com\/en\/wp-json\/wp\/v2\/tags?post=3320"}],"curies":[{"name":"wp","href":"https:\/\/api.w.org\/{rel}","templated":true}]}}