{"id":3326,"date":"2026-04-01T17:03:15","date_gmt":"2026-04-01T15:03:15","guid":{"rendered":"https:\/\/www.camping-ideal-pyrenees.com\/camping-familial-arras-en-lavedan\/"},"modified":"2026-04-20T16:02:48","modified_gmt":"2026-04-20T14:02:48","slug":"family-campsite-arras-en-lavedan","status":"publish","type":"page","link":"https:\/\/www.camping-ideal-pyrenees.com\/en\/family-campsite-arras-en-lavedan\/","title":{"rendered":"Our services and activities"},"content":{"rendered":"\n<div class=\"wp-block-group section-1 has-global-padding is-layout-constrained wp-container-core-group-is-layout-72f97135 wp-block-group-is-layout-constrained\" style=\"padding-top:3rem;padding-right:6rem;padding-bottom:8rem;padding-left:6rem\">\n<div class=\"wp-block-columns is-layout-flex wp-container-core-columns-is-layout-65a7aca3 wp-block-columns-is-layout-flex\">\n<div class=\"wp-block-column is-vertically-aligned-center left is-layout-flow wp-block-column-is-layout-flow\">\n<div data-swiper=\"{&quot;speed&quot;:1000,&quot;autoplay&quot;:{&quot;delay&quot;:5000,&quot;disableOnInteraction&quot;:false},&quot;spaceBetween&quot;:0,&quot;slidesPerView&quot;:1,&quot;pagination&quot;:{&quot;el&quot;:&quot;.swiper-pagination&quot;,&quot;dynamicBullets&quot;:true,&quot;clickable&quot;:true,&quot;type&quot;:&quot;bullets&quot;},&quot;navigation&quot;:{&quot;nextEl&quot;:&quot;.swiper-button-next&quot;,&quot;prevEl&quot;:&quot;.swiper-button-prev&quot;},&quot;breakpoints&quot;:[{&quot;slidesPerView&quot;:1}]}\" class=\"wp-block-cover svg-background wp-duotone-02373d-02373d-1\"><img decoding=\"async\" width=\"470\" height=\"309\" class=\"wp-block-cover__image-background wp-image-2485 size-full\" alt=\"dessin tronc arbre bleu\" src=\"https:\/\/www.camping-ideal-pyrenees.com\/wp-content\/uploads\/2026\/04\/dessin-tronc-arbre-bleu.png\" data-object-fit=\"cover\" srcset=\"https:\/\/www.camping-ideal-pyrenees.com\/wp-content\/uploads\/2026\/04\/dessin-tronc-arbre-bleu.png 470w, https:\/\/www.camping-ideal-pyrenees.com\/wp-content\/uploads\/2026\/04\/dessin-tronc-arbre-bleu-300x197.png 300w\" sizes=\"(max-width: 470px) 100vw, 470px\" \/><span aria-hidden=\"true\" class=\"wp-block-cover__background has-background-dim-0 has-background-dim\"><\/span><div class=\"wp-block-cover__inner-container has-global-padding is-layout-constrained wp-container-core-cover-is-layout-12243e0f wp-block-cover-is-layout-constrained\">\n<p class=\"has-text-align-center sub-title center has-custom-color-1-color has-custom-color-5-background-color has-text-color has-background has-link-color wp-elements-f35f28351110dff288149674a1ebb787\" style=\"border-style:none;border-width:0px;border-radius:100px;padding-top:6px;padding-right:30px;padding-bottom:6px;padding-left:30px;font-size:clamp(0.875rem, 0.875rem + ((1vw - 0.2rem) * 0.308), 1.06rem);font-style:normal;font-weight:500;letter-spacing:5px;text-transform:uppercase\">services and activities<\/p>\n\n\n\n<h1 class=\"wp-block-heading has-text-align-center has-custom-color-1-color has-text-color has-link-color has-wilden-font-family wp-elements-a43aa76abcf87fad8e988bcc219880b1\" style=\"font-size:clamp(2.2rem, 2.2rem + ((1vw - 0.2rem) * 3), 4rem);font-style:normal;font-weight:400;line-height:1\">Family campsite in the Hautes-Pyr\u00e9n\u00e9es<\/h1>\n\n\n\n<h2 class=\"wp-block-heading has-custom-color-3-color has-text-color has-link-color wp-elements-5ec4e5a12487937a74294c0cce034a54\">Welcome to our family campsite in Arras-en-Lavedan<\/h2>\n<\/div><\/div>\n\n\n\n<p class=\"has-text-align-center\"><em>&#8220;Our family is delighted to be taking over this verdant, human-scale campsite with the desire to make it a place that resembles us: simple, authentic and deeply human, in close contact with its territory and those who bring it to life.&#8221;<\/em><\/p>\n\n\n\n<p class=\"has-text-align-center\">Thanks to their complementary skills, <strong>Jonathan &amp; Caroline <\/strong>will be able to welcome you and guide you in your choice of hikes, mountain bike itineraries or outdoor activities. They like to take the time to <strong>welcome you<\/strong> and <strong>accompany you<\/strong>, to offer you a sincere, well-kept stay that matches your desires. <\/p>\n<\/div>\n\n\n\n<div class=\"wp-block-column is-vertically-aligned-center right is-layout-flow wp-block-column-is-layout-flow\">\n<div data-swiper=\"{&quot;speed&quot;:1000,&quot;autoplay&quot;:{&quot;delay&quot;:5000,&quot;disableOnInteraction&quot;:false},&quot;spaceBetween&quot;:0,&quot;slidesPerView&quot;:1,&quot;pagination&quot;:{&quot;el&quot;:&quot;.swiper-pagination&quot;,&quot;dynamicBullets&quot;:true,&quot;clickable&quot;:true,&quot;type&quot;:&quot;bullets&quot;},&quot;navigation&quot;:{&quot;nextEl&quot;:&quot;.swiper-button-next&quot;,&quot;prevEl&quot;:&quot;.swiper-button-prev&quot;},&quot;breakpoints&quot;:[{&quot;slidesPerView&quot;:1}]}\" class=\"wp-block-cover has-aspect-ratio\" style=\"border-top-left-radius:25px;border-top-right-radius:25px;border-bottom-left-radius:25px;border-bottom-right-radius:25px;padding-top:0px;padding-right:0px;padding-bottom:0px;padding-left:0px;aspect-ratio:4\/3;min-height:unset;\"><img decoding=\"async\" width=\"2000\" height=\"1270\" class=\"wp-block-cover__image-background wp-image-3039 size-full\" alt=\"vue du camping\" src=\"https:\/\/www.camping-ideal-pyrenees.com\/wp-content\/uploads\/2026\/04\/vue-du-camping-2.jpg\" data-object-fit=\"cover\" srcset=\"https:\/\/www.camping-ideal-pyrenees.com\/wp-content\/uploads\/2026\/04\/vue-du-camping-2.jpg 2000w, https:\/\/www.camping-ideal-pyrenees.com\/wp-content\/uploads\/2026\/04\/vue-du-camping-2-300x191.jpg 300w, https:\/\/www.camping-ideal-pyrenees.com\/wp-content\/uploads\/2026\/04\/vue-du-camping-2-1024x650.jpg 1024w, https:\/\/www.camping-ideal-pyrenees.com\/wp-content\/uploads\/2026\/04\/vue-du-camping-2-768x488.jpg 768w, https:\/\/www.camping-ideal-pyrenees.com\/wp-content\/uploads\/2026\/04\/vue-du-camping-2-1536x975.jpg 1536w\" sizes=\"(max-width: 2000px) 100vw, 2000px\" \/><span aria-hidden=\"true\" class=\"wp-block-cover__background has-background-dim-100 has-background-dim wp-block-cover__gradient-background has-background-gradient\" style=\"background:linear-gradient(180deg,rgba(82,168,168,0.52) 4%,rgba(82,168,168,0) 34%)\"><\/span><div class=\"wp-block-cover__inner-container has-global-padding is-layout-constrained wp-container-core-cover-is-layout-f5c98baf wp-block-cover-is-layout-constrained\">\n<p class=\"has-text-align-center has-large-font-size\"><\/p>\n<\/div><\/div>\n<\/div>\n<\/div>\n<\/div>\n\n<div class=\"wp-block-group section-4 no-cta has-global-padding is-layout-constrained wp-container-core-group-is-layout-f19ede79 wp-block-group-is-layout-constrained\" style=\"padding-right:0px;padding-bottom:0;padding-left:0px\">\n<div class=\"wp-block-group banner has-global-padding is-layout-constrained wp-container-core-group-is-layout-12243e0f wp-block-group-is-layout-constrained\">\n<figure class=\"wp-block-image size-large cursor\"><img decoding=\"async\" width=\"135\" height=\"135\" src=\"https:\/\/www.camping-ideal-pyrenees.com\/wp-content\/uploads\/2026\/04\/icon-cursor-blanc-bleu.svg\" alt=\"icon cursor white blue\" class=\"wp-image-2582\"\/><\/figure>\n\n\n\n<div class=\"wp-block-group has-global-padding is-layout-constrained wp-container-core-group-is-layout-12243e0f wp-block-group-is-layout-constrained\">\n<div data-swiper=\"{&quot;speed&quot;:1000,&quot;autoplay&quot;:{&quot;delay&quot;:5000,&quot;disableOnInteraction&quot;:false},&quot;spaceBetween&quot;:0,&quot;slidesPerView&quot;:1,&quot;pagination&quot;:{&quot;el&quot;:&quot;.swiper-pagination&quot;,&quot;dynamicBullets&quot;:true,&quot;clickable&quot;:true,&quot;type&quot;:&quot;bullets&quot;},&quot;navigation&quot;:{&quot;nextEl&quot;:&quot;.swiper-button-next&quot;,&quot;prevEl&quot;:&quot;.swiper-button-prev&quot;},&quot;breakpoints&quot;:[{&quot;slidesPerView&quot;:1}]}\" class=\"wp-block-cover\" style=\"min-height:898px;aspect-ratio:unset;\"><img decoding=\"async\" width=\"2000\" height=\"1027\" class=\"wp-block-cover__image-background wp-image-3041 size-full\" alt=\"entr\u00e9e camping\" src=\"https:\/\/www.camping-ideal-pyrenees.com\/wp-content\/uploads\/2026\/04\/entree-camping.jpg\" data-object-fit=\"cover\" srcset=\"https:\/\/www.camping-ideal-pyrenees.com\/wp-content\/uploads\/2026\/04\/entree-camping.jpg 2000w, https:\/\/www.camping-ideal-pyrenees.com\/wp-content\/uploads\/2026\/04\/entree-camping-300x154.jpg 300w, https:\/\/www.camping-ideal-pyrenees.com\/wp-content\/uploads\/2026\/04\/entree-camping-1024x526.jpg 1024w, https:\/\/www.camping-ideal-pyrenees.com\/wp-content\/uploads\/2026\/04\/entree-camping-768x394.jpg 768w, https:\/\/www.camping-ideal-pyrenees.com\/wp-content\/uploads\/2026\/04\/entree-camping-1536x789.jpg 1536w\" sizes=\"(max-width: 2000px) 100vw, 2000px\" \/><span aria-hidden=\"true\" class=\"wp-block-cover__background has-contrast-background-color has-background-dim-30 has-background-dim\"><\/span><div class=\"wp-block-cover__inner-container has-global-padding is-layout-constrained wp-container-core-cover-is-layout-12243e0f wp-block-cover-is-layout-constrained\">\n<p class=\"has-text-align-center has-text-color has-link-color has-wilden-font-family wp-elements-18f073f1c218d56a2ccf1c56f0ff895e\" style=\"color:#fffdf7;font-size:clamp(3.001rem, 3.001rem + ((1vw - 0.2rem) * 4.848), 5.91rem);line-height:1\">in the heart of the mountains<\/p>\n<\/div><\/div>\n<\/div>\n<\/div>\n\n\n\n<div class=\"wp-block-group content has-custom-color-1-background-color has-background has-global-padding is-layout-constrained wp-container-core-group-is-layout-79713580 wp-block-group-is-layout-constrained\" style=\"margin-top:-50px;margin-bottom:0;padding-top:8rem;padding-right:2rem;padding-bottom:8rem;padding-left:2rem\">\n<div class=\"wp-block-columns are-vertically-aligned-center is-layout-flex wp-container-core-columns-is-layout-6fcc1a87 wp-block-columns-is-layout-flex\" style=\"padding-right:8rem;padding-left:8rem\">\n<div class=\"wp-block-column is-vertically-aligned-center left is-layout-flow wp-block-column-is-layout-flow\" style=\"flex-basis:40%\">\n<div data-swiper=\"{&quot;speed&quot;:1000,&quot;autoplay&quot;:{&quot;delay&quot;:5000,&quot;disableOnInteraction&quot;:false},&quot;spaceBetween&quot;:0,&quot;slidesPerView&quot;:1,&quot;pagination&quot;:{&quot;el&quot;:&quot;.swiper-pagination&quot;,&quot;dynamicBullets&quot;:true,&quot;clickable&quot;:true,&quot;type&quot;:&quot;bullets&quot;},&quot;navigation&quot;:{&quot;nextEl&quot;:&quot;.swiper-button-next&quot;,&quot;prevEl&quot;:&quot;.swiper-button-prev&quot;},&quot;breakpoints&quot;:[{&quot;slidesPerView&quot;:1}]}\" class=\"wp-block-cover is-light svg-background\" style=\"min-height:261px;aspect-ratio:unset;\"><span aria-hidden=\"true\" class=\"wp-block-cover__background has-background-dim-0 has-background-dim\"><\/span><div class=\"wp-block-cover__inner-container has-global-padding is-layout-constrained wp-container-core-cover-is-layout-12243e0f wp-block-cover-is-layout-constrained\">\n<p class=\"has-text-align-left has-text-color has-link-color has-wilden-font-family wp-elements-13b4b11b2974f716959e8daf323afda5\" style=\"color:#fff4ea;font-size:clamp(2.953rem, 2.953rem + ((1vw - 0.2rem) * 4.728), 5.79rem);line-height:1\">discover the villages and their bell towers<\/p>\n<\/div><\/div>\n<\/div>\n\n\n\n<div class=\"wp-block-column is-vertically-aligned-center right is-layout-flow wp-block-column-is-layout-flow\" style=\"flex-basis:60%\">\n<div class=\"wp-block-group title is-horizontal is-nowrap is-layout-flex wp-container-core-group-is-layout-5d214b84 wp-block-group-is-layout-flex\">\n<h2 class=\"wp-block-heading has-text-color has-link-color wp-elements-8fa2e971b262e42ea62fd8e00a3a0c44\" style=\"color:#fff4ea\">Campsite services<\/h2>\n<\/div>\n\n\n\n<ul style=\"padding-left:var(--wp--preset--spacing--30)\" class=\"wp-block-list\">\n<li class=\"has-custom-color-4-color has-text-color has-link-color wp-elements-c85c758d412351e692bb674c8c3e9dc3\">The welcome desk for arrivals and departures, as well as for <strong>information<\/strong> on <strong>hiking<\/strong> and <strong>biking<\/strong> <strong>itineraries<\/strong>!<\/li>\n\n\n\n<li class=\"has-custom-color-4-color has-text-color has-link-color wp-elements-53122375d550409761063cd1264d8e73\">The <strong>large,<\/strong> sunny <strong>swimming pool<\/strong> and its small pool for younger children<\/li>\n\n\n\n<li class=\"has-custom-color-4-color has-text-color has-link-color wp-elements-93d0b027ce1c0a8e9aa3462cf943caa3\">The <strong>bar<\/strong> and <strong>terrace<\/strong> to toast your vacations<\/li>\n\n\n\n<li class=\"has-custom-color-4-color has-text-color has-link-color wp-elements-7d95c09a2d76687c7bab6a5ac04be96c\"><strong>The<\/strong> <strong>local<\/strong> <strong>grocery store<\/strong> for a taste of local specialties<\/li>\n\n\n\n<li class=\"has-custom-color-4-color has-text-color has-link-color wp-elements-c1e0ba87099d29fb7aa6e699354a4929\">A <strong>boulodrome<\/strong> for p\u00e9tanque fans<\/li>\n\n\n\n<li class=\"has-custom-color-4-color has-text-color has-link-color wp-elements-ec15202620d07333e0eeebb9003cdfdb\"><strong>Outdoor<\/strong> <strong>play equipment<\/strong> for children aged 5 to 12: climbing wall, trampolines, swing, turnstile, ping pong tables, badminton.<\/li>\n\n\n\n<li class=\"has-custom-color-4-color has-text-color has-link-color wp-elements-ca1a6d585aedbb5994298379c5d2826f\">Indoor <strong>games<\/strong> <strong>room<\/strong> with wifi, table soccer, board games, library<\/li>\n\n\n\n<li class=\"has-custom-color-4-color has-text-color has-link-color wp-elements-09cdb0517cd84852c7046be8174185b9\"><strong>Nursery<\/strong> <strong>cabin<\/strong> with baby bath, children&#8217;s WC and shower with flexible hose<\/li>\n\n\n\n<li class=\"has-custom-color-4-color has-text-color has-link-color wp-elements-b1dee84e2891322ec844d7fbe4148f67\"><strong>Laundry<\/strong> <strong>room<\/strong> with coin-operated washing machine and dryer, ironing board<\/li>\n\n\n\n<li class=\"has-custom-color-4-color has-text-color has-link-color wp-elements-098eb073928128669ed1d5609677776d\"><strong>2<\/strong> <strong>sanitary<\/strong> <strong>blocks<\/strong> with free showers and toilets with PRM access<\/li>\n<\/ul>\n\n\n\n<ul class=\"wp-block-list\">\n<li>\n<ul class=\"wp-block-list\">\n<li><\/li>\n<\/ul>\n<\/li>\n<\/ul>\n<\/div>\n<\/div>\n<\/div>\n<\/div>\n\n<div class=\"wp-block-group section-5 simple has-custom-color-4-background-color has-background has-global-padding is-layout-constrained wp-container-core-group-is-layout-1774d119 wp-block-group-is-layout-constrained\" style=\"margin-top:0px;margin-bottom:0px;padding-top:6rem;padding-right:8rem;padding-bottom:6rem;padding-left:8rem\">\n<div class=\"wp-block-columns is-layout-flex wp-container-core-columns-is-layout-65a7aca3 wp-block-columns-is-layout-flex\">\n<div class=\"wp-block-column is-vertically-aligned-center left is-layout-flow wp-block-column-is-layout-flow\" style=\"flex-basis:40%\">\n<div class=\"wp-block-group title is-vertical is-nowrap is-layout-flex wp-container-core-group-is-layout-d5948130 wp-block-group-is-layout-flex\">\n<div class=\"wp-block-group is-nowrap is-layout-flex wp-container-core-group-is-layout-6c531013 wp-block-group-is-layout-flex\">\n<h2 class=\"wp-block-heading\">Additional rentals<\/h2>\n<\/div>\n\n\n\n<p>To complete your stay at a <a href=\"https:\/\/www.camping-ideal-pyrenees.com\/en\/\" data-type=\"page\" data-id=\"5\">campsite in the Hautes-Pyr\u00e9n\u00e9es<\/a>, we offer the following accommodation options:<\/p>\n\n\n\n<ul style=\"padding-left:var(--wp--preset--spacing--30)\" class=\"wp-block-list\">\n<li>sheets and pillows (beds not made up on arrival)<\/li>\n\n\n\n<li>towels and bath mats<\/li>\n\n\n\n<li>a barbecue for long summer evenings<\/li>\n\n\n\n<li>a baby kit (cot, high chair, bathtub) to simplify vacations with baby,<\/li>\n\n\n\n<li>For tent and camper pitches, you can take advantage of the following options:  <\/li>\n\n\n\n<li>a small fridge to simplify your meals.<\/li>\n\n\n\n<li>you&#8217;ll also have the choice of using 4 A or 10 A electricity at extra cost  <\/li>\n<\/ul>\n<\/div>\n<\/div>\n\n\n\n<div class=\"wp-block-column is-vertically-aligned-center right is-layout-flow wp-block-column-is-layout-flow\" style=\"padding-bottom:10rem;flex-basis:60%\">\n<div class=\"wp-block-group has-global-padding is-layout-constrained wp-container-core-group-is-layout-f755808d wp-block-group-is-layout-constrained\" style=\"margin-top:0px;margin-bottom:0px;padding-top:0px;padding-right:0px;padding-bottom:0px;padding-left:0px\">\n<figure class=\"wp-block-image size-full has-custom-border\"><img decoding=\"async\" width=\"2000\" height=\"1339\" src=\"https:\/\/www.camping-ideal-pyrenees.com\/wp-content\/uploads\/2026\/04\/Camping-car-emplacements.jpg\" alt=\"Motorhome + pitches\" class=\"wp-image-3053\" style=\"border-top-left-radius:25px;border-top-right-radius:25px;border-bottom-left-radius:25px;border-bottom-right-radius:25px\" srcset=\"https:\/\/www.camping-ideal-pyrenees.com\/wp-content\/uploads\/2026\/04\/Camping-car-emplacements.jpg 2000w, https:\/\/www.camping-ideal-pyrenees.com\/wp-content\/uploads\/2026\/04\/Camping-car-emplacements-300x201.jpg 300w, https:\/\/www.camping-ideal-pyrenees.com\/wp-content\/uploads\/2026\/04\/Camping-car-emplacements-1024x686.jpg 1024w, https:\/\/www.camping-ideal-pyrenees.com\/wp-content\/uploads\/2026\/04\/Camping-car-emplacements-768x514.jpg 768w, https:\/\/www.camping-ideal-pyrenees.com\/wp-content\/uploads\/2026\/04\/Camping-car-emplacements-1536x1028.jpg 1536w\" sizes=\"(max-width: 2000px) 100vw, 2000px\" \/><\/figure>\n<\/div>\n<\/div>\n<\/div>\n<\/div>\n\n<div id=\"accueilvelo\" class=\"wp-block-group section-3 has-custom-color-5-background-color has-background has-global-padding is-layout-constrained wp-container-core-group-is-layout-56ecda4d wp-block-group-is-layout-constrained\" style=\"margin-top:0rem;padding-top:6rem;padding-bottom:6rem\">\n<div class=\"wp-block-columns are-vertically-aligned-center has-custom-color-1-color has-text-color has-link-color wp-elements-8439214761aefed8b8e36170fb0747d3 is-layout-flex wp-container-core-columns-is-layout-28f84493 wp-block-columns-is-layout-flex\">\n<div class=\"wp-block-column is-vertically-aligned-center left is-layout-flow wp-block-column-is-layout-flow\" style=\"flex-basis:55%\">\n<div data-swiper=\"{&quot;speed&quot;:1000,&quot;autoplay&quot;:{&quot;delay&quot;:5000,&quot;disableOnInteraction&quot;:false},&quot;spaceBetween&quot;:0,&quot;slidesPerView&quot;:1,&quot;pagination&quot;:{&quot;el&quot;:&quot;.swiper-pagination&quot;,&quot;dynamicBullets&quot;:true,&quot;clickable&quot;:true,&quot;type&quot;:&quot;bullets&quot;},&quot;navigation&quot;:{&quot;nextEl&quot;:&quot;.swiper-button-next&quot;,&quot;prevEl&quot;:&quot;.swiper-button-prev&quot;},&quot;breakpoints&quot;:[{&quot;slidesPerView&quot;:1}]}\" class=\"wp-block-cover has-aspect-ratio\" style=\"border-top-left-radius:25px;border-top-right-radius:25px;border-bottom-left-radius:25px;border-bottom-right-radius:25px;padding-top:0px;padding-right:0px;padding-bottom:0px;padding-left:0px;aspect-ratio:4\/3;min-height:unset;\"><img decoding=\"async\" width=\"2000\" height=\"1333\" class=\"wp-block-cover__image-background wp-image-3153 size-full\" alt=\"accueil velo camping pyrenees\" src=\"https:\/\/www.camping-ideal-pyrenees.com\/wp-content\/uploads\/2026\/04\/accueil-velo-camping-pyrenees-2.png\" data-object-fit=\"cover\" srcset=\"https:\/\/www.camping-ideal-pyrenees.com\/wp-content\/uploads\/2026\/04\/accueil-velo-camping-pyrenees-2.png 2000w, https:\/\/www.camping-ideal-pyrenees.com\/wp-content\/uploads\/2026\/04\/accueil-velo-camping-pyrenees-2-300x200.png 300w, https:\/\/www.camping-ideal-pyrenees.com\/wp-content\/uploads\/2026\/04\/accueil-velo-camping-pyrenees-2-1024x682.png 1024w, https:\/\/www.camping-ideal-pyrenees.com\/wp-content\/uploads\/2026\/04\/accueil-velo-camping-pyrenees-2-768x512.png 768w, https:\/\/www.camping-ideal-pyrenees.com\/wp-content\/uploads\/2026\/04\/accueil-velo-camping-pyrenees-2-1536x1024.png 1536w\" sizes=\"(max-width: 2000px) 100vw, 2000px\" \/><span aria-hidden=\"true\" class=\"wp-block-cover__background has-background-dim-40 has-background-dim wp-block-cover__gradient-background has-background-gradient\" style=\"background:linear-gradient(180deg,rgb(2,55,61) 10%,rgba(255,255,255,0) 33%)\"><\/span><div class=\"wp-block-cover__inner-container has-global-padding is-layout-constrained wp-container-core-cover-is-layout-f5c98baf wp-block-cover-is-layout-constrained\">\n<p class=\"has-text-align-center has-large-font-size\"><\/p>\n<\/div><\/div>\n<\/div>\n\n\n\n<div class=\"wp-block-column is-vertically-aligned-center right is-layout-flow wp-block-column-is-layout-flow\" style=\"padding-right:4rem;padding-left:4rem\">\n<h2 class=\"wp-block-heading has-text-align-left\">Campsite in the Hautes-Pyr\u00e9n\u00e9es with the Accueil V\u00e9lo label<\/h2>\n\n\n\n<p class=\"has-text-align-left\">The family-run campsite near Argel\u00e8s-Gazost has been awarded the &#8221; <strong>Accueil V\u00e9lo&#8221;<\/strong> label, making it the perfect address for cyclists on tour or on a sporting break.<\/p>\n\n\n\n<p class=\"has-text-align-left\">Located <strong>at the foot of the Col du Soulor<\/strong>, on the route of <strong>legendary Tour de France passes<\/strong> such as Aubisque, Hautacam, Tourmalet, Luz Ardiden, Spandelles and the Col des Tentes, it offers services tailored to cyclists and bikers: <strong>personalized advice on routes, a small grocery store, sports breakfasts on request<\/strong>, as well as an <strong>area dedicated to washing, repairing and troubleshooting bikes<\/strong>. A dedicated cleaning area and a repair and maintenance workbench make it easy to deal with minor breakdowns and everyday cycling needs. <\/p>\n\n\n\n<p class=\"has-text-align-left\">There&#8217;s a <strong>secure storage area<\/strong> for your bike, so you can enjoy the Pyrenees on two wheels in summer and out of season.<\/p>\n<\/div>\n<\/div>\n<\/div>\n\n<div id=\"jeux\" class=\"wp-block-group section-3 has-global-padding is-layout-constrained wp-container-core-group-is-layout-62c0be9b wp-block-group-is-layout-constrained\" style=\"margin-top:0rem;padding-top:6rem;padding-bottom:2rem\">\n<div class=\"wp-block-columns are-vertically-aligned-center has-custom-color-1-color has-text-color has-link-color wp-elements-78373a18457b1b0a71518a2fb5077b51 is-layout-flex wp-container-core-columns-is-layout-28f84493 wp-block-columns-is-layout-flex\">\n<div class=\"wp-block-column is-vertically-aligned-center right is-layout-flow wp-block-column-is-layout-flow\" style=\"padding-right:4rem;padding-left:4rem\">\n<h2 class=\"wp-block-heading has-text-align-left\">Playground with climbing wall and trampolines<\/h2>\n\n\n\n<p class=\"has-text-align-left\">We are committed to welcoming families and youngsters in a <strong>safe<\/strong> and <strong>fun<\/strong> environment.  <\/p>\n\n\n\n<p class=\"has-text-align-left\">A trampoline, a volleyball net and a ping-pong table are ideal for sharing good times together. For the little ones, there&#8217;s a <strong>secure play area<\/strong> with a slide, swings and a mini climbing wall, so you can play in peace and quiet. <\/p>\n<\/div>\n\n\n\n<div class=\"wp-block-column is-vertically-aligned-center left is-layout-flow wp-block-column-is-layout-flow\" style=\"flex-basis:55%\">\n<div data-swiper=\"{&quot;speed&quot;:1000,&quot;autoplay&quot;:{&quot;delay&quot;:5000,&quot;disableOnInteraction&quot;:false},&quot;spaceBetween&quot;:0,&quot;slidesPerView&quot;:1,&quot;pagination&quot;:{&quot;el&quot;:&quot;.swiper-pagination&quot;,&quot;dynamicBullets&quot;:true,&quot;clickable&quot;:true,&quot;type&quot;:&quot;bullets&quot;},&quot;navigation&quot;:{&quot;nextEl&quot;:&quot;.swiper-button-next&quot;,&quot;prevEl&quot;:&quot;.swiper-button-prev&quot;},&quot;breakpoints&quot;:[{&quot;slidesPerView&quot;:1}]}\" class=\"wp-block-cover has-aspect-ratio\" style=\"border-top-left-radius:25px;border-top-right-radius:25px;border-bottom-left-radius:25px;border-bottom-right-radius:25px;padding-top:0px;padding-right:0px;padding-bottom:0px;padding-left:0px;aspect-ratio:4\/3;min-height:unset;\"><img decoding=\"async\" width=\"2000\" height=\"1113\" class=\"wp-block-cover__image-background wp-image-3043 size-full\" alt=\"acceuil + jeux\" src=\"https:\/\/www.camping-ideal-pyrenees.com\/wp-content\/uploads\/2026\/04\/acceuil-jeux2.jpg\" data-object-fit=\"cover\" srcset=\"https:\/\/www.camping-ideal-pyrenees.com\/wp-content\/uploads\/2026\/04\/acceuil-jeux2.jpg 2000w, https:\/\/www.camping-ideal-pyrenees.com\/wp-content\/uploads\/2026\/04\/acceuil-jeux2-300x167.jpg 300w, https:\/\/www.camping-ideal-pyrenees.com\/wp-content\/uploads\/2026\/04\/acceuil-jeux2-1024x570.jpg 1024w, https:\/\/www.camping-ideal-pyrenees.com\/wp-content\/uploads\/2026\/04\/acceuil-jeux2-768x427.jpg 768w, https:\/\/www.camping-ideal-pyrenees.com\/wp-content\/uploads\/2026\/04\/acceuil-jeux2-1536x855.jpg 1536w\" sizes=\"(max-width: 2000px) 100vw, 2000px\" \/><span aria-hidden=\"true\" class=\"wp-block-cover__background has-background-dim-40 has-background-dim wp-block-cover__gradient-background has-background-gradient\" style=\"background:linear-gradient(180deg,rgb(2,55,61) 10%,rgba(255,255,255,0) 33%)\"><\/span><div class=\"wp-block-cover__inner-container has-global-padding is-layout-constrained wp-container-core-cover-is-layout-f5c98baf wp-block-cover-is-layout-constrained\">\n<p class=\"has-text-align-center has-large-font-size\"><\/p>\n<\/div><\/div>\n<\/div>\n<\/div>\n<\/div>\n\n<div class=\"wp-block-group section-5 simple has-custom-color-4-background-color has-background has-global-padding is-layout-constrained wp-container-core-group-is-layout-db6cd171 wp-block-group-is-layout-constrained\" style=\"margin-top:0px;margin-bottom:0px;padding-top:2rem;padding-right:8rem;padding-bottom:6rem;padding-left:8rem\">\n<div class=\"wp-block-columns is-layout-flex wp-container-core-columns-is-layout-65a7aca3 wp-block-columns-is-layout-flex\">\n<div class=\"wp-block-column is-vertically-aligned-center right is-layout-flow wp-block-column-is-layout-flow\" style=\"padding-bottom:10rem;flex-basis:60%\">\n<div class=\"wp-block-group has-global-padding is-layout-constrained wp-container-core-group-is-layout-f755808d wp-block-group-is-layout-constrained\" style=\"margin-top:0px;margin-bottom:0px;padding-top:0px;padding-right:0px;padding-bottom:0px;padding-left:0px\">\n<figure class=\"wp-block-image size-full has-custom-border\"><img decoding=\"async\" width=\"2000\" height=\"1333\" src=\"https:\/\/www.camping-ideal-pyrenees.com\/wp-content\/uploads\/2026\/04\/petanque-activite-vacances.jpeg\" alt=\"petanque vacation activity\" class=\"wp-image-3049\" style=\"border-top-left-radius:25px;border-top-right-radius:25px;border-bottom-left-radius:25px;border-bottom-right-radius:25px\" srcset=\"https:\/\/www.camping-ideal-pyrenees.com\/wp-content\/uploads\/2026\/04\/petanque-activite-vacances.jpeg 2000w, https:\/\/www.camping-ideal-pyrenees.com\/wp-content\/uploads\/2026\/04\/petanque-activite-vacances-300x200.jpeg 300w, https:\/\/www.camping-ideal-pyrenees.com\/wp-content\/uploads\/2026\/04\/petanque-activite-vacances-1024x682.jpeg 1024w, https:\/\/www.camping-ideal-pyrenees.com\/wp-content\/uploads\/2026\/04\/petanque-activite-vacances-768x512.jpeg 768w, https:\/\/www.camping-ideal-pyrenees.com\/wp-content\/uploads\/2026\/04\/petanque-activite-vacances-1536x1024.jpeg 1536w\" sizes=\"(max-width: 2000px) 100vw, 2000px\" \/><\/figure>\n<\/div>\n<\/div>\n\n\n\n<div class=\"wp-block-column is-vertically-aligned-center left is-layout-flow wp-block-column-is-layout-flow\" style=\"flex-basis:40%\">\n<div class=\"wp-block-group title is-vertical is-nowrap is-layout-flex wp-container-core-group-is-layout-d5948130 wp-block-group-is-layout-flex\">\n<div class=\"wp-block-group is-nowrap is-layout-flex wp-container-core-group-is-layout-6c531013 wp-block-group-is-layout-flex\">\n<h2 class=\"wp-block-heading\">Boulodrome for p\u00e9tanque games<\/h2>\n<\/div>\n\n\n\n<p>Located just opposite the bar-grocery store, the <strong>boulodrome<\/strong> is an essential meeting place on the campsite. It&#8217;s the perfect place for an impromptu game of p\u00e9tanque, a moment of relaxation or a chat with your vacation neighbors. While some play, others take advantage of the nearby terrace to observe the surrounding peaks, discuss the next hike or share a drink in the shade of the trees.  <\/p>\n\n\n\n<p>A <strong>simple<\/strong>, <strong>friendly<\/strong> <strong>space<\/strong> that perfectly reflects the spirit of family camping in the Hautes-Pyr\u00e9n\u00e9es: warm, relaxed and authentic.<\/p>\n<\/div>\n<\/div>\n<\/div>\n<\/div>\n\n<div class=\"wp-block-group section-5 simple has-custom-color-4-background-color has-background gt-hide-mobile gt-hide-desktop has-global-padding is-layout-constrained wp-container-core-group-is-layout-1774d119 wp-block-group-is-layout-constrained\" style=\"margin-top:0px;margin-bottom:0px;padding-top:6rem;padding-right:8rem;padding-bottom:6rem;padding-left:8rem\">\n<div class=\"wp-block-columns is-layout-flex wp-container-core-columns-is-layout-65a7aca3 wp-block-columns-is-layout-flex\">\n<div class=\"wp-block-column is-vertically-aligned-center right is-layout-flow wp-block-column-is-layout-flow\" style=\"padding-bottom:10rem;flex-basis:60%\">\n<div class=\"wp-block-group has-global-padding is-layout-constrained wp-container-core-group-is-layout-f755808d wp-block-group-is-layout-constrained\" style=\"margin-top:0px;margin-bottom:0px;padding-top:0px;padding-right:0px;padding-bottom:0px;padding-left:0px\">\n<figure class=\"wp-block-image size-full has-custom-border\"><img decoding=\"async\" width=\"999\" height=\"560\" src=\"https:\/\/www.camping-ideal-pyrenees.com\/wp-content\/uploads\/2026\/04\/jeux-de-societe-vacances-chateau-chambonnieres-2-2-2-2-2.jpeg\" alt=\"vacation board games chateau chambonnieres\" class=\"wp-image-3047\" style=\"border-top-left-radius:25px;border-top-right-radius:25px;border-bottom-left-radius:25px;border-bottom-right-radius:25px\" srcset=\"https:\/\/www.camping-ideal-pyrenees.com\/wp-content\/uploads\/2026\/04\/jeux-de-societe-vacances-chateau-chambonnieres-2-2-2-2-2.jpeg 999w, https:\/\/www.camping-ideal-pyrenees.com\/wp-content\/uploads\/2026\/04\/jeux-de-societe-vacances-chateau-chambonnieres-2-2-2-2-2-300x168.jpeg 300w, https:\/\/www.camping-ideal-pyrenees.com\/wp-content\/uploads\/2026\/04\/jeux-de-societe-vacances-chateau-chambonnieres-2-2-2-2-2-768x431.jpeg 768w\" sizes=\"(max-width: 999px) 100vw, 999px\" \/><\/figure>\n<\/div>\n<\/div>\n\n\n\n<div class=\"wp-block-column is-vertically-aligned-center left is-layout-flow wp-block-column-is-layout-flow\" style=\"flex-basis:40%\">\n<div class=\"wp-block-group title is-vertical is-nowrap is-layout-flex wp-container-core-group-is-layout-d5948130 wp-block-group-is-layout-flex\">\n<div class=\"wp-block-group is-nowrap is-layout-flex wp-container-core-group-is-layout-6c531013 wp-block-group-is-layout-flex\">\n<h2 class=\"wp-block-heading\">Everything for leisure in the playroom<\/h2>\n<\/div>\n\n\n\n<p>At the campsite, a <strong>rest and games room<\/strong> is at your disposal for moments of relaxation under shelter, whatever the weather. A bright and pleasant space to use for a few hours of teleworking, for example, thanks to the wifi available. You&#8217;ll find a selection of <strong>board games<\/strong> to share with family and friends, a <strong>table soccer<\/strong> table, as well as <strong>books<\/strong> about the mountains and the local area for inspiration and escape. It&#8217;s a quiet, friendly space where you can relax, read, play or simply enjoy a moment of peace and quiet.   <\/p>\n<\/div>\n<\/div>\n<\/div>\n<\/div>\n\n<div class=\"wp-block-group section-5 simple has-custom-color-5-background-color has-background gt-hide-mobile gt-hide-desktop has-global-padding is-layout-constrained wp-container-core-group-is-layout-1774d119 wp-block-group-is-layout-constrained\" style=\"margin-top:0px;margin-bottom:0px;padding-top:6rem;padding-right:8rem;padding-bottom:6rem;padding-left:8rem\">\n<div class=\"wp-block-columns is-layout-flex wp-container-core-columns-is-layout-65a7aca3 wp-block-columns-is-layout-flex\">\n<div class=\"wp-block-column is-vertically-aligned-center left is-layout-flow wp-block-column-is-layout-flow\" style=\"flex-basis:40%\">\n<div class=\"wp-block-group title is-vertical is-nowrap is-layout-flex wp-container-core-group-is-layout-d5948130 wp-block-group-is-layout-flex\">\n<div class=\"wp-block-group is-nowrap is-layout-flex wp-container-core-group-is-layout-6c531013 wp-block-group-is-layout-flex\">\n<h2 class=\"wp-block-heading\">Unique experiences with our local partners<\/h2>\n<\/div>\n\n\n\n<p class=\"has-text-align-left\">Unique experiences with our local partners. At the campsite, we&#8217;re lucky to be surrounded by <strong>passionate people who bring the mountains to life<\/strong>. Thanks to our network of local partners, we can offer you a wide range of experiences to discover the area in a different way.  <\/p>\n\n\n\n<p>Go hiking with <strong>certified mountain guides<\/strong>, learn to <strong>skate with a sports instructor at the Argel\u00e8s-Gazost skate-park<\/strong>, explore the <strong>bowels of the mountains with caving<\/strong>, or experience the adventure of <strong>rivers with canyoning<\/strong>.<\/p>\n\n\n\n<p class=\"has-text-align-left\">For something a little gentler, treat yourself to a <strong>rose massage in a gypsy caravan<\/strong>, discover the <strong>tea bushes of the Val d&#8217;Azun<\/strong>, or meet a <strong>beekeeper and his bees<\/strong>&#8211; all authentic experiences to <strong>experience the mountains intensely, at your own pace<\/strong>.<\/p>\n\n\n\n<p class=\"has-text-align-left\">We offer two ranges of mobile homes for rent near Argel\u00e8s-Gazost to suit all tastes.<\/p>\n<\/div>\n<\/div>\n\n\n\n<div class=\"wp-block-column is-vertically-aligned-center right is-layout-flow wp-block-column-is-layout-flow\" style=\"padding-bottom:10rem;flex-basis:60%\">\n<div data-swiper=\"{&quot;speed&quot;:400,&quot;spaceBetween&quot;:16,&quot;slidesPerView&quot;:1,&quot;createElements&quot;:true,&quot;loop&quot;:true,&quot;freemode&quot;:true,&quot;navigation&quot;:{&quot;nextEl&quot;:&quot;buttonNext&quot;,&quot;prevEl&quot;:&quot;buttonPrev&quot;},&quot;pagination&quot;:{&quot;el&quot;:&quot;.swiper-pagination&quot;,&quot;dynamicBullets&quot;:true},&quot;breakpoints&quot;:[{&quot;slidesPerView&quot;:1}],&quot;autoplay&quot;:{&quot;delay&quot;:4000}}\" class=\"wp-block-group gt-is-slider gt-is-slider-desktop has-global-padding is-layout-constrained wp-container-core-group-is-layout-f755808d wp-block-group-is-layout-constrained\" style=\"margin-top:0px;margin-bottom:0px;padding-top:0px;padding-right:0px;padding-bottom:0px;padding-left:0px\">\n<figure class=\"wp-block-image size-full has-custom-border\"><img decoding=\"async\" width=\"2000\" height=\"1125\" src=\"https:\/\/www.camping-ideal-pyrenees.com\/wp-content\/uploads\/2026\/04\/visite-apiculture-pyrenees.webp\" alt=\"beekeeping tour in the Pyrenees\" class=\"wp-image-3460\" style=\"border-top-left-radius:25px;border-top-right-radius:25px;border-bottom-left-radius:25px;border-bottom-right-radius:25px\" srcset=\"https:\/\/www.camping-ideal-pyrenees.com\/wp-content\/uploads\/2026\/04\/visite-apiculture-pyrenees.webp 2000w, https:\/\/www.camping-ideal-pyrenees.com\/wp-content\/uploads\/2026\/04\/visite-apiculture-pyrenees-300x169.webp 300w, https:\/\/www.camping-ideal-pyrenees.com\/wp-content\/uploads\/2026\/04\/visite-apiculture-pyrenees-1024x576.webp 1024w, https:\/\/www.camping-ideal-pyrenees.com\/wp-content\/uploads\/2026\/04\/visite-apiculture-pyrenees-768x432.webp 768w, https:\/\/www.camping-ideal-pyrenees.com\/wp-content\/uploads\/2026\/04\/visite-apiculture-pyrenees-1536x864.webp 1536w\" sizes=\"(max-width: 2000px) 100vw, 2000px\" \/><\/figure>\n\n\n\n<figure class=\"wp-block-image size-full has-custom-border\"><img decoding=\"async\" width=\"2000\" height=\"1125\" src=\"https:\/\/www.camping-ideal-pyrenees.com\/wp-content\/uploads\/2026\/04\/cirque-de-gavarnie-1.webp\" alt=\"cirque de gavarnie\" class=\"wp-image-3459\" style=\"border-top-left-radius:25px;border-top-right-radius:25px;border-bottom-left-radius:25px;border-bottom-right-radius:25px\" srcset=\"https:\/\/www.camping-ideal-pyrenees.com\/wp-content\/uploads\/2026\/04\/cirque-de-gavarnie-1.webp 2000w, https:\/\/www.camping-ideal-pyrenees.com\/wp-content\/uploads\/2026\/04\/cirque-de-gavarnie-1-300x169.webp 300w, https:\/\/www.camping-ideal-pyrenees.com\/wp-content\/uploads\/2026\/04\/cirque-de-gavarnie-1-1024x576.webp 1024w, https:\/\/www.camping-ideal-pyrenees.com\/wp-content\/uploads\/2026\/04\/cirque-de-gavarnie-1-768x432.webp 768w, https:\/\/www.camping-ideal-pyrenees.com\/wp-content\/uploads\/2026\/04\/cirque-de-gavarnie-1-1536x864.webp 1536w\" sizes=\"(max-width: 2000px) 100vw, 2000px\" \/><\/figure>\n\n\n\n<figure class=\"wp-block-image size-full has-custom-border\"><img decoding=\"async\" width=\"2000\" height=\"1125\" src=\"https:\/\/www.camping-ideal-pyrenees.com\/wp-content\/uploads\/2026\/04\/skate-park-Activites-1.webp\" alt=\"skate park Activities\" class=\"wp-image-3458\" style=\"border-top-left-radius:25px;border-top-right-radius:25px;border-bottom-left-radius:25px;border-bottom-right-radius:25px\" srcset=\"https:\/\/www.camping-ideal-pyrenees.com\/wp-content\/uploads\/2026\/04\/skate-park-Activites-1.webp 2000w, https:\/\/www.camping-ideal-pyrenees.com\/wp-content\/uploads\/2026\/04\/skate-park-Activites-1-300x169.webp 300w, https:\/\/www.camping-ideal-pyrenees.com\/wp-content\/uploads\/2026\/04\/skate-park-Activites-1-1024x576.webp 1024w, https:\/\/www.camping-ideal-pyrenees.com\/wp-content\/uploads\/2026\/04\/skate-park-Activites-1-768x432.webp 768w, https:\/\/www.camping-ideal-pyrenees.com\/wp-content\/uploads\/2026\/04\/skate-park-Activites-1-1536x864.webp 1536w\" sizes=\"(max-width: 2000px) 100vw, 2000px\" \/><\/figure>\n<\/div>\n<\/div>\n<\/div>\n<\/div>\n\n<div class=\"wp-block-group section-maillage has-custom-color-4-background-color has-background has-global-padding is-layout-constrained wp-container-core-group-is-layout-ef386722 wp-block-group-is-layout-constrained\" style=\"margin-top:0px;margin-bottom:0px;padding-top:8rem;padding-right:8rem;padding-bottom:8rem;padding-left:8rem\">\n<div data-swiper=\"{&quot;speed&quot;:1000,&quot;autoplay&quot;:{&quot;delay&quot;:5000,&quot;disableOnInteraction&quot;:false},&quot;spaceBetween&quot;:0,&quot;slidesPerView&quot;:1,&quot;pagination&quot;:{&quot;el&quot;:&quot;.swiper-pagination&quot;,&quot;dynamicBullets&quot;:true,&quot;clickable&quot;:true,&quot;type&quot;:&quot;bullets&quot;},&quot;navigation&quot;:{&quot;nextEl&quot;:&quot;.swiper-button-next&quot;,&quot;prevEl&quot;:&quot;.swiper-button-prev&quot;},&quot;breakpoints&quot;:[{&quot;slidesPerView&quot;:1}]}\" class=\"wp-block-cover is-light svg-background wp-duotone-02373d-02373d-2\" style=\"min-height:100px;aspect-ratio:unset;\"><span aria-hidden=\"true\" class=\"wp-block-cover__background has-background-dim-0 has-background-dim\"><\/span><div class=\"wp-block-cover__inner-container has-global-padding is-layout-constrained wp-container-core-cover-is-layout-12243e0f wp-block-cover-is-layout-constrained\">\n<p class=\"has-text-align-center has-custom-color-1-color has-text-color has-link-color has-wilden-font-family wp-elements-85e7d143cc2858f9180e10c971f6636c\" style=\"font-size:clamp(1.743rem, 1.743rem + ((1vw - 0.2rem) * 2.095), 3rem);line-height:1\">Take advantage of our accommodation, <br\/>pitches and services<\/p>\n<\/div><\/div>\n\n\n\n<div data-swiper=\"{&quot;speed&quot;:400,&quot;spaceBetween&quot;:16,&quot;slidesPerView&quot;:3,&quot;createElements&quot;:true,&quot;loop&quot;:true,&quot;freemode&quot;:true,&quot;navigation&quot;:{&quot;nextEl&quot;:&quot;buttonNext&quot;,&quot;prevEl&quot;:&quot;buttonPrev&quot;},&quot;pagination&quot;:{&quot;el&quot;:&quot;.swiper-pagination&quot;,&quot;dynamicBullets&quot;:true},&quot;breakpoints&quot;:{&quot;0&quot;:{&quot;slidesPerView&quot;:1},&quot;768&quot;:{&quot;slidesPerView&quot;:2},&quot;1260&quot;:{&quot;slidesPerView&quot;:3}},&quot;autoplay&quot;:{&quot;delay&quot;:4000}}\" data-wp-context=\"{}\" data-wp-interactive=\"core\/query\" data-wp-key=\"0\" data-wp-router-region=\"query-0\" class=\"wp-block-query alignwide gt-fse-maillage-query gt-is-slider gt-is-slider-desktop is-layout-flow wp-block-query-is-layout-flow\"><ul class=\"columns-3 wp-block-post-template is-layout-grid wp-container-core-post-template-is-layout-6d3fbd8f wp-block-post-template-is-layout-grid\"><li data-wp-key=\"post-template-item-3306\" class=\"wp-block-post post-3306 page type-page status-publish has-post-thumbnail hentry\">\n<a style=\"--color-bkg:#3b485d;--color-bkg-hover:#3b485d;\" href=\"https:\/\/www.camping-ideal-pyrenees.com\/en\/tourism-activities-hautes-pyrenees\/\"    class=\"wp-block-tiptip-hyperlink-group-block\" >\n<div data-swiper=\"{&quot;speed&quot;:1000,&quot;autoplay&quot;:{&quot;delay&quot;:5000,&quot;disableOnInteraction&quot;:false},&quot;spaceBetween&quot;:0,&quot;slidesPerView&quot;:1,&quot;pagination&quot;:{&quot;el&quot;:&quot;.swiper-pagination&quot;,&quot;dynamicBullets&quot;:true,&quot;clickable&quot;:true,&quot;type&quot;:&quot;bullets&quot;},&quot;navigation&quot;:{&quot;nextEl&quot;:&quot;.swiper-button-next&quot;,&quot;prevEl&quot;:&quot;.swiper-button-prev&quot;},&quot;breakpoints&quot;:[{&quot;slidesPerView&quot;:1}]}\" class=\"wp-block-cover is-light\" style=\"border-radius:25px;padding-top:0px;padding-right:0px;padding-bottom:0px;padding-left:0px\"><span aria-hidden=\"true\" class=\"wp-block-cover__background has-background-dim-0 has-background-dim\"><\/span><div class=\"wp-block-cover__inner-container has-global-padding is-layout-constrained wp-container-core-cover-is-layout-f5c98baf wp-block-cover-is-layout-constrained\">\n<figure class=\"wp-block-image\"><img decoding=\"async\" src=\"https:\/\/www.camping-ideal-pyrenees.com\/wp-content\/uploads\/2026\/04\/camping-au-coeur-de-pyrenees.jpg\" alt=\"Auto draft\"\/><\/figure>\n\n\n\n<p class=\"has-text-align-center has-custom-color-4-color has-text-color has-link-color has-wilden-font-family wp-elements-06785c3a4d5bbb2a489a185a376ac082\" style=\"border-top-color:var(--wp--preset--color--custom-color-4);border-top-width:1px;padding-top:var(--wp--preset--spacing--10);padding-right:1rem;padding-bottom:var(--wp--preset--spacing--10);padding-left:1rem;font-size:clamp(1.428rem, 1.428rem + ((1vw - 0.2rem) * 1.537), 2.35rem);\">Surroundings<\/p>\n<\/div><\/div>\n<\/a>\n<\/li><li data-wp-key=\"post-template-item-3328\" class=\"wp-block-post post-3328 page type-page status-publish has-post-thumbnail hentry\">\n<a style=\"--color-bkg:#3b485d;--color-bkg-hover:#3b485d;\" href=\"https:\/\/www.camping-ideal-pyrenees.com\/en\/campsite-outdoor-swimming-pool-arras-en-lavedan\/\"    class=\"wp-block-tiptip-hyperlink-group-block\" >\n<div data-swiper=\"{&quot;speed&quot;:1000,&quot;autoplay&quot;:{&quot;delay&quot;:5000,&quot;disableOnInteraction&quot;:false},&quot;spaceBetween&quot;:0,&quot;slidesPerView&quot;:1,&quot;pagination&quot;:{&quot;el&quot;:&quot;.swiper-pagination&quot;,&quot;dynamicBullets&quot;:true,&quot;clickable&quot;:true,&quot;type&quot;:&quot;bullets&quot;},&quot;navigation&quot;:{&quot;nextEl&quot;:&quot;.swiper-button-next&quot;,&quot;prevEl&quot;:&quot;.swiper-button-prev&quot;},&quot;breakpoints&quot;:[{&quot;slidesPerView&quot;:1}]}\" class=\"wp-block-cover is-light\" style=\"border-radius:25px;padding-top:0px;padding-right:0px;padding-bottom:0px;padding-left:0px\"><span aria-hidden=\"true\" class=\"wp-block-cover__background has-background-dim-0 has-background-dim\"><\/span><div class=\"wp-block-cover__inner-container has-global-padding is-layout-constrained wp-container-core-cover-is-layout-f5c98baf wp-block-cover-is-layout-constrained\">\n<figure class=\"wp-block-image\"><img decoding=\"async\" src=\"https:\/\/www.camping-ideal-pyrenees.com\/wp-content\/uploads\/2026\/04\/piscine-camping-argeles-gazost-1.jpg\" alt=\"swimming pool camping argeles gazost\"\/><\/figure>\n\n\n\n<p class=\"has-text-align-center has-custom-color-4-color has-text-color has-link-color has-wilden-font-family wp-elements-06785c3a4d5bbb2a489a185a376ac082\" style=\"border-top-color:var(--wp--preset--color--custom-color-4);border-top-width:1px;padding-top:var(--wp--preset--spacing--10);padding-right:1rem;padding-bottom:var(--wp--preset--spacing--10);padding-left:1rem;font-size:clamp(1.428rem, 1.428rem + ((1vw - 0.2rem) * 1.537), 2.35rem);\">The swimming pool<\/p>\n<\/div><\/div>\n<\/a>\n<\/li><li data-wp-key=\"post-template-item-3312\" class=\"wp-block-post post-3312 page type-page status-publish has-post-thumbnail hentry\">\n<a style=\"--color-bkg:#3b485d;--color-bkg-hover:#3b485d;\" href=\"https:\/\/www.camping-ideal-pyrenees.com\/en\/mobile-home-rentals-arras-en-lavedan\/\"    class=\"wp-block-tiptip-hyperlink-group-block\" >\n<div data-swiper=\"{&quot;speed&quot;:1000,&quot;autoplay&quot;:{&quot;delay&quot;:5000,&quot;disableOnInteraction&quot;:false},&quot;spaceBetween&quot;:0,&quot;slidesPerView&quot;:1,&quot;pagination&quot;:{&quot;el&quot;:&quot;.swiper-pagination&quot;,&quot;dynamicBullets&quot;:true,&quot;clickable&quot;:true,&quot;type&quot;:&quot;bullets&quot;},&quot;navigation&quot;:{&quot;nextEl&quot;:&quot;.swiper-button-next&quot;,&quot;prevEl&quot;:&quot;.swiper-button-prev&quot;},&quot;breakpoints&quot;:[{&quot;slidesPerView&quot;:1}]}\" class=\"wp-block-cover is-light\" style=\"border-radius:25px;padding-top:0px;padding-right:0px;padding-bottom:0px;padding-left:0px\"><span aria-hidden=\"true\" class=\"wp-block-cover__background has-background-dim-0 has-background-dim\"><\/span><div class=\"wp-block-cover__inner-container has-global-padding is-layout-constrained wp-container-core-cover-is-layout-f5c98baf wp-block-cover-is-layout-constrained\">\n<figure class=\"wp-block-image\"><img decoding=\"async\" src=\"https:\/\/www.camping-ideal-pyrenees.com\/wp-content\/uploads\/2026\/04\/camping-arras-65.jpg\" alt=\"camping arras\"\/><\/figure>\n\n\n\n<p class=\"has-text-align-center has-custom-color-4-color has-text-color has-link-color has-wilden-font-family wp-elements-06785c3a4d5bbb2a489a185a376ac082\" style=\"border-top-color:var(--wp--preset--color--custom-color-4);border-top-width:1px;padding-top:var(--wp--preset--spacing--10);padding-right:1rem;padding-bottom:var(--wp--preset--spacing--10);padding-left:1rem;font-size:clamp(1.428rem, 1.428rem + ((1vw - 0.2rem) * 1.537), 2.35rem);\">Our rentals<\/p>\n<\/div><\/div>\n<\/a>\n<\/li><\/ul><\/div>\n<\/div>\n","protected":false},"excerpt":{"rendered":"<p>&#8220;Our family is delighted to be taking over this verdant, human-scale campsite with the desire to make it a place that resembles us: simple, authentic and deeply human, in close contact with its territory and those who bring it to life.&#8221; Thanks to their complementary skills, Jonathan &amp; Caroline will be able to welcome you [&hellip;]<\/p>\n","protected":false},"author":1,"featured_media":3196,"parent":0,"menu_order":0,"comment_status":"closed","ping_status":"closed","template":"","meta":{"_seopress_robots_primary_cat":"","_seopress_titles_title":"Rental campsite Hautes-Pyr\u00e9n\u00e9es | Loisirs Argel\u00e8s-Gazost","_seopress_titles_desc":"Camping L'Id\u00e9al is an authentic family campsite in the heart of the Hautes-Pyr\u00e9n\u00e9es, with swimming pool, bar, grocery store and children's playground. It also boasts the Accueil V\u00e9lo label, making it the ideal stopover for cyclists and hikers on their way to conquer the mythical passes of the Pyrenees. ","_seopress_robots_index":"","_gt_ctv_global_id":"838","_gt_ctv_id_group":false,"inline_featured_image":false,"gt_fse_maillage_image":"https:\/\/www.camping-ideal-pyrenees.com\/wp-content\/uploads\/2026\/04\/camping-familial-hautes-pyrenees.jpg","gt_fse_maillage_titre":"services and activities","gt_fse_maillage_alt":"hautes pyrenees family campsite","gt_fse_maillage_resume":"","footnotes":""},"categories":[],"tags":[],"class_list":["post-3326","page","type-page","status-publish","has-post-thumbnail","hentry"],"_links":{"self":[{"href":"https:\/\/www.camping-ideal-pyrenees.com\/en\/wp-json\/wp\/v2\/pages\/3326","targetHints":{"allow":["GET"]}}],"collection":[{"href":"https:\/\/www.camping-ideal-pyrenees.com\/en\/wp-json\/wp\/v2\/pages"}],"about":[{"href":"https:\/\/www.camping-ideal-pyrenees.com\/en\/wp-json\/wp\/v2\/types\/page"}],"author":[{"embeddable":true,"href":"https:\/\/www.camping-ideal-pyrenees.com\/en\/wp-json\/wp\/v2\/users\/1"}],"replies":[{"embeddable":true,"href":"https:\/\/www.camping-ideal-pyrenees.com\/en\/wp-json\/wp\/v2\/comments?post=3326"}],"version-history":[{"count":6,"href":"https:\/\/www.camping-ideal-pyrenees.com\/en\/wp-json\/wp\/v2\/pages\/3326\/revisions"}],"predecessor-version":[{"id":3530,"href":"https:\/\/www.camping-ideal-pyrenees.com\/en\/wp-json\/wp\/v2\/pages\/3326\/revisions\/3530"}],"wp:featuredmedia":[{"embeddable":true,"href":"https:\/\/www.camping-ideal-pyrenees.com\/en\/wp-json\/wp\/v2\/media\/3196"}],"wp:attachment":[{"href":"https:\/\/www.camping-ideal-pyrenees.com\/en\/wp-json\/wp\/v2\/media?parent=3326"}],"wp:term":[{"taxonomy":"category","embeddable":true,"href":"https:\/\/www.camping-ideal-pyrenees.com\/en\/wp-json\/wp\/v2\/categories?post=3326"},{"taxonomy":"post_tag","embeddable":true,"href":"https:\/\/www.camping-ideal-pyrenees.com\/en\/wp-json\/wp\/v2\/tags?post=3326"}],"curies":[{"name":"wp","href":"https:\/\/api.w.org\/{rel}","templated":true}]}}